{"id":1397,"date":"2018-12-07T11:54:14","date_gmt":"2018-12-07T10:54:14","guid":{"rendered":"http:\/\/www.cabinetmarechaux.com\/?post_type=tribe_events&#038;p=1397"},"modified":"2018-12-07T12:13:24","modified_gmt":"2018-12-07T11:13:24","slug":"corbeil-essonnes-3","status":"publish","type":"tribe_events","link":"https:\/\/www.cabinetmarechaux.com\/index.php\/event\/corbeil-essonnes-3\/","title":{"rendered":"CORBEIL-ESSONNES"},"content":{"rendered":"<p>Roger de la Fresnaye<\/p>\n<div class=\"\"><span class=\"\">Arbres, cira 1910\u00a0<\/span><\/div>\n<div class=\"\"><span class=\"\">Huile sur carton contrecoll\u00e9 sur panneau parquet\u00e9.<\/span><\/div>\n<div class=\"\"><span class=\"\">36 x 24,5 c<\/span><span class=\"\">m\u00a0<\/span><\/div>\n<div class=\"\"><span class=\"\">cadre peint <br class=\"\" \/><\/span><\/div>\n<div class=\"\"><span class=\"\">Provenance :<\/span><\/div>\n<div class=\"\"><span class=\"\">&#8211; Galerie Billiet-Caputo, Paris<\/span><\/div>\n<div class=\"\"><span class=\"\">-Vente <i class=\"\">Collections Beurdeley, <\/i>Mes Ribault-Menetiere-Lenormand, Palais d\u2019Orsay, 16 mai 1979. N\u00b0168<\/span><\/div>\n<div class=\"\"><\/div>\n<div class=\"\"><span class=\"\">Bibliographie: <br class=\"\" \/>&#8211; G.SELIGMAN, <i class=\"\">Roger de La Fresnaye avec un catalogue raisonn\u00e9<\/i>, Ed. Ides et Calendes, Neufch\u00e2tel, 1969. D\u00e9crit et reproduit sous le n\u00b039, p.125.<br class=\"\" \/><\/span><\/div>\n<div class=\"\"><span class=\"\">Expositions :<\/span><\/div>\n<div class=\"\"><span class=\"\">&#8211;<i class=\"\">Roger de La Fresnaye<\/i>, Galerie E. Druet, Paris, mars 1938, n\u00b017<\/span><\/div>\n<div class=\"\"><span class=\"\"><br class=\"\" \/>&#8211; <i class=\"\">Roger de la Fesnaye, <\/i>Mus\u00e9e National d&rsquo;Art Moderne,Paris, Juillet &#8211; Octobre 1950, n\u00b021 ou 22<\/span><\/div>\n<div class=\"\"><\/div>\n<div class=\"\"><span class=\"\">&#8211;<i class=\"\">Roger de La Fresnaye, <\/i>Mus\u00e9e des Beaux-arts, Le Mans, Novembre 1950 &#8211; Janvier 1951, n\u00b010\u00a0<\/span><\/div>\n<div class=\"\"><\/div>\n<div class=\"\"><span class=\"\">-Lyon, Mus\u00e9e des Beaux arts, <i class=\"\">Roger de la Fresnaye<\/i>, D\u00e9cembre 1951 &#8211; F\u00e9vrier 1952, n\u00b011 ou 12<\/span><\/div>\n<div class=\"\"><span class=\"\"><br class=\"\" \/><\/span><span class=\"\">&#8211; Munich, Maison des Arts, <i class=\"\">Von Bonnard bis heute. Meisterwerke aus franz\u00f6sischem Privatbesitz. (De Bonnard \u00e0 nos jours &#8211; Chefs-d&rsquo;\u0153uvre des collections priv\u00e9es fran\u00e7aises),<\/i> juil.-sept. 1961, n\u00b060<\/span><\/div>\n<div class=\"\"><\/div>\n<div class=\"\"><span class=\"\">&#8211; Roger de La Fresnaye, Mus\u00e9e de l\u2019Annonciade, St-Tropez, juin-sept. 1983<\/span><\/div>\n<div class=\"\"><span class=\"\">MAM, Troyes, oct.-d\u00e9c. 1983, n\u00b09 rep.<\/span><\/div>\n<div class=\"\"><\/div>\n<div class=\"\"><\/div>\n<div class=\"\"><span class=\"\"><i class=\"\">(pliure restaur\u00e9e dans le coin en bas \u00e0 gauche, deux petits repeints et un \u00e9clat en haut \u00e0 gauche, vernis)<\/i><\/span><\/div>\n","protected":false},"excerpt":{"rendered":"<p>Roger de la Fresnaye Arbres, cira 1910\u00a0 Huile sur carton contrecoll\u00e9 sur panneau parquet\u00e9. 36 x 24,5 cm\u00a0 cadre peint Provenance : &#8211; Galerie Billiet-Caputo, Paris -Vente Collections Beurdeley, Mes &hellip; <\/p>\n<p class=\"link-more\"><a href=\"https:\/\/www.cabinetmarechaux.com\/index.php\/event\/corbeil-essonnes-3\/\" class=\"more-link\">Lire la suite de<span class=\"screen-reader-text\">\u00ab\u00a0CORBEIL-ESSONNES\u00a0\u00bb<\/span><\/a><\/p>\n","protected":false},"author":1,"featured_media":1398,"template":"","meta":{"_monsterinsights_skip_tracking":false,"_monsterinsights_sitenote_active":false,"_monsterinsights_sitenote_note":"","_monsterinsights_sitenote_category":0,"ngg_post_thumbnail":0,"_tribe_events_status":"","_tribe_events_status_reason":"","footnotes":""},"tags":[],"tribe_events_cat":[10],"class_list":["post-1397","tribe_events","type-tribe_events","status-publish","has-post-thumbnail","hentry","tribe_events_cat-ventes","cat_ventes"],"yoast_head":"<!-- This site is optimized with the Yoast SEO plugin v20.10 - https:\/\/yoast.com\/wordpress\/plugins\/seo\/ -->\n<title>CORBEIL-ESSONNES - Cabinet Mar\u00e9chaux<\/title>\n<meta name=\"robots\" content=\"index, follow, max-snippet:-1, max-image-preview:large, max-video-preview:-1\" \/>\n<link rel=\"canonical\" href=\"https:\/\/www.cabinetmarechaux.com\/index.php\/event\/corbeil-essonnes-3\/\" \/>\n<meta property=\"og:locale\" content=\"fr_FR\" \/>\n<meta property=\"og:type\" content=\"article\" \/>\n<meta property=\"og:title\" content=\"CORBEIL-ESSONNES - Cabinet Mar\u00e9chaux\" \/>\n<meta property=\"og:description\" content=\"Roger de la Fresnaye Arbres, cira 1910\u00a0 Huile sur carton contrecoll\u00e9 sur panneau parquet\u00e9. 36 x 24,5 cm\u00a0 cadre peint Provenance : &#8211; Galerie Billiet-Caputo, Paris -Vente Collections Beurdeley, Mes &hellip; Lire la suite de\u00ab\u00a0CORBEIL-ESSONNES\u00a0\u00bb\" \/>\n<meta property=\"og:url\" content=\"https:\/\/www.cabinetmarechaux.com\/index.php\/event\/corbeil-essonnes-3\/\" \/>\n<meta property=\"og:site_name\" content=\"Cabinet Mar\u00e9chaux\" \/>\n<meta property=\"article:publisher\" content=\"https:\/\/www.facebook.com\/elisabethmarechaux\/?locale=fr_FR\" \/>\n<meta property=\"article:modified_time\" content=\"2018-12-07T11:13:24+00:00\" \/>\n<meta property=\"og:image\" content=\"https:\/\/www.cabinetmarechaux.com\/wp-content\/uploads\/2018\/12\/FullSizeRender.jpg\" \/>\n\t<meta property=\"og:image:width\" content=\"1419\" \/>\n\t<meta property=\"og:image:height\" content=\"2101\" \/>\n\t<meta property=\"og:image:type\" content=\"image\/jpeg\" \/>\n<meta name=\"twitter:card\" content=\"summary_large_image\" \/>\n<meta name=\"twitter:label1\" content=\"Dur\u00e9e de lecture estim\u00e9e\" \/>\n\t<meta name=\"twitter:data1\" content=\"1 minute\" \/>\n<script type=\"application\/ld+json\" class=\"yoast-schema-graph\">{\"@context\":\"https:\/\/schema.org\",\"@graph\":[{\"@type\":\"WebPage\",\"@id\":\"https:\/\/www.cabinetmarechaux.com\/index.php\/event\/corbeil-essonnes-3\/\",\"url\":\"https:\/\/www.cabinetmarechaux.com\/index.php\/event\/corbeil-essonnes-3\/\",\"name\":\"CORBEIL-ESSONNES - Cabinet Mar\u00e9chaux\",\"isPartOf\":{\"@id\":\"https:\/\/www.cabinetmarechaux.com\/#website\"},\"datePublished\":\"2018-12-07T10:54:14+00:00\",\"dateModified\":\"2018-12-07T11:13:24+00:00\",\"breadcrumb\":{\"@id\":\"https:\/\/www.cabinetmarechaux.com\/index.php\/event\/corbeil-essonnes-3\/#breadcrumb\"},\"inLanguage\":\"fr-FR\",\"potentialAction\":[{\"@type\":\"ReadAction\",\"target\":[\"https:\/\/www.cabinetmarechaux.com\/index.php\/event\/corbeil-essonnes-3\/\"]}]},{\"@type\":\"BreadcrumbList\",\"@id\":\"https:\/\/www.cabinetmarechaux.com\/index.php\/event\/corbeil-essonnes-3\/#breadcrumb\",\"itemListElement\":[{\"@type\":\"ListItem\",\"position\":1,\"name\":\"Accueil\",\"item\":\"https:\/\/www.cabinetmarechaux.com\/\"},{\"@type\":\"ListItem\",\"position\":2,\"name\":\"\u00c9v\u00e8nements\",\"item\":\"https:\/\/www.cabinetmarechaux.com\/index.php\/events\/\"},{\"@type\":\"ListItem\",\"position\":3,\"name\":\"CORBEIL-ESSONNES\"}]},{\"@type\":\"WebSite\",\"@id\":\"https:\/\/www.cabinetmarechaux.com\/#website\",\"url\":\"https:\/\/www.cabinetmarechaux.com\/\",\"name\":\"Cabinet Mar\u00e9chaux\",\"description\":\"Expertise : tableaux, dessins, sculptures des XIXe et XXe si\u00e8cles\",\"publisher\":{\"@id\":\"https:\/\/www.cabinetmarechaux.com\/#organization\"},\"potentialAction\":[{\"@type\":\"SearchAction\",\"target\":{\"@type\":\"EntryPoint\",\"urlTemplate\":\"https:\/\/www.cabinetmarechaux.com\/?s={search_term_string}\"},\"query-input\":\"required name=search_term_string\"}],\"inLanguage\":\"fr-FR\"},{\"@type\":\"Organization\",\"@id\":\"https:\/\/www.cabinetmarechaux.com\/#organization\",\"name\":\"Cabinet Mar\u00e9chaux\",\"url\":\"https:\/\/www.cabinetmarechaux.com\/\",\"logo\":{\"@type\":\"ImageObject\",\"inLanguage\":\"fr-FR\",\"@id\":\"https:\/\/www.cabinetmarechaux.com\/#\/schema\/logo\/image\/\",\"url\":\"https:\/\/www.cabinetmarechaux.com\/wp-content\/uploads\/2023\/06\/cabinet-marechaux.jpg\",\"contentUrl\":\"https:\/\/www.cabinetmarechaux.com\/wp-content\/uploads\/2023\/06\/cabinet-marechaux.jpg\",\"width\":180,\"height\":180,\"caption\":\"Cabinet Mar\u00e9chaux\"},\"image\":{\"@id\":\"https:\/\/www.cabinetmarechaux.com\/#\/schema\/logo\/image\/\"},\"sameAs\":[\"https:\/\/www.facebook.com\/elisabethmarechaux\/?locale=fr_FR\",\"https:\/\/www.instagram.com\/cabinetmarechaux\/\"]}]}<\/script>\n<!-- \/ Yoast SEO plugin. -->","yoast_head_json":{"title":"CORBEIL-ESSONNES - Cabinet Mar\u00e9chaux","robots":{"index":"index","follow":"follow","max-snippet":"max-snippet:-1","max-image-preview":"max-image-preview:large","max-video-preview":"max-video-preview:-1"},"canonical":"https:\/\/www.cabinetmarechaux.com\/index.php\/event\/corbeil-essonnes-3\/","og_locale":"fr_FR","og_type":"article","og_title":"CORBEIL-ESSONNES - Cabinet Mar\u00e9chaux","og_description":"Roger de la Fresnaye Arbres, cira 1910\u00a0 Huile sur carton contrecoll\u00e9 sur panneau parquet\u00e9. 36 x 24,5 cm\u00a0 cadre peint Provenance : &#8211; Galerie Billiet-Caputo, Paris -Vente Collections Beurdeley, Mes &hellip; Lire la suite de\u00ab\u00a0CORBEIL-ESSONNES\u00a0\u00bb","og_url":"https:\/\/www.cabinetmarechaux.com\/index.php\/event\/corbeil-essonnes-3\/","og_site_name":"Cabinet Mar\u00e9chaux","article_publisher":"https:\/\/www.facebook.com\/elisabethmarechaux\/?locale=fr_FR","article_modified_time":"2018-12-07T11:13:24+00:00","og_image":[{"width":1419,"height":2101,"url":"https:\/\/www.cabinetmarechaux.com\/wp-content\/uploads\/2018\/12\/FullSizeRender.jpg","type":"image\/jpeg"}],"twitter_card":"summary_large_image","twitter_misc":{"Dur\u00e9e de lecture estim\u00e9e":"1 minute"},"schema":{"@context":"https:\/\/schema.org","@graph":[{"@type":"WebPage","@id":"https:\/\/www.cabinetmarechaux.com\/index.php\/event\/corbeil-essonnes-3\/","url":"https:\/\/www.cabinetmarechaux.com\/index.php\/event\/corbeil-essonnes-3\/","name":"CORBEIL-ESSONNES - Cabinet Mar\u00e9chaux","isPartOf":{"@id":"https:\/\/www.cabinetmarechaux.com\/#website"},"datePublished":"2018-12-07T10:54:14+00:00","dateModified":"2018-12-07T11:13:24+00:00","breadcrumb":{"@id":"https:\/\/www.cabinetmarechaux.com\/index.php\/event\/corbeil-essonnes-3\/#breadcrumb"},"inLanguage":"fr-FR","potentialAction":[{"@type":"ReadAction","target":["https:\/\/www.cabinetmarechaux.com\/index.php\/event\/corbeil-essonnes-3\/"]}]},{"@type":"BreadcrumbList","@id":"https:\/\/www.cabinetmarechaux.com\/index.php\/event\/corbeil-essonnes-3\/#breadcrumb","itemListElement":[{"@type":"ListItem","position":1,"name":"Accueil","item":"https:\/\/www.cabinetmarechaux.com\/"},{"@type":"ListItem","position":2,"name":"\u00c9v\u00e8nements","item":"https:\/\/www.cabinetmarechaux.com\/index.php\/events\/"},{"@type":"ListItem","position":3,"name":"CORBEIL-ESSONNES"}]},{"@type":"WebSite","@id":"https:\/\/www.cabinetmarechaux.com\/#website","url":"https:\/\/www.cabinetmarechaux.com\/","name":"Cabinet Mar\u00e9chaux","description":"Expertise : tableaux, dessins, sculptures des XIXe et XXe si\u00e8cles","publisher":{"@id":"https:\/\/www.cabinetmarechaux.com\/#organization"},"potentialAction":[{"@type":"SearchAction","target":{"@type":"EntryPoint","urlTemplate":"https:\/\/www.cabinetmarechaux.com\/?s={search_term_string}"},"query-input":"required name=search_term_string"}],"inLanguage":"fr-FR"},{"@type":"Organization","@id":"https:\/\/www.cabinetmarechaux.com\/#organization","name":"Cabinet Mar\u00e9chaux","url":"https:\/\/www.cabinetmarechaux.com\/","logo":{"@type":"ImageObject","inLanguage":"fr-FR","@id":"https:\/\/www.cabinetmarechaux.com\/#\/schema\/logo\/image\/","url":"https:\/\/www.cabinetmarechaux.com\/wp-content\/uploads\/2023\/06\/cabinet-marechaux.jpg","contentUrl":"https:\/\/www.cabinetmarechaux.com\/wp-content\/uploads\/2023\/06\/cabinet-marechaux.jpg","width":180,"height":180,"caption":"Cabinet Mar\u00e9chaux"},"image":{"@id":"https:\/\/www.cabinetmarechaux.com\/#\/schema\/logo\/image\/"},"sameAs":["https:\/\/www.facebook.com\/elisabethmarechaux\/?locale=fr_FR","https:\/\/www.instagram.com\/cabinetmarechaux\/"]}]}},"_links":{"self":[{"href":"https:\/\/www.cabinetmarechaux.com\/index.php\/wp-json\/wp\/v2\/tribe_events\/1397","targetHints":{"allow":["GET"]}}],"collection":[{"href":"https:\/\/www.cabinetmarechaux.com\/index.php\/wp-json\/wp\/v2\/tribe_events"}],"about":[{"href":"https:\/\/www.cabinetmarechaux.com\/index.php\/wp-json\/wp\/v2\/types\/tribe_events"}],"author":[{"embeddable":true,"href":"https:\/\/www.cabinetmarechaux.com\/index.php\/wp-json\/wp\/v2\/users\/1"}],"version-history":[{"count":2,"href":"https:\/\/www.cabinetmarechaux.com\/index.php\/wp-json\/wp\/v2\/tribe_events\/1397\/revisions"}],"predecessor-version":[{"id":1400,"href":"https:\/\/www.cabinetmarechaux.com\/index.php\/wp-json\/wp\/v2\/tribe_events\/1397\/revisions\/1400"}],"wp:featuredmedia":[{"embeddable":true,"href":"https:\/\/www.cabinetmarechaux.com\/index.php\/wp-json\/wp\/v2\/media\/1398"}],"wp:attachment":[{"href":"https:\/\/www.cabinetmarechaux.com\/index.php\/wp-json\/wp\/v2\/media?parent=1397"}],"wp:term":[{"taxonomy":"post_tag","embeddable":true,"href":"https:\/\/www.cabinetmarechaux.com\/index.php\/wp-json\/wp\/v2\/tags?post=1397"},{"taxonomy":"tribe_events_cat","embeddable":true,"href":"https:\/\/www.cabinetmarechaux.com\/index.php\/wp-json\/wp\/v2\/tribe_events_cat?post=1397"}],"curies":[{"name":"wp","href":"https:\/\/api.w.org\/{rel}","templated":true}]}}