{"id":1461,"date":"2019-02-22T10:37:44","date_gmt":"2019-02-22T09:37:44","guid":{"rendered":"http:\/\/www.cabinetmarechaux.com\/?post_type=tribe_events&#038;p=1461"},"modified":"2019-02-26T09:57:16","modified_gmt":"2019-02-26T08:57:16","slug":"binoche-et-gicquello","status":"publish","type":"tribe_events","link":"https:\/\/www.cabinetmarechaux.com\/index.php\/event\/binoche-et-gicquello\/","title":{"rendered":"BINOCHE ET GIQUELLO"},"content":{"rendered":"<div class=\"page\" title=\"Page 6\">\n<div class=\"page\" title=\"Page 6\">\n<div class=\"layoutArea\">\n<div class=\"column\">\n<p><img loading=\"lazy\" decoding=\"async\" class=\"alignleft wp-image-1462\" src=\"https:\/\/www.cabinetmarechaux.com\/wp-content\/uploads\/2019\/02\/IMG_7877-1024x847.jpeg\" alt=\"\" width=\"222\" height=\"184\" srcset=\"https:\/\/www.cabinetmarechaux.com\/wp-content\/uploads\/2019\/02\/IMG_7877-1024x847.jpeg 1024w, https:\/\/www.cabinetmarechaux.com\/wp-content\/uploads\/2019\/02\/IMG_7877-300x248.jpeg 300w, https:\/\/www.cabinetmarechaux.com\/wp-content\/uploads\/2019\/02\/IMG_7877-768x635.jpeg 768w, https:\/\/www.cabinetmarechaux.com\/wp-content\/uploads\/2019\/02\/IMG_7877.jpeg 1998w\" sizes=\"auto, (max-width: 222px) 100vw, 222px\" \/>Pierre-Auguste Renoir (1841-1919), Nature morte, fleurs, oranges et citrons, huile sur toile, 54,5 x 65,5 cm.<\/p>\n<\/div>\n<\/div>\n<\/div>\n<div class=\"layoutArea\">\n<div class=\"column\">\n<div class=\"page\" title=\"Page 6\">\n<div class=\"layoutArea\">\n<div class=\"column\">\n<div class=\"\"><span class=\"\" style=\"color: #272727; font-family: Times;\">Provenance :\u00a0<\/span><\/div>\n<div class=\"\"><span class=\"\" style=\"color: #272727; font-family: Times;\">Achet\u00e9 par Durand-Ruel \u00e0 Renoir, le 23 mai 1898 (photo Durand-Ruel 2213)<\/span><\/div>\n<div class=\"\"><span class=\"\" style=\"color: #272727; font-family: Times;\">En pr\u00eat \u00e0 la galerie Cassirer Berlin (avant\u00a0 1914)<\/span><\/div>\n<div class=\"\"><span class=\"\" style=\"color: #272727; font-family: Times;\">Vol\u00e9 durant la premi\u00e8re guerre mondiale, l\u2019\u00e9tat allemand \u00e0 donn\u00e9 une compensation financi\u00e8re \u00e0 la galerie Durand-Ruel apr\u00e8s la guerre.<\/span><\/div>\n<div class=\"\"><span class=\"\" style=\"color: #272727; font-family: Times;\">Dr Alfred Gold, Berlin (1930)<\/span><\/div>\n<div class=\"\"><span class=\"\" style=\"color: #272727; font-family: Times;\">Collection Jean B. Apr\u00e8s 1930 , puis par descendance familiale<\/span><\/div>\n<div class=\"\"><\/div>\n<div class=\"\"><span class=\"\" style=\"color: #272727; font-family: Times;\">Expositions :\u00a0<\/span><\/div>\n<div class=\"\"><span class=\"\" style=\"color: #272727; font-family: Times;\">&#8211; Renoir, Galerie Cassirer, Berlin, 1901-1902, n\u00b0 2<\/span><\/div>\n<div class=\"\"><span class=\"\" style=\"color: #272727; font-family: Times;\">&#8211; Exposition de la S\u00e9cession de Berlin, 1913, n\u00b0 216.<\/span><\/div>\n<div class=\"\"><span class=\"\">&#8211; French Impressionists. Old Masters. Galerie Dr Alfred Gold\u00a0\u2019s, Berlin 1er janvier &#8211; 31 d\u00e9cembre 1930<\/span><\/div>\n<div class=\"\"><\/div>\n<div class=\"\"><span class=\"\" style=\"color: #272727; font-family: Times;\">Bibliographie : Julius Meier-Graefe, \u00ab\u00a0RenoirII\u00a0\u00bb, Kunst und K\u00fcnstler. Illustrierte Monatsschrift fur Kunst und Kunstgewerbe, 1er novembre 1916, rep. P. 79<\/span><\/div>\n<div class=\"\"><\/div>\n<div class=\"\"><span class=\"\" style=\"color: #272727; font-family: Times;\">Une attestation du WPI sera remise \u00e0 l\u2019acqu\u00e9reur.<\/span><\/div>\n<\/div>\n<div><\/div>\n<div><\/div>\n<div><img loading=\"lazy\" decoding=\"async\" class=\"alignleft wp-image-1467\" style=\"caret-color: #000000; color: #000000; font-family: Times;\" src=\"https:\/\/www.cabinetmarechaux.com\/wp-content\/uploads\/2019\/02\/IMG_8568-1024x740.jpeg\" alt=\"\" width=\"230\" height=\"166\" srcset=\"https:\/\/www.cabinetmarechaux.com\/wp-content\/uploads\/2019\/02\/IMG_8568-1024x740.jpeg 1024w, https:\/\/www.cabinetmarechaux.com\/wp-content\/uploads\/2019\/02\/IMG_8568-300x217.jpeg 300w, https:\/\/www.cabinetmarechaux.com\/wp-content\/uploads\/2019\/02\/IMG_8568-768x555.jpeg 768w\" sizes=\"auto, (max-width: 230px) 100vw, 230px\" \/><\/div>\n<p>&nbsp;<\/p>\n<div>Camille CLAUDEL 1864-1943<\/div>\n<div>\n<div class=\"\"><span class=\"\" style=\"color: #000000; font-family: Times;\"><i class=\"\">L&rsquo;Implorante<\/i><\/span><\/div>\n<div class=\"\"><span class=\"\" style=\"color: #000000; font-family: Times;\">Epreuve en bronze patin\u00e9, sign\u00e9e, porte le cachet du fondeur Eug. BLOT et un num\u00e9ro 33 sur la terrasse<\/span><\/div>\n<div class=\"\"><span class=\"\" style=\"color: #000000; font-family: Times;\">Haut. : 28,4 cm; Long. : 30,3 cm; Prof. : 16,5 cm<\/span><\/div>\n<div class=\"\"><\/div>\n<div class=\"\"><span class=\"\" style=\"color: #000000; font-family: Times;\">Ce mod\u00e8le a \u00e9t\u00e9 acquis par Eug\u00e8ne BLOT en 1900.\u00a0<\/span><\/div>\n<div class=\"\"><span class=\"\" style=\"color: #000000; font-family: Times;\">Cette r\u00e9duction fait partie des cent exemplaires qu\u2019il avait pr\u00e9vu de tirer pour l\u2019exposition organis\u00e9e dans sa galerie du <\/span><\/div>\n<div class=\"\"><span class=\"\" style=\"color: #000000; font-family: Times;\">Boulevard de la Madeleine en d\u00e9cembre 1905. (En r\u00e9alit\u00e9, seuls 59 exemplaires ont \u00e9t\u00e9\u00a0 r\u00e9alis\u00e9s et vendus.)<\/span><\/div>\n<div class=\"\"><\/div>\n<div class=\"\"><span class=\"\" style=\"color: #000000; font-family: Times;\">Un certificat de Monsieur Albert Benhamou du 10 juin 1991<\/span><\/div>\n<div class=\"\"><span class=\"\" style=\"color: #000000; font-family: Times;\">Un certificat de Madame Dani\u00e8le Ghanassia du 28 novembre 2018<\/span><\/div>\n<div class=\"\"><\/div>\n<div class=\"\"><span class=\"\" style=\"color: #000000; font-family: Times;\">Provenance :\u00a0<\/span><\/div>\n<ul class=\"\">\n<li class=\"\"><span class=\"\" style=\"color: #000000; font-family: Times;\">Galerie V\u00e9ronique MAXE, Paris,1991<\/span><\/li>\n<li class=\"\"><span class=\"\" style=\"color: #000000; font-family: Times;\">Collection particuli\u00e8re, Lille<\/span><\/li>\n<\/ul>\n<div class=\"\"><\/div>\n<div class=\"\"><span class=\"\" style=\"color: #000000; font-family: Times;\">Bibliographie :<\/span><\/div>\n<div class=\"\"><span class=\"\" style=\"color: #000000; font-family: Times;\">&#8211; Anne Rivi\u00e8re, Bruno Gaudichon, Danielle Ghanassia, Camille Claudel, Catalogue raisonn\u00e9, Adam Biro, Milan 1996, n\u00b043. 6b, p.112 \u00e0 117, un autre exemplaire reproduit p.116<\/span><\/div>\n<div class=\"\"><span class=\"\" style=\"color: #000000; font-family: Times;\">&#8211; Reine-Marie PARIS,\u00a0 Camille Claudel, Gallimard, 1984, d\u00e9crit p. 362-363<\/span><\/div>\n<\/div>\n<div><\/div>\n<\/div>\n<\/div>\n<\/div>\n<\/div>\n<\/div>\n","protected":false},"excerpt":{"rendered":"<p>Pierre-Auguste Renoir (1841-1919), Nature morte, fleurs, oranges et citrons, huile sur toile, 54,5 x 65,5 cm. Provenance :\u00a0 Achet\u00e9 par Durand-Ruel \u00e0 Renoir, le 23 mai 1898 (photo Durand-Ruel 2213) &hellip; <\/p>\n<p class=\"link-more\"><a href=\"https:\/\/www.cabinetmarechaux.com\/index.php\/event\/binoche-et-gicquello\/\" class=\"more-link\">Lire la suite de<span class=\"screen-reader-text\">\u00ab\u00a0BINOCHE ET GIQUELLO\u00a0\u00bb<\/span><\/a><\/p>\n","protected":false},"author":1,"featured_media":1462,"template":"","meta":{"_monsterinsights_skip_tracking":false,"_monsterinsights_sitenote_active":false,"_monsterinsights_sitenote_note":"","_monsterinsights_sitenote_category":0,"ngg_post_thumbnail":0,"_tribe_events_status":"","_tribe_events_status_reason":"","footnotes":""},"tags":[],"tribe_events_cat":[10],"class_list":["post-1461","tribe_events","type-tribe_events","status-publish","has-post-thumbnail","hentry","tribe_events_cat-ventes","cat_ventes"],"yoast_head":"<!-- This site is optimized with the Yoast SEO plugin v20.10 - https:\/\/yoast.com\/wordpress\/plugins\/seo\/ -->\n<title>BINOCHE ET GIQUELLO - Cabinet Mar\u00e9chaux<\/title>\n<meta name=\"robots\" content=\"index, follow, max-snippet:-1, max-image-preview:large, max-video-preview:-1\" \/>\n<link rel=\"canonical\" href=\"https:\/\/www.cabinetmarechaux.com\/index.php\/event\/binoche-et-gicquello\/\" \/>\n<meta property=\"og:locale\" content=\"fr_FR\" \/>\n<meta property=\"og:type\" content=\"article\" \/>\n<meta property=\"og:title\" content=\"BINOCHE ET GIQUELLO - Cabinet Mar\u00e9chaux\" \/>\n<meta property=\"og:description\" content=\"Pierre-Auguste Renoir (1841-1919), Nature morte, fleurs, oranges et citrons, huile sur toile, 54,5 x 65,5 cm. Provenance :\u00a0 Achet\u00e9 par Durand-Ruel \u00e0 Renoir, le 23 mai 1898 (photo Durand-Ruel 2213) &hellip; Lire la suite de\u00ab\u00a0BINOCHE ET GIQUELLO\u00a0\u00bb\" \/>\n<meta property=\"og:url\" content=\"https:\/\/www.cabinetmarechaux.com\/index.php\/event\/binoche-et-gicquello\/\" \/>\n<meta property=\"og:site_name\" content=\"Cabinet Mar\u00e9chaux\" \/>\n<meta property=\"article:publisher\" content=\"https:\/\/www.facebook.com\/elisabethmarechaux\/?locale=fr_FR\" \/>\n<meta property=\"article:modified_time\" content=\"2019-02-26T08:57:16+00:00\" \/>\n<meta property=\"og:image\" content=\"https:\/\/www.cabinetmarechaux.com\/wp-content\/uploads\/2019\/02\/IMG_7877.jpeg\" \/>\n\t<meta property=\"og:image:width\" content=\"1998\" \/>\n\t<meta property=\"og:image:height\" content=\"1653\" \/>\n\t<meta property=\"og:image:type\" content=\"image\/jpeg\" \/>\n<meta name=\"twitter:card\" content=\"summary_large_image\" \/>\n<meta name=\"twitter:label1\" content=\"Dur\u00e9e de lecture estim\u00e9e\" \/>\n\t<meta name=\"twitter:data1\" content=\"1 minute\" \/>\n<script type=\"application\/ld+json\" class=\"yoast-schema-graph\">{\"@context\":\"https:\/\/schema.org\",\"@graph\":[{\"@type\":\"WebPage\",\"@id\":\"https:\/\/www.cabinetmarechaux.com\/index.php\/event\/binoche-et-gicquello\/\",\"url\":\"https:\/\/www.cabinetmarechaux.com\/index.php\/event\/binoche-et-gicquello\/\",\"name\":\"BINOCHE ET GIQUELLO - Cabinet Mar\u00e9chaux\",\"isPartOf\":{\"@id\":\"https:\/\/www.cabinetmarechaux.com\/#website\"},\"datePublished\":\"2019-02-22T09:37:44+00:00\",\"dateModified\":\"2019-02-26T08:57:16+00:00\",\"breadcrumb\":{\"@id\":\"https:\/\/www.cabinetmarechaux.com\/index.php\/event\/binoche-et-gicquello\/#breadcrumb\"},\"inLanguage\":\"fr-FR\",\"potentialAction\":[{\"@type\":\"ReadAction\",\"target\":[\"https:\/\/www.cabinetmarechaux.com\/index.php\/event\/binoche-et-gicquello\/\"]}]},{\"@type\":\"BreadcrumbList\",\"@id\":\"https:\/\/www.cabinetmarechaux.com\/index.php\/event\/binoche-et-gicquello\/#breadcrumb\",\"itemListElement\":[{\"@type\":\"ListItem\",\"position\":1,\"name\":\"Accueil\",\"item\":\"https:\/\/www.cabinetmarechaux.com\/\"},{\"@type\":\"ListItem\",\"position\":2,\"name\":\"\u00c9v\u00e8nements\",\"item\":\"https:\/\/www.cabinetmarechaux.com\/index.php\/events\/\"},{\"@type\":\"ListItem\",\"position\":3,\"name\":\"BINOCHE ET GIQUELLO\"}]},{\"@type\":\"WebSite\",\"@id\":\"https:\/\/www.cabinetmarechaux.com\/#website\",\"url\":\"https:\/\/www.cabinetmarechaux.com\/\",\"name\":\"Cabinet Mar\u00e9chaux\",\"description\":\"Expertise : tableaux, dessins, sculptures des XIXe et XXe si\u00e8cles\",\"publisher\":{\"@id\":\"https:\/\/www.cabinetmarechaux.com\/#organization\"},\"potentialAction\":[{\"@type\":\"SearchAction\",\"target\":{\"@type\":\"EntryPoint\",\"urlTemplate\":\"https:\/\/www.cabinetmarechaux.com\/?s={search_term_string}\"},\"query-input\":\"required name=search_term_string\"}],\"inLanguage\":\"fr-FR\"},{\"@type\":\"Organization\",\"@id\":\"https:\/\/www.cabinetmarechaux.com\/#organization\",\"name\":\"Cabinet Mar\u00e9chaux\",\"url\":\"https:\/\/www.cabinetmarechaux.com\/\",\"logo\":{\"@type\":\"ImageObject\",\"inLanguage\":\"fr-FR\",\"@id\":\"https:\/\/www.cabinetmarechaux.com\/#\/schema\/logo\/image\/\",\"url\":\"https:\/\/www.cabinetmarechaux.com\/wp-content\/uploads\/2023\/06\/cabinet-marechaux.jpg\",\"contentUrl\":\"https:\/\/www.cabinetmarechaux.com\/wp-content\/uploads\/2023\/06\/cabinet-marechaux.jpg\",\"width\":180,\"height\":180,\"caption\":\"Cabinet Mar\u00e9chaux\"},\"image\":{\"@id\":\"https:\/\/www.cabinetmarechaux.com\/#\/schema\/logo\/image\/\"},\"sameAs\":[\"https:\/\/www.facebook.com\/elisabethmarechaux\/?locale=fr_FR\",\"https:\/\/www.instagram.com\/cabinetmarechaux\/\"]}]}<\/script>\n<!-- \/ Yoast SEO plugin. -->","yoast_head_json":{"title":"BINOCHE ET GIQUELLO - Cabinet Mar\u00e9chaux","robots":{"index":"index","follow":"follow","max-snippet":"max-snippet:-1","max-image-preview":"max-image-preview:large","max-video-preview":"max-video-preview:-1"},"canonical":"https:\/\/www.cabinetmarechaux.com\/index.php\/event\/binoche-et-gicquello\/","og_locale":"fr_FR","og_type":"article","og_title":"BINOCHE ET GIQUELLO - Cabinet Mar\u00e9chaux","og_description":"Pierre-Auguste Renoir (1841-1919), Nature morte, fleurs, oranges et citrons, huile sur toile, 54,5 x 65,5 cm. Provenance :\u00a0 Achet\u00e9 par Durand-Ruel \u00e0 Renoir, le 23 mai 1898 (photo Durand-Ruel 2213) &hellip; Lire la suite de\u00ab\u00a0BINOCHE ET GIQUELLO\u00a0\u00bb","og_url":"https:\/\/www.cabinetmarechaux.com\/index.php\/event\/binoche-et-gicquello\/","og_site_name":"Cabinet Mar\u00e9chaux","article_publisher":"https:\/\/www.facebook.com\/elisabethmarechaux\/?locale=fr_FR","article_modified_time":"2019-02-26T08:57:16+00:00","og_image":[{"width":1998,"height":1653,"url":"https:\/\/www.cabinetmarechaux.com\/wp-content\/uploads\/2019\/02\/IMG_7877.jpeg","type":"image\/jpeg"}],"twitter_card":"summary_large_image","twitter_misc":{"Dur\u00e9e de lecture estim\u00e9e":"1 minute"},"schema":{"@context":"https:\/\/schema.org","@graph":[{"@type":"WebPage","@id":"https:\/\/www.cabinetmarechaux.com\/index.php\/event\/binoche-et-gicquello\/","url":"https:\/\/www.cabinetmarechaux.com\/index.php\/event\/binoche-et-gicquello\/","name":"BINOCHE ET GIQUELLO - Cabinet Mar\u00e9chaux","isPartOf":{"@id":"https:\/\/www.cabinetmarechaux.com\/#website"},"datePublished":"2019-02-22T09:37:44+00:00","dateModified":"2019-02-26T08:57:16+00:00","breadcrumb":{"@id":"https:\/\/www.cabinetmarechaux.com\/index.php\/event\/binoche-et-gicquello\/#breadcrumb"},"inLanguage":"fr-FR","potentialAction":[{"@type":"ReadAction","target":["https:\/\/www.cabinetmarechaux.com\/index.php\/event\/binoche-et-gicquello\/"]}]},{"@type":"BreadcrumbList","@id":"https:\/\/www.cabinetmarechaux.com\/index.php\/event\/binoche-et-gicquello\/#breadcrumb","itemListElement":[{"@type":"ListItem","position":1,"name":"Accueil","item":"https:\/\/www.cabinetmarechaux.com\/"},{"@type":"ListItem","position":2,"name":"\u00c9v\u00e8nements","item":"https:\/\/www.cabinetmarechaux.com\/index.php\/events\/"},{"@type":"ListItem","position":3,"name":"BINOCHE ET GIQUELLO"}]},{"@type":"WebSite","@id":"https:\/\/www.cabinetmarechaux.com\/#website","url":"https:\/\/www.cabinetmarechaux.com\/","name":"Cabinet Mar\u00e9chaux","description":"Expertise : tableaux, dessins, sculptures des XIXe et XXe si\u00e8cles","publisher":{"@id":"https:\/\/www.cabinetmarechaux.com\/#organization"},"potentialAction":[{"@type":"SearchAction","target":{"@type":"EntryPoint","urlTemplate":"https:\/\/www.cabinetmarechaux.com\/?s={search_term_string}"},"query-input":"required name=search_term_string"}],"inLanguage":"fr-FR"},{"@type":"Organization","@id":"https:\/\/www.cabinetmarechaux.com\/#organization","name":"Cabinet Mar\u00e9chaux","url":"https:\/\/www.cabinetmarechaux.com\/","logo":{"@type":"ImageObject","inLanguage":"fr-FR","@id":"https:\/\/www.cabinetmarechaux.com\/#\/schema\/logo\/image\/","url":"https:\/\/www.cabinetmarechaux.com\/wp-content\/uploads\/2023\/06\/cabinet-marechaux.jpg","contentUrl":"https:\/\/www.cabinetmarechaux.com\/wp-content\/uploads\/2023\/06\/cabinet-marechaux.jpg","width":180,"height":180,"caption":"Cabinet Mar\u00e9chaux"},"image":{"@id":"https:\/\/www.cabinetmarechaux.com\/#\/schema\/logo\/image\/"},"sameAs":["https:\/\/www.facebook.com\/elisabethmarechaux\/?locale=fr_FR","https:\/\/www.instagram.com\/cabinetmarechaux\/"]}]}},"_links":{"self":[{"href":"https:\/\/www.cabinetmarechaux.com\/index.php\/wp-json\/wp\/v2\/tribe_events\/1461","targetHints":{"allow":["GET"]}}],"collection":[{"href":"https:\/\/www.cabinetmarechaux.com\/index.php\/wp-json\/wp\/v2\/tribe_events"}],"about":[{"href":"https:\/\/www.cabinetmarechaux.com\/index.php\/wp-json\/wp\/v2\/types\/tribe_events"}],"author":[{"embeddable":true,"href":"https:\/\/www.cabinetmarechaux.com\/index.php\/wp-json\/wp\/v2\/users\/1"}],"version-history":[{"count":5,"href":"https:\/\/www.cabinetmarechaux.com\/index.php\/wp-json\/wp\/v2\/tribe_events\/1461\/revisions"}],"predecessor-version":[{"id":1473,"href":"https:\/\/www.cabinetmarechaux.com\/index.php\/wp-json\/wp\/v2\/tribe_events\/1461\/revisions\/1473"}],"wp:featuredmedia":[{"embeddable":true,"href":"https:\/\/www.cabinetmarechaux.com\/index.php\/wp-json\/wp\/v2\/media\/1462"}],"wp:attachment":[{"href":"https:\/\/www.cabinetmarechaux.com\/index.php\/wp-json\/wp\/v2\/media?parent=1461"}],"wp:term":[{"taxonomy":"post_tag","embeddable":true,"href":"https:\/\/www.cabinetmarechaux.com\/index.php\/wp-json\/wp\/v2\/tags?post=1461"},{"taxonomy":"tribe_events_cat","embeddable":true,"href":"https:\/\/www.cabinetmarechaux.com\/index.php\/wp-json\/wp\/v2\/tribe_events_cat?post=1461"}],"curies":[{"name":"wp","href":"https:\/\/api.w.org\/{rel}","templated":true}]}}