{"id":1564,"date":"2019-04-11T12:10:13","date_gmt":"2019-04-11T10:10:13","guid":{"rendered":"http:\/\/www.cabinetmarechaux.com\/?post_type=tribe_events&#038;p=1564"},"modified":"2019-04-26T11:21:17","modified_gmt":"2019-04-26T09:21:17","slug":"biarritz-maitre-carayol","status":"publish","type":"tribe_events","link":"https:\/\/www.cabinetmarechaux.com\/index.php\/event\/biarritz-maitre-carayol\/","title":{"rendered":"BIARRITZ Ma\u00eetre CARAYOL"},"content":{"rendered":"<p>Jean DUPAS<\/p>\n<p>Projet d&rsquo;affiche pour le Quinzi\u00e8me salon des artistes d\u00e9corateurs. Dessin au crayon avec rehauts de gouache, sign\u00e9 et dat\u00e9 en bas \u00e0 gauche 1924, d\u00e9dicac\u00e9 en bas \u00e0 droite \u00ab\u00a0A mon ami C. Hairon bien affectueusement Jean Dupas 1924\u00a0\u00bb<\/p>\n<p>47 x 31,5 cm<\/p>\n","protected":false},"excerpt":{"rendered":"<p>Jean DUPAS Projet d&rsquo;affiche pour le Quinzi\u00e8me salon des artistes d\u00e9corateurs. Dessin au crayon avec rehauts de gouache, sign\u00e9 et dat\u00e9 en bas \u00e0 gauche 1924, d\u00e9dicac\u00e9 en bas \u00e0 &hellip; <\/p>\n<p class=\"link-more\"><a href=\"https:\/\/www.cabinetmarechaux.com\/index.php\/event\/biarritz-maitre-carayol\/\" class=\"more-link\">Lire la suite de<span class=\"screen-reader-text\">\u00ab\u00a0BIARRITZ Ma\u00eetre CARAYOL\u00a0\u00bb<\/span><\/a><\/p>\n","protected":false},"author":1,"featured_media":1586,"template":"","meta":{"_monsterinsights_skip_tracking":false,"_monsterinsights_sitenote_active":false,"_monsterinsights_sitenote_note":"","_monsterinsights_sitenote_category":0,"ngg_post_thumbnail":0,"_tribe_events_status":"","_tribe_events_status_reason":"","footnotes":""},"tags":[25],"tribe_events_cat":[10],"class_list":["post-1564","tribe_events","type-tribe_events","status-publish","has-post-thumbnail","hentry","tag-r","tribe_events_cat-ventes","cat_ventes"],"yoast_head":"<!-- This site is optimized with the Yoast SEO plugin v20.10 - https:\/\/yoast.com\/wordpress\/plugins\/seo\/ -->\n<title>BIARRITZ Ma\u00eetre CARAYOL - Cabinet Mar\u00e9chaux<\/title>\n<meta name=\"robots\" content=\"index, follow, max-snippet:-1, max-image-preview:large, max-video-preview:-1\" \/>\n<link rel=\"canonical\" href=\"https:\/\/www.cabinetmarechaux.com\/index.php\/event\/biarritz-maitre-carayol\/\" \/>\n<meta property=\"og:locale\" content=\"fr_FR\" \/>\n<meta property=\"og:type\" content=\"article\" \/>\n<meta property=\"og:title\" content=\"BIARRITZ Ma\u00eetre CARAYOL - Cabinet Mar\u00e9chaux\" \/>\n<meta property=\"og:description\" content=\"Jean DUPAS Projet d&rsquo;affiche pour le Quinzi\u00e8me salon des artistes d\u00e9corateurs. Dessin au crayon avec rehauts de gouache, sign\u00e9 et dat\u00e9 en bas \u00e0 gauche 1924, d\u00e9dicac\u00e9 en bas \u00e0 &hellip; Lire la suite de\u00ab\u00a0BIARRITZ Ma\u00eetre CARAYOL\u00a0\u00bb\" \/>\n<meta property=\"og:url\" content=\"https:\/\/www.cabinetmarechaux.com\/index.php\/event\/biarritz-maitre-carayol\/\" \/>\n<meta property=\"og:site_name\" content=\"Cabinet Mar\u00e9chaux\" \/>\n<meta property=\"article:publisher\" content=\"https:\/\/www.facebook.com\/elisabethmarechaux\/?locale=fr_FR\" \/>\n<meta property=\"article:modified_time\" content=\"2019-04-26T09:21:17+00:00\" \/>\n<meta property=\"og:image\" content=\"https:\/\/www.cabinetmarechaux.com\/wp-content\/uploads\/2019\/04\/69.jpg\" \/>\n\t<meta property=\"og:image:width\" content=\"946\" \/>\n\t<meta property=\"og:image:height\" content=\"1458\" \/>\n\t<meta property=\"og:image:type\" content=\"image\/jpeg\" \/>\n<meta name=\"twitter:card\" content=\"summary_large_image\" \/>\n<script type=\"application\/ld+json\" class=\"yoast-schema-graph\">{\"@context\":\"https:\/\/schema.org\",\"@graph\":[{\"@type\":\"WebPage\",\"@id\":\"https:\/\/www.cabinetmarechaux.com\/index.php\/event\/biarritz-maitre-carayol\/\",\"url\":\"https:\/\/www.cabinetmarechaux.com\/index.php\/event\/biarritz-maitre-carayol\/\",\"name\":\"BIARRITZ Ma\u00eetre CARAYOL - Cabinet Mar\u00e9chaux\",\"isPartOf\":{\"@id\":\"https:\/\/www.cabinetmarechaux.com\/#website\"},\"datePublished\":\"2019-04-11T10:10:13+00:00\",\"dateModified\":\"2019-04-26T09:21:17+00:00\",\"breadcrumb\":{\"@id\":\"https:\/\/www.cabinetmarechaux.com\/index.php\/event\/biarritz-maitre-carayol\/#breadcrumb\"},\"inLanguage\":\"fr-FR\",\"potentialAction\":[{\"@type\":\"ReadAction\",\"target\":[\"https:\/\/www.cabinetmarechaux.com\/index.php\/event\/biarritz-maitre-carayol\/\"]}]},{\"@type\":\"BreadcrumbList\",\"@id\":\"https:\/\/www.cabinetmarechaux.com\/index.php\/event\/biarritz-maitre-carayol\/#breadcrumb\",\"itemListElement\":[{\"@type\":\"ListItem\",\"position\":1,\"name\":\"Accueil\",\"item\":\"https:\/\/www.cabinetmarechaux.com\/\"},{\"@type\":\"ListItem\",\"position\":2,\"name\":\"\u00c9v\u00e8nements\",\"item\":\"https:\/\/www.cabinetmarechaux.com\/index.php\/events\/\"},{\"@type\":\"ListItem\",\"position\":3,\"name\":\"BIARRITZ Ma\u00eetre CARAYOL\"}]},{\"@type\":\"WebSite\",\"@id\":\"https:\/\/www.cabinetmarechaux.com\/#website\",\"url\":\"https:\/\/www.cabinetmarechaux.com\/\",\"name\":\"Cabinet Mar\u00e9chaux\",\"description\":\"Expertise : tableaux, dessins, sculptures des XIXe et XXe si\u00e8cles\",\"publisher\":{\"@id\":\"https:\/\/www.cabinetmarechaux.com\/#organization\"},\"potentialAction\":[{\"@type\":\"SearchAction\",\"target\":{\"@type\":\"EntryPoint\",\"urlTemplate\":\"https:\/\/www.cabinetmarechaux.com\/?s={search_term_string}\"},\"query-input\":\"required name=search_term_string\"}],\"inLanguage\":\"fr-FR\"},{\"@type\":\"Organization\",\"@id\":\"https:\/\/www.cabinetmarechaux.com\/#organization\",\"name\":\"Cabinet Mar\u00e9chaux\",\"url\":\"https:\/\/www.cabinetmarechaux.com\/\",\"logo\":{\"@type\":\"ImageObject\",\"inLanguage\":\"fr-FR\",\"@id\":\"https:\/\/www.cabinetmarechaux.com\/#\/schema\/logo\/image\/\",\"url\":\"https:\/\/www.cabinetmarechaux.com\/wp-content\/uploads\/2023\/06\/cabinet-marechaux.jpg\",\"contentUrl\":\"https:\/\/www.cabinetmarechaux.com\/wp-content\/uploads\/2023\/06\/cabinet-marechaux.jpg\",\"width\":180,\"height\":180,\"caption\":\"Cabinet Mar\u00e9chaux\"},\"image\":{\"@id\":\"https:\/\/www.cabinetmarechaux.com\/#\/schema\/logo\/image\/\"},\"sameAs\":[\"https:\/\/www.facebook.com\/elisabethmarechaux\/?locale=fr_FR\",\"https:\/\/www.instagram.com\/cabinetmarechaux\/\"]}]}<\/script>\n<!-- \/ Yoast SEO plugin. -->","yoast_head_json":{"title":"BIARRITZ Ma\u00eetre CARAYOL - Cabinet Mar\u00e9chaux","robots":{"index":"index","follow":"follow","max-snippet":"max-snippet:-1","max-image-preview":"max-image-preview:large","max-video-preview":"max-video-preview:-1"},"canonical":"https:\/\/www.cabinetmarechaux.com\/index.php\/event\/biarritz-maitre-carayol\/","og_locale":"fr_FR","og_type":"article","og_title":"BIARRITZ Ma\u00eetre CARAYOL - Cabinet Mar\u00e9chaux","og_description":"Jean DUPAS Projet d&rsquo;affiche pour le Quinzi\u00e8me salon des artistes d\u00e9corateurs. Dessin au crayon avec rehauts de gouache, sign\u00e9 et dat\u00e9 en bas \u00e0 gauche 1924, d\u00e9dicac\u00e9 en bas \u00e0 &hellip; Lire la suite de\u00ab\u00a0BIARRITZ Ma\u00eetre CARAYOL\u00a0\u00bb","og_url":"https:\/\/www.cabinetmarechaux.com\/index.php\/event\/biarritz-maitre-carayol\/","og_site_name":"Cabinet Mar\u00e9chaux","article_publisher":"https:\/\/www.facebook.com\/elisabethmarechaux\/?locale=fr_FR","article_modified_time":"2019-04-26T09:21:17+00:00","og_image":[{"width":946,"height":1458,"url":"https:\/\/www.cabinetmarechaux.com\/wp-content\/uploads\/2019\/04\/69.jpg","type":"image\/jpeg"}],"twitter_card":"summary_large_image","schema":{"@context":"https:\/\/schema.org","@graph":[{"@type":"WebPage","@id":"https:\/\/www.cabinetmarechaux.com\/index.php\/event\/biarritz-maitre-carayol\/","url":"https:\/\/www.cabinetmarechaux.com\/index.php\/event\/biarritz-maitre-carayol\/","name":"BIARRITZ Ma\u00eetre CARAYOL - Cabinet Mar\u00e9chaux","isPartOf":{"@id":"https:\/\/www.cabinetmarechaux.com\/#website"},"datePublished":"2019-04-11T10:10:13+00:00","dateModified":"2019-04-26T09:21:17+00:00","breadcrumb":{"@id":"https:\/\/www.cabinetmarechaux.com\/index.php\/event\/biarritz-maitre-carayol\/#breadcrumb"},"inLanguage":"fr-FR","potentialAction":[{"@type":"ReadAction","target":["https:\/\/www.cabinetmarechaux.com\/index.php\/event\/biarritz-maitre-carayol\/"]}]},{"@type":"BreadcrumbList","@id":"https:\/\/www.cabinetmarechaux.com\/index.php\/event\/biarritz-maitre-carayol\/#breadcrumb","itemListElement":[{"@type":"ListItem","position":1,"name":"Accueil","item":"https:\/\/www.cabinetmarechaux.com\/"},{"@type":"ListItem","position":2,"name":"\u00c9v\u00e8nements","item":"https:\/\/www.cabinetmarechaux.com\/index.php\/events\/"},{"@type":"ListItem","position":3,"name":"BIARRITZ Ma\u00eetre CARAYOL"}]},{"@type":"WebSite","@id":"https:\/\/www.cabinetmarechaux.com\/#website","url":"https:\/\/www.cabinetmarechaux.com\/","name":"Cabinet Mar\u00e9chaux","description":"Expertise : tableaux, dessins, sculptures des XIXe et XXe si\u00e8cles","publisher":{"@id":"https:\/\/www.cabinetmarechaux.com\/#organization"},"potentialAction":[{"@type":"SearchAction","target":{"@type":"EntryPoint","urlTemplate":"https:\/\/www.cabinetmarechaux.com\/?s={search_term_string}"},"query-input":"required name=search_term_string"}],"inLanguage":"fr-FR"},{"@type":"Organization","@id":"https:\/\/www.cabinetmarechaux.com\/#organization","name":"Cabinet Mar\u00e9chaux","url":"https:\/\/www.cabinetmarechaux.com\/","logo":{"@type":"ImageObject","inLanguage":"fr-FR","@id":"https:\/\/www.cabinetmarechaux.com\/#\/schema\/logo\/image\/","url":"https:\/\/www.cabinetmarechaux.com\/wp-content\/uploads\/2023\/06\/cabinet-marechaux.jpg","contentUrl":"https:\/\/www.cabinetmarechaux.com\/wp-content\/uploads\/2023\/06\/cabinet-marechaux.jpg","width":180,"height":180,"caption":"Cabinet Mar\u00e9chaux"},"image":{"@id":"https:\/\/www.cabinetmarechaux.com\/#\/schema\/logo\/image\/"},"sameAs":["https:\/\/www.facebook.com\/elisabethmarechaux\/?locale=fr_FR","https:\/\/www.instagram.com\/cabinetmarechaux\/"]}]}},"_links":{"self":[{"href":"https:\/\/www.cabinetmarechaux.com\/index.php\/wp-json\/wp\/v2\/tribe_events\/1564","targetHints":{"allow":["GET"]}}],"collection":[{"href":"https:\/\/www.cabinetmarechaux.com\/index.php\/wp-json\/wp\/v2\/tribe_events"}],"about":[{"href":"https:\/\/www.cabinetmarechaux.com\/index.php\/wp-json\/wp\/v2\/types\/tribe_events"}],"author":[{"embeddable":true,"href":"https:\/\/www.cabinetmarechaux.com\/index.php\/wp-json\/wp\/v2\/users\/1"}],"version-history":[{"count":3,"href":"https:\/\/www.cabinetmarechaux.com\/index.php\/wp-json\/wp\/v2\/tribe_events\/1564\/revisions"}],"predecessor-version":[{"id":1588,"href":"https:\/\/www.cabinetmarechaux.com\/index.php\/wp-json\/wp\/v2\/tribe_events\/1564\/revisions\/1588"}],"wp:featuredmedia":[{"embeddable":true,"href":"https:\/\/www.cabinetmarechaux.com\/index.php\/wp-json\/wp\/v2\/media\/1586"}],"wp:attachment":[{"href":"https:\/\/www.cabinetmarechaux.com\/index.php\/wp-json\/wp\/v2\/media?parent=1564"}],"wp:term":[{"taxonomy":"post_tag","embeddable":true,"href":"https:\/\/www.cabinetmarechaux.com\/index.php\/wp-json\/wp\/v2\/tags?post=1564"},{"taxonomy":"tribe_events_cat","embeddable":true,"href":"https:\/\/www.cabinetmarechaux.com\/index.php\/wp-json\/wp\/v2\/tribe_events_cat?post=1564"}],"curies":[{"name":"wp","href":"https:\/\/api.w.org\/{rel}","templated":true}]}}