{"id":1757,"date":"2019-10-31T10:06:06","date_gmt":"2019-10-31T09:06:06","guid":{"rendered":"http:\/\/www.cabinetmarechaux.com\/?post_type=tribe_events&#038;p=1757"},"modified":"2019-11-28T16:09:18","modified_gmt":"2019-11-28T15:09:18","slug":"auch-maitre-anglesio","status":"publish","type":"tribe_events","link":"https:\/\/www.cabinetmarechaux.com\/index.php\/event\/auch-maitre-anglesio\/","title":{"rendered":"AUCH  Gers Gascogne ENCHERES    Ma\u00eetre Anglezio"},"content":{"rendered":"<p><strong>Belle vente mobili\u00e8re, 14h30<\/strong><\/p>\n<p><em>Portrait de femme de profil<\/em><\/p>\n<p><em>circa 1920-23<\/em><\/p>\n<p>Huile sur panneau, sign\u00e9e en bas, \u00e0 gauche.<\/p>\n<p>64,2 x 49,5 cm<\/p>\n<p>Sera inclus dans le catalogue critique \u00e9tabli par Xavier Deryng, avec le soutien de la Soci\u00e9t\u00e9 Historique et Litt\u00e9raire Polonaise, des peintures de l\u2019artiste Boleslaw Biegas.<\/p>\n<p>Un avis d&rsquo;intention du comit\u00e9 BIEGAS, en date du 2 mai 2019, sera remis \u00e0 l\u2019acqu\u00e9reur.<\/p>\n<p>&nbsp;<\/p>\n<div class=\"\"><em><span class=\"\"> Boleslas Biegalski, plus connu sous le nom de Biegas, est un peintre et sculpteur symboliste franco-polonais. En effet, d\u00e8s ses d\u00e9buts, sa carri\u00e8re artistique est prometteuse : le jeune Biegas, surnomm\u00e9 \u201cle nouveau Giotto\u00a0\u00bb parvient \u00e0 s\u2019entourer de g\u00e9n\u00e9reux m\u00e9c\u00e8nes comme la famille Trutschel et re\u00e7oit \u00e9galement l\u2019enseignement du sculpteur Konstanty Laszczka. N\u00e9anmoins, son renvoi de l\u2019Acad\u00e9mie des Beaux-Arts de Cracovie pr\u00e9cipite son installation dans la capitale fran\u00e7aise.\u00a0<\/span><\/em><\/div>\n<div class=\"\"><\/div>\n<div class=\"\"><em><span class=\"\">D\u00e8s lors, l\u2019artiste d\u00e9veloppe dans plusieurs cycles une technique dite \u201csph\u00e9riste\u201d, qui consiste en une superposition de cercles concentriques, notamment dans sa \u201cMystique infinie\u201d ou encore dans ses \u00ab Vampires de guerre \u00bb, un cycle rappelant les atrocit\u00e9s de la guerre, qu\u2019il d\u00e9bute en 1916. Il poursuit ce cycle jusqu\u2019en 1918, effectuant de nombreux dessins et inventant un bestiaire de monstres tels les chim\u00e8res, les harpies et les sphinges. Ces derni\u00e8res deviennent les symboles du c\u00f4t\u00e9 cruel de la f\u00e9minit\u00e9 et de l\u2019amour sadique s\u2019acharnant sur les victimes masculines. Cependant, cette technique sph\u00e9rique ne rencontra pas r\u00e9ellement de succ\u00e8s et ses cycles plus tardifs s\u2019attarderont plut\u00f4t sur la repr\u00e9sentation de palais f\u00e9eriques et illumin\u00e9s, d\u2019apparitions nocturnes et autres visions mystiques et oniriques de l\u2019infini.<\/span><\/em><\/div>\n<div><\/div>\n<div><\/div>\n<div><\/div>\n<div><a href=\"https:\/\/magazine.interencheres.com\/art-mobilier\/5-choses-a-savoir-sur-boleslaw-biegas\/\">https:\/\/magazine.interencheres.com\/art-mobilier\/5-choses-a-savoir-sur-boleslaw-biegas\/<\/a><\/div>\n","protected":false},"excerpt":{"rendered":"<p>Belle vente mobili\u00e8re, 14h30 Portrait de femme de profil circa 1920-23 Huile sur panneau, sign\u00e9e en bas, \u00e0 gauche. 64,2 x 49,5 cm Sera inclus dans le catalogue critique \u00e9tabli &hellip; <\/p>\n<p class=\"link-more\"><a href=\"https:\/\/www.cabinetmarechaux.com\/index.php\/event\/auch-maitre-anglesio\/\" class=\"more-link\">Lire la suite de<span class=\"screen-reader-text\">\u00ab\u00a0AUCH  Gers Gascogne ENCHERES    Ma\u00eetre Anglezio\u00a0\u00bb<\/span><\/a><\/p>\n","protected":false},"author":1,"featured_media":1758,"template":"","meta":{"_monsterinsights_skip_tracking":false,"_monsterinsights_sitenote_active":false,"_monsterinsights_sitenote_note":"","_monsterinsights_sitenote_category":0,"ngg_post_thumbnail":0,"_tribe_events_status":"","_tribe_events_status_reason":"","footnotes":""},"tags":[],"tribe_events_cat":[10],"class_list":["post-1757","tribe_events","type-tribe_events","status-publish","has-post-thumbnail","hentry","tribe_events_cat-ventes","cat_ventes"],"yoast_head":"<!-- This site is optimized with the Yoast SEO plugin v20.10 - https:\/\/yoast.com\/wordpress\/plugins\/seo\/ -->\n<title>AUCH Gers Gascogne ENCHERES  Ma\u00eetre Anglezio - Cabinet Mar\u00e9chaux<\/title>\n<meta name=\"robots\" content=\"index, follow, max-snippet:-1, max-image-preview:large, max-video-preview:-1\" \/>\n<link rel=\"canonical\" href=\"https:\/\/www.cabinetmarechaux.com\/index.php\/event\/auch-maitre-anglesio\/\" \/>\n<meta property=\"og:locale\" content=\"fr_FR\" \/>\n<meta property=\"og:type\" content=\"article\" \/>\n<meta property=\"og:title\" content=\"AUCH Gers Gascogne ENCHERES  Ma\u00eetre Anglezio - Cabinet Mar\u00e9chaux\" \/>\n<meta property=\"og:description\" content=\"Belle vente mobili\u00e8re, 14h30 Portrait de femme de profil circa 1920-23 Huile sur panneau, sign\u00e9e en bas, \u00e0 gauche. 64,2 x 49,5 cm Sera inclus dans le catalogue critique \u00e9tabli &hellip; Lire la suite de\u00ab\u00a0AUCH Gers Gascogne ENCHERES  Ma\u00eetre Anglezio\u00a0\u00bb\" \/>\n<meta property=\"og:url\" content=\"https:\/\/www.cabinetmarechaux.com\/index.php\/event\/auch-maitre-anglesio\/\" \/>\n<meta property=\"og:site_name\" content=\"Cabinet Mar\u00e9chaux\" \/>\n<meta property=\"article:publisher\" content=\"https:\/\/www.facebook.com\/elisabethmarechaux\/?locale=fr_FR\" \/>\n<meta property=\"article:modified_time\" content=\"2019-11-28T15:09:18+00:00\" \/>\n<meta property=\"og:image\" content=\"https:\/\/www.cabinetmarechaux.com\/wp-content\/uploads\/2019\/10\/DSC_0063-789x1024.jpeg\" \/>\n\t<meta property=\"og:image:width\" content=\"789\" \/>\n\t<meta property=\"og:image:height\" content=\"1024\" \/>\n\t<meta property=\"og:image:type\" content=\"image\/jpeg\" \/>\n<meta name=\"twitter:card\" content=\"summary_large_image\" \/>\n<meta name=\"twitter:label1\" content=\"Dur\u00e9e de lecture estim\u00e9e\" \/>\n\t<meta name=\"twitter:data1\" content=\"1 minute\" \/>\n<script type=\"application\/ld+json\" class=\"yoast-schema-graph\">{\"@context\":\"https:\/\/schema.org\",\"@graph\":[{\"@type\":\"WebPage\",\"@id\":\"https:\/\/www.cabinetmarechaux.com\/index.php\/event\/auch-maitre-anglesio\/\",\"url\":\"https:\/\/www.cabinetmarechaux.com\/index.php\/event\/auch-maitre-anglesio\/\",\"name\":\"AUCH Gers Gascogne ENCHERES Ma\u00eetre Anglezio - Cabinet Mar\u00e9chaux\",\"isPartOf\":{\"@id\":\"https:\/\/www.cabinetmarechaux.com\/#website\"},\"datePublished\":\"2019-10-31T09:06:06+00:00\",\"dateModified\":\"2019-11-28T15:09:18+00:00\",\"breadcrumb\":{\"@id\":\"https:\/\/www.cabinetmarechaux.com\/index.php\/event\/auch-maitre-anglesio\/#breadcrumb\"},\"inLanguage\":\"fr-FR\",\"potentialAction\":[{\"@type\":\"ReadAction\",\"target\":[\"https:\/\/www.cabinetmarechaux.com\/index.php\/event\/auch-maitre-anglesio\/\"]}]},{\"@type\":\"BreadcrumbList\",\"@id\":\"https:\/\/www.cabinetmarechaux.com\/index.php\/event\/auch-maitre-anglesio\/#breadcrumb\",\"itemListElement\":[{\"@type\":\"ListItem\",\"position\":1,\"name\":\"Accueil\",\"item\":\"https:\/\/www.cabinetmarechaux.com\/\"},{\"@type\":\"ListItem\",\"position\":2,\"name\":\"\u00c9v\u00e8nements\",\"item\":\"https:\/\/www.cabinetmarechaux.com\/index.php\/events\/\"},{\"@type\":\"ListItem\",\"position\":3,\"name\":\"AUCH Gers Gascogne ENCHERES Ma\u00eetre Anglezio\"}]},{\"@type\":\"WebSite\",\"@id\":\"https:\/\/www.cabinetmarechaux.com\/#website\",\"url\":\"https:\/\/www.cabinetmarechaux.com\/\",\"name\":\"Cabinet Mar\u00e9chaux\",\"description\":\"Expertise : tableaux, dessins, sculptures des XIXe et XXe si\u00e8cles\",\"publisher\":{\"@id\":\"https:\/\/www.cabinetmarechaux.com\/#organization\"},\"potentialAction\":[{\"@type\":\"SearchAction\",\"target\":{\"@type\":\"EntryPoint\",\"urlTemplate\":\"https:\/\/www.cabinetmarechaux.com\/?s={search_term_string}\"},\"query-input\":\"required name=search_term_string\"}],\"inLanguage\":\"fr-FR\"},{\"@type\":\"Organization\",\"@id\":\"https:\/\/www.cabinetmarechaux.com\/#organization\",\"name\":\"Cabinet Mar\u00e9chaux\",\"url\":\"https:\/\/www.cabinetmarechaux.com\/\",\"logo\":{\"@type\":\"ImageObject\",\"inLanguage\":\"fr-FR\",\"@id\":\"https:\/\/www.cabinetmarechaux.com\/#\/schema\/logo\/image\/\",\"url\":\"https:\/\/www.cabinetmarechaux.com\/wp-content\/uploads\/2023\/06\/cabinet-marechaux.jpg\",\"contentUrl\":\"https:\/\/www.cabinetmarechaux.com\/wp-content\/uploads\/2023\/06\/cabinet-marechaux.jpg\",\"width\":180,\"height\":180,\"caption\":\"Cabinet Mar\u00e9chaux\"},\"image\":{\"@id\":\"https:\/\/www.cabinetmarechaux.com\/#\/schema\/logo\/image\/\"},\"sameAs\":[\"https:\/\/www.facebook.com\/elisabethmarechaux\/?locale=fr_FR\",\"https:\/\/www.instagram.com\/cabinetmarechaux\/\"]}]}<\/script>\n<!-- \/ Yoast SEO plugin. -->","yoast_head_json":{"title":"AUCH Gers Gascogne ENCHERES  Ma\u00eetre Anglezio - Cabinet Mar\u00e9chaux","robots":{"index":"index","follow":"follow","max-snippet":"max-snippet:-1","max-image-preview":"max-image-preview:large","max-video-preview":"max-video-preview:-1"},"canonical":"https:\/\/www.cabinetmarechaux.com\/index.php\/event\/auch-maitre-anglesio\/","og_locale":"fr_FR","og_type":"article","og_title":"AUCH Gers Gascogne ENCHERES  Ma\u00eetre Anglezio - Cabinet Mar\u00e9chaux","og_description":"Belle vente mobili\u00e8re, 14h30 Portrait de femme de profil circa 1920-23 Huile sur panneau, sign\u00e9e en bas, \u00e0 gauche. 64,2 x 49,5 cm Sera inclus dans le catalogue critique \u00e9tabli &hellip; Lire la suite de\u00ab\u00a0AUCH Gers Gascogne ENCHERES  Ma\u00eetre Anglezio\u00a0\u00bb","og_url":"https:\/\/www.cabinetmarechaux.com\/index.php\/event\/auch-maitre-anglesio\/","og_site_name":"Cabinet Mar\u00e9chaux","article_publisher":"https:\/\/www.facebook.com\/elisabethmarechaux\/?locale=fr_FR","article_modified_time":"2019-11-28T15:09:18+00:00","og_image":[{"width":789,"height":1024,"url":"https:\/\/www.cabinetmarechaux.com\/wp-content\/uploads\/2019\/10\/DSC_0063-789x1024.jpeg","type":"image\/jpeg"}],"twitter_card":"summary_large_image","twitter_misc":{"Dur\u00e9e de lecture estim\u00e9e":"1 minute"},"schema":{"@context":"https:\/\/schema.org","@graph":[{"@type":"WebPage","@id":"https:\/\/www.cabinetmarechaux.com\/index.php\/event\/auch-maitre-anglesio\/","url":"https:\/\/www.cabinetmarechaux.com\/index.php\/event\/auch-maitre-anglesio\/","name":"AUCH Gers Gascogne ENCHERES Ma\u00eetre Anglezio - Cabinet Mar\u00e9chaux","isPartOf":{"@id":"https:\/\/www.cabinetmarechaux.com\/#website"},"datePublished":"2019-10-31T09:06:06+00:00","dateModified":"2019-11-28T15:09:18+00:00","breadcrumb":{"@id":"https:\/\/www.cabinetmarechaux.com\/index.php\/event\/auch-maitre-anglesio\/#breadcrumb"},"inLanguage":"fr-FR","potentialAction":[{"@type":"ReadAction","target":["https:\/\/www.cabinetmarechaux.com\/index.php\/event\/auch-maitre-anglesio\/"]}]},{"@type":"BreadcrumbList","@id":"https:\/\/www.cabinetmarechaux.com\/index.php\/event\/auch-maitre-anglesio\/#breadcrumb","itemListElement":[{"@type":"ListItem","position":1,"name":"Accueil","item":"https:\/\/www.cabinetmarechaux.com\/"},{"@type":"ListItem","position":2,"name":"\u00c9v\u00e8nements","item":"https:\/\/www.cabinetmarechaux.com\/index.php\/events\/"},{"@type":"ListItem","position":3,"name":"AUCH Gers Gascogne ENCHERES Ma\u00eetre Anglezio"}]},{"@type":"WebSite","@id":"https:\/\/www.cabinetmarechaux.com\/#website","url":"https:\/\/www.cabinetmarechaux.com\/","name":"Cabinet Mar\u00e9chaux","description":"Expertise : tableaux, dessins, sculptures des XIXe et XXe si\u00e8cles","publisher":{"@id":"https:\/\/www.cabinetmarechaux.com\/#organization"},"potentialAction":[{"@type":"SearchAction","target":{"@type":"EntryPoint","urlTemplate":"https:\/\/www.cabinetmarechaux.com\/?s={search_term_string}"},"query-input":"required name=search_term_string"}],"inLanguage":"fr-FR"},{"@type":"Organization","@id":"https:\/\/www.cabinetmarechaux.com\/#organization","name":"Cabinet Mar\u00e9chaux","url":"https:\/\/www.cabinetmarechaux.com\/","logo":{"@type":"ImageObject","inLanguage":"fr-FR","@id":"https:\/\/www.cabinetmarechaux.com\/#\/schema\/logo\/image\/","url":"https:\/\/www.cabinetmarechaux.com\/wp-content\/uploads\/2023\/06\/cabinet-marechaux.jpg","contentUrl":"https:\/\/www.cabinetmarechaux.com\/wp-content\/uploads\/2023\/06\/cabinet-marechaux.jpg","width":180,"height":180,"caption":"Cabinet Mar\u00e9chaux"},"image":{"@id":"https:\/\/www.cabinetmarechaux.com\/#\/schema\/logo\/image\/"},"sameAs":["https:\/\/www.facebook.com\/elisabethmarechaux\/?locale=fr_FR","https:\/\/www.instagram.com\/cabinetmarechaux\/"]}]}},"_links":{"self":[{"href":"https:\/\/www.cabinetmarechaux.com\/index.php\/wp-json\/wp\/v2\/tribe_events\/1757","targetHints":{"allow":["GET"]}}],"collection":[{"href":"https:\/\/www.cabinetmarechaux.com\/index.php\/wp-json\/wp\/v2\/tribe_events"}],"about":[{"href":"https:\/\/www.cabinetmarechaux.com\/index.php\/wp-json\/wp\/v2\/types\/tribe_events"}],"author":[{"embeddable":true,"href":"https:\/\/www.cabinetmarechaux.com\/index.php\/wp-json\/wp\/v2\/users\/1"}],"version-history":[{"count":8,"href":"https:\/\/www.cabinetmarechaux.com\/index.php\/wp-json\/wp\/v2\/tribe_events\/1757\/revisions"}],"predecessor-version":[{"id":1847,"href":"https:\/\/www.cabinetmarechaux.com\/index.php\/wp-json\/wp\/v2\/tribe_events\/1757\/revisions\/1847"}],"wp:featuredmedia":[{"embeddable":true,"href":"https:\/\/www.cabinetmarechaux.com\/index.php\/wp-json\/wp\/v2\/media\/1758"}],"wp:attachment":[{"href":"https:\/\/www.cabinetmarechaux.com\/index.php\/wp-json\/wp\/v2\/media?parent=1757"}],"wp:term":[{"taxonomy":"post_tag","embeddable":true,"href":"https:\/\/www.cabinetmarechaux.com\/index.php\/wp-json\/wp\/v2\/tags?post=1757"},{"taxonomy":"tribe_events_cat","embeddable":true,"href":"https:\/\/www.cabinetmarechaux.com\/index.php\/wp-json\/wp\/v2\/tribe_events_cat?post=1757"}],"curies":[{"name":"wp","href":"https:\/\/api.w.org\/{rel}","templated":true}]}}