{"id":1968,"date":"2020-06-08T13:25:47","date_gmt":"2020-06-08T11:25:47","guid":{"rendered":"http:\/\/www.cabinetmarechaux.com\/?post_type=tribe_events&#038;p=1968"},"modified":"2020-06-08T13:27:03","modified_gmt":"2020-06-08T11:27:03","slug":"corbeil-essonnes-mercredi-10-juin-a-14h","status":"publish","type":"tribe_events","link":"https:\/\/www.cabinetmarechaux.com\/index.php\/event\/corbeil-essonnes-mercredi-10-juin-a-14h\/","title":{"rendered":"Corbeil-Essonnes, mercredi 10 juin \u00e0 14h"},"content":{"rendered":"<p>Ivan PRANISHNIKOFF &#8211; 1841-1969<br \/>\nJeune gardian et chevaux<br \/>\nHuile sur panneau, sign\u00e9 en bas \u00e0 droite.<br \/>\n26,5 x 41 cm<br \/>\n(griffures)<br \/>\nGardians au cr\u00e9puscule, 1887<br \/>\nHuile sur panneau, sign\u00e9, situ\u00e9 et dat\u00e9 \u00ab Paris &#8211; 87 \u00bb  en bas \u00e0 droite.<br \/>\n26,5 x 41 cm<br \/>\n<img loading=\"lazy\" decoding=\"async\" src=\"https:\/\/www.cabinetmarechaux.com\/wp-content\/uploads\/2020\/06\/image.png\" alt=\"\" width=\"160\" height=\"120\" class=\"alignleft size-full wp-image-1969\" \/><\/p>\n","protected":false},"excerpt":{"rendered":"<p>Ivan PRANISHNIKOFF &#8211; 1841-1969 Jeune gardian et chevaux Huile sur panneau, sign\u00e9 en bas \u00e0 droite. 26,5 x 41 cm (griffures) Gardians au cr\u00e9puscule, 1887 Huile sur panneau, sign\u00e9, situ\u00e9 &hellip; <\/p>\n<p class=\"link-more\"><a href=\"https:\/\/www.cabinetmarechaux.com\/index.php\/event\/corbeil-essonnes-mercredi-10-juin-a-14h\/\" class=\"more-link\">Lire la suite de<span class=\"screen-reader-text\">\u00ab\u00a0Corbeil-Essonnes, mercredi 10 juin \u00e0 14h\u00a0\u00bb<\/span><\/a><\/p>\n","protected":false},"author":1,"featured_media":1970,"template":"","meta":{"_monsterinsights_skip_tracking":false,"_monsterinsights_sitenote_active":false,"_monsterinsights_sitenote_note":"","_monsterinsights_sitenote_category":0,"ngg_post_thumbnail":0,"_tribe_events_status":"","_tribe_events_status_reason":"","footnotes":""},"tags":[],"tribe_events_cat":[10],"class_list":["post-1968","tribe_events","type-tribe_events","status-publish","has-post-thumbnail","hentry","tribe_events_cat-ventes","cat_ventes"],"yoast_head":"<!-- This site is optimized with the Yoast SEO plugin v20.10 - https:\/\/yoast.com\/wordpress\/plugins\/seo\/ -->\n<title>Corbeil-Essonnes, mercredi 10 juin \u00e0 14h - Cabinet Mar\u00e9chaux<\/title>\n<meta name=\"robots\" content=\"index, follow, max-snippet:-1, max-image-preview:large, max-video-preview:-1\" \/>\n<link rel=\"canonical\" href=\"https:\/\/www.cabinetmarechaux.com\/index.php\/event\/corbeil-essonnes-mercredi-10-juin-a-14h\/\" \/>\n<meta property=\"og:locale\" content=\"fr_FR\" \/>\n<meta property=\"og:type\" content=\"article\" \/>\n<meta property=\"og:title\" content=\"Corbeil-Essonnes, mercredi 10 juin \u00e0 14h - Cabinet Mar\u00e9chaux\" \/>\n<meta property=\"og:description\" content=\"Ivan PRANISHNIKOFF &#8211; 1841-1969 Jeune gardian et chevaux Huile sur panneau, sign\u00e9 en bas \u00e0 droite. 26,5 x 41 cm (griffures) Gardians au cr\u00e9puscule, 1887 Huile sur panneau, sign\u00e9, situ\u00e9 &hellip; Lire la suite de\u00ab\u00a0Corbeil-Essonnes, mercredi 10 juin \u00e0 14h\u00a0\u00bb\" \/>\n<meta property=\"og:url\" content=\"https:\/\/www.cabinetmarechaux.com\/index.php\/event\/corbeil-essonnes-mercredi-10-juin-a-14h\/\" \/>\n<meta property=\"og:site_name\" content=\"Cabinet Mar\u00e9chaux\" \/>\n<meta property=\"article:publisher\" content=\"https:\/\/www.facebook.com\/elisabethmarechaux\/?locale=fr_FR\" \/>\n<meta property=\"article:modified_time\" content=\"2020-06-08T11:27:03+00:00\" \/>\n<meta property=\"og:image\" content=\"https:\/\/www.cabinetmarechaux.com\/wp-content\/uploads\/2020\/06\/121946_596471418_3685d96cf5b70872632de089f1cf20b0.jpeg\" \/>\n\t<meta property=\"og:image:width\" content=\"400\" \/>\n\t<meta property=\"og:image:height\" content=\"300\" \/>\n\t<meta property=\"og:image:type\" content=\"image\/jpeg\" \/>\n<meta name=\"twitter:card\" content=\"summary_large_image\" \/>\n<script type=\"application\/ld+json\" class=\"yoast-schema-graph\">{\"@context\":\"https:\/\/schema.org\",\"@graph\":[{\"@type\":\"WebPage\",\"@id\":\"https:\/\/www.cabinetmarechaux.com\/index.php\/event\/corbeil-essonnes-mercredi-10-juin-a-14h\/\",\"url\":\"https:\/\/www.cabinetmarechaux.com\/index.php\/event\/corbeil-essonnes-mercredi-10-juin-a-14h\/\",\"name\":\"Corbeil-Essonnes, mercredi 10 juin \u00e0 14h - Cabinet Mar\u00e9chaux\",\"isPartOf\":{\"@id\":\"https:\/\/www.cabinetmarechaux.com\/#website\"},\"datePublished\":\"2020-06-08T11:25:47+00:00\",\"dateModified\":\"2020-06-08T11:27:03+00:00\",\"breadcrumb\":{\"@id\":\"https:\/\/www.cabinetmarechaux.com\/index.php\/event\/corbeil-essonnes-mercredi-10-juin-a-14h\/#breadcrumb\"},\"inLanguage\":\"fr-FR\",\"potentialAction\":[{\"@type\":\"ReadAction\",\"target\":[\"https:\/\/www.cabinetmarechaux.com\/index.php\/event\/corbeil-essonnes-mercredi-10-juin-a-14h\/\"]}]},{\"@type\":\"BreadcrumbList\",\"@id\":\"https:\/\/www.cabinetmarechaux.com\/index.php\/event\/corbeil-essonnes-mercredi-10-juin-a-14h\/#breadcrumb\",\"itemListElement\":[{\"@type\":\"ListItem\",\"position\":1,\"name\":\"Accueil\",\"item\":\"https:\/\/www.cabinetmarechaux.com\/\"},{\"@type\":\"ListItem\",\"position\":2,\"name\":\"\u00c9v\u00e8nements\",\"item\":\"https:\/\/www.cabinetmarechaux.com\/index.php\/events\/\"},{\"@type\":\"ListItem\",\"position\":3,\"name\":\"Corbeil-Essonnes, mercredi 10 juin \u00e0 14h\"}]},{\"@type\":\"WebSite\",\"@id\":\"https:\/\/www.cabinetmarechaux.com\/#website\",\"url\":\"https:\/\/www.cabinetmarechaux.com\/\",\"name\":\"Cabinet Mar\u00e9chaux\",\"description\":\"Expertise : tableaux, dessins, sculptures des XIXe et XXe si\u00e8cles\",\"publisher\":{\"@id\":\"https:\/\/www.cabinetmarechaux.com\/#organization\"},\"potentialAction\":[{\"@type\":\"SearchAction\",\"target\":{\"@type\":\"EntryPoint\",\"urlTemplate\":\"https:\/\/www.cabinetmarechaux.com\/?s={search_term_string}\"},\"query-input\":\"required name=search_term_string\"}],\"inLanguage\":\"fr-FR\"},{\"@type\":\"Organization\",\"@id\":\"https:\/\/www.cabinetmarechaux.com\/#organization\",\"name\":\"Cabinet Mar\u00e9chaux\",\"url\":\"https:\/\/www.cabinetmarechaux.com\/\",\"logo\":{\"@type\":\"ImageObject\",\"inLanguage\":\"fr-FR\",\"@id\":\"https:\/\/www.cabinetmarechaux.com\/#\/schema\/logo\/image\/\",\"url\":\"https:\/\/www.cabinetmarechaux.com\/wp-content\/uploads\/2023\/06\/cabinet-marechaux.jpg\",\"contentUrl\":\"https:\/\/www.cabinetmarechaux.com\/wp-content\/uploads\/2023\/06\/cabinet-marechaux.jpg\",\"width\":180,\"height\":180,\"caption\":\"Cabinet Mar\u00e9chaux\"},\"image\":{\"@id\":\"https:\/\/www.cabinetmarechaux.com\/#\/schema\/logo\/image\/\"},\"sameAs\":[\"https:\/\/www.facebook.com\/elisabethmarechaux\/?locale=fr_FR\",\"https:\/\/www.instagram.com\/cabinetmarechaux\/\"]}]}<\/script>\n<!-- \/ Yoast SEO plugin. -->","yoast_head_json":{"title":"Corbeil-Essonnes, mercredi 10 juin \u00e0 14h - Cabinet Mar\u00e9chaux","robots":{"index":"index","follow":"follow","max-snippet":"max-snippet:-1","max-image-preview":"max-image-preview:large","max-video-preview":"max-video-preview:-1"},"canonical":"https:\/\/www.cabinetmarechaux.com\/index.php\/event\/corbeil-essonnes-mercredi-10-juin-a-14h\/","og_locale":"fr_FR","og_type":"article","og_title":"Corbeil-Essonnes, mercredi 10 juin \u00e0 14h - Cabinet Mar\u00e9chaux","og_description":"Ivan PRANISHNIKOFF &#8211; 1841-1969 Jeune gardian et chevaux Huile sur panneau, sign\u00e9 en bas \u00e0 droite. 26,5 x 41 cm (griffures) Gardians au cr\u00e9puscule, 1887 Huile sur panneau, sign\u00e9, situ\u00e9 &hellip; Lire la suite de\u00ab\u00a0Corbeil-Essonnes, mercredi 10 juin \u00e0 14h\u00a0\u00bb","og_url":"https:\/\/www.cabinetmarechaux.com\/index.php\/event\/corbeil-essonnes-mercredi-10-juin-a-14h\/","og_site_name":"Cabinet Mar\u00e9chaux","article_publisher":"https:\/\/www.facebook.com\/elisabethmarechaux\/?locale=fr_FR","article_modified_time":"2020-06-08T11:27:03+00:00","og_image":[{"width":400,"height":300,"url":"https:\/\/www.cabinetmarechaux.com\/wp-content\/uploads\/2020\/06\/121946_596471418_3685d96cf5b70872632de089f1cf20b0.jpeg","type":"image\/jpeg"}],"twitter_card":"summary_large_image","schema":{"@context":"https:\/\/schema.org","@graph":[{"@type":"WebPage","@id":"https:\/\/www.cabinetmarechaux.com\/index.php\/event\/corbeil-essonnes-mercredi-10-juin-a-14h\/","url":"https:\/\/www.cabinetmarechaux.com\/index.php\/event\/corbeil-essonnes-mercredi-10-juin-a-14h\/","name":"Corbeil-Essonnes, mercredi 10 juin \u00e0 14h - Cabinet Mar\u00e9chaux","isPartOf":{"@id":"https:\/\/www.cabinetmarechaux.com\/#website"},"datePublished":"2020-06-08T11:25:47+00:00","dateModified":"2020-06-08T11:27:03+00:00","breadcrumb":{"@id":"https:\/\/www.cabinetmarechaux.com\/index.php\/event\/corbeil-essonnes-mercredi-10-juin-a-14h\/#breadcrumb"},"inLanguage":"fr-FR","potentialAction":[{"@type":"ReadAction","target":["https:\/\/www.cabinetmarechaux.com\/index.php\/event\/corbeil-essonnes-mercredi-10-juin-a-14h\/"]}]},{"@type":"BreadcrumbList","@id":"https:\/\/www.cabinetmarechaux.com\/index.php\/event\/corbeil-essonnes-mercredi-10-juin-a-14h\/#breadcrumb","itemListElement":[{"@type":"ListItem","position":1,"name":"Accueil","item":"https:\/\/www.cabinetmarechaux.com\/"},{"@type":"ListItem","position":2,"name":"\u00c9v\u00e8nements","item":"https:\/\/www.cabinetmarechaux.com\/index.php\/events\/"},{"@type":"ListItem","position":3,"name":"Corbeil-Essonnes, mercredi 10 juin \u00e0 14h"}]},{"@type":"WebSite","@id":"https:\/\/www.cabinetmarechaux.com\/#website","url":"https:\/\/www.cabinetmarechaux.com\/","name":"Cabinet Mar\u00e9chaux","description":"Expertise : tableaux, dessins, sculptures des XIXe et XXe si\u00e8cles","publisher":{"@id":"https:\/\/www.cabinetmarechaux.com\/#organization"},"potentialAction":[{"@type":"SearchAction","target":{"@type":"EntryPoint","urlTemplate":"https:\/\/www.cabinetmarechaux.com\/?s={search_term_string}"},"query-input":"required name=search_term_string"}],"inLanguage":"fr-FR"},{"@type":"Organization","@id":"https:\/\/www.cabinetmarechaux.com\/#organization","name":"Cabinet Mar\u00e9chaux","url":"https:\/\/www.cabinetmarechaux.com\/","logo":{"@type":"ImageObject","inLanguage":"fr-FR","@id":"https:\/\/www.cabinetmarechaux.com\/#\/schema\/logo\/image\/","url":"https:\/\/www.cabinetmarechaux.com\/wp-content\/uploads\/2023\/06\/cabinet-marechaux.jpg","contentUrl":"https:\/\/www.cabinetmarechaux.com\/wp-content\/uploads\/2023\/06\/cabinet-marechaux.jpg","width":180,"height":180,"caption":"Cabinet Mar\u00e9chaux"},"image":{"@id":"https:\/\/www.cabinetmarechaux.com\/#\/schema\/logo\/image\/"},"sameAs":["https:\/\/www.facebook.com\/elisabethmarechaux\/?locale=fr_FR","https:\/\/www.instagram.com\/cabinetmarechaux\/"]}]}},"_links":{"self":[{"href":"https:\/\/www.cabinetmarechaux.com\/index.php\/wp-json\/wp\/v2\/tribe_events\/1968","targetHints":{"allow":["GET"]}}],"collection":[{"href":"https:\/\/www.cabinetmarechaux.com\/index.php\/wp-json\/wp\/v2\/tribe_events"}],"about":[{"href":"https:\/\/www.cabinetmarechaux.com\/index.php\/wp-json\/wp\/v2\/types\/tribe_events"}],"author":[{"embeddable":true,"href":"https:\/\/www.cabinetmarechaux.com\/index.php\/wp-json\/wp\/v2\/users\/1"}],"version-history":[{"count":2,"href":"https:\/\/www.cabinetmarechaux.com\/index.php\/wp-json\/wp\/v2\/tribe_events\/1968\/revisions"}],"predecessor-version":[{"id":1972,"href":"https:\/\/www.cabinetmarechaux.com\/index.php\/wp-json\/wp\/v2\/tribe_events\/1968\/revisions\/1972"}],"wp:featuredmedia":[{"embeddable":true,"href":"https:\/\/www.cabinetmarechaux.com\/index.php\/wp-json\/wp\/v2\/media\/1970"}],"wp:attachment":[{"href":"https:\/\/www.cabinetmarechaux.com\/index.php\/wp-json\/wp\/v2\/media?parent=1968"}],"wp:term":[{"taxonomy":"post_tag","embeddable":true,"href":"https:\/\/www.cabinetmarechaux.com\/index.php\/wp-json\/wp\/v2\/tags?post=1968"},{"taxonomy":"tribe_events_cat","embeddable":true,"href":"https:\/\/www.cabinetmarechaux.com\/index.php\/wp-json\/wp\/v2\/tribe_events_cat?post=1968"}],"curies":[{"name":"wp","href":"https:\/\/api.w.org\/{rel}","templated":true}]}}