{"id":1977,"date":"2020-06-17T11:03:10","date_gmt":"2020-06-17T09:03:10","guid":{"rendered":"http:\/\/www.cabinetmarechaux.com\/?post_type=tribe_events&#038;p=1977"},"modified":"2020-06-17T11:04:49","modified_gmt":"2020-06-17T09:04:49","slug":"osenat-fontainebleau-lesprit-du-xxe-siecle-mobilier-design-objets-dart-tableaux-et-art-contemporain","status":"publish","type":"tribe_events","link":"https:\/\/www.cabinetmarechaux.com\/index.php\/event\/osenat-fontainebleau-lesprit-du-xxe-siecle-mobilier-design-objets-dart-tableaux-et-art-contemporain\/","title":{"rendered":"Osenat, Fontainebleau, l&rsquo;esprit du XXe si\u00e8cle, mobilier design, objets d&rsquo;art, tableaux et art contemporain, samedi 27 juin \u00e0 14h"},"content":{"rendered":"<div id=\"9474\">\n\t<div id=\"gallery_master_main_container_9474\" class=\"gallery_master_main_container\">\n\t\t\t<style type=\"text\/css\">\n\t@import url('https:\/\/fonts.googleapis.com\/css?family=Lato%3A700');\r\n@import url('https:\/\/fonts.googleapis.com\/css?family=Lato%3A300');\r\n@import url('https:\/\/fonts.googleapis.com\/css?family=Lato%3A700');\r\n@import url('https:\/\/fonts.googleapis.com\/css?family=Lato%3A300');\r\n\t\t#gallery_master_main_container_9474\t\t{\n\t\t\tdirection: ltr !important;\n\t\t}\n\t\t.gb-filter-holder_9474\t\t{\n\t\t\ttext-align: left;\n\t\t}\n\t\t.ux_div_empty_search_results_9474\t\t{\n\t\t\tdisplay:none;\n\t\t\ttext-align:center !important;\n\t\t\tclear:both !important;\n\t\t}\n\t\t\t\t\t#gallery_master_main_container_9474\t\t\t\t{\n\t\t\t\t\twidth: 100% !important;\n\t\t\t\t\tmax-width: 1065px !important;\n\t\t\t\tfloat: left !important;\t\t\t\t}\n\t\t\t\t#gallery_title_container_9474 h2\t\t\t\t{\n\t\t\t\t\tline-height: 1.7 !important;\n\t\t\t\t\ttext-align: left !important;\n\t\t\t\t\tfont-size: 20px !important;\n\t\t\t\t\tcolor : #000000 !important;\n\t\t\t\t\tmargin: 10px 0px 10px 0px !important;\n\t\t\t\t\tpadding: 10px 0px 10px 0px !important;\n\t\t\t\t\tfont-family: 'Lato' !important;\r\n\tfont-weight: 700 !important;\t\t\t\t}\n\t\t\t\t#gallery_desc_container_9474 h3\t\t\t\t{\n\t\t\t\t\tline-height: 1.7 !important;\n\t\t\t\t\ttext-align: left !important;\n\t\t\t\t\tfont-size: 16px !important;\n\t\t\t\t\tcolor : #787D85 !important;\n\t\t\t\t\tmargin: 10px 0px 10px 0px !important;\n\t\t\t\t\tpadding: 0px 0px 10px 0px !important;\n\t\t\t\t\tfont-family: 'Lato' !important;\r\n\tfont-weight: 300 !important;\n\t\t\t\t}\n\t\t\t\t.grid_wrapper_item\n\t\t\t\t{\n\t\t\t\t\tdisplay: inline-block !important;\n\t\t\t\t\tvertical-align: top !important;\n\t\t\t\t\tmargin: 10px 10px 0px 0px !important;\n\t\t\t\t\tpadding: 0px 0px 0px 0px !important;\n\t\t\t\t\tbox-shadow: 0px 0px 0px 0px #000000 !important;\n\t\t\t\t\t-webkit-box-shadow: 0px 0px 0px 0px #000000 !important;\n\t\t\t\t\t-moz-box-shadow: 0px 0px 0px 0px #000000 !important;\n\t\t\t\t\toverflow: hidden !important;\n\t\t\t\t}\n\t\t\t\t#grid_layout_container_9474\t\t\t\t{\n\t\t\t\t\tclear: both !important;\n\t\t\t\t}\n\t\t\t\t.grid_item_image_9474\t\t\t\t{\n\t\t\t\t\topacity: 1 !important;\n\t\t\t\t\twidth: 250px !important;\n\t\t\t\t\theight: 200px !important;\n\t\t\t\t\tbackground-position: center center !important;\n\t\t\t\t\toverflow: hidden !important;\n\t\t\t\t\tborder: 0px none #000000 !important;\n\t\t\t\t\tborder-radius: 0px !important;\n\t\t\t\t\t-webkit-border-radius: 0px !important;\n\t\t\t\t\t-moz-border-radius: 0px !important;\n\t\t\t\t}\n\t\t\t\t.grid_item_image_9474 img\n\t\t\t\t{\n\t\t\t\t\tdisplay: none !important;\n\t\t\t\t}\n\t\t\t\t.grid_item_image_9474:hover\n\t\t\t\t{\n\t\t\t\t\ttransition: 1s !important;\n\t\t\t\t\ttransform : none !important;\n\t\t\t\t\tfilter: none;\n\t\t\t\t}\n\t\t\t\t.grid_content_item\n\t\t\t\t{\n\t\t\t\t\twidth: 250px !important;\n\t\t\t\t\t\t\t\t\t\tbackground: rgba(235,232,235,0.5) !important;\n\t\t\t\t\t\t\t\t\t}\n\t\t\t\t.grid_single_text_title h3\t\t\t\t{\n\t\t\t\t\tdisplay: block !important;\n\t\t\t\t\tline-height: 1.7 !important;\n\t\t\t\t\ttext-align: left !important;\n\t\t\t\t\tfont-size: 14px !important;\n\t\t\t\t\tcolor : #787D85 !important;\n\t\t\t\t\tmargin: 0px 5px 0px 5px !important;\n\t\t\t\t\tpadding: 10px 10px 10px 10px !important;\n\t\t\t\t\tfont-family: 'Lato' !important;\r\n\tfont-weight: 700 !important;\t\t\t\t}\n\t\t\t\t.grid_single_text_desc p\t\t\t\t{\n\t\t\t\t\tdisplay: block !important;\n\t\t\t\t\tline-height: 1.7 !important;\n\t\t\t\t\ttext-align: left !important;\n\t\t\t\t\tfont-size: 12px !important;\n\t\t\t\t\tcolor : #787D85 !important;\n\t\t\t\t\tmargin: 0px 5px 0px 5px !important;\n\t\t\t\t\tpadding: 5px 10px 10px 5px !important;\n\t\t\t\t\tfont-family: 'Lato' !important;\r\n\tfont-weight: 300 !important;\t\t\t\t}\n\t\t\t\t\t\t\t\t.fbx-caption\n\t\t\t\t{\n\t\t\t\t\ttext-align: left !important;\n\t\t\t\t\tborder-bottom-left-radius: 5px !important;\n\t\t\t\t\tborder-bottom-right-radius: 5px !important;\n\t\t\t\t}\n\t\t\t\t.fbx-caption-title h2\t\t\t\t{\n\t\t\t\t\tline-height: 1.7em !important;\n\t\t\t\t\tdisplay: block!important;\n\t\t\t\t\ttext-align: left !important;\n\t\t\t\t\tfont-size: 16px !important;\n\t\t\t\t\tcolor : #ffffff !important;\n\t\t\t\t\tmargin: 10px 0px 10px 0px !important;\n\t\t\t\t\tpadding: 10px 10px 10px 10px !important;\n\t\t\t\t\tfont-family: 'Lato' !important;\r\n\tfont-weight: 700 !important;\t\t\t\t}\n\t\t\t\t.fbx-caption-desc h3\t\t\t\t{\n\t\t\t\t\tline-height: 1.7em !important;\n\t\t\t\t\tdisplay: block!important;\n\t\t\t\t\ttext-align: left !important;\n\t\t\t\t\tfont-size: 14px !important;\n\t\t\t\t\tcolor : #ffffff !important;\n\t\t\t\t\tmargin: 5px 0px 5px 0px !important;\n\t\t\t\t\tpadding: 20px 10px 10px 10px !important;\n\t\t\t\t\tfont-family: 'Lato' !important;\r\n\tfont-weight: 300 !important;\t\t\t\t}\n\t\t\t\t.fbx-modal\n\t\t\t\t{\n\t\t\t\t\t\t\t\t\t\tbackground-color: rgba(0,0,0,0.75) !important;\n\t\t\t\t\t\t\t\t\t}\n\t\t\t\t.fbx-inner\n\t\t\t\t{\n\t\t\t\t\tborder: 5px solid #ffffff !important;\n\t\t\t\t\t-webkit-border-radius: 5px !important;\n\t\t\t\t\t-moz-border-radius: 5px !important;\n\t\t\t\t\tborder-radius: 5px !important;\n\t\t\t\t}\n\t\t\t\t.fbx-item-image\n\t\t\t\t{\n\t\t\t\t\t-webkit-border-radius: 5px !important;\n\t\t\t\t\t-moz-border-radius: 5px !important;\n\t\t\t\t\tborder-radius: 5px !important;\n\t\t\t\t}\n\t\t\t\t\t<\/style>\n\t\t\t\t\t\t<div id=\"gallery_title_container_9474\" class=\"gallery_title_container\">\n\t\t\t\t\t\t<h2>\n\t\t\t\t\t\t\tOsenat\t\t\t\t\t\t<\/h2>\n\t\t\t\t\t<\/div>\n\t\t\t\t\t<script type=\"text\/javascript\">\n\tvar ajaxurl = \"https:\/\/www.cabinetmarechaux.com\/wp-admin\/admin-ajax.php\";\n\tvar global_options_right_click_protection = \"disable\";\n\tvar animation_effect = \"fadeIn\";\n\n\tif (typeof (call_gallery_master_layout_type_9474) !== \"function\")\n\t{\n\t\t\/**\n\t\t* This function is used for Layouts.\n\t\t*\/\n\t\tfunction call_gallery_master_layout_type_9474()\n\t\t{\n\t\t\t\t\t}\n\t}\n\tif (typeof (call_gallery_master_lightbox_9474) !== \"function\")\n\t{\n\t\t\/**\n\t\t* This function is used for Lightboxes.\n\t\t*\n\t\t* @param string lightbox_type .\n\t\t*\n\t\t*\/\n\t\tfunction call_gallery_master_lightbox_9474(lightbox_type)\n\t\t{\n\t\t\tswitch (lightbox_type)\n\t\t\t{\n\t\t\t\tcase \"foo_box_free_edition\":\n\t\t\t\t\t\t\t\t\t\t\tvar showCount_settings = true;\n\t\t\t\t\t\tvar closeOnOverlayClick = false;\n\t\t\t\t\t\tvar hideScrollbars = false;\n\t\t\t\t\t\tvar onlyShowOnHover = false;\n\t\t\t\t\t\t(function (FOOBOX, $)\n\t\t\t\t\t\t{\n\t\t\t\t\t\t\tFOOBOX.init = function () {\n\t\t\t\t\t\t\t\tFOOBOX.o = {\n\t\t\t\t\t\t\t\t\tshowCount: showCount_settings,\n\t\t\t\t\t\t\t\t\tcloseOnOverlayClick: closeOnOverlayClick,\n\t\t\t\t\t\t\t\t\thideScrollbars: hideScrollbars,\n\t\t\t\t\t\t\t\t\tcaptions:\n\t\t\t\t\t\t\t\t\t{\n\t\t\t\t\t\t\t\t\t\tonlyShowOnHover: onlyShowOnHover,\n\t\t\t\t\t\t\t\t\t\toverrideTitle: true,\n\t\t\t\t\t\t\t\t\t\ttitleSource: 'anchor',\n\t\t\t\t\t\t\t\t\t\toverrideDesc: true,\n\t\t\t\t\t\t\t\t\t\tdescSource: 'anchor'\n\t\t\t\t\t\t\t\t\t}\n\t\t\t\t\t\t\t\t};\n\t\t\t\t\t\t\t\t$(\".foobox\").foobox(FOOBOX.o);\n\t\t\t\t\t\t\t};\n\t\t\t\t\t\t}(window.FOOBOX = window.FOOBOX || {}, jQuery));\n\t\t\t\t\t\tjQuery(function ($)\n\t\t\t\t\t\t{\n\t\t\t\t\t\t\tFOOBOX.init();\n\t\t\t\t\t\t});\n\t\t\t\t\t\t\t\t\t\t\tbreak;\n\t\t\t}\n\t\t}\n\t}\n\tjQuery(document).ready(function ()\n\t{\n\t\tif (animation_effect !== \"none\")\n\t\t{\n\t\t\tjQuery(\".gm_animate\").scrolla_gb();\n\t\t}\n\t\tif (global_options_right_click_protection === \"enable\") {\n\t\t\tjQuery(\"#gallery_master_main_container_9474\").on(\"contextmenu\", function (e)\n\t\t\t{\n\t\t\t\treturn false;\n\t\t\t});\n\t\t}\n\t\tcall_gallery_master_layout_type_9474();\n\t\tcall_gallery_master_lightbox_9474(\"foo_box_free_edition\");\n});\n<\/script>\n\t\t\t\t<div id=\"grid_layout_container_9474\">\n\t\t\t\t<div id=\"control_container_9474\" class=\"grid_layout_container\">\n\t\t\t\t\t<div id=\"grid_wrapper_item_9474_309\" class=\"grid_wrapper_item gm_animate\"  data-animate=\"fadeIn\" data-duration=\"1.0s\" data-delay=\"0.1s\" data-offset=\"100\">\n\t\t\t\t\t\t\t\t\t\t\t\t<a href=\"https:\/\/www.cabinetmarechaux.com\/wp-content\/gallery-master\/original-images\/IMG_8553.jpeg\" class=\"foobox\" target=\"\" rel=\"foobox_gallery_9474\"  data-caption-title=\"&lt;h2&gt;Andr\u00e9 Margat (1903-1999)&lt;\/h2&gt;\" data-caption-desc=\"&lt;h3&gt;Chat couch\u00e9\r\nDessin au fusain et pastel, sign\u00e9 en bas \u00e0 gauche et dat\u00e9 \u201c39\u201d\r\n21,5 x 29,5 cm\r\n&lt;\/h3&gt;\">\n\t\t\t\t\t\t\t\t\t\t\t\t\t<div id=\"grid_item_image_9474_309\" class=\"grid_item_image_9474 \" style=\"background:url('https:\/\/www.cabinetmarechaux.com\/wp-content\/gallery-master\/thumbs-non-cropped\/IMG_8553.jpeg');background-size:100% 100% !important;\">\n\t\t\t\t\t<img decoding=\"async\" src=\"https:\/\/www.cabinetmarechaux.com\/wp-content\/gallery-master\/thumbs-non-cropped\/IMG_8553.jpeg\" image_full_path=\"image\" alt=\"margat\" id=\"ux_gm_file\" name= \"ux_gm_file_9474_309\"\/>\n\t\t\t\t<\/div>\n\t\t\t<\/a>\n\t\t\t\t\t\t\t\t<div id=\"grid_content_item\" class=\"grid_content_item\">\n\t\t\t\t\t\t\t\t\t\t\t<div id=\"grid_single_text_title_9474_309\" class=\"grid_single_text_title\">\n\t\t\t\t\t\t\t<h3>\n\t\t\t\t\t\t\tAndr\u00e9 Margat (1903-1999)\t\t\t\t\t\t\t<\/h3>\n\t\t\t\t\t\t<\/div>\n\t\t\t\t\t\t\t\t\t\t\t\t<div id=\"grid_single_text_desc_9474\" class=\"grid_single_text_desc\">\n\t\t\t\t\t\t\t<p>\n\t\t\t\t\t\t\tChat couch\u00e9\r\nDessin au fusain et pastel, sign\u00e9 en bas \u00e0 gauche et dat\u00e9 \u201c39\u201d\r\n21,5 x 29,5 cm\r\n\t\t\t\t\t\t\t<\/p>\n\t\t\t\t\t\t<\/div>\n\t\t\t\t\t\t\t\t\t\t<\/div>\n\t\t\t\t\t\t\t<\/div>\n\t\t\t\t\t\t\t\t<div id=\"grid_wrapper_item_9474_310\" class=\"grid_wrapper_item gm_animate\"  data-animate=\"fadeIn\" data-duration=\"1.0s\" data-delay=\"0.1s\" data-offset=\"100\">\n\t\t\t\t\t\t\t\t\t\t\t\t<a href=\"https:\/\/www.cabinetmarechaux.com\/wp-content\/gallery-master\/original-images\/IMG_8555.jpeg\" class=\"foobox\" target=\"\" rel=\"foobox_gallery_9474\"  data-caption-title=\"&lt;h2&gt;Duilio BARNABE 1914-1961&lt;\/h2&gt;\" data-caption-desc=\"&lt;h3&gt;Femme pensive\r\nHuile sur toile, sign\u00e9e en bas \u00e0 droite et dat\u00e9e 1947\r\n58 x 50 cm&lt;\/h3&gt;\">\n\t\t\t\t\t\t\t\t\t\t\t\t\t<div id=\"grid_item_image_9474_310\" class=\"grid_item_image_9474 \" style=\"background:url('https:\/\/www.cabinetmarechaux.com\/wp-content\/gallery-master\/thumbs-non-cropped\/IMG_8555.jpeg');background-size:100% 100% !important;\">\n\t\t\t\t\t<img decoding=\"async\" src=\"https:\/\/www.cabinetmarechaux.com\/wp-content\/gallery-master\/thumbs-non-cropped\/IMG_8555.jpeg\" image_full_path=\"image\" alt=\"barnab\u00e9\" id=\"ux_gm_file\" name= \"ux_gm_file_9474_310\"\/>\n\t\t\t\t<\/div>\n\t\t\t<\/a>\n\t\t\t\t\t\t\t\t<div id=\"grid_content_item\" class=\"grid_content_item\">\n\t\t\t\t\t\t\t\t\t\t\t<div id=\"grid_single_text_title_9474_310\" class=\"grid_single_text_title\">\n\t\t\t\t\t\t\t<h3>\n\t\t\t\t\t\t\tDuilio BARNABE 1914-1961\t\t\t\t\t\t\t<\/h3>\n\t\t\t\t\t\t<\/div>\n\t\t\t\t\t\t\t\t\t\t\t\t<div id=\"grid_single_text_desc_9474\" class=\"grid_single_text_desc\">\n\t\t\t\t\t\t\t<p>\n\t\t\t\t\t\t\tFemme pensive\r\nHuile sur toile, sign\u00e9e en bas \u00e0 droite et dat\u00e9e 1947\r\n58 x 50 cm\t\t\t\t\t\t\t<\/p>\n\t\t\t\t\t\t<\/div>\n\t\t\t\t\t\t\t\t\t\t<\/div>\n\t\t\t\t\t\t\t<\/div>\n\t\t\t\t\t\t\t\t<div id=\"grid_wrapper_item_9474_311\" class=\"grid_wrapper_item gm_animate\"  data-animate=\"fadeIn\" data-duration=\"1.0s\" data-delay=\"0.1s\" data-offset=\"100\">\n\t\t\t\t\t\t\t\t\t\t\t\t<a href=\"https:\/\/www.cabinetmarechaux.com\/wp-content\/gallery-master\/original-images\/IMG_8550.jpeg\" class=\"foobox\" target=\"\" rel=\"foobox_gallery_9474\"  data-caption-title=\"&lt;h2&gt;Gustave SURAND 1860-1937&lt;\/h2&gt;\" data-caption-desc=\"&lt;h3&gt;Coq\r\nHuile sur carton, sign\u00e9e en bas \u00e0 droite, d\u00e9dicac\u00e9e \u00ab\u00a0 a mon cher         ami Jacques Chauveau Souvenir affectueux\u00a0\u00bb\u00a0et dat\u00e9e \u201c1917\u201d\r\n35 x 27,5 cm\r\nPetits manques visibles&lt;\/h3&gt;\">\n\t\t\t\t\t\t\t\t\t\t\t\t\t<div id=\"grid_item_image_9474_311\" class=\"grid_item_image_9474 \" style=\"background:url('https:\/\/www.cabinetmarechaux.com\/wp-content\/gallery-master\/thumbs-non-cropped\/IMG_8550.jpeg');background-size:100% 100% !important;\">\n\t\t\t\t\t<img decoding=\"async\" src=\"https:\/\/www.cabinetmarechaux.com\/wp-content\/gallery-master\/thumbs-non-cropped\/IMG_8550.jpeg\" image_full_path=\"image\" alt=\"surand\" id=\"ux_gm_file\" name= \"ux_gm_file_9474_311\"\/>\n\t\t\t\t<\/div>\n\t\t\t<\/a>\n\t\t\t\t\t\t\t\t<div id=\"grid_content_item\" class=\"grid_content_item\">\n\t\t\t\t\t\t\t\t\t\t\t<div id=\"grid_single_text_title_9474_311\" class=\"grid_single_text_title\">\n\t\t\t\t\t\t\t<h3>\n\t\t\t\t\t\t\tGustave SURAND 1860-1937\t\t\t\t\t\t\t<\/h3>\n\t\t\t\t\t\t<\/div>\n\t\t\t\t\t\t\t\t\t\t\t\t<div id=\"grid_single_text_desc_9474\" class=\"grid_single_text_desc\">\n\t\t\t\t\t\t\t<p>\n\t\t\t\t\t\t\tCoq\r\nHuile sur carton, sign\u00e9e en bas \u00e0 droite, d\u00e9dicac\u00e9e \u00ab\u00a0 a mon cher         ami Jacques Chauveau Souvenir affectueux\u00a0\u00bb\u00a0et dat\u00e9e \u201c1917\u201d\r\n35 x 27,5 cm\r\nPetits manques visibles\t\t\t\t\t\t\t<\/p>\n\t\t\t\t\t\t<\/div>\n\t\t\t\t\t\t\t\t\t\t<\/div>\n\t\t\t\t\t\t\t<\/div>\n\t\t\t\t\t\t\t\t<div id=\"grid_wrapper_item_9474_312\" class=\"grid_wrapper_item gm_animate\"  data-animate=\"fadeIn\" data-duration=\"1.0s\" data-delay=\"0.1s\" data-offset=\"100\">\n\t\t\t\t\t\t\t\t\t\t\t\t<a href=\"https:\/\/www.cabinetmarechaux.com\/wp-content\/gallery-master\/original-images\/IMG_8544.jpeg\" class=\"foobox\" target=\"\" rel=\"foobox_gallery_9474\"  data-caption-title=\"&lt;h2&gt;Pablo PICASSO 1881-1973&lt;\/h2&gt;\" data-caption-desc=\"&lt;h3&gt;Service visage noir\r\n1948\r\nTerre de fa\u00efence blanche, d\u00e9cor aux engobes, grav\u00e9 au couteau sous couverte, porte sur la base un cachet Madoura plein feu et  annot\u00e9 Madoura et d\u2019apr\u00e8s Picasso\r\nTir\u00e9 \u00e0 100 exemplaires\r\nDiam. : 42,5 cm\r\nBibliographie : Picasso, Catalogue de l\u2019Oeuvre c\u00e9ramique \u00e9dit\u00e9 1949-1971, Alain Rami\u00e9, \u00c9ditions Madoura, Vallauris, 1988, d\u00e9crit et reproduit n\u00b035, page 36&lt;\/h3&gt;\">\n\t\t\t\t\t\t\t\t\t\t\t\t\t<div id=\"grid_item_image_9474_312\" class=\"grid_item_image_9474 \" style=\"background:url('https:\/\/www.cabinetmarechaux.com\/wp-content\/gallery-master\/thumbs-non-cropped\/IMG_8544.jpeg');background-size:100% 100% !important;\">\n\t\t\t\t\t<img decoding=\"async\" src=\"https:\/\/www.cabinetmarechaux.com\/wp-content\/gallery-master\/thumbs-non-cropped\/IMG_8544.jpeg\" image_full_path=\"image\" alt=\"\u00e9dition picasso\" id=\"ux_gm_file\" name= \"ux_gm_file_9474_312\"\/>\n\t\t\t\t<\/div>\n\t\t\t<\/a>\n\t\t\t\t\t\t\t\t<div id=\"grid_content_item\" class=\"grid_content_item\">\n\t\t\t\t\t\t\t\t\t\t\t<div id=\"grid_single_text_title_9474_312\" class=\"grid_single_text_title\">\n\t\t\t\t\t\t\t<h3>\n\t\t\t\t\t\t\tPablo PICASSO 1881-1973\t\t\t\t\t\t\t<\/h3>\n\t\t\t\t\t\t<\/div>\n\t\t\t\t\t\t\t\t\t\t\t\t<div id=\"grid_single_text_desc_9474\" class=\"grid_single_text_desc\">\n\t\t\t\t\t\t\t<p>\n\t\t\t\t\t\t\tService visage noir\r\n1948\r\nTerre de fa\u00efence blanche, d\u00e9cor aux engobes, grav\u00e9 au couteau sous couverte, porte sur la base un cachet Madoura plein feu et  annot\u00e9 Madoura et d\u2019apr\u00e8s Picasso\r\nTir\u00e9 \u00e0 100 exemplaires\r\nDiam. : 42,5 cm\r\nBibliographie : Picasso, Catalogue de l\u2019Oeuvre c\u00e9ramique \u00e9dit\u00e9 1949-1971, Alain Rami\u00e9, \u00c9ditions Madoura, Vallauris, 1988, d\u00e9crit et reproduit n\u00b035, page 36\t\t\t\t\t\t\t<\/p>\n\t\t\t\t\t\t<\/div>\n\t\t\t\t\t\t\t\t\t\t<\/div>\n\t\t\t\t\t\t\t<\/div>\n\t\t\t\t\t\t\t\t<div id=\"grid_wrapper_item_9474_313\" class=\"grid_wrapper_item gm_animate\"  data-animate=\"fadeIn\" data-duration=\"1.0s\" data-delay=\"0.1s\" data-offset=\"100\">\n\t\t\t\t\t\t\t\t\t\t\t\t<a href=\"https:\/\/www.cabinetmarechaux.com\/wp-content\/gallery-master\/original-images\/IMG_8536.jpeg\" class=\"foobox\" target=\"\" rel=\"foobox_gallery_9474\"  data-caption-title=\"&lt;h2&gt;C\u00e9sar Baldaccini dit C\u00c9SAR 1921-1998&lt;\/h2&gt;\" data-caption-desc=\"&lt;h3&gt;Compression de papier\r\nCompression, sign\u00e9e en bas \u00e0 droite et dat\u00e9e 1971, num\u00e9rot\u00e9 Mo.26 en bas \u00e0 gauche\r\n20 x 15 cm\r\n&lt;\/h3&gt;\">\n\t\t\t\t\t\t\t\t\t\t\t\t\t<div id=\"grid_item_image_9474_313\" class=\"grid_item_image_9474 \" style=\"background:url('https:\/\/www.cabinetmarechaux.com\/wp-content\/gallery-master\/thumbs-non-cropped\/IMG_8536.jpeg');background-size:100% 100% !important;\">\n\t\t\t\t\t<img decoding=\"async\" src=\"https:\/\/www.cabinetmarechaux.com\/wp-content\/gallery-master\/thumbs-non-cropped\/IMG_8536.jpeg\" image_full_path=\"image\" alt=\"c\u00e9sar\" id=\"ux_gm_file\" name= \"ux_gm_file_9474_313\"\/>\n\t\t\t\t<\/div>\n\t\t\t<\/a>\n\t\t\t\t\t\t\t\t<div id=\"grid_content_item\" class=\"grid_content_item\">\n\t\t\t\t\t\t\t\t\t\t\t<div id=\"grid_single_text_title_9474_313\" class=\"grid_single_text_title\">\n\t\t\t\t\t\t\t<h3>\n\t\t\t\t\t\t\tC\u00e9sar Baldaccini dit C\u00c9SAR 1921-1998\t\t\t\t\t\t\t<\/h3>\n\t\t\t\t\t\t<\/div>\n\t\t\t\t\t\t\t\t\t\t\t\t<div id=\"grid_single_text_desc_9474\" class=\"grid_single_text_desc\">\n\t\t\t\t\t\t\t<p>\n\t\t\t\t\t\t\tCompression de papier\r\nCompression, sign\u00e9e en bas \u00e0 droite et dat\u00e9e 1971, num\u00e9rot\u00e9 Mo.26 en bas \u00e0 gauche\r\n20 x 15 cm\r\n\t\t\t\t\t\t\t<\/p>\n\t\t\t\t\t\t<\/div>\n\t\t\t\t\t\t\t\t\t\t<\/div>\n\t\t\t\t\t\t\t<\/div>\n\t\t\t\t<\/div>\n\t\t<\/div>\n\t<\/div>\n<\/div>\n\n","protected":false},"excerpt":{"rendered":"","protected":false},"author":1,"featured_media":0,"template":"","meta":{"_monsterinsights_skip_tracking":false,"_monsterinsights_sitenote_active":false,"_monsterinsights_sitenote_note":"","_monsterinsights_sitenote_category":0,"ngg_post_thumbnail":0,"_tribe_events_status":"","_tribe_events_status_reason":"","footnotes":""},"tags":[],"tribe_events_cat":[10],"class_list":["post-1977","tribe_events","type-tribe_events","status-publish","hentry","tribe_events_cat-ventes","cat_ventes"],"yoast_head":"<!-- This site is optimized with the Yoast SEO plugin v20.10 - https:\/\/yoast.com\/wordpress\/plugins\/seo\/ -->\n<title>Osenat, Fontainebleau, l&#039;esprit du XXe si\u00e8cle, mobilier design, objets d&#039;art, tableaux et art contemporain, samedi 27 juin \u00e0 14h - Cabinet Mar\u00e9chaux<\/title>\n<meta name=\"robots\" content=\"index, follow, max-snippet:-1, max-image-preview:large, max-video-preview:-1\" \/>\n<link rel=\"canonical\" href=\"https:\/\/www.cabinetmarechaux.com\/index.php\/event\/osenat-fontainebleau-lesprit-du-xxe-siecle-mobilier-design-objets-dart-tableaux-et-art-contemporain\/\" \/>\n<meta property=\"og:locale\" content=\"fr_FR\" \/>\n<meta property=\"og:type\" content=\"article\" \/>\n<meta property=\"og:title\" content=\"Osenat, Fontainebleau, l&#039;esprit du XXe si\u00e8cle, mobilier design, objets d&#039;art, tableaux et art contemporain, samedi 27 juin \u00e0 14h - Cabinet Mar\u00e9chaux\" \/>\n<meta property=\"og:url\" content=\"https:\/\/www.cabinetmarechaux.com\/index.php\/event\/osenat-fontainebleau-lesprit-du-xxe-siecle-mobilier-design-objets-dart-tableaux-et-art-contemporain\/\" \/>\n<meta property=\"og:site_name\" content=\"Cabinet Mar\u00e9chaux\" \/>\n<meta property=\"article:publisher\" content=\"https:\/\/www.facebook.com\/elisabethmarechaux\/?locale=fr_FR\" \/>\n<meta property=\"article:modified_time\" content=\"2020-06-17T09:04:49+00:00\" \/>\n<meta name=\"twitter:card\" content=\"summary_large_image\" \/>\n<script type=\"application\/ld+json\" class=\"yoast-schema-graph\">{\"@context\":\"https:\/\/schema.org\",\"@graph\":[{\"@type\":\"WebPage\",\"@id\":\"https:\/\/www.cabinetmarechaux.com\/index.php\/event\/osenat-fontainebleau-lesprit-du-xxe-siecle-mobilier-design-objets-dart-tableaux-et-art-contemporain\/\",\"url\":\"https:\/\/www.cabinetmarechaux.com\/index.php\/event\/osenat-fontainebleau-lesprit-du-xxe-siecle-mobilier-design-objets-dart-tableaux-et-art-contemporain\/\",\"name\":\"Osenat, Fontainebleau, l'esprit du XXe si\u00e8cle, mobilier design, objets d'art, tableaux et art contemporain, samedi 27 juin \u00e0 14h - Cabinet Mar\u00e9chaux\",\"isPartOf\":{\"@id\":\"https:\/\/www.cabinetmarechaux.com\/#website\"},\"datePublished\":\"2020-06-17T09:03:10+00:00\",\"dateModified\":\"2020-06-17T09:04:49+00:00\",\"breadcrumb\":{\"@id\":\"https:\/\/www.cabinetmarechaux.com\/index.php\/event\/osenat-fontainebleau-lesprit-du-xxe-siecle-mobilier-design-objets-dart-tableaux-et-art-contemporain\/#breadcrumb\"},\"inLanguage\":\"fr-FR\",\"potentialAction\":[{\"@type\":\"ReadAction\",\"target\":[\"https:\/\/www.cabinetmarechaux.com\/index.php\/event\/osenat-fontainebleau-lesprit-du-xxe-siecle-mobilier-design-objets-dart-tableaux-et-art-contemporain\/\"]}]},{\"@type\":\"BreadcrumbList\",\"@id\":\"https:\/\/www.cabinetmarechaux.com\/index.php\/event\/osenat-fontainebleau-lesprit-du-xxe-siecle-mobilier-design-objets-dart-tableaux-et-art-contemporain\/#breadcrumb\",\"itemListElement\":[{\"@type\":\"ListItem\",\"position\":1,\"name\":\"Accueil\",\"item\":\"https:\/\/www.cabinetmarechaux.com\/\"},{\"@type\":\"ListItem\",\"position\":2,\"name\":\"\u00c9v\u00e8nements\",\"item\":\"https:\/\/www.cabinetmarechaux.com\/index.php\/events\/\"},{\"@type\":\"ListItem\",\"position\":3,\"name\":\"Osenat, Fontainebleau, l&rsquo;esprit du XXe si\u00e8cle, mobilier design, objets d&rsquo;art, tableaux et art contemporain, samedi 27 juin \u00e0 14h\"}]},{\"@type\":\"WebSite\",\"@id\":\"https:\/\/www.cabinetmarechaux.com\/#website\",\"url\":\"https:\/\/www.cabinetmarechaux.com\/\",\"name\":\"Cabinet Mar\u00e9chaux\",\"description\":\"Expertise : tableaux, dessins, sculptures des XIXe et XXe si\u00e8cles\",\"publisher\":{\"@id\":\"https:\/\/www.cabinetmarechaux.com\/#organization\"},\"potentialAction\":[{\"@type\":\"SearchAction\",\"target\":{\"@type\":\"EntryPoint\",\"urlTemplate\":\"https:\/\/www.cabinetmarechaux.com\/?s={search_term_string}\"},\"query-input\":\"required name=search_term_string\"}],\"inLanguage\":\"fr-FR\"},{\"@type\":\"Organization\",\"@id\":\"https:\/\/www.cabinetmarechaux.com\/#organization\",\"name\":\"Cabinet Mar\u00e9chaux\",\"url\":\"https:\/\/www.cabinetmarechaux.com\/\",\"logo\":{\"@type\":\"ImageObject\",\"inLanguage\":\"fr-FR\",\"@id\":\"https:\/\/www.cabinetmarechaux.com\/#\/schema\/logo\/image\/\",\"url\":\"https:\/\/www.cabinetmarechaux.com\/wp-content\/uploads\/2023\/06\/cabinet-marechaux.jpg\",\"contentUrl\":\"https:\/\/www.cabinetmarechaux.com\/wp-content\/uploads\/2023\/06\/cabinet-marechaux.jpg\",\"width\":180,\"height\":180,\"caption\":\"Cabinet Mar\u00e9chaux\"},\"image\":{\"@id\":\"https:\/\/www.cabinetmarechaux.com\/#\/schema\/logo\/image\/\"},\"sameAs\":[\"https:\/\/www.facebook.com\/elisabethmarechaux\/?locale=fr_FR\",\"https:\/\/www.instagram.com\/cabinetmarechaux\/\"]}]}<\/script>\n<!-- \/ Yoast SEO plugin. -->","yoast_head_json":{"title":"Osenat, Fontainebleau, l'esprit du XXe si\u00e8cle, mobilier design, objets d'art, tableaux et art contemporain, samedi 27 juin \u00e0 14h - Cabinet Mar\u00e9chaux","robots":{"index":"index","follow":"follow","max-snippet":"max-snippet:-1","max-image-preview":"max-image-preview:large","max-video-preview":"max-video-preview:-1"},"canonical":"https:\/\/www.cabinetmarechaux.com\/index.php\/event\/osenat-fontainebleau-lesprit-du-xxe-siecle-mobilier-design-objets-dart-tableaux-et-art-contemporain\/","og_locale":"fr_FR","og_type":"article","og_title":"Osenat, Fontainebleau, l'esprit du XXe si\u00e8cle, mobilier design, objets d'art, tableaux et art contemporain, samedi 27 juin \u00e0 14h - Cabinet Mar\u00e9chaux","og_url":"https:\/\/www.cabinetmarechaux.com\/index.php\/event\/osenat-fontainebleau-lesprit-du-xxe-siecle-mobilier-design-objets-dart-tableaux-et-art-contemporain\/","og_site_name":"Cabinet Mar\u00e9chaux","article_publisher":"https:\/\/www.facebook.com\/elisabethmarechaux\/?locale=fr_FR","article_modified_time":"2020-06-17T09:04:49+00:00","twitter_card":"summary_large_image","schema":{"@context":"https:\/\/schema.org","@graph":[{"@type":"WebPage","@id":"https:\/\/www.cabinetmarechaux.com\/index.php\/event\/osenat-fontainebleau-lesprit-du-xxe-siecle-mobilier-design-objets-dart-tableaux-et-art-contemporain\/","url":"https:\/\/www.cabinetmarechaux.com\/index.php\/event\/osenat-fontainebleau-lesprit-du-xxe-siecle-mobilier-design-objets-dart-tableaux-et-art-contemporain\/","name":"Osenat, Fontainebleau, l'esprit du XXe si\u00e8cle, mobilier design, objets d'art, tableaux et art contemporain, samedi 27 juin \u00e0 14h - Cabinet Mar\u00e9chaux","isPartOf":{"@id":"https:\/\/www.cabinetmarechaux.com\/#website"},"datePublished":"2020-06-17T09:03:10+00:00","dateModified":"2020-06-17T09:04:49+00:00","breadcrumb":{"@id":"https:\/\/www.cabinetmarechaux.com\/index.php\/event\/osenat-fontainebleau-lesprit-du-xxe-siecle-mobilier-design-objets-dart-tableaux-et-art-contemporain\/#breadcrumb"},"inLanguage":"fr-FR","potentialAction":[{"@type":"ReadAction","target":["https:\/\/www.cabinetmarechaux.com\/index.php\/event\/osenat-fontainebleau-lesprit-du-xxe-siecle-mobilier-design-objets-dart-tableaux-et-art-contemporain\/"]}]},{"@type":"BreadcrumbList","@id":"https:\/\/www.cabinetmarechaux.com\/index.php\/event\/osenat-fontainebleau-lesprit-du-xxe-siecle-mobilier-design-objets-dart-tableaux-et-art-contemporain\/#breadcrumb","itemListElement":[{"@type":"ListItem","position":1,"name":"Accueil","item":"https:\/\/www.cabinetmarechaux.com\/"},{"@type":"ListItem","position":2,"name":"\u00c9v\u00e8nements","item":"https:\/\/www.cabinetmarechaux.com\/index.php\/events\/"},{"@type":"ListItem","position":3,"name":"Osenat, Fontainebleau, l&rsquo;esprit du XXe si\u00e8cle, mobilier design, objets d&rsquo;art, tableaux et art contemporain, samedi 27 juin \u00e0 14h"}]},{"@type":"WebSite","@id":"https:\/\/www.cabinetmarechaux.com\/#website","url":"https:\/\/www.cabinetmarechaux.com\/","name":"Cabinet Mar\u00e9chaux","description":"Expertise : tableaux, dessins, sculptures des XIXe et XXe si\u00e8cles","publisher":{"@id":"https:\/\/www.cabinetmarechaux.com\/#organization"},"potentialAction":[{"@type":"SearchAction","target":{"@type":"EntryPoint","urlTemplate":"https:\/\/www.cabinetmarechaux.com\/?s={search_term_string}"},"query-input":"required name=search_term_string"}],"inLanguage":"fr-FR"},{"@type":"Organization","@id":"https:\/\/www.cabinetmarechaux.com\/#organization","name":"Cabinet Mar\u00e9chaux","url":"https:\/\/www.cabinetmarechaux.com\/","logo":{"@type":"ImageObject","inLanguage":"fr-FR","@id":"https:\/\/www.cabinetmarechaux.com\/#\/schema\/logo\/image\/","url":"https:\/\/www.cabinetmarechaux.com\/wp-content\/uploads\/2023\/06\/cabinet-marechaux.jpg","contentUrl":"https:\/\/www.cabinetmarechaux.com\/wp-content\/uploads\/2023\/06\/cabinet-marechaux.jpg","width":180,"height":180,"caption":"Cabinet Mar\u00e9chaux"},"image":{"@id":"https:\/\/www.cabinetmarechaux.com\/#\/schema\/logo\/image\/"},"sameAs":["https:\/\/www.facebook.com\/elisabethmarechaux\/?locale=fr_FR","https:\/\/www.instagram.com\/cabinetmarechaux\/"]}]}},"_links":{"self":[{"href":"https:\/\/www.cabinetmarechaux.com\/index.php\/wp-json\/wp\/v2\/tribe_events\/1977","targetHints":{"allow":["GET"]}}],"collection":[{"href":"https:\/\/www.cabinetmarechaux.com\/index.php\/wp-json\/wp\/v2\/tribe_events"}],"about":[{"href":"https:\/\/www.cabinetmarechaux.com\/index.php\/wp-json\/wp\/v2\/types\/tribe_events"}],"author":[{"embeddable":true,"href":"https:\/\/www.cabinetmarechaux.com\/index.php\/wp-json\/wp\/v2\/users\/1"}],"version-history":[{"count":2,"href":"https:\/\/www.cabinetmarechaux.com\/index.php\/wp-json\/wp\/v2\/tribe_events\/1977\/revisions"}],"predecessor-version":[{"id":1979,"href":"https:\/\/www.cabinetmarechaux.com\/index.php\/wp-json\/wp\/v2\/tribe_events\/1977\/revisions\/1979"}],"wp:attachment":[{"href":"https:\/\/www.cabinetmarechaux.com\/index.php\/wp-json\/wp\/v2\/media?parent=1977"}],"wp:term":[{"taxonomy":"post_tag","embeddable":true,"href":"https:\/\/www.cabinetmarechaux.com\/index.php\/wp-json\/wp\/v2\/tags?post=1977"},{"taxonomy":"tribe_events_cat","embeddable":true,"href":"https:\/\/www.cabinetmarechaux.com\/index.php\/wp-json\/wp\/v2\/tribe_events_cat?post=1977"}],"curies":[{"name":"wp","href":"https:\/\/api.w.org\/{rel}","templated":true}]}}