{"id":2073,"date":"2020-11-19T12:19:17","date_gmt":"2020-11-19T11:19:17","guid":{"rendered":"http:\/\/www.cabinetmarechaux.com\/?post_type=tribe_events&#038;p=2073"},"modified":"2020-12-14T12:37:07","modified_gmt":"2020-12-14T11:37:07","slug":"versailles-osenat-2","status":"publish","type":"tribe_events","link":"https:\/\/www.cabinetmarechaux.com\/index.php\/event\/versailles-osenat-2\/","title":{"rendered":"Versailles Osenat"},"content":{"rendered":"<div id=\"4001\">\n\t<div id=\"gallery_master_main_container_4001\" class=\"gallery_master_main_container\">\n\t\t\t<style type=\"text\/css\">\n\t@import url('https:\/\/fonts.googleapis.com\/css?family=Lato%3A700');\r\n@import url('https:\/\/fonts.googleapis.com\/css?family=Lato%3A300');\r\n@import url('https:\/\/fonts.googleapis.com\/css?family=Lato%3A700');\r\n@import url('https:\/\/fonts.googleapis.com\/css?family=Lato%3A300');\r\n\t\t#gallery_master_main_container_4001\t\t{\n\t\t\tdirection: ltr !important;\n\t\t}\n\t\t.gb-filter-holder_4001\t\t{\n\t\t\ttext-align: left;\n\t\t}\n\t\t.ux_div_empty_search_results_4001\t\t{\n\t\t\tdisplay:none;\n\t\t\ttext-align:center !important;\n\t\t\tclear:both !important;\n\t\t}\n\t\t\t\t\t#gallery_master_main_container_4001\t\t\t\t{\n\t\t\t\t\twidth: 100% !important;\n\t\t\t\t\tmax-width: 1065px !important;\n\t\t\t\tfloat: left !important;\t\t\t\t}\n\t\t\t\t#gallery_title_container_4001 h2\t\t\t\t{\n\t\t\t\t\tline-height: 1.7 !important;\n\t\t\t\t\ttext-align: left !important;\n\t\t\t\t\tfont-size: 20px !important;\n\t\t\t\t\tcolor : #000000 !important;\n\t\t\t\t\tmargin: 10px 0px 10px 0px !important;\n\t\t\t\t\tpadding: 10px 0px 10px 0px !important;\n\t\t\t\t\tfont-family: 'Lato' !important;\r\n\tfont-weight: 700 !important;\t\t\t\t}\n\t\t\t\t#gallery_desc_container_4001 h3\t\t\t\t{\n\t\t\t\t\tline-height: 1.7 !important;\n\t\t\t\t\ttext-align: left !important;\n\t\t\t\t\tfont-size: 16px !important;\n\t\t\t\t\tcolor : #787D85 !important;\n\t\t\t\t\tmargin: 10px 0px 10px 0px !important;\n\t\t\t\t\tpadding: 0px 0px 10px 0px !important;\n\t\t\t\t\tfont-family: 'Lato' !important;\r\n\tfont-weight: 300 !important;\n\t\t\t\t}\n\t\t\t\t.grid_wrapper_item\n\t\t\t\t{\n\t\t\t\t\tdisplay: inline-block !important;\n\t\t\t\t\tvertical-align: top !important;\n\t\t\t\t\tmargin: 10px 10px 0px 0px !important;\n\t\t\t\t\tpadding: 0px 0px 0px 0px !important;\n\t\t\t\t\tbox-shadow: 0px 0px 0px 0px #000000 !important;\n\t\t\t\t\t-webkit-box-shadow: 0px 0px 0px 0px #000000 !important;\n\t\t\t\t\t-moz-box-shadow: 0px 0px 0px 0px #000000 !important;\n\t\t\t\t\toverflow: hidden !important;\n\t\t\t\t}\n\t\t\t\t#grid_layout_container_4001\t\t\t\t{\n\t\t\t\t\tclear: both !important;\n\t\t\t\t}\n\t\t\t\t.grid_item_image_4001\t\t\t\t{\n\t\t\t\t\topacity: 1 !important;\n\t\t\t\t\twidth: 250px !important;\n\t\t\t\t\theight: 200px !important;\n\t\t\t\t\tbackground-position: center center !important;\n\t\t\t\t\toverflow: hidden !important;\n\t\t\t\t\tborder: 0px none #000000 !important;\n\t\t\t\t\tborder-radius: 0px !important;\n\t\t\t\t\t-webkit-border-radius: 0px !important;\n\t\t\t\t\t-moz-border-radius: 0px !important;\n\t\t\t\t}\n\t\t\t\t.grid_item_image_4001 img\n\t\t\t\t{\n\t\t\t\t\tdisplay: none !important;\n\t\t\t\t}\n\t\t\t\t.grid_item_image_4001:hover\n\t\t\t\t{\n\t\t\t\t\ttransition: 1s !important;\n\t\t\t\t\ttransform : none !important;\n\t\t\t\t\tfilter: none;\n\t\t\t\t}\n\t\t\t\t.grid_content_item\n\t\t\t\t{\n\t\t\t\t\twidth: 250px !important;\n\t\t\t\t\t\t\t\t\t\tbackground: rgba(235,232,235,0.5) !important;\n\t\t\t\t\t\t\t\t\t}\n\t\t\t\t.grid_single_text_title h3\t\t\t\t{\n\t\t\t\t\tdisplay: block !important;\n\t\t\t\t\tline-height: 1.7 !important;\n\t\t\t\t\ttext-align: left !important;\n\t\t\t\t\tfont-size: 14px !important;\n\t\t\t\t\tcolor : #787D85 !important;\n\t\t\t\t\tmargin: 0px 5px 0px 5px !important;\n\t\t\t\t\tpadding: 10px 10px 10px 10px !important;\n\t\t\t\t\tfont-family: 'Lato' !important;\r\n\tfont-weight: 700 !important;\t\t\t\t}\n\t\t\t\t.grid_single_text_desc p\t\t\t\t{\n\t\t\t\t\tdisplay: block !important;\n\t\t\t\t\tline-height: 1.7 !important;\n\t\t\t\t\ttext-align: left !important;\n\t\t\t\t\tfont-size: 12px !important;\n\t\t\t\t\tcolor : #787D85 !important;\n\t\t\t\t\tmargin: 0px 5px 0px 5px !important;\n\t\t\t\t\tpadding: 5px 10px 10px 5px !important;\n\t\t\t\t\tfont-family: 'Lato' !important;\r\n\tfont-weight: 300 !important;\t\t\t\t}\n\t\t\t\t\t\t\t\t.fbx-caption\n\t\t\t\t{\n\t\t\t\t\ttext-align: left !important;\n\t\t\t\t\tborder-bottom-left-radius: 5px !important;\n\t\t\t\t\tborder-bottom-right-radius: 5px !important;\n\t\t\t\t}\n\t\t\t\t.fbx-caption-title h2\t\t\t\t{\n\t\t\t\t\tline-height: 1.7em !important;\n\t\t\t\t\tdisplay: block!important;\n\t\t\t\t\ttext-align: left !important;\n\t\t\t\t\tfont-size: 16px !important;\n\t\t\t\t\tcolor : #ffffff !important;\n\t\t\t\t\tmargin: 10px 0px 10px 0px !important;\n\t\t\t\t\tpadding: 10px 10px 10px 10px !important;\n\t\t\t\t\tfont-family: 'Lato' !important;\r\n\tfont-weight: 700 !important;\t\t\t\t}\n\t\t\t\t.fbx-caption-desc h3\t\t\t\t{\n\t\t\t\t\tline-height: 1.7em !important;\n\t\t\t\t\tdisplay: block!important;\n\t\t\t\t\ttext-align: left !important;\n\t\t\t\t\tfont-size: 14px !important;\n\t\t\t\t\tcolor : #ffffff !important;\n\t\t\t\t\tmargin: 5px 0px 5px 0px !important;\n\t\t\t\t\tpadding: 20px 10px 10px 10px !important;\n\t\t\t\t\tfont-family: 'Lato' !important;\r\n\tfont-weight: 300 !important;\t\t\t\t}\n\t\t\t\t.fbx-modal\n\t\t\t\t{\n\t\t\t\t\t\t\t\t\t\tbackground-color: rgba(0,0,0,0.75) !important;\n\t\t\t\t\t\t\t\t\t}\n\t\t\t\t.fbx-inner\n\t\t\t\t{\n\t\t\t\t\tborder: 5px solid #ffffff !important;\n\t\t\t\t\t-webkit-border-radius: 5px !important;\n\t\t\t\t\t-moz-border-radius: 5px !important;\n\t\t\t\t\tborder-radius: 5px !important;\n\t\t\t\t}\n\t\t\t\t.fbx-item-image\n\t\t\t\t{\n\t\t\t\t\t-webkit-border-radius: 5px !important;\n\t\t\t\t\t-moz-border-radius: 5px !important;\n\t\t\t\t\tborder-radius: 5px !important;\n\t\t\t\t}\n\t\t\t\t\t<\/style>\n\t\t\t\t\t\t<div id=\"gallery_title_container_4001\" class=\"gallery_title_container\">\n\t\t\t\t\t\t<h2>\n\t\t\t\t\t\t\tL&#039;esprit des Collections\t\t\t\t\t\t<\/h2>\n\t\t\t\t\t<\/div>\n\t\t\t\t\t<script type=\"text\/javascript\">\n\tvar ajaxurl = \"https:\/\/www.cabinetmarechaux.com\/wp-admin\/admin-ajax.php\";\n\tvar global_options_right_click_protection = \"disable\";\n\tvar animation_effect = \"fadeIn\";\n\n\tif (typeof (call_gallery_master_layout_type_4001) !== \"function\")\n\t{\n\t\t\/**\n\t\t* This function is used for Layouts.\n\t\t*\/\n\t\tfunction call_gallery_master_layout_type_4001()\n\t\t{\n\t\t\t\t\t}\n\t}\n\tif (typeof (call_gallery_master_lightbox_4001) !== \"function\")\n\t{\n\t\t\/**\n\t\t* This function is used for Lightboxes.\n\t\t*\n\t\t* @param string lightbox_type .\n\t\t*\n\t\t*\/\n\t\tfunction call_gallery_master_lightbox_4001(lightbox_type)\n\t\t{\n\t\t\tswitch (lightbox_type)\n\t\t\t{\n\t\t\t\tcase \"foo_box_free_edition\":\n\t\t\t\t\t\t\t\t\t\t\tvar showCount_settings = true;\n\t\t\t\t\t\tvar closeOnOverlayClick = false;\n\t\t\t\t\t\tvar hideScrollbars = false;\n\t\t\t\t\t\tvar onlyShowOnHover = false;\n\t\t\t\t\t\t(function (FOOBOX, $)\n\t\t\t\t\t\t{\n\t\t\t\t\t\t\tFOOBOX.init = function () {\n\t\t\t\t\t\t\t\tFOOBOX.o = {\n\t\t\t\t\t\t\t\t\tshowCount: showCount_settings,\n\t\t\t\t\t\t\t\t\tcloseOnOverlayClick: closeOnOverlayClick,\n\t\t\t\t\t\t\t\t\thideScrollbars: hideScrollbars,\n\t\t\t\t\t\t\t\t\tcaptions:\n\t\t\t\t\t\t\t\t\t{\n\t\t\t\t\t\t\t\t\t\tonlyShowOnHover: onlyShowOnHover,\n\t\t\t\t\t\t\t\t\t\toverrideTitle: true,\n\t\t\t\t\t\t\t\t\t\ttitleSource: 'anchor',\n\t\t\t\t\t\t\t\t\t\toverrideDesc: true,\n\t\t\t\t\t\t\t\t\t\tdescSource: 'anchor'\n\t\t\t\t\t\t\t\t\t}\n\t\t\t\t\t\t\t\t};\n\t\t\t\t\t\t\t\t$(\".foobox\").foobox(FOOBOX.o);\n\t\t\t\t\t\t\t};\n\t\t\t\t\t\t}(window.FOOBOX = window.FOOBOX || {}, jQuery));\n\t\t\t\t\t\tjQuery(function ($)\n\t\t\t\t\t\t{\n\t\t\t\t\t\t\tFOOBOX.init();\n\t\t\t\t\t\t});\n\t\t\t\t\t\t\t\t\t\t\tbreak;\n\t\t\t}\n\t\t}\n\t}\n\tjQuery(document).ready(function ()\n\t{\n\t\tif (animation_effect !== \"none\")\n\t\t{\n\t\t\tjQuery(\".gm_animate\").scrolla_gb();\n\t\t}\n\t\tif (global_options_right_click_protection === \"enable\") {\n\t\t\tjQuery(\"#gallery_master_main_container_4001\").on(\"contextmenu\", function (e)\n\t\t\t{\n\t\t\t\treturn false;\n\t\t\t});\n\t\t}\n\t\tcall_gallery_master_layout_type_4001();\n\t\tcall_gallery_master_lightbox_4001(\"foo_box_free_edition\");\n});\n<\/script>\n\t\t\t\t<div id=\"grid_layout_container_4001\">\n\t\t\t\t<div id=\"control_container_4001\" class=\"grid_layout_container\">\n\t\t\t\t\t<div id=\"grid_wrapper_item_4001_346\" class=\"grid_wrapper_item gm_animate\"  data-animate=\"fadeIn\" data-duration=\"1.0s\" data-delay=\"0.1s\" data-offset=\"100\">\n\t\t\t\t\t\t\t\t\t\t\t\t<a href=\"https:\/\/www.cabinetmarechaux.com\/wp-content\/gallery-master\/original-images\/IMG_2850.jpeg\" class=\"foobox\" target=\"\" rel=\"foobox_gallery_4001\"  data-caption-title=\"&lt;h2&gt;Shafic ABBOUD 1926-2004&lt;\/h2&gt;\" data-caption-desc=\"&lt;h3&gt;Huile sur toile\r\nSign\u00e9 en bas \u00e0 gauche, titr\u00e9 et dat\u00e9 f\u00e9vrier 89 juin au verso\r\n100 x 105 cm\r\nExposition : Galerie Faris, Paris, 1989\r\nNous remercions , Madame Christinne Abboud, fille de l\u2019artiste de nous avoir confirm\u00e9 que cette oeuvre \u00e9t\u00e9 r\u00e9f\u00e9renc\u00e9e dans le catalogue raisonn\u00e9 en pr\u00e9paration sous le n\u00b0  ID1563&lt;\/h3&gt;\">\n\t\t\t\t\t\t\t\t\t\t\t\t\t<div id=\"grid_item_image_4001_346\" class=\"grid_item_image_4001 \" style=\"background:url('https:\/\/www.cabinetmarechaux.com\/wp-content\/gallery-master\/thumbs-non-cropped\/IMG_2850.jpeg');background-size:100% 100% !important;\">\n\t\t\t\t\t<img decoding=\"async\" src=\"https:\/\/www.cabinetmarechaux.com\/wp-content\/gallery-master\/thumbs-non-cropped\/IMG_2850.jpeg\" image_full_path=\"image\" alt=\"Abboud\" id=\"ux_gm_file\" name= \"ux_gm_file_4001_346\"\/>\n\t\t\t\t<\/div>\n\t\t\t<\/a>\n\t\t\t\t\t\t\t\t<div id=\"grid_content_item\" class=\"grid_content_item\">\n\t\t\t\t\t\t\t\t\t\t\t<div id=\"grid_single_text_title_4001_346\" class=\"grid_single_text_title\">\n\t\t\t\t\t\t\t<h3>\n\t\t\t\t\t\t\tShafic ABBOUD 1926-2004\t\t\t\t\t\t\t<\/h3>\n\t\t\t\t\t\t<\/div>\n\t\t\t\t\t\t\t\t\t\t\t\t<div id=\"grid_single_text_desc_4001\" class=\"grid_single_text_desc\">\n\t\t\t\t\t\t\t<p>\n\t\t\t\t\t\t\tHuile sur toile\r\nSign\u00e9 en bas \u00e0 gauche, titr\u00e9 et dat\u00e9 f\u00e9vrier 89 juin au verso\r\n100 x 105 cm\r\nExposition : Galerie Faris, Paris, 1989\r\nNous remercions , Madame Christinne Abboud, fille de l\u2019artiste de nous avoir confirm\u00e9 que cette oeuvre \u00e9t\u00e9 r\u00e9f\u00e9renc\u00e9e dans le catalogue raisonn\u00e9 en pr\u00e9paration sous le n\u00b0  ID1563\t\t\t\t\t\t\t<\/p>\n\t\t\t\t\t\t<\/div>\n\t\t\t\t\t\t\t\t\t\t<\/div>\n\t\t\t\t\t\t\t<\/div>\n\t\t\t\t\t\t\t\t<div id=\"grid_wrapper_item_4001_347\" class=\"grid_wrapper_item gm_animate\"  data-animate=\"fadeIn\" data-duration=\"1.0s\" data-delay=\"0.1s\" data-offset=\"100\">\n\t\t\t\t\t\t\t\t\t\t\t\t<a href=\"https:\/\/www.cabinetmarechaux.com\/wp-content\/gallery-master\/original-images\/IMG_5634.jpeg\" class=\"foobox\" target=\"\" rel=\"foobox_gallery_4001\"  data-caption-title=\"&lt;h2&gt;Henri FANTIN-LATOUR 1836-1904&lt;\/h2&gt;\" data-caption-desc=\"&lt;h3&gt;Assiette de cerises\r\nHuile sur toile\r\nSign\u00e9 en haut \u00e0 droite et dat\u00e9 en bas, \u00e0 gauche au grattoir  21 juillet 81\r\n16 x 29,5 cm\r\nProvenance :\r\n-Ruth Edwards, Londres\r\n-Collection particuli\u00e8re Paris\r\nBibliographie : \r\n-Mme Fantin-Latour, Catalogue de l\u2019\u0153uvre complet de Fantin-Latour, Floury Editeur, Paris, 1911, p.111, n\u00b0 1075 ( \u00e0 l\u2019ann\u00e9e 1882 sous le titre Une branche de cerises) \r\n-L\u00e9v\u00eaque Jean-Jacques, Henri Fantin-Latour peintre intimiste, 1996, ACR \u00e9dition, rep. coul. P.130 et 4\u00e8me de couverture\r\nCette oeuvre sera reproduite au catalogue Raisonn\u00e9 des peintures et pastels de Fantin-Latour actuellement en pr\u00e9paration \u00e0 la Galerie Brame &amp; Lorenceau.\r\n&lt;\/h3&gt;\">\n\t\t\t\t\t\t\t\t\t\t\t\t\t<div id=\"grid_item_image_4001_347\" class=\"grid_item_image_4001 \" style=\"background:url('https:\/\/www.cabinetmarechaux.com\/wp-content\/gallery-master\/thumbs-non-cropped\/IMG_5634.jpeg');background-size:100% 100% !important;\">\n\t\t\t\t\t<img decoding=\"async\" src=\"https:\/\/www.cabinetmarechaux.com\/wp-content\/gallery-master\/thumbs-non-cropped\/IMG_5634.jpeg\" image_full_path=\"image\" alt=\"Fantin-Latour\" id=\"ux_gm_file\" name= \"ux_gm_file_4001_347\"\/>\n\t\t\t\t<\/div>\n\t\t\t<\/a>\n\t\t\t\t\t\t\t\t<div id=\"grid_content_item\" class=\"grid_content_item\">\n\t\t\t\t\t\t\t\t\t\t\t<div id=\"grid_single_text_title_4001_347\" class=\"grid_single_text_title\">\n\t\t\t\t\t\t\t<h3>\n\t\t\t\t\t\t\tHenri FANTIN-LATOUR 1836-1904\t\t\t\t\t\t\t<\/h3>\n\t\t\t\t\t\t<\/div>\n\t\t\t\t\t\t\t\t\t\t\t\t<div id=\"grid_single_text_desc_4001\" class=\"grid_single_text_desc\">\n\t\t\t\t\t\t\t<p>\n\t\t\t\t\t\t\tAssiette de cerises\r\nHuile sur toile\r\nSign\u00e9 en haut \u00e0 droite et dat\u00e9 en bas, \u00e0 gauche au grattoir  21 juillet 81\r\n16 x 29,5 cm\r\nProvenance :\r\n-Ruth Edwards, Londres\r\n-Collection particuli\u00e8re Paris\r\nBibliographie : \r\n-Mme Fantin-Latour, Catalogue de l\u2019\u0153uvre complet de Fantin-Latour, Floury Editeur, Paris, 1911, p.111, n\u00b0 1075 ( \u00e0 l\u2019ann\u00e9e 1882 sous le titre Une branche de cerises) \r\n-L\u00e9v\u00eaque Jean-Jacques, Henri Fantin-Latour peintre intimiste, 1996, ACR \u00e9dition, rep. coul. P.130 et 4\u00e8me de couverture\r\nCette oeuvre sera reproduite au catalogue Raisonn\u00e9 des peintures et pastels de Fantin-Latour actuellement en pr\u00e9paration \u00e0 la Galerie Brame & Lorenceau.\r\n\t\t\t\t\t\t\t<\/p>\n\t\t\t\t\t\t<\/div>\n\t\t\t\t\t\t\t\t\t\t<\/div>\n\t\t\t\t\t\t\t<\/div>\n\t\t\t\t\t\t\t\t<div id=\"grid_wrapper_item_4001_348\" class=\"grid_wrapper_item gm_animate\"  data-animate=\"fadeIn\" data-duration=\"1.0s\" data-delay=\"0.1s\" data-offset=\"100\">\n\t\t\t\t\t\t\t\t\t\t\t\t<a href=\"https:\/\/www.cabinetmarechaux.com\/wp-content\/gallery-master\/original-images\/IMG_2858.jpeg\" class=\"foobox\" target=\"\" rel=\"foobox_gallery_4001\"  data-caption-title=\"&lt;h2&gt;Claude LALANNE 1925-2019&lt;\/h2&gt;\" data-caption-desc=\"&lt;h3&gt;Pomme Bouche\u00a0\r\n\u00c9preuve en bronze dor\u00e9, \r\nSign\u00e9 des initiales CL., num\u00e9rot\u00e9e 33\/250, poin\u00e7onn\u00e9e LALANNE et ARTCURIAL. Conserv\u00e9 dans son coffret d\u2019origine.\r\nHaut. 13,5 cm\r\n\r\nProvenance : Artcurial, 1988\r\nUn certificat Artcurial du 6 avril 1988 sera remis \u00e0 l\u2019acqu\u00e9reur\r\n&lt;\/h3&gt;\">\n\t\t\t\t\t\t\t\t\t\t\t\t\t<div id=\"grid_item_image_4001_348\" class=\"grid_item_image_4001 \" style=\"background:url('https:\/\/www.cabinetmarechaux.com\/wp-content\/gallery-master\/thumbs-non-cropped\/IMG_2858.jpeg');background-size:100% 100% !important;\">\n\t\t\t\t\t<img decoding=\"async\" src=\"https:\/\/www.cabinetmarechaux.com\/wp-content\/gallery-master\/thumbs-non-cropped\/IMG_2858.jpeg\" image_full_path=\"image\" alt=\"C Lalanne\" id=\"ux_gm_file\" name= \"ux_gm_file_4001_348\"\/>\n\t\t\t\t<\/div>\n\t\t\t<\/a>\n\t\t\t\t\t\t\t\t<div id=\"grid_content_item\" class=\"grid_content_item\">\n\t\t\t\t\t\t\t\t\t\t\t<div id=\"grid_single_text_title_4001_348\" class=\"grid_single_text_title\">\n\t\t\t\t\t\t\t<h3>\n\t\t\t\t\t\t\tClaude LALANNE 1925-2019\t\t\t\t\t\t\t<\/h3>\n\t\t\t\t\t\t<\/div>\n\t\t\t\t\t\t\t\t\t\t\t\t<div id=\"grid_single_text_desc_4001\" class=\"grid_single_text_desc\">\n\t\t\t\t\t\t\t<p>\n\t\t\t\t\t\t\tPomme Bouche\u00a0\r\n\u00c9preuve en bronze dor\u00e9, \r\nSign\u00e9 des initiales CL., num\u00e9rot\u00e9e 33\/250, poin\u00e7onn\u00e9e LALANNE et ARTCURIAL. Conserv\u00e9 dans son coffret d\u2019origine.\r\nHaut. 13,5 cm\r\n\r\nProvenance : Artcurial, 1988\r\nUn certificat Artcurial du 6 avril 1988 sera remis \u00e0 l\u2019acqu\u00e9reur\r\n\t\t\t\t\t\t\t<\/p>\n\t\t\t\t\t\t<\/div>\n\t\t\t\t\t\t\t\t\t\t<\/div>\n\t\t\t\t\t\t\t<\/div>\n\t\t\t\t\t\t\t\t<div id=\"grid_wrapper_item_4001_349\" class=\"grid_wrapper_item gm_animate\"  data-animate=\"fadeIn\" data-duration=\"1.0s\" data-delay=\"0.1s\" data-offset=\"100\">\n\t\t\t\t\t\t\t\t\t\t\t\t<a href=\"https:\/\/www.cabinetmarechaux.com\/wp-content\/gallery-master\/original-images\/IMG_3379.jpeg\" class=\"foobox\" target=\"\" rel=\"foobox_gallery_4001\"  data-caption-title=\"&lt;h2&gt;Paul Emile PISSARRO 1884-1972&lt;\/h2&gt;\" data-caption-desc=\"&lt;h3&gt;Le chemin de Corducel\r\nDessin au fusain pastel et gouache\r\nSign\u00e9 en bas, \u00e0 gauche et titr\u00e9 en haut \u00e0 droite\r\n30,5 x 23 cm\r\n&lt;\/h3&gt;\">\n\t\t\t\t\t\t\t\t\t\t\t\t\t<div id=\"grid_item_image_4001_349\" class=\"grid_item_image_4001 \" style=\"background:url('https:\/\/www.cabinetmarechaux.com\/wp-content\/gallery-master\/thumbs-non-cropped\/IMG_3379.jpeg');background-size:100% 100% !important;\">\n\t\t\t\t\t<img decoding=\"async\" src=\"https:\/\/www.cabinetmarechaux.com\/wp-content\/gallery-master\/thumbs-non-cropped\/IMG_3379.jpeg\" image_full_path=\"image\" alt=\"Paul Emile Pissarro\" id=\"ux_gm_file\" name= \"ux_gm_file_4001_349\"\/>\n\t\t\t\t<\/div>\n\t\t\t<\/a>\n\t\t\t\t\t\t\t\t<div id=\"grid_content_item\" class=\"grid_content_item\">\n\t\t\t\t\t\t\t\t\t\t\t<div id=\"grid_single_text_title_4001_349\" class=\"grid_single_text_title\">\n\t\t\t\t\t\t\t<h3>\n\t\t\t\t\t\t\tPaul Emile PISSARRO 1884-1972\t\t\t\t\t\t\t<\/h3>\n\t\t\t\t\t\t<\/div>\n\t\t\t\t\t\t\t\t\t\t\t\t<div id=\"grid_single_text_desc_4001\" class=\"grid_single_text_desc\">\n\t\t\t\t\t\t\t<p>\n\t\t\t\t\t\t\tLe chemin de Corducel\r\nDessin au fusain pastel et gouache\r\nSign\u00e9 en bas, \u00e0 gauche et titr\u00e9 en haut \u00e0 droite\r\n30,5 x 23 cm\r\n\t\t\t\t\t\t\t<\/p>\n\t\t\t\t\t\t<\/div>\n\t\t\t\t\t\t\t\t\t\t<\/div>\n\t\t\t\t\t\t\t<\/div>\n\t\t\t\t\t\t\t\t<div id=\"grid_wrapper_item_4001_350\" class=\"grid_wrapper_item gm_animate\"  data-animate=\"fadeIn\" data-duration=\"1.0s\" data-delay=\"0.1s\" data-offset=\"100\">\n\t\t\t\t\t\t\t\t\t\t\t\t<a href=\"https:\/\/www.cabinetmarechaux.com\/wp-content\/gallery-master\/original-images\/IMG_3380.jpeg\" class=\"foobox\" target=\"\" rel=\"foobox_gallery_4001\"  data-caption-title=\"&lt;h2&gt;Jean-Fran\u00e7ois MILLET 1814-1875&lt;\/h2&gt;\" data-caption-desc=\"&lt;h3&gt;M\u00e8re et enfant\r\nDessin au fusain \r\nSign\u00e9 des initiales en bas \u00e0 droite\r\n21 x 17 cm&lt;\/h3&gt;\">\n\t\t\t\t\t\t\t\t\t\t\t\t\t<div id=\"grid_item_image_4001_350\" class=\"grid_item_image_4001 \" style=\"background:url('https:\/\/www.cabinetmarechaux.com\/wp-content\/gallery-master\/thumbs-non-cropped\/IMG_3380.jpeg');background-size:100% 100% !important;\">\n\t\t\t\t\t<img decoding=\"async\" src=\"https:\/\/www.cabinetmarechaux.com\/wp-content\/gallery-master\/thumbs-non-cropped\/IMG_3380.jpeg\" image_full_path=\"image\" alt=\"Millet\" id=\"ux_gm_file\" name= \"ux_gm_file_4001_350\"\/>\n\t\t\t\t<\/div>\n\t\t\t<\/a>\n\t\t\t\t\t\t\t\t<div id=\"grid_content_item\" class=\"grid_content_item\">\n\t\t\t\t\t\t\t\t\t\t\t<div id=\"grid_single_text_title_4001_350\" class=\"grid_single_text_title\">\n\t\t\t\t\t\t\t<h3>\n\t\t\t\t\t\t\tJean-Fran\u00e7ois MILLET 1814-1875\t\t\t\t\t\t\t<\/h3>\n\t\t\t\t\t\t<\/div>\n\t\t\t\t\t\t\t\t\t\t\t\t<div id=\"grid_single_text_desc_4001\" class=\"grid_single_text_desc\">\n\t\t\t\t\t\t\t<p>\n\t\t\t\t\t\t\tM\u00e8re et enfant\r\nDessin au fusain \r\nSign\u00e9 des initiales en bas \u00e0 droite\r\n21 x 17 cm\t\t\t\t\t\t\t<\/p>\n\t\t\t\t\t\t<\/div>\n\t\t\t\t\t\t\t\t\t\t<\/div>\n\t\t\t\t\t\t\t<\/div>\n\t\t\t\t\t\t\t\t<div id=\"grid_wrapper_item_4001_351\" class=\"grid_wrapper_item gm_animate\"  data-animate=\"fadeIn\" data-duration=\"1.0s\" data-delay=\"0.1s\" data-offset=\"100\">\n\t\t\t\t\t\t\t\t\t\t\t\t<a href=\"https:\/\/www.cabinetmarechaux.com\/wp-content\/gallery-master\/original-images\/IMG_3389.jpeg\" class=\"foobox\" target=\"\" rel=\"foobox_gallery_4001\"  data-caption-title=\"&lt;h2&gt;ECOLE MODERNE&lt;\/h2&gt;\" data-caption-desc=\"&lt;h3&gt;P\u00e8re de famille en permission\r\nAquarelle et fusain, \r\nPorte une signature en bas, \u00e0 gauche et une annotation de date 1917 en bas \u00e0 droite\r\n12,5 x 7,8 cm&lt;\/h3&gt;\">\n\t\t\t\t\t\t\t\t\t\t\t\t\t<div id=\"grid_item_image_4001_351\" class=\"grid_item_image_4001 \" style=\"background:url('https:\/\/www.cabinetmarechaux.com\/wp-content\/gallery-master\/thumbs-non-cropped\/IMG_3389.jpeg');background-size:100% 100% !important;\">\n\t\t\t\t\t<img decoding=\"async\" src=\"https:\/\/www.cabinetmarechaux.com\/wp-content\/gallery-master\/thumbs-non-cropped\/IMG_3389.jpeg\" image_full_path=\"image\" alt=\"ECOLE MODERNE\" id=\"ux_gm_file\" name= \"ux_gm_file_4001_351\"\/>\n\t\t\t\t<\/div>\n\t\t\t<\/a>\n\t\t\t\t\t\t\t\t<div id=\"grid_content_item\" class=\"grid_content_item\">\n\t\t\t\t\t\t\t\t\t\t\t<div id=\"grid_single_text_title_4001_351\" class=\"grid_single_text_title\">\n\t\t\t\t\t\t\t<h3>\n\t\t\t\t\t\t\tECOLE MODERNE\t\t\t\t\t\t\t<\/h3>\n\t\t\t\t\t\t<\/div>\n\t\t\t\t\t\t\t\t\t\t\t\t<div id=\"grid_single_text_desc_4001\" class=\"grid_single_text_desc\">\n\t\t\t\t\t\t\t<p>\n\t\t\t\t\t\t\tP\u00e8re de famille en permission\r\nAquarelle et fusain, \r\nPorte une signature en bas, \u00e0 gauche et une annotation de date 1917 en bas \u00e0 droite\r\n12,5 x 7,8 cm\t\t\t\t\t\t\t<\/p>\n\t\t\t\t\t\t<\/div>\n\t\t\t\t\t\t\t\t\t\t<\/div>\n\t\t\t\t\t\t\t<\/div>\n\t\t\t\t\t\t\t\t<div id=\"grid_wrapper_item_4001_352\" class=\"grid_wrapper_item gm_animate\"  data-animate=\"fadeIn\" data-duration=\"1.0s\" data-delay=\"0.1s\" data-offset=\"100\">\n\t\t\t\t\t\t\t\t\t\t\t\t<a href=\"https:\/\/www.cabinetmarechaux.com\/wp-content\/gallery-master\/original-images\/IMG_2867.jpeg\" class=\"foobox\" target=\"\" rel=\"foobox_gallery_4001\"  data-caption-title=\"&lt;h2&gt;Jean DUFY 1888-1964&lt;\/h2&gt;\" data-caption-desc=\"&lt;h3&gt;Port\r\nAquarelle, \r\nsign\u00e9 en bas, \u00e0 droite et dat\u00e9 1928\r\n46 x 62 cm\r\nChiffonn\u00e9, l\u00e9g\u00e8res rousseurs visibles\r\n\r\nIl s\u2019agit tr\u00e8s probablement de l\u2019\u00cele d\u2019Yeu.&lt;\/h3&gt;\">\n\t\t\t\t\t\t\t\t\t\t\t\t\t<div id=\"grid_item_image_4001_352\" class=\"grid_item_image_4001 \" style=\"background:url('https:\/\/www.cabinetmarechaux.com\/wp-content\/gallery-master\/thumbs-non-cropped\/IMG_2867.jpeg');background-size:100% 100% !important;\">\n\t\t\t\t\t<img decoding=\"async\" src=\"https:\/\/www.cabinetmarechaux.com\/wp-content\/gallery-master\/thumbs-non-cropped\/IMG_2867.jpeg\" image_full_path=\"image\" alt=\"Jean Dufy\" id=\"ux_gm_file\" name= \"ux_gm_file_4001_352\"\/>\n\t\t\t\t<\/div>\n\t\t\t<\/a>\n\t\t\t\t\t\t\t\t<div id=\"grid_content_item\" class=\"grid_content_item\">\n\t\t\t\t\t\t\t\t\t\t\t<div id=\"grid_single_text_title_4001_352\" class=\"grid_single_text_title\">\n\t\t\t\t\t\t\t<h3>\n\t\t\t\t\t\t\tJean DUFY 1888-1964\t\t\t\t\t\t\t<\/h3>\n\t\t\t\t\t\t<\/div>\n\t\t\t\t\t\t\t\t\t\t\t\t<div id=\"grid_single_text_desc_4001\" class=\"grid_single_text_desc\">\n\t\t\t\t\t\t\t<p>\n\t\t\t\t\t\t\tPort\r\nAquarelle, \r\nsign\u00e9 en bas, \u00e0 droite et dat\u00e9 1928\r\n46 x 62 cm\r\nChiffonn\u00e9, l\u00e9g\u00e8res rousseurs visibles\r\n\r\nIl s\u2019agit tr\u00e8s probablement de l\u2019\u00cele d\u2019Yeu.\t\t\t\t\t\t\t<\/p>\n\t\t\t\t\t\t<\/div>\n\t\t\t\t\t\t\t\t\t\t<\/div>\n\t\t\t\t\t\t\t<\/div>\n\t\t\t\t\t\t\t\t<div id=\"grid_wrapper_item_4001_353\" class=\"grid_wrapper_item gm_animate\"  data-animate=\"fadeIn\" data-duration=\"1.0s\" data-delay=\"0.1s\" data-offset=\"100\">\n\t\t\t\t\t\t\t\t\t\t\t\t<a href=\"https:\/\/www.cabinetmarechaux.com\/wp-content\/gallery-master\/original-images\/IMG_2863.jpeg\" class=\"foobox\" target=\"\" rel=\"foobox_gallery_4001\"  data-caption-title=\"&lt;h2&gt;Gerard Hermina MARIUS-ERAUD 1854-1919&lt;\/h2&gt;\" data-caption-desc=\"&lt;h3&gt;Promenade en barque\r\nHuile sur panneau\r\nSign\u00e9 en bas, \u00e0 droite et dat\u00e9 1879\r\n19 x 40,5 cm&lt;\/h3&gt;\">\n\t\t\t\t\t\t\t\t\t\t\t\t\t<div id=\"grid_item_image_4001_353\" class=\"grid_item_image_4001 \" style=\"background:url('https:\/\/www.cabinetmarechaux.com\/wp-content\/gallery-master\/thumbs-non-cropped\/IMG_2863.jpeg');background-size:100% 100% !important;\">\n\t\t\t\t\t<img decoding=\"async\" src=\"https:\/\/www.cabinetmarechaux.com\/wp-content\/gallery-master\/thumbs-non-cropped\/IMG_2863.jpeg\" image_full_path=\"image\" alt=\"Marius Eraud\" id=\"ux_gm_file\" name= \"ux_gm_file_4001_353\"\/>\n\t\t\t\t<\/div>\n\t\t\t<\/a>\n\t\t\t\t\t\t\t\t<div id=\"grid_content_item\" class=\"grid_content_item\">\n\t\t\t\t\t\t\t\t\t\t\t<div id=\"grid_single_text_title_4001_353\" class=\"grid_single_text_title\">\n\t\t\t\t\t\t\t<h3>\n\t\t\t\t\t\t\tGerard Hermina MARIUS-ERAUD 1854-1919\t\t\t\t\t\t\t<\/h3>\n\t\t\t\t\t\t<\/div>\n\t\t\t\t\t\t\t\t\t\t\t\t<div id=\"grid_single_text_desc_4001\" class=\"grid_single_text_desc\">\n\t\t\t\t\t\t\t<p>\n\t\t\t\t\t\t\tPromenade en barque\r\nHuile sur panneau\r\nSign\u00e9 en bas, \u00e0 droite et dat\u00e9 1879\r\n19 x 40,5 cm\t\t\t\t\t\t\t<\/p>\n\t\t\t\t\t\t<\/div>\n\t\t\t\t\t\t\t\t\t\t<\/div>\n\t\t\t\t\t\t\t<\/div>\n\t\t\t\t<\/div>\n\t\t<\/div>\n\t<\/div>\n<\/div>\n\n","protected":false},"excerpt":{"rendered":"","protected":false},"author":1,"featured_media":2097,"template":"","meta":{"_monsterinsights_skip_tracking":false,"_monsterinsights_sitenote_active":false,"_monsterinsights_sitenote_note":"","_monsterinsights_sitenote_category":0,"ngg_post_thumbnail":0,"_tribe_events_status":"","_tribe_events_status_reason":"","footnotes":""},"tags":[],"tribe_events_cat":[10],"class_list":["post-2073","tribe_events","type-tribe_events","status-publish","has-post-thumbnail","hentry","tribe_events_cat-ventes","cat_ventes"],"yoast_head":"<!-- This site is optimized with the Yoast SEO plugin v20.10 - https:\/\/yoast.com\/wordpress\/plugins\/seo\/ -->\n<title>Versailles Osenat - Cabinet Mar\u00e9chaux<\/title>\n<meta name=\"robots\" content=\"index, follow, max-snippet:-1, max-image-preview:large, max-video-preview:-1\" \/>\n<link rel=\"canonical\" href=\"https:\/\/www.cabinetmarechaux.com\/index.php\/event\/versailles-osenat-2\/\" \/>\n<meta property=\"og:locale\" content=\"fr_FR\" \/>\n<meta property=\"og:type\" content=\"article\" \/>\n<meta property=\"og:title\" content=\"Versailles Osenat - Cabinet Mar\u00e9chaux\" \/>\n<meta property=\"og:url\" content=\"https:\/\/www.cabinetmarechaux.com\/index.php\/event\/versailles-osenat-2\/\" \/>\n<meta property=\"og:site_name\" content=\"Cabinet Mar\u00e9chaux\" \/>\n<meta property=\"article:publisher\" content=\"https:\/\/www.facebook.com\/elisabethmarechaux\/?locale=fr_FR\" \/>\n<meta property=\"article:modified_time\" content=\"2020-12-14T11:37:07+00:00\" \/>\n<meta property=\"og:image\" content=\"https:\/\/www.cabinetmarechaux.com\/wp-content\/uploads\/2020\/12\/DSC0251-scaled.jpeg\" \/>\n\t<meta property=\"og:image:width\" content=\"2560\" \/>\n\t<meta property=\"og:image:height\" content=\"1410\" \/>\n\t<meta property=\"og:image:type\" content=\"image\/jpeg\" \/>\n<meta name=\"twitter:card\" content=\"summary_large_image\" \/>\n<script type=\"application\/ld+json\" class=\"yoast-schema-graph\">{\"@context\":\"https:\/\/schema.org\",\"@graph\":[{\"@type\":\"WebPage\",\"@id\":\"https:\/\/www.cabinetmarechaux.com\/index.php\/event\/versailles-osenat-2\/\",\"url\":\"https:\/\/www.cabinetmarechaux.com\/index.php\/event\/versailles-osenat-2\/\",\"name\":\"Versailles Osenat - Cabinet Mar\u00e9chaux\",\"isPartOf\":{\"@id\":\"https:\/\/www.cabinetmarechaux.com\/#website\"},\"datePublished\":\"2020-11-19T11:19:17+00:00\",\"dateModified\":\"2020-12-14T11:37:07+00:00\",\"breadcrumb\":{\"@id\":\"https:\/\/www.cabinetmarechaux.com\/index.php\/event\/versailles-osenat-2\/#breadcrumb\"},\"inLanguage\":\"fr-FR\",\"potentialAction\":[{\"@type\":\"ReadAction\",\"target\":[\"https:\/\/www.cabinetmarechaux.com\/index.php\/event\/versailles-osenat-2\/\"]}]},{\"@type\":\"BreadcrumbList\",\"@id\":\"https:\/\/www.cabinetmarechaux.com\/index.php\/event\/versailles-osenat-2\/#breadcrumb\",\"itemListElement\":[{\"@type\":\"ListItem\",\"position\":1,\"name\":\"Accueil\",\"item\":\"https:\/\/www.cabinetmarechaux.com\/\"},{\"@type\":\"ListItem\",\"position\":2,\"name\":\"\u00c9v\u00e8nements\",\"item\":\"https:\/\/www.cabinetmarechaux.com\/index.php\/events\/\"},{\"@type\":\"ListItem\",\"position\":3,\"name\":\"Versailles Osenat\"}]},{\"@type\":\"WebSite\",\"@id\":\"https:\/\/www.cabinetmarechaux.com\/#website\",\"url\":\"https:\/\/www.cabinetmarechaux.com\/\",\"name\":\"Cabinet Mar\u00e9chaux\",\"description\":\"Expertise : tableaux, dessins, sculptures des XIXe et XXe si\u00e8cles\",\"publisher\":{\"@id\":\"https:\/\/www.cabinetmarechaux.com\/#organization\"},\"potentialAction\":[{\"@type\":\"SearchAction\",\"target\":{\"@type\":\"EntryPoint\",\"urlTemplate\":\"https:\/\/www.cabinetmarechaux.com\/?s={search_term_string}\"},\"query-input\":\"required name=search_term_string\"}],\"inLanguage\":\"fr-FR\"},{\"@type\":\"Organization\",\"@id\":\"https:\/\/www.cabinetmarechaux.com\/#organization\",\"name\":\"Cabinet Mar\u00e9chaux\",\"url\":\"https:\/\/www.cabinetmarechaux.com\/\",\"logo\":{\"@type\":\"ImageObject\",\"inLanguage\":\"fr-FR\",\"@id\":\"https:\/\/www.cabinetmarechaux.com\/#\/schema\/logo\/image\/\",\"url\":\"https:\/\/www.cabinetmarechaux.com\/wp-content\/uploads\/2023\/06\/cabinet-marechaux.jpg\",\"contentUrl\":\"https:\/\/www.cabinetmarechaux.com\/wp-content\/uploads\/2023\/06\/cabinet-marechaux.jpg\",\"width\":180,\"height\":180,\"caption\":\"Cabinet Mar\u00e9chaux\"},\"image\":{\"@id\":\"https:\/\/www.cabinetmarechaux.com\/#\/schema\/logo\/image\/\"},\"sameAs\":[\"https:\/\/www.facebook.com\/elisabethmarechaux\/?locale=fr_FR\",\"https:\/\/www.instagram.com\/cabinetmarechaux\/\"]}]}<\/script>\n<!-- \/ Yoast SEO plugin. -->","yoast_head_json":{"title":"Versailles Osenat - Cabinet Mar\u00e9chaux","robots":{"index":"index","follow":"follow","max-snippet":"max-snippet:-1","max-image-preview":"max-image-preview:large","max-video-preview":"max-video-preview:-1"},"canonical":"https:\/\/www.cabinetmarechaux.com\/index.php\/event\/versailles-osenat-2\/","og_locale":"fr_FR","og_type":"article","og_title":"Versailles Osenat - Cabinet Mar\u00e9chaux","og_url":"https:\/\/www.cabinetmarechaux.com\/index.php\/event\/versailles-osenat-2\/","og_site_name":"Cabinet Mar\u00e9chaux","article_publisher":"https:\/\/www.facebook.com\/elisabethmarechaux\/?locale=fr_FR","article_modified_time":"2020-12-14T11:37:07+00:00","og_image":[{"width":2560,"height":1410,"url":"https:\/\/www.cabinetmarechaux.com\/wp-content\/uploads\/2020\/12\/DSC0251-scaled.jpeg","type":"image\/jpeg"}],"twitter_card":"summary_large_image","schema":{"@context":"https:\/\/schema.org","@graph":[{"@type":"WebPage","@id":"https:\/\/www.cabinetmarechaux.com\/index.php\/event\/versailles-osenat-2\/","url":"https:\/\/www.cabinetmarechaux.com\/index.php\/event\/versailles-osenat-2\/","name":"Versailles Osenat - Cabinet Mar\u00e9chaux","isPartOf":{"@id":"https:\/\/www.cabinetmarechaux.com\/#website"},"datePublished":"2020-11-19T11:19:17+00:00","dateModified":"2020-12-14T11:37:07+00:00","breadcrumb":{"@id":"https:\/\/www.cabinetmarechaux.com\/index.php\/event\/versailles-osenat-2\/#breadcrumb"},"inLanguage":"fr-FR","potentialAction":[{"@type":"ReadAction","target":["https:\/\/www.cabinetmarechaux.com\/index.php\/event\/versailles-osenat-2\/"]}]},{"@type":"BreadcrumbList","@id":"https:\/\/www.cabinetmarechaux.com\/index.php\/event\/versailles-osenat-2\/#breadcrumb","itemListElement":[{"@type":"ListItem","position":1,"name":"Accueil","item":"https:\/\/www.cabinetmarechaux.com\/"},{"@type":"ListItem","position":2,"name":"\u00c9v\u00e8nements","item":"https:\/\/www.cabinetmarechaux.com\/index.php\/events\/"},{"@type":"ListItem","position":3,"name":"Versailles Osenat"}]},{"@type":"WebSite","@id":"https:\/\/www.cabinetmarechaux.com\/#website","url":"https:\/\/www.cabinetmarechaux.com\/","name":"Cabinet Mar\u00e9chaux","description":"Expertise : tableaux, dessins, sculptures des XIXe et XXe si\u00e8cles","publisher":{"@id":"https:\/\/www.cabinetmarechaux.com\/#organization"},"potentialAction":[{"@type":"SearchAction","target":{"@type":"EntryPoint","urlTemplate":"https:\/\/www.cabinetmarechaux.com\/?s={search_term_string}"},"query-input":"required name=search_term_string"}],"inLanguage":"fr-FR"},{"@type":"Organization","@id":"https:\/\/www.cabinetmarechaux.com\/#organization","name":"Cabinet Mar\u00e9chaux","url":"https:\/\/www.cabinetmarechaux.com\/","logo":{"@type":"ImageObject","inLanguage":"fr-FR","@id":"https:\/\/www.cabinetmarechaux.com\/#\/schema\/logo\/image\/","url":"https:\/\/www.cabinetmarechaux.com\/wp-content\/uploads\/2023\/06\/cabinet-marechaux.jpg","contentUrl":"https:\/\/www.cabinetmarechaux.com\/wp-content\/uploads\/2023\/06\/cabinet-marechaux.jpg","width":180,"height":180,"caption":"Cabinet Mar\u00e9chaux"},"image":{"@id":"https:\/\/www.cabinetmarechaux.com\/#\/schema\/logo\/image\/"},"sameAs":["https:\/\/www.facebook.com\/elisabethmarechaux\/?locale=fr_FR","https:\/\/www.instagram.com\/cabinetmarechaux\/"]}]}},"_links":{"self":[{"href":"https:\/\/www.cabinetmarechaux.com\/index.php\/wp-json\/wp\/v2\/tribe_events\/2073","targetHints":{"allow":["GET"]}}],"collection":[{"href":"https:\/\/www.cabinetmarechaux.com\/index.php\/wp-json\/wp\/v2\/tribe_events"}],"about":[{"href":"https:\/\/www.cabinetmarechaux.com\/index.php\/wp-json\/wp\/v2\/types\/tribe_events"}],"author":[{"embeddable":true,"href":"https:\/\/www.cabinetmarechaux.com\/index.php\/wp-json\/wp\/v2\/users\/1"}],"version-history":[{"count":4,"href":"https:\/\/www.cabinetmarechaux.com\/index.php\/wp-json\/wp\/v2\/tribe_events\/2073\/revisions"}],"predecessor-version":[{"id":2102,"href":"https:\/\/www.cabinetmarechaux.com\/index.php\/wp-json\/wp\/v2\/tribe_events\/2073\/revisions\/2102"}],"wp:featuredmedia":[{"embeddable":true,"href":"https:\/\/www.cabinetmarechaux.com\/index.php\/wp-json\/wp\/v2\/media\/2097"}],"wp:attachment":[{"href":"https:\/\/www.cabinetmarechaux.com\/index.php\/wp-json\/wp\/v2\/media?parent=2073"}],"wp:term":[{"taxonomy":"post_tag","embeddable":true,"href":"https:\/\/www.cabinetmarechaux.com\/index.php\/wp-json\/wp\/v2\/tags?post=2073"},{"taxonomy":"tribe_events_cat","embeddable":true,"href":"https:\/\/www.cabinetmarechaux.com\/index.php\/wp-json\/wp\/v2\/tribe_events_cat?post=2073"}],"curies":[{"name":"wp","href":"https:\/\/api.w.org\/{rel}","templated":true}]}}