{"id":2160,"date":"2021-03-09T10:43:29","date_gmt":"2021-03-09T09:43:29","guid":{"rendered":"http:\/\/www.cabinetmarechaux.com\/?post_type=tribe_events&#038;p=2160"},"modified":"2021-03-22T09:51:46","modified_gmt":"2021-03-22T08:51:46","slug":"osenat-versailles-2","status":"publish","type":"tribe_events","link":"https:\/\/www.cabinetmarechaux.com\/index.php\/event\/osenat-versailles-2\/","title":{"rendered":"OSENAT VERSAILLES"},"content":{"rendered":"<p align=\"center\"><span style=\"color: #ff6600;\">Les ventes sont maintenues dans\u00a0les\u00a0conditions\u00a0<span style=\"caret-color: #ff6600;\">habituelles\u00a0<\/span><\/span><\/p>\n<p>&nbsp;<\/p>\n<p>&nbsp;<\/p>\n<div id=\"4301\">\n\t<div id=\"gallery_master_main_container_4301\" class=\"gallery_master_main_container\">\n\t\t\t<style type=\"text\/css\">\n\t@import url('https:\/\/fonts.googleapis.com\/css?family=Lato%3A700');\r\n@import url('https:\/\/fonts.googleapis.com\/css?family=Lato%3A300');\r\n@import url('https:\/\/fonts.googleapis.com\/css?family=Lato%3A700');\r\n@import url('https:\/\/fonts.googleapis.com\/css?family=Lato%3A300');\r\n\t\t#gallery_master_main_container_4301\t\t{\n\t\t\tdirection: ltr !important;\n\t\t}\n\t\t.gb-filter-holder_4301\t\t{\n\t\t\ttext-align: left;\n\t\t}\n\t\t.ux_div_empty_search_results_4301\t\t{\n\t\t\tdisplay:none;\n\t\t\ttext-align:center !important;\n\t\t\tclear:both !important;\n\t\t}\n\t\t\t\t\t#gallery_master_main_container_4301\t\t\t\t{\n\t\t\t\t\tmax-width: 1040px !important;\n\t\t\t\ttext-align: left !important;\t\t\t\t}\n\t\t\t\t#gallery_title_container_4301 h2\t\t\t\t{\n\t\t\t\t\tline-height: 1.7 !important;\n\t\t\t\t\ttext-align: left!important;\n\t\t\t\t\tfont-size: 20px !important;\n\t\t\t\t\tcolor: #000000 !important;\n\t\t\t\t\tmargin: 10px 0px 10px 0px !important;\n\t\t\t\t\tpadding: 10px 0px 10px 0px !important;\n\t\t\t\t\tfont-family: 'Lato' !important;\r\n\tfont-weight: 700 !important;\t\t\t\t}\n\t\t\t\t#gallery_desc_container_4301 h3\t\t\t\t{\n\t\t\t\t\tline-height: 1.7 !important;\n\t\t\t\t\ttext-align: left !important;\n\t\t\t\t\tfont-size: 16px !important;\n\t\t\t\t\tcolor: #787D85 !important;\n\t\t\t\t\tmargin: 10px 0px 10px 0px !important;\n\t\t\t\t\tpadding: 0px 0px 10px 0px !important;\n\t\t\t\t\tfont-family: 'Lato' !important;\r\n\tfont-weight: 300 !important;\t\t\t\t}\n\t\t\t\t.masonry_grid_layout_container\n\t\t\t\t{\n\t\t\t\t\tclear:both !important;\n\t\t\t\t}\n\t\t\t\t.masonry_grid_wrapper_item\n\t\t\t\t{\n\t\t\t\t\t\t\t\t\t\tbackground: rgba(235,232,235,0.5) !important;\n\t\t\t\t\t\t\t\t\t\tmargin: 10px 10px 0px 0px !important;\n\t\t\t\t\tpadding: 0px 0px 0px 0px !important;\n\t\t\t\t\toverflow: hidden !important;\n\t\t\t\t\tbox-shadow: 0px 0px 0px 0px #000000!important;\n\t\t\t\t\t-webkit-box-shadow: 0px 0px 0px 0px #000000!important;\n\t\t\t\t\t-moz-box-shadow: 0px 0px 0px 0px #000000!important;\n\t\t\t\t}\n\t\t\t\t.masonry_grid_item_image_4301\t\t\t\t{\n\t\t\t\t\twidth: 250px !important;\n\t\t\t\t\topacity: 1 !important;\n\t\t\t\t}\n\t\t\t\t.masonry_grid_item_image_4301:hover\n\t\t\t\t{\n\t\t\t\t\ttransition: 1s !important;\n\t\t\t\t\ttransform: none !important;\n\t\t\t\t\t-ms-filter: none !important;\n\t\t\t\t\t-o-filter: none !important;\n\t\t\t\t\tfilter: none !important;\n\t\t\t\t\t-moz-filter: none !important;\n\t\t\t\t\t-webkit-filter: none !important;\n\t\t\t\t}\n\t\t\t\t.masonry_grid_item_image_4301 img\n\t\t\t\t{\n\t\t\t\t\tborder: 0px solid #cccccc !important;\n\t\t\t\t\tborder-radius: 0px !important;\n\t\t\t\t\t-webkit-border-radius: 0px !important;\n\t\t\t\t\t-moz-border-radius: 0px !important;\n\t\t\t\t\twidth: 250px !important;\n\t\t\t\t}\n\t\t\t\t.masonry_grid_content_item\n\t\t\t\t{\n\t\t\t\t\twidth: 250px !important;\n\t\t\t\t}\n\t\t\t\t.masonry_grid_single_text_title h3\t\t\t\t{\n\t\t\t\t\tline-height: 1.7 !important;\n\t\t\t\t\ttext-align: left !important;\n\t\t\t\t\tfont-size: 14px !important;\n\t\t\t\t\tcolor: #787D85 !important;\n\t\t\t\t\tmargin: 0px 5px 0px 5px !important;\n\t\t\t\t\tpadding: 10px 10px 10px 10px !important;\n\t\t\t\t\tfont-family: 'Lato' !important;\r\n\tfont-weight: 700 !important;\t\t\t\t}\n\t\t\t\t.masonry_grid_single_text_desc p\t\t\t\t{\n\t\t\t\t\tline-height: 1.7 !important;\n\t\t\t\t\ttext-align: left !important;\n\t\t\t\t\tfont-size: 12px !important;\n\t\t\t\t\tcolor: #787D85 !important;\n\t\t\t\t\tmargin: 0px 5px 0px 5px !important;\n\t\t\t\t\tpadding: 5px 10px 10px 5px !important;\n\t\t\t\t\tfont-family: 'Lato' !important;\r\n\tfont-weight: 300 !important;\t\t\t\t}\n\t\t\t\t\t\t\t\t.fbx-caption\n\t\t\t\t{\n\t\t\t\t\ttext-align: left !important;\n\t\t\t\t\tborder-bottom-left-radius: 5px !important;\n\t\t\t\t\tborder-bottom-right-radius: 5px !important;\n\t\t\t\t}\n\t\t\t\t.fbx-caption-title h2\t\t\t\t{\n\t\t\t\t\tline-height: 1.7em !important;\n\t\t\t\t\tdisplay: block!important;\n\t\t\t\t\ttext-align: left !important;\n\t\t\t\t\tfont-size: 16px !important;\n\t\t\t\t\tcolor : #ffffff !important;\n\t\t\t\t\tmargin: 10px 0px 10px 0px !important;\n\t\t\t\t\tpadding: 10px 10px 10px 10px !important;\n\t\t\t\t\tfont-family: 'Lato' !important;\r\n\tfont-weight: 700 !important;\t\t\t\t}\n\t\t\t\t.fbx-caption-desc h3\t\t\t\t{\n\t\t\t\t\tline-height: 1.7em !important;\n\t\t\t\t\tdisplay: block!important;\n\t\t\t\t\ttext-align: left !important;\n\t\t\t\t\tfont-size: 14px !important;\n\t\t\t\t\tcolor : #ffffff !important;\n\t\t\t\t\tmargin: 5px 0px 5px 0px !important;\n\t\t\t\t\tpadding: 20px 10px 10px 10px !important;\n\t\t\t\t\tfont-family: 'Lato' !important;\r\n\tfont-weight: 300 !important;\t\t\t\t}\n\t\t\t\t.fbx-modal\n\t\t\t\t{\n\t\t\t\t\t\t\t\t\t\tbackground-color: rgba(0,0,0,0.75) !important;\n\t\t\t\t\t\t\t\t\t}\n\t\t\t\t.fbx-inner\n\t\t\t\t{\n\t\t\t\t\tborder: 5px solid #ffffff !important;\n\t\t\t\t\t-webkit-border-radius: 5px !important;\n\t\t\t\t\t-moz-border-radius: 5px !important;\n\t\t\t\t\tborder-radius: 5px !important;\n\t\t\t\t}\n\t\t\t\t.fbx-item-image\n\t\t\t\t{\n\t\t\t\t\t-webkit-border-radius: 5px !important;\n\t\t\t\t\t-moz-border-radius: 5px !important;\n\t\t\t\t\tborder-radius: 5px !important;\n\t\t\t\t}\n\t\t\t\t\t<\/style>\n\t\t\t\t\t\t<div id=\"gallery_title_container_4301\" class=\"gallery_title_container\">\n\t\t\t\t\t\t<h2>\n\t\t\t\t\t\t\tVersailles\t\t\t\t\t\t<\/h2>\n\t\t\t\t\t<\/div>\n\t\t\t\t\t<script type=\"text\/javascript\">\n\tvar ajaxurl = \"https:\/\/www.cabinetmarechaux.com\/wp-admin\/admin-ajax.php\";\n\tvar global_options_right_click_protection = \"disable\";\n\tvar animation_effect = \"fadeIn\";\n\n\tif (typeof (call_gallery_master_layout_type_4301) !== \"function\")\n\t{\n\t\t\/**\n\t\t* This function is used for Layouts.\n\t\t*\/\n\t\tfunction call_gallery_master_layout_type_4301()\n\t\t{\n\t\t\t\t\t\t\t\t\tif (jQuery(\".masonry_grid_layout_container\").data('isotope'))\n\t\t\t\t\t\t{\n\t\t\t\t\t\t\tjQuery(\".masonry_grid_layout_container\").isotope('destroy');\n\t\t\t\t\t\t}\n\t\t\t\t\t\tjQuery(\".masonry_grid_layout_container\").imagesLoaded(function ()\n\t\t\t\t\t\t{\n\t\t\t\t\t\t\tjQuery(\".masonry_grid_layout_container\").isotope\n\t\t\t\t\t\t\t({\n\t\t\t\t\t\t\t\titemSelector: \".masonry_grid_wrapper_item\",\n\t\t\t\t\t\t\t\tlayoutMode: 'masonry',\n\t\t\t\t\t\t\t\tpercentPosition: true\n\t\t\t\t\t\t\t});\n\t\t\t\t\t\t\tjQuery(\".gm_animate\").scrolla_gb();\n\t\t\t\t\t\t});\n\t\t\t\t\t\t\t\t}\n\t}\n\tif (typeof (call_gallery_master_lightbox_4301) !== \"function\")\n\t{\n\t\t\/**\n\t\t* This function is used for Lightboxes.\n\t\t*\n\t\t* @param string lightbox_type .\n\t\t*\n\t\t*\/\n\t\tfunction call_gallery_master_lightbox_4301(lightbox_type)\n\t\t{\n\t\t\tswitch (lightbox_type)\n\t\t\t{\n\t\t\t\tcase \"foo_box_free_edition\":\n\t\t\t\t\t\t\t\t\t\t\tvar showCount_settings = true;\n\t\t\t\t\t\tvar closeOnOverlayClick = false;\n\t\t\t\t\t\tvar hideScrollbars = false;\n\t\t\t\t\t\tvar onlyShowOnHover = false;\n\t\t\t\t\t\t(function (FOOBOX, $)\n\t\t\t\t\t\t{\n\t\t\t\t\t\t\tFOOBOX.init = function () {\n\t\t\t\t\t\t\t\tFOOBOX.o = {\n\t\t\t\t\t\t\t\t\tshowCount: showCount_settings,\n\t\t\t\t\t\t\t\t\tcloseOnOverlayClick: closeOnOverlayClick,\n\t\t\t\t\t\t\t\t\thideScrollbars: hideScrollbars,\n\t\t\t\t\t\t\t\t\tcaptions:\n\t\t\t\t\t\t\t\t\t{\n\t\t\t\t\t\t\t\t\t\tonlyShowOnHover: onlyShowOnHover,\n\t\t\t\t\t\t\t\t\t\toverrideTitle: true,\n\t\t\t\t\t\t\t\t\t\ttitleSource: 'anchor',\n\t\t\t\t\t\t\t\t\t\toverrideDesc: true,\n\t\t\t\t\t\t\t\t\t\tdescSource: 'anchor'\n\t\t\t\t\t\t\t\t\t}\n\t\t\t\t\t\t\t\t};\n\t\t\t\t\t\t\t\t$(\".foobox\").foobox(FOOBOX.o);\n\t\t\t\t\t\t\t};\n\t\t\t\t\t\t}(window.FOOBOX = window.FOOBOX || {}, jQuery));\n\t\t\t\t\t\tjQuery(function ($)\n\t\t\t\t\t\t{\n\t\t\t\t\t\t\tFOOBOX.init();\n\t\t\t\t\t\t});\n\t\t\t\t\t\t\t\t\t\t\tbreak;\n\t\t\t}\n\t\t}\n\t}\n\tjQuery(document).ready(function ()\n\t{\n\t\tif (animation_effect !== \"none\")\n\t\t{\n\t\t\tjQuery(\".gm_animate\").scrolla_gb();\n\t\t}\n\t\tif (global_options_right_click_protection === \"enable\") {\n\t\t\tjQuery(\"#gallery_master_main_container_4301\").on(\"contextmenu\", function (e)\n\t\t\t{\n\t\t\t\treturn false;\n\t\t\t});\n\t\t}\n\t\tcall_gallery_master_layout_type_4301();\n\t\tcall_gallery_master_lightbox_4301(\"foo_box_free_edition\");\n});\n<\/script>\n\t\t\t\t<div id=\"grid_layout_container_4301\">\n\t\t\t\t<div id=\"control_container_4301\" class=\"masonry_grid_layout_container\">\n\t\t\t\t\t<div id=\"grid_wrapper_item_4301_361\" class=\"masonry_grid_wrapper_item gm_animate\" data-animate=\"fadeIn\"  data-duration=\"1.0s\" data-delay=\"0.1s\" data-offset=\"100\">\n\t\t\t\t\t<div id=\"grid_item_image_4301_361\" class=\"masonry_grid_item_image_4301 \">\n\t\t\t\t\t\t\t\t\t\t\t\t\t\t\t\t\t<a href=\"https:\/\/www.cabinetmarechaux.com\/wp-content\/gallery-master\/original-images\/Puy-Soeurs.jpeg\" class=\"foobox\" target=\"\" rel=\"foobox_gallery_4301\"  data-caption-title=\"&lt;h2&gt;Jean Puy 1876-1960&lt;\/h2&gt;\" data-caption-desc=\"&lt;h3&gt;Les deux soeurs - 1905\r\nHuile sur toile\r\nSign\u00e9e et dat\u00e9e 5 , en bas, \u00e0 gauche\r\n75 x 66,5 cm\r\n\r\nProvenance : \r\nAlbert Marquet puis Marcelle Marquet\r\n\r\nExposition : 1967, \u00ab\u00a0Le d\u00e9but du si\u00e8cle aux ind\u00e9pendants, 1902-1905, Grand Palais, Paris&lt;\/h3&gt;\">\n\t\t\t\t\t\t\t\t\t\t\t\t\t\t\t\t<img decoding=\"async\" src=\"https:\/\/www.cabinetmarechaux.com\/wp-content\/gallery-master\/thumbs-non-cropped\/Puy-Soeurs.jpeg\" alt=\"Puy\" image_full_path=\"https:\/\/www.cabinetmarechaux.com\/wp-content\/gallery-master\/original-images\/Puy-Soeurs.jpeg\"  id=\"ux_gm_file_4301_361\" name=\"ux_gm_file\" \/>\n\t\t\t\t\t<\/a>\n\t\t\t\t<\/div>\n\t\t\t\t\t\t\t\t\t<div id=\"grid_content_item\" class=\"masonry_grid_content_item\">\n\t\t\t\t\t\t\t\t\t\t\t\t\t<div id=\"grid_single_text_title_4301_361\" class=\"masonry_grid_single_text_title\">\n\t\t\t\t\t\t\t\t<h3>\n\t\t\t\t\t\t\t\tJean Puy 1876-1960\t\t\t\t\t\t\t\t<\/h3>\n\t\t\t\t\t\t\t<\/div>\n\t\t\t\t\t\t\t\t\t\t\t\t\t<div id=\"grid_single_text_desc_4301_361\" class=\"masonry_grid_single_text_desc\">\n\t\t\t\t\t\t\t<p>\n\t\t\t\t\t\t\tLes deux soeurs - 1905\r\nHuile sur toile\r\nSign\u00e9e et dat\u00e9e 5 , en bas, \u00e0 gauche\r\n75 x 66,5 cm\r\n\r\nProvenance : \r\nAlbert Marquet puis Marcelle Marquet\r\n\r\nExposition : 1967, \u00ab\u00a0Le d\u00e9but du si\u00e8cle aux ind\u00e9pendants, 1902-1905, Grand Palais, Paris\t\t\t\t\t\t\t<\/p>\n\t\t\t\t\t\t<\/div>\n\t\t\t\t\t\t\t\t\t\t\t\t<\/div>\n\t\t\t\t\t\t\t\t<\/div>\n\t\t\t\t\t\t\t\t<div id=\"grid_wrapper_item_4301_362\" class=\"masonry_grid_wrapper_item gm_animate\" data-animate=\"fadeIn\"  data-duration=\"1.0s\" data-delay=\"0.1s\" data-offset=\"100\">\n\t\t\t\t\t<div id=\"grid_item_image_4301_362\" class=\"masonry_grid_item_image_4301 \">\n\t\t\t\t\t\t\t\t\t\t\t\t\t\t\t\t\t<a href=\"https:\/\/www.cabinetmarechaux.com\/wp-content\/gallery-master\/original-images\/Marquet-Nm-violettes.jpeg\" class=\"foobox\" target=\"\" rel=\"foobox_gallery_4301\"  data-caption-title=\"&lt;h2&gt;Albert Marquet 1875-1947&lt;\/h2&gt;\" data-caption-desc=\"&lt;h3&gt;Nature morte au bouquet de violettes - \r\ncirca 1903\r\n\r\nHuile sur toile\r\nSign\u00e9e en bas, \u00e0 droite\r\n50 x 61 cm\r\n\r\nProvenance : \r\n-acquis par la Galerie Druet, Paris ; \r\n-G. Bernheim ; \r\n-Mme Germaine Sch\u00fctz, France ; \r\n-Vente par Ma\u00eetre E. Farault 7-9 juillet 1929 ; \r\n-collection particuli\u00e8re , France ; \r\n-acquis par Mme Albert Marquet en \u00e9change de &quot;Bougie, la ville par temps clair&quot; puis ses descendants\r\n\r\nExpositions : \r\n-1950, &quot;Albert Marquet. Malerier, Akvareller, Tegninger, Grafik&quot;, Statens museum for kunst, Copenhague\u2028- 1950, &quot;Albert Marquet. Malerier, Akvareller, Tegninger, Grafik&quot;, Kunstnernes Hus, Oslo 1951, Exposition Albert Marquet, Bei Hanachut Haleumi Bezalel, Jerusalem\u2028- 1964, Marquet, Knoeldler Gallery, New York\u2028- 1966, &quot;Hommage \u00e0 Albert Marquet&quot;, 11\u00e8me Salon de Montrouge, Montrouge\u2028- 1967, &quot;Albert Marquet. Cent cinquante \u0153uvres&quot;, Palais de la M\u00e9dit\u00e9rrann\u00e9e, Nice 1971, Albert Marquet, Wildenstein, New York\u2028- 1972, Albert Marquet, Wildenstein, London -1973, &quot;Exposition Albert Marquet, Museum of Art, Seibu, N\u00b03 \r\n\u2028Bibliographie : Francis Jourdain, &quot;Marquet&quot;, Editions Cercle d&#039;Art, Paris pp 167-168 Nathalie Leniachina, &quot;Albert Marquet&quot;, Art, Leningrad, n\u00b032, p.192 \r\n\r\nUne attestation du WPI, n\u00b018.06.29 \/20885   sera remise \u00e0 l\u2019acqu\u00e9reur\r\n&lt;\/h3&gt;\">\n\t\t\t\t\t\t\t\t\t\t\t\t\t\t\t\t<img decoding=\"async\" src=\"https:\/\/www.cabinetmarechaux.com\/wp-content\/gallery-master\/thumbs-non-cropped\/Marquet-Nm-violettes.jpeg\" alt=\"Marquet\" image_full_path=\"https:\/\/www.cabinetmarechaux.com\/wp-content\/gallery-master\/original-images\/Marquet-Nm-violettes.jpeg\"  id=\"ux_gm_file_4301_362\" name=\"ux_gm_file\" \/>\n\t\t\t\t\t<\/a>\n\t\t\t\t<\/div>\n\t\t\t\t\t\t\t\t\t<div id=\"grid_content_item\" class=\"masonry_grid_content_item\">\n\t\t\t\t\t\t\t\t\t\t\t\t\t<div id=\"grid_single_text_title_4301_362\" class=\"masonry_grid_single_text_title\">\n\t\t\t\t\t\t\t\t<h3>\n\t\t\t\t\t\t\t\tAlbert Marquet 1875-1947\t\t\t\t\t\t\t\t<\/h3>\n\t\t\t\t\t\t\t<\/div>\n\t\t\t\t\t\t\t\t\t\t\t\t\t<div id=\"grid_single_text_desc_4301_362\" class=\"masonry_grid_single_text_desc\">\n\t\t\t\t\t\t\t<p>\n\t\t\t\t\t\t\tNature morte au bouquet de violettes - \r\ncirca 1903\r\n\r\nHuile sur toile\r\nSign\u00e9e en bas, \u00e0 droite\r\n50 x 61 cm\r\n\r\nProvenance : \r\n-acquis par la Galerie Druet, Paris ; \r\n-G. Bernheim ; \r\n-Mme Germaine Sch\u00fctz, France ; \r\n-Vente par Ma\u00eetre E. Farault 7-9 juillet 1929 ; \r\n-collection particuli\u00e8re , France ; \r\n-acquis par Mme Albert Marquet en \u00e9change de \"Bougie, la ville par temps clair\" puis ses descendants\r\n\r\nExpositions : \r\n-1950, \"Albert Marquet. Malerier, Akvareller, Tegninger, Grafik\", Statens museum for kunst, Copenhague\u2028- 1950, \"Albert Marquet. Malerier, Akvareller, Tegninger, Grafik\", Kunstnernes Hus, Oslo 1951, Exposition Albert Marquet, Bei Hanachut Haleumi Bezalel, Jerusalem\u2028- 1964, Marquet, Knoeldler Gallery, New York\u2028- 1966, \"Hommage \u00e0 Albert Marquet\", 11\u00e8me Salon de Montrouge, Montrouge\u2028- 1967, \"Albert Marquet. Cent cinquante \u0153uvres\", Palais de la M\u00e9dit\u00e9rrann\u00e9e, Nice 1971, Albert Marquet, Wildenstein, New York\u2028- 1972, Albert Marquet, Wildenstein, London -1973, \"Exposition Albert Marquet, Museum of Art, Seibu, N\u00b03 \r\n\u2028Bibliographie : Francis Jourdain, \"Marquet\", Editions Cercle d&#039;Art, Paris pp 167-168 Nathalie Leniachina, \"Albert Marquet\", Art, Leningrad, n\u00b032, p.192 \r\n\r\nUne attestation du WPI, n\u00b018.06.29 \/20885   sera remise \u00e0 l\u2019acqu\u00e9reur\r\n\t\t\t\t\t\t\t<\/p>\n\t\t\t\t\t\t<\/div>\n\t\t\t\t\t\t\t\t\t\t\t\t<\/div>\n\t\t\t\t\t\t\t\t<\/div>\n\t\t\t\t\t\t\t\t<div id=\"grid_wrapper_item_4301_363\" class=\"masonry_grid_wrapper_item gm_animate\" data-animate=\"fadeIn\"  data-duration=\"1.0s\" data-delay=\"0.1s\" data-offset=\"100\">\n\t\t\t\t\t<div id=\"grid_item_image_4301_363\" class=\"masonry_grid_item_image_4301 \">\n\t\t\t\t\t\t\t\t\t\t\t\t\t\t\t\t\t<a href=\"https:\/\/www.cabinetmarechaux.com\/wp-content\/gallery-master\/original-images\/IMG_4614.jpeg\" class=\"foobox\" target=\"\" rel=\"foobox_gallery_4301\"  data-caption-title=\"&lt;h2&gt;F\u00e9lix Ziem 1821-1911&lt;\/h2&gt;\" data-caption-desc=\"&lt;h3&gt;Venise,  la lune sur le grand canal\r\nHuile sur panneau\r\nSign\u00e9 en bas, \u00e0 droite\r\n28 x 56 cm\r\n\r\nBibliographie : Pierre Miquel, F\u00e9lix Ziem,  second volume du catalogue, Editions de la Martinelle, Maurs-la-Jolie, 1996, n\u00b0 2472, d\u00e9crit et reproduit.\r\n\r\nUn certificat du \u00ab\u00a0Comit\u00e9  F\u00e9lix Ziem\u00a0\u00bb du 10 juin  2016 sera remis \u00e0 l\u2019acqu\u00e9reur\r\n&lt;\/h3&gt;\">\n\t\t\t\t\t\t\t\t\t\t\t\t\t\t\t\t<img decoding=\"async\" src=\"https:\/\/www.cabinetmarechaux.com\/wp-content\/gallery-master\/thumbs-non-cropped\/IMG_4614.jpeg\" alt=\"F\u00e9lix Ziem\" image_full_path=\"https:\/\/www.cabinetmarechaux.com\/wp-content\/gallery-master\/original-images\/IMG_4614.jpeg\"  id=\"ux_gm_file_4301_363\" name=\"ux_gm_file\" \/>\n\t\t\t\t\t<\/a>\n\t\t\t\t<\/div>\n\t\t\t\t\t\t\t\t\t<div id=\"grid_content_item\" class=\"masonry_grid_content_item\">\n\t\t\t\t\t\t\t\t\t\t\t\t\t<div id=\"grid_single_text_title_4301_363\" class=\"masonry_grid_single_text_title\">\n\t\t\t\t\t\t\t\t<h3>\n\t\t\t\t\t\t\t\tF\u00e9lix Ziem 1821-1911\t\t\t\t\t\t\t\t<\/h3>\n\t\t\t\t\t\t\t<\/div>\n\t\t\t\t\t\t\t\t\t\t\t\t\t<div id=\"grid_single_text_desc_4301_363\" class=\"masonry_grid_single_text_desc\">\n\t\t\t\t\t\t\t<p>\n\t\t\t\t\t\t\tVenise,  la lune sur le grand canal\r\nHuile sur panneau\r\nSign\u00e9 en bas, \u00e0 droite\r\n28 x 56 cm\r\n\r\nBibliographie : Pierre Miquel, F\u00e9lix Ziem,  second volume du catalogue, Editions de la Martinelle, Maurs-la-Jolie, 1996, n\u00b0 2472, d\u00e9crit et reproduit.\r\n\r\nUn certificat du \u00ab\u00a0Comit\u00e9  F\u00e9lix Ziem\u00a0\u00bb du 10 juin  2016 sera remis \u00e0 l\u2019acqu\u00e9reur\r\n\t\t\t\t\t\t\t<\/p>\n\t\t\t\t\t\t<\/div>\n\t\t\t\t\t\t\t\t\t\t\t\t<\/div>\n\t\t\t\t\t\t\t\t<\/div>\n\t\t\t\t\t\t\t\t<div id=\"grid_wrapper_item_4301_364\" class=\"masonry_grid_wrapper_item gm_animate\" data-animate=\"fadeIn\"  data-duration=\"1.0s\" data-delay=\"0.1s\" data-offset=\"100\">\n\t\t\t\t\t<div id=\"grid_item_image_4301_364\" class=\"masonry_grid_item_image_4301 \">\n\t\t\t\t\t\t\t\t\t\t\t\t\t\t\t\t\t<a href=\"https:\/\/www.cabinetmarechaux.com\/wp-content\/gallery-master\/original-images\/IMG_1480.jpeg\" class=\"foobox\" target=\"\" rel=\"foobox_gallery_4301\"  data-caption-title=\"&lt;h2&gt;Constantin TERECHKOVITCH 1902-1978&lt;\/h2&gt;\" data-caption-desc=\"&lt;h3&gt;Bords de Seine, circa 1928-29\r\nHuile sur toile, sign\u00e9e en bas \u00e0 droite\r\n60 x 73 cm\r\n\r\nExposition : Galerie Ren\u00e9 Drouin, Paris, Rivages de France 1942\r\n\r\nNous remercions Madame France Terechkovitch de nous avoir confirm\u00e9 l\u2019authenticit\u00e9 de cette toile et de nous en avoir pr\u00e9ciser la localisation et la date.&lt;\/h3&gt;\">\n\t\t\t\t\t\t\t\t\t\t\t\t\t\t\t\t<img decoding=\"async\" src=\"https:\/\/www.cabinetmarechaux.com\/wp-content\/gallery-master\/thumbs-non-cropped\/IMG_1480.jpeg\" alt=\"Constantin TERECHKOVITCH 1902-1978\" image_full_path=\"https:\/\/www.cabinetmarechaux.com\/wp-content\/gallery-master\/original-images\/IMG_1480.jpeg\"  id=\"ux_gm_file_4301_364\" name=\"ux_gm_file\" \/>\n\t\t\t\t\t<\/a>\n\t\t\t\t<\/div>\n\t\t\t\t\t\t\t\t\t<div id=\"grid_content_item\" class=\"masonry_grid_content_item\">\n\t\t\t\t\t\t\t\t\t\t\t\t\t<div id=\"grid_single_text_title_4301_364\" class=\"masonry_grid_single_text_title\">\n\t\t\t\t\t\t\t\t<h3>\n\t\t\t\t\t\t\t\tConstantin TERECHKOVITCH 1902-1978\t\t\t\t\t\t\t\t<\/h3>\n\t\t\t\t\t\t\t<\/div>\n\t\t\t\t\t\t\t\t\t\t\t\t\t<div id=\"grid_single_text_desc_4301_364\" class=\"masonry_grid_single_text_desc\">\n\t\t\t\t\t\t\t<p>\n\t\t\t\t\t\t\tBords de Seine, circa 1928-29\r\nHuile sur toile, sign\u00e9e en bas \u00e0 droite\r\n60 x 73 cm\r\n\r\nExposition : Galerie Ren\u00e9 Drouin, Paris, Rivages de France 1942\r\n\r\nNous remercions Madame France Terechkovitch de nous avoir confirm\u00e9 l\u2019authenticit\u00e9 de cette toile et de nous en avoir pr\u00e9ciser la localisation et la date.\t\t\t\t\t\t\t<\/p>\n\t\t\t\t\t\t<\/div>\n\t\t\t\t\t\t\t\t\t\t\t\t<\/div>\n\t\t\t\t\t\t\t\t<\/div>\n\t\t\t\t\t\t\t\t<div id=\"grid_wrapper_item_4301_365\" class=\"masonry_grid_wrapper_item gm_animate\" data-animate=\"fadeIn\"  data-duration=\"1.0s\" data-delay=\"0.1s\" data-offset=\"100\">\n\t\t\t\t\t<div id=\"grid_item_image_4301_365\" class=\"masonry_grid_item_image_4301 \">\n\t\t\t\t\t\t\t\t\t\t\t\t\t\t\t\t\t<a href=\"https:\/\/www.cabinetmarechaux.com\/wp-content\/gallery-master\/original-images\/IMG_1470.jpeg\" class=\"foobox\" target=\"\" rel=\"foobox_gallery_4301\"  data-caption-title=\"&lt;h2&gt;Raoul DUFY 1877-1953&lt;\/h2&gt;\" data-caption-desc=\"&lt;h3&gt;Nature morte aux deux carafes et au melon - circa 1923\r\nAquarelle, porte une signature Raoul Dufy en bas \u00e0 droite\r\n43 x 53,5 cm\r\nImportantes mouillures\r\n\r\nProvenance : \r\n- Galerie Bernheim Jeune\r\n- Galerie Manteau, Bruxelles\r\n\r\nBibliographie : Fanny Guillon-Laffaille, Raoul Dufy, Catalogue Raisonn\u00e9e des aquarelles, gouaches et pastels, II, Editions Louis Carr\u00e9, &amp; Cie, Paris 1982, n\u00b01409, d\u00e9crit et reproduit&lt;\/h3&gt;\">\n\t\t\t\t\t\t\t\t\t\t\t\t\t\t\t\t<img decoding=\"async\" src=\"https:\/\/www.cabinetmarechaux.com\/wp-content\/gallery-master\/thumbs-non-cropped\/IMG_1470.jpeg\" alt=\"IMG_1470\" image_full_path=\"https:\/\/www.cabinetmarechaux.com\/wp-content\/gallery-master\/original-images\/IMG_1470.jpeg\"  id=\"ux_gm_file_4301_365\" name=\"ux_gm_file\" \/>\n\t\t\t\t\t<\/a>\n\t\t\t\t<\/div>\n\t\t\t\t\t\t\t\t\t<div id=\"grid_content_item\" class=\"masonry_grid_content_item\">\n\t\t\t\t\t\t\t\t\t\t\t\t\t<div id=\"grid_single_text_title_4301_365\" class=\"masonry_grid_single_text_title\">\n\t\t\t\t\t\t\t\t<h3>\n\t\t\t\t\t\t\t\tRaoul DUFY 1877-1953\t\t\t\t\t\t\t\t<\/h3>\n\t\t\t\t\t\t\t<\/div>\n\t\t\t\t\t\t\t\t\t\t\t\t\t<div id=\"grid_single_text_desc_4301_365\" class=\"masonry_grid_single_text_desc\">\n\t\t\t\t\t\t\t<p>\n\t\t\t\t\t\t\tNature morte aux deux carafes et au melon - circa 1923\r\nAquarelle, porte une signature Raoul Dufy en bas \u00e0 droite\r\n43 x 53,5 cm\r\nImportantes mouillures\r\n\r\nProvenance : \r\n- Galerie Bernheim Jeune\r\n- Galerie Manteau, Bruxelles\r\n\r\nBibliographie : Fanny Guillon-Laffaille, Raoul Dufy, Catalogue Raisonn\u00e9e des aquarelles, gouaches et pastels, II, Editions Louis Carr\u00e9, & Cie, Paris 1982, n\u00b01409, d\u00e9crit et reproduit\t\t\t\t\t\t\t<\/p>\n\t\t\t\t\t\t<\/div>\n\t\t\t\t\t\t\t\t\t\t\t\t<\/div>\n\t\t\t\t\t\t\t\t<\/div>\n\t\t\t\t\t<\/div>\n\t\t<\/div>\n\t<\/div>\n<\/div>\n\n","protected":false},"excerpt":{"rendered":"<p>Les ventes sont maintenues dans\u00a0les\u00a0conditions\u00a0habituelles\u00a0 &nbsp; &nbsp;<\/p>\n","protected":false},"author":1,"featured_media":2179,"template":"","meta":{"_monsterinsights_skip_tracking":false,"_monsterinsights_sitenote_active":false,"_monsterinsights_sitenote_note":"","_monsterinsights_sitenote_category":0,"ngg_post_thumbnail":0,"_tribe_events_status":"","_tribe_events_status_reason":"","footnotes":""},"tags":[],"tribe_events_cat":[10],"class_list":["post-2160","tribe_events","type-tribe_events","status-publish","has-post-thumbnail","hentry","tribe_events_cat-ventes","cat_ventes"],"yoast_head":"<!-- This site is optimized with the Yoast SEO plugin v20.10 - https:\/\/yoast.com\/wordpress\/plugins\/seo\/ -->\n<title>OSENAT VERSAILLES - Cabinet Mar\u00e9chaux<\/title>\n<meta name=\"robots\" content=\"index, follow, max-snippet:-1, max-image-preview:large, max-video-preview:-1\" \/>\n<link rel=\"canonical\" href=\"https:\/\/www.cabinetmarechaux.com\/index.php\/event\/osenat-versailles-2\/\" \/>\n<meta property=\"og:locale\" content=\"fr_FR\" \/>\n<meta property=\"og:type\" content=\"article\" \/>\n<meta property=\"og:title\" content=\"OSENAT VERSAILLES - Cabinet Mar\u00e9chaux\" \/>\n<meta property=\"og:description\" content=\"Les ventes sont maintenues dans\u00a0les\u00a0conditions\u00a0habituelles\u00a0 &nbsp; &nbsp;\" \/>\n<meta property=\"og:url\" content=\"https:\/\/www.cabinetmarechaux.com\/index.php\/event\/osenat-versailles-2\/\" \/>\n<meta property=\"og:site_name\" content=\"Cabinet Mar\u00e9chaux\" \/>\n<meta property=\"article:publisher\" content=\"https:\/\/www.facebook.com\/elisabethmarechaux\/?locale=fr_FR\" \/>\n<meta property=\"article:modified_time\" content=\"2021-03-22T08:51:46+00:00\" \/>\n<meta property=\"og:image\" content=\"https:\/\/www.cabinetmarechaux.com\/wp-content\/uploads\/2021\/03\/Marquet-Nm-violettes.jpeg\" \/>\n\t<meta property=\"og:image:width\" content=\"1488\" \/>\n\t<meta property=\"og:image:height\" content=\"1272\" \/>\n\t<meta property=\"og:image:type\" content=\"image\/jpeg\" \/>\n<meta name=\"twitter:card\" content=\"summary_large_image\" \/>\n<script type=\"application\/ld+json\" class=\"yoast-schema-graph\">{\"@context\":\"https:\/\/schema.org\",\"@graph\":[{\"@type\":\"WebPage\",\"@id\":\"https:\/\/www.cabinetmarechaux.com\/index.php\/event\/osenat-versailles-2\/\",\"url\":\"https:\/\/www.cabinetmarechaux.com\/index.php\/event\/osenat-versailles-2\/\",\"name\":\"OSENAT VERSAILLES - Cabinet Mar\u00e9chaux\",\"isPartOf\":{\"@id\":\"https:\/\/www.cabinetmarechaux.com\/#website\"},\"datePublished\":\"2021-03-09T09:43:29+00:00\",\"dateModified\":\"2021-03-22T08:51:46+00:00\",\"breadcrumb\":{\"@id\":\"https:\/\/www.cabinetmarechaux.com\/index.php\/event\/osenat-versailles-2\/#breadcrumb\"},\"inLanguage\":\"fr-FR\",\"potentialAction\":[{\"@type\":\"ReadAction\",\"target\":[\"https:\/\/www.cabinetmarechaux.com\/index.php\/event\/osenat-versailles-2\/\"]}]},{\"@type\":\"BreadcrumbList\",\"@id\":\"https:\/\/www.cabinetmarechaux.com\/index.php\/event\/osenat-versailles-2\/#breadcrumb\",\"itemListElement\":[{\"@type\":\"ListItem\",\"position\":1,\"name\":\"Accueil\",\"item\":\"https:\/\/www.cabinetmarechaux.com\/\"},{\"@type\":\"ListItem\",\"position\":2,\"name\":\"\u00c9v\u00e8nements\",\"item\":\"https:\/\/www.cabinetmarechaux.com\/index.php\/events\/\"},{\"@type\":\"ListItem\",\"position\":3,\"name\":\"OSENAT VERSAILLES\"}]},{\"@type\":\"WebSite\",\"@id\":\"https:\/\/www.cabinetmarechaux.com\/#website\",\"url\":\"https:\/\/www.cabinetmarechaux.com\/\",\"name\":\"Cabinet Mar\u00e9chaux\",\"description\":\"Expertise : tableaux, dessins, sculptures des XIXe et XXe si\u00e8cles\",\"publisher\":{\"@id\":\"https:\/\/www.cabinetmarechaux.com\/#organization\"},\"potentialAction\":[{\"@type\":\"SearchAction\",\"target\":{\"@type\":\"EntryPoint\",\"urlTemplate\":\"https:\/\/www.cabinetmarechaux.com\/?s={search_term_string}\"},\"query-input\":\"required name=search_term_string\"}],\"inLanguage\":\"fr-FR\"},{\"@type\":\"Organization\",\"@id\":\"https:\/\/www.cabinetmarechaux.com\/#organization\",\"name\":\"Cabinet Mar\u00e9chaux\",\"url\":\"https:\/\/www.cabinetmarechaux.com\/\",\"logo\":{\"@type\":\"ImageObject\",\"inLanguage\":\"fr-FR\",\"@id\":\"https:\/\/www.cabinetmarechaux.com\/#\/schema\/logo\/image\/\",\"url\":\"https:\/\/www.cabinetmarechaux.com\/wp-content\/uploads\/2023\/06\/cabinet-marechaux.jpg\",\"contentUrl\":\"https:\/\/www.cabinetmarechaux.com\/wp-content\/uploads\/2023\/06\/cabinet-marechaux.jpg\",\"width\":180,\"height\":180,\"caption\":\"Cabinet Mar\u00e9chaux\"},\"image\":{\"@id\":\"https:\/\/www.cabinetmarechaux.com\/#\/schema\/logo\/image\/\"},\"sameAs\":[\"https:\/\/www.facebook.com\/elisabethmarechaux\/?locale=fr_FR\",\"https:\/\/www.instagram.com\/cabinetmarechaux\/\"]}]}<\/script>\n<!-- \/ Yoast SEO plugin. -->","yoast_head_json":{"title":"OSENAT VERSAILLES - Cabinet Mar\u00e9chaux","robots":{"index":"index","follow":"follow","max-snippet":"max-snippet:-1","max-image-preview":"max-image-preview:large","max-video-preview":"max-video-preview:-1"},"canonical":"https:\/\/www.cabinetmarechaux.com\/index.php\/event\/osenat-versailles-2\/","og_locale":"fr_FR","og_type":"article","og_title":"OSENAT VERSAILLES - Cabinet Mar\u00e9chaux","og_description":"Les ventes sont maintenues dans\u00a0les\u00a0conditions\u00a0habituelles\u00a0 &nbsp; &nbsp;","og_url":"https:\/\/www.cabinetmarechaux.com\/index.php\/event\/osenat-versailles-2\/","og_site_name":"Cabinet Mar\u00e9chaux","article_publisher":"https:\/\/www.facebook.com\/elisabethmarechaux\/?locale=fr_FR","article_modified_time":"2021-03-22T08:51:46+00:00","og_image":[{"width":1488,"height":1272,"url":"https:\/\/www.cabinetmarechaux.com\/wp-content\/uploads\/2021\/03\/Marquet-Nm-violettes.jpeg","type":"image\/jpeg"}],"twitter_card":"summary_large_image","schema":{"@context":"https:\/\/schema.org","@graph":[{"@type":"WebPage","@id":"https:\/\/www.cabinetmarechaux.com\/index.php\/event\/osenat-versailles-2\/","url":"https:\/\/www.cabinetmarechaux.com\/index.php\/event\/osenat-versailles-2\/","name":"OSENAT VERSAILLES - Cabinet Mar\u00e9chaux","isPartOf":{"@id":"https:\/\/www.cabinetmarechaux.com\/#website"},"datePublished":"2021-03-09T09:43:29+00:00","dateModified":"2021-03-22T08:51:46+00:00","breadcrumb":{"@id":"https:\/\/www.cabinetmarechaux.com\/index.php\/event\/osenat-versailles-2\/#breadcrumb"},"inLanguage":"fr-FR","potentialAction":[{"@type":"ReadAction","target":["https:\/\/www.cabinetmarechaux.com\/index.php\/event\/osenat-versailles-2\/"]}]},{"@type":"BreadcrumbList","@id":"https:\/\/www.cabinetmarechaux.com\/index.php\/event\/osenat-versailles-2\/#breadcrumb","itemListElement":[{"@type":"ListItem","position":1,"name":"Accueil","item":"https:\/\/www.cabinetmarechaux.com\/"},{"@type":"ListItem","position":2,"name":"\u00c9v\u00e8nements","item":"https:\/\/www.cabinetmarechaux.com\/index.php\/events\/"},{"@type":"ListItem","position":3,"name":"OSENAT VERSAILLES"}]},{"@type":"WebSite","@id":"https:\/\/www.cabinetmarechaux.com\/#website","url":"https:\/\/www.cabinetmarechaux.com\/","name":"Cabinet Mar\u00e9chaux","description":"Expertise : tableaux, dessins, sculptures des XIXe et XXe si\u00e8cles","publisher":{"@id":"https:\/\/www.cabinetmarechaux.com\/#organization"},"potentialAction":[{"@type":"SearchAction","target":{"@type":"EntryPoint","urlTemplate":"https:\/\/www.cabinetmarechaux.com\/?s={search_term_string}"},"query-input":"required name=search_term_string"}],"inLanguage":"fr-FR"},{"@type":"Organization","@id":"https:\/\/www.cabinetmarechaux.com\/#organization","name":"Cabinet Mar\u00e9chaux","url":"https:\/\/www.cabinetmarechaux.com\/","logo":{"@type":"ImageObject","inLanguage":"fr-FR","@id":"https:\/\/www.cabinetmarechaux.com\/#\/schema\/logo\/image\/","url":"https:\/\/www.cabinetmarechaux.com\/wp-content\/uploads\/2023\/06\/cabinet-marechaux.jpg","contentUrl":"https:\/\/www.cabinetmarechaux.com\/wp-content\/uploads\/2023\/06\/cabinet-marechaux.jpg","width":180,"height":180,"caption":"Cabinet Mar\u00e9chaux"},"image":{"@id":"https:\/\/www.cabinetmarechaux.com\/#\/schema\/logo\/image\/"},"sameAs":["https:\/\/www.facebook.com\/elisabethmarechaux\/?locale=fr_FR","https:\/\/www.instagram.com\/cabinetmarechaux\/"]}]}},"_links":{"self":[{"href":"https:\/\/www.cabinetmarechaux.com\/index.php\/wp-json\/wp\/v2\/tribe_events\/2160","targetHints":{"allow":["GET"]}}],"collection":[{"href":"https:\/\/www.cabinetmarechaux.com\/index.php\/wp-json\/wp\/v2\/tribe_events"}],"about":[{"href":"https:\/\/www.cabinetmarechaux.com\/index.php\/wp-json\/wp\/v2\/types\/tribe_events"}],"author":[{"embeddable":true,"href":"https:\/\/www.cabinetmarechaux.com\/index.php\/wp-json\/wp\/v2\/users\/1"}],"version-history":[{"count":4,"href":"https:\/\/www.cabinetmarechaux.com\/index.php\/wp-json\/wp\/v2\/tribe_events\/2160\/revisions"}],"predecessor-version":[{"id":2220,"href":"https:\/\/www.cabinetmarechaux.com\/index.php\/wp-json\/wp\/v2\/tribe_events\/2160\/revisions\/2220"}],"wp:featuredmedia":[{"embeddable":true,"href":"https:\/\/www.cabinetmarechaux.com\/index.php\/wp-json\/wp\/v2\/media\/2179"}],"wp:attachment":[{"href":"https:\/\/www.cabinetmarechaux.com\/index.php\/wp-json\/wp\/v2\/media?parent=2160"}],"wp:term":[{"taxonomy":"post_tag","embeddable":true,"href":"https:\/\/www.cabinetmarechaux.com\/index.php\/wp-json\/wp\/v2\/tags?post=2160"},{"taxonomy":"tribe_events_cat","embeddable":true,"href":"https:\/\/www.cabinetmarechaux.com\/index.php\/wp-json\/wp\/v2\/tribe_events_cat?post=2160"}],"curies":[{"name":"wp","href":"https:\/\/api.w.org\/{rel}","templated":true}]}}