{"id":2280,"date":"2021-06-01T11:57:33","date_gmt":"2021-06-01T09:57:33","guid":{"rendered":"http:\/\/www.cabinetmarechaux.com\/?post_type=tribe_events&#038;p=2280"},"modified":"2021-06-01T11:57:33","modified_gmt":"2021-06-01T09:57:33","slug":"briscadieu-bordeaux-3","status":"publish","type":"tribe_events","link":"https:\/\/www.cabinetmarechaux.com\/index.php\/event\/briscadieu-bordeaux-3\/","title":{"rendered":"BRISCADIEU BORDEAUX"},"content":{"rendered":"<div id=\"3905\">\n\t<div id=\"gallery_master_main_container_3905\" class=\"gallery_master_main_container\">\n\t\t\t<style type=\"text\/css\">\n\t@import url('https:\/\/fonts.googleapis.com\/css?family=Lato%3A700');\r\n@import url('https:\/\/fonts.googleapis.com\/css?family=Lato%3A300');\r\n@import url('https:\/\/fonts.googleapis.com\/css?family=Lato%3A700');\r\n@import url('https:\/\/fonts.googleapis.com\/css?family=Lato%3A300');\r\n\t\t#gallery_master_main_container_3905\t\t{\n\t\t\tdirection: ltr !important;\n\t\t}\n\t\t.gb-filter-holder_3905\t\t{\n\t\t\ttext-align: left;\n\t\t}\n\t\t.ux_div_empty_search_results_3905\t\t{\n\t\t\tdisplay:none;\n\t\t\ttext-align:center !important;\n\t\t\tclear:both !important;\n\t\t}\n\t\t\t\t\t#gallery_master_main_container_3905\t\t\t\t{\n\t\t\t\t\tmax-width: 1040px !important;\n\t\t\t\ttext-align: left !important;\t\t\t\t}\n\t\t\t\t#gallery_title_container_3905 h2\t\t\t\t{\n\t\t\t\t\tline-height: 1.7 !important;\n\t\t\t\t\ttext-align: left!important;\n\t\t\t\t\tfont-size: 20px !important;\n\t\t\t\t\tcolor: #000000 !important;\n\t\t\t\t\tmargin: 10px 0px 10px 0px !important;\n\t\t\t\t\tpadding: 10px 0px 10px 0px !important;\n\t\t\t\t\tfont-family: 'Lato' !important;\r\n\tfont-weight: 700 !important;\t\t\t\t}\n\t\t\t\t#gallery_desc_container_3905 h3\t\t\t\t{\n\t\t\t\t\tline-height: 1.7 !important;\n\t\t\t\t\ttext-align: left !important;\n\t\t\t\t\tfont-size: 16px !important;\n\t\t\t\t\tcolor: #787D85 !important;\n\t\t\t\t\tmargin: 10px 0px 10px 0px !important;\n\t\t\t\t\tpadding: 0px 0px 10px 0px !important;\n\t\t\t\t\tfont-family: 'Lato' !important;\r\n\tfont-weight: 300 !important;\t\t\t\t}\n\t\t\t\t.masonry_grid_layout_container\n\t\t\t\t{\n\t\t\t\t\tclear:both !important;\n\t\t\t\t}\n\t\t\t\t.masonry_grid_wrapper_item\n\t\t\t\t{\n\t\t\t\t\t\t\t\t\t\tbackground: rgba(235,232,235,0.5) !important;\n\t\t\t\t\t\t\t\t\t\tmargin: 10px 10px 0px 0px !important;\n\t\t\t\t\tpadding: 0px 0px 0px 0px !important;\n\t\t\t\t\toverflow: hidden !important;\n\t\t\t\t\tbox-shadow: 0px 0px 0px 0px #000000!important;\n\t\t\t\t\t-webkit-box-shadow: 0px 0px 0px 0px #000000!important;\n\t\t\t\t\t-moz-box-shadow: 0px 0px 0px 0px #000000!important;\n\t\t\t\t}\n\t\t\t\t.masonry_grid_item_image_3905\t\t\t\t{\n\t\t\t\t\twidth: 250px !important;\n\t\t\t\t\topacity: 1 !important;\n\t\t\t\t}\n\t\t\t\t.masonry_grid_item_image_3905:hover\n\t\t\t\t{\n\t\t\t\t\ttransition: 1s !important;\n\t\t\t\t\ttransform: none !important;\n\t\t\t\t\t-ms-filter: none !important;\n\t\t\t\t\t-o-filter: none !important;\n\t\t\t\t\tfilter: none !important;\n\t\t\t\t\t-moz-filter: none !important;\n\t\t\t\t\t-webkit-filter: none !important;\n\t\t\t\t}\n\t\t\t\t.masonry_grid_item_image_3905 img\n\t\t\t\t{\n\t\t\t\t\tborder: 0px solid #cccccc !important;\n\t\t\t\t\tborder-radius: 0px !important;\n\t\t\t\t\t-webkit-border-radius: 0px !important;\n\t\t\t\t\t-moz-border-radius: 0px !important;\n\t\t\t\t\twidth: 250px !important;\n\t\t\t\t}\n\t\t\t\t.masonry_grid_content_item\n\t\t\t\t{\n\t\t\t\t\twidth: 250px !important;\n\t\t\t\t}\n\t\t\t\t.masonry_grid_single_text_title h3\t\t\t\t{\n\t\t\t\t\tline-height: 1.7 !important;\n\t\t\t\t\ttext-align: left !important;\n\t\t\t\t\tfont-size: 14px !important;\n\t\t\t\t\tcolor: #787D85 !important;\n\t\t\t\t\tmargin: 0px 5px 0px 5px !important;\n\t\t\t\t\tpadding: 10px 10px 10px 10px !important;\n\t\t\t\t\tfont-family: 'Lato' !important;\r\n\tfont-weight: 700 !important;\t\t\t\t}\n\t\t\t\t.masonry_grid_single_text_desc p\t\t\t\t{\n\t\t\t\t\tline-height: 1.7 !important;\n\t\t\t\t\ttext-align: left !important;\n\t\t\t\t\tfont-size: 12px !important;\n\t\t\t\t\tcolor: #787D85 !important;\n\t\t\t\t\tmargin: 0px 5px 0px 5px !important;\n\t\t\t\t\tpadding: 5px 10px 10px 5px !important;\n\t\t\t\t\tfont-family: 'Lato' !important;\r\n\tfont-weight: 300 !important;\t\t\t\t}\n\t\t\t\t\t\t\t\t.fbx-caption\n\t\t\t\t{\n\t\t\t\t\ttext-align: left !important;\n\t\t\t\t\tborder-bottom-left-radius: 5px !important;\n\t\t\t\t\tborder-bottom-right-radius: 5px !important;\n\t\t\t\t}\n\t\t\t\t.fbx-caption-title h2\t\t\t\t{\n\t\t\t\t\tline-height: 1.7em !important;\n\t\t\t\t\tdisplay: block!important;\n\t\t\t\t\ttext-align: left !important;\n\t\t\t\t\tfont-size: 16px !important;\n\t\t\t\t\tcolor : #ffffff !important;\n\t\t\t\t\tmargin: 10px 0px 10px 0px !important;\n\t\t\t\t\tpadding: 10px 10px 10px 10px !important;\n\t\t\t\t\tfont-family: 'Lato' !important;\r\n\tfont-weight: 700 !important;\t\t\t\t}\n\t\t\t\t.fbx-caption-desc h3\t\t\t\t{\n\t\t\t\t\tline-height: 1.7em !important;\n\t\t\t\t\tdisplay: block!important;\n\t\t\t\t\ttext-align: left !important;\n\t\t\t\t\tfont-size: 14px !important;\n\t\t\t\t\tcolor : #ffffff !important;\n\t\t\t\t\tmargin: 5px 0px 5px 0px !important;\n\t\t\t\t\tpadding: 20px 10px 10px 10px !important;\n\t\t\t\t\tfont-family: 'Lato' !important;\r\n\tfont-weight: 300 !important;\t\t\t\t}\n\t\t\t\t.fbx-modal\n\t\t\t\t{\n\t\t\t\t\t\t\t\t\t\tbackground-color: rgba(0,0,0,0.75) !important;\n\t\t\t\t\t\t\t\t\t}\n\t\t\t\t.fbx-inner\n\t\t\t\t{\n\t\t\t\t\tborder: 5px solid #ffffff !important;\n\t\t\t\t\t-webkit-border-radius: 5px !important;\n\t\t\t\t\t-moz-border-radius: 5px !important;\n\t\t\t\t\tborder-radius: 5px !important;\n\t\t\t\t}\n\t\t\t\t.fbx-item-image\n\t\t\t\t{\n\t\t\t\t\t-webkit-border-radius: 5px !important;\n\t\t\t\t\t-moz-border-radius: 5px !important;\n\t\t\t\t\tborder-radius: 5px !important;\n\t\t\t\t}\n\t\t\t\t\t<\/style>\n\t\t\t\t\t\t<div id=\"gallery_title_container_3905\" class=\"gallery_title_container\">\n\t\t\t\t\t\t<h2>\n\t\t\t\t\t\t\t5 juin\t\t\t\t\t\t<\/h2>\n\t\t\t\t\t<\/div>\n\t\t\t\t\t<script type=\"text\/javascript\">\n\tvar ajaxurl = \"https:\/\/www.cabinetmarechaux.com\/wp-admin\/admin-ajax.php\";\n\tvar global_options_right_click_protection = \"disable\";\n\tvar animation_effect = \"fadeIn\";\n\n\tif (typeof (call_gallery_master_layout_type_3905) !== \"function\")\n\t{\n\t\t\/**\n\t\t* This function is used for Layouts.\n\t\t*\/\n\t\tfunction call_gallery_master_layout_type_3905()\n\t\t{\n\t\t\t\t\t\t\t\t\tif (jQuery(\".masonry_grid_layout_container\").data('isotope'))\n\t\t\t\t\t\t{\n\t\t\t\t\t\t\tjQuery(\".masonry_grid_layout_container\").isotope('destroy');\n\t\t\t\t\t\t}\n\t\t\t\t\t\tjQuery(\".masonry_grid_layout_container\").imagesLoaded(function ()\n\t\t\t\t\t\t{\n\t\t\t\t\t\t\tjQuery(\".masonry_grid_layout_container\").isotope\n\t\t\t\t\t\t\t({\n\t\t\t\t\t\t\t\titemSelector: \".masonry_grid_wrapper_item\",\n\t\t\t\t\t\t\t\tlayoutMode: 'masonry',\n\t\t\t\t\t\t\t\tpercentPosition: true\n\t\t\t\t\t\t\t});\n\t\t\t\t\t\t\tjQuery(\".gm_animate\").scrolla_gb();\n\t\t\t\t\t\t});\n\t\t\t\t\t\t\t\t}\n\t}\n\tif (typeof (call_gallery_master_lightbox_3905) !== \"function\")\n\t{\n\t\t\/**\n\t\t* This function is used for Lightboxes.\n\t\t*\n\t\t* @param string lightbox_type .\n\t\t*\n\t\t*\/\n\t\tfunction call_gallery_master_lightbox_3905(lightbox_type)\n\t\t{\n\t\t\tswitch (lightbox_type)\n\t\t\t{\n\t\t\t\tcase \"foo_box_free_edition\":\n\t\t\t\t\t\t\t\t\t\t\tvar showCount_settings = true;\n\t\t\t\t\t\tvar closeOnOverlayClick = false;\n\t\t\t\t\t\tvar hideScrollbars = false;\n\t\t\t\t\t\tvar onlyShowOnHover = false;\n\t\t\t\t\t\t(function (FOOBOX, $)\n\t\t\t\t\t\t{\n\t\t\t\t\t\t\tFOOBOX.init = function () {\n\t\t\t\t\t\t\t\tFOOBOX.o = {\n\t\t\t\t\t\t\t\t\tshowCount: showCount_settings,\n\t\t\t\t\t\t\t\t\tcloseOnOverlayClick: closeOnOverlayClick,\n\t\t\t\t\t\t\t\t\thideScrollbars: hideScrollbars,\n\t\t\t\t\t\t\t\t\tcaptions:\n\t\t\t\t\t\t\t\t\t{\n\t\t\t\t\t\t\t\t\t\tonlyShowOnHover: onlyShowOnHover,\n\t\t\t\t\t\t\t\t\t\toverrideTitle: true,\n\t\t\t\t\t\t\t\t\t\ttitleSource: 'anchor',\n\t\t\t\t\t\t\t\t\t\toverrideDesc: true,\n\t\t\t\t\t\t\t\t\t\tdescSource: 'anchor'\n\t\t\t\t\t\t\t\t\t}\n\t\t\t\t\t\t\t\t};\n\t\t\t\t\t\t\t\t$(\".foobox\").foobox(FOOBOX.o);\n\t\t\t\t\t\t\t};\n\t\t\t\t\t\t}(window.FOOBOX = window.FOOBOX || {}, jQuery));\n\t\t\t\t\t\tjQuery(function ($)\n\t\t\t\t\t\t{\n\t\t\t\t\t\t\tFOOBOX.init();\n\t\t\t\t\t\t});\n\t\t\t\t\t\t\t\t\t\t\tbreak;\n\t\t\t}\n\t\t}\n\t}\n\tjQuery(document).ready(function ()\n\t{\n\t\tif (animation_effect !== \"none\")\n\t\t{\n\t\t\tjQuery(\".gm_animate\").scrolla_gb();\n\t\t}\n\t\tif (global_options_right_click_protection === \"enable\") {\n\t\t\tjQuery(\"#gallery_master_main_container_3905\").on(\"contextmenu\", function (e)\n\t\t\t{\n\t\t\t\treturn false;\n\t\t\t});\n\t\t}\n\t\tcall_gallery_master_layout_type_3905();\n\t\tcall_gallery_master_lightbox_3905(\"foo_box_free_edition\");\n});\n<\/script>\n\t\t\t\t<div id=\"grid_layout_container_3905\">\n\t\t\t\t<div id=\"control_container_3905\" class=\"masonry_grid_layout_container\">\n\t\t\t\t\t<div id=\"grid_wrapper_item_3905_404\" class=\"masonry_grid_wrapper_item gm_animate\" data-animate=\"fadeIn\"  data-duration=\"1.0s\" data-delay=\"0.1s\" data-offset=\"100\">\n\t\t\t\t\t<div id=\"grid_item_image_3905_404\" class=\"masonry_grid_item_image_3905 \">\n\t\t\t\t\t\t\t\t\t\t\t\t\t\t\t\t\t<a href=\"https:\/\/www.cabinetmarechaux.com\/wp-content\/gallery-master\/original-images\/IMG_3295.jpeg\" class=\"foobox\" target=\"\" rel=\"foobox_gallery_3905\"  data-caption-title=\"&lt;h2&gt;Jean-Fran\u00e7ois RAFFA\u00cbLLI (1850-1924)&lt;\/h2&gt;\" data-caption-desc=\"&lt;h3&gt;Boulevard anim\u00e9 au printemps, Paris.\r\nHuile sur toile, sign\u00e9e en bas \u00e0 droite.\r\n64,5 x 81 cm.\r\n\r\nProvenance : \r\nCollection Alfred Reginald Allen, USA.\r\nGalerie Richard Green, Londres.\r\nCollection particuli\u00e8re, Paris, acquis du pr\u00e9c\u00e9dent en 1981.\r\n\r\n\u00ab J&#039;aime les villes, ces agglom\u00e9rations de monuments anciens et de logis humains, ces concentrations de foules terribles, qui se dissolvent si souvent en innocentes fl\u00e2neries. J&#039;aime mes semblables, qui s&#039;agitent comme moi, dans cette m\u00eal\u00e9e, avec les m\u00eames passions, et qui sont \u00e0 la recherche du m\u00eame bonheur incertain.() J&#039;ai tressailli de toutes les douleurs et de toutes les joies qui animent toujours ce peuple de bourgeois, d&#039;ouvriers, de femmes, d&#039;enfants, de mis\u00e9rables vou\u00e9s \u00e0 la peine de chaque jour, qui acceptent fi\u00e8rement le sort.\r\n\r\nAi-je mis, sans programme, et de toute mon ardeur d&#039;homme, et d&#039;humain, un peu de ce tressaillement dans des oeuvres d&#039;artistes, depuis les champs noirs de la banlieue jusqu&#039;aux avenues ombrag\u00e9es et fleuries de la ville ? C&#039;est toute l&#039;ambition que j&#039;avoue ici et qui a remplac\u00e9, aussi vive, aussi br\u00fblante, la flamme d&#039;enthousiasme de la jeunesse. \u00bb J.-F. Raffaelli, Paris 10 juin 1909 (extrait de la pr\u00e9face de l&#039;exposition Galeries Georges Petit en 1909).\r\n\r\nEn 1895, Jean-Fran\u00e7ois Raffa\u00eblli fait le premier de ses deux voyages en Am\u00e9rique, o\u00f9 il est invit\u00e9 par l&#039;American Art Association au vernissage d&#039;une grande exposition de ses oeuvres et \u00e0 donner une conf\u00e9rence. Le succ\u00e8s est tel, qu&#039;il restera cinq mois outre-atlantique et donnera quatorze conf\u00e9rences, en anglais, appris pour l&#039;occasion ! Lors de son second voyage en 1899, Raffa\u00eblli participe, \u00e0 l&#039;invitation du Carnegie Institute \u00e0 un jury international. L&#039;artiste en profite pour pr\u00e9senter quelques tableaux, dessins et gravures aux Galeries Durand-Ruel \u00e0 New York en d\u00e9cembre, exposition qui tournera ensuite \u00e0 Boston, Chicago et Philadelphie. Alfred Reginald Allen (1876-1918) c\u00e9l\u00e8bre neurochirurgien de Pennsylvanie a vraisemblablement acquis cette oeuvre lors de l&#039;une de ces expositions.&lt;\/h3&gt;\">\n\t\t\t\t\t\t\t\t\t\t\t\t\t\t\t\t<img decoding=\"async\" src=\"https:\/\/www.cabinetmarechaux.com\/wp-content\/gallery-master\/thumbs-non-cropped\/IMG_3295.jpeg\" alt=\"Jean-Fran\u00e7ois RAFFA\u00cbLLI (1850-1924)\" image_full_path=\"https:\/\/www.cabinetmarechaux.com\/wp-content\/gallery-master\/original-images\/IMG_3295.jpeg\"  id=\"ux_gm_file_3905_404\" name=\"ux_gm_file\" \/>\n\t\t\t\t\t<\/a>\n\t\t\t\t<\/div>\n\t\t\t\t\t\t\t\t\t<div id=\"grid_content_item\" class=\"masonry_grid_content_item\">\n\t\t\t\t\t\t\t\t\t\t\t\t\t<div id=\"grid_single_text_title_3905_404\" class=\"masonry_grid_single_text_title\">\n\t\t\t\t\t\t\t\t<h3>\n\t\t\t\t\t\t\t\tJean-Fran\u00e7ois RAFFA\u00cbLLI (1850-1924)\t\t\t\t\t\t\t\t<\/h3>\n\t\t\t\t\t\t\t<\/div>\n\t\t\t\t\t\t\t\t\t\t\t\t\t<div id=\"grid_single_text_desc_3905_404\" class=\"masonry_grid_single_text_desc\">\n\t\t\t\t\t\t\t<p>\n\t\t\t\t\t\t\tBoulevard anim\u00e9 au printemps, Paris.\r\nHuile sur toile, sign\u00e9e en bas \u00e0 droite.\r\n64,5 x 81 cm.\r\n\r\nProvenance : \r\nCollection Alfred Reginald Allen, USA.\r\nGalerie Richard Green, Londres.\r\nCollection particuli\u00e8re, Paris, acquis du pr\u00e9c\u00e9dent en 1981.\r\n\r\n\u00ab J&#039;aime les villes, ces agglom\u00e9rations de monuments anciens et de logis humains, ces concentrations de foules terribles, qui se dissolvent si souvent en innocentes fl\u00e2neries. J&#039;aime mes semblables, qui s&#039;agitent comme moi, dans cette m\u00eal\u00e9e, avec les m\u00eames passions, et qui sont \u00e0 la recherche du m\u00eame bonheur incertain.() J&#039;ai tressailli de toutes les douleurs et de toutes les joies qui animent toujours ce peuple de bourgeois, d&#039;ouvriers, de femmes, d&#039;enfants, de mis\u00e9rables vou\u00e9s \u00e0 la peine de chaque jour, qui acceptent fi\u00e8rement le sort.\r\n\r\nAi-je mis, sans programme, et de toute mon ardeur d&#039;homme, et d&#039;humain, un peu de ce tressaillement dans des oeuvres d&#039;artistes, depuis les champs noirs de la banlieue jusqu&#039;aux avenues ombrag\u00e9es et fleuries de la ville ? C&#039;est toute l&#039;ambition que j&#039;avoue ici et qui a remplac\u00e9, aussi vive, aussi br\u00fblante, la flamme d&#039;enthousiasme de la jeunesse. \u00bb J.-F. Raffaelli, Paris 10 juin 1909 (extrait de la pr\u00e9face de l&#039;exposition Galeries Georges Petit en 1909).\r\n\r\nEn 1895, Jean-Fran\u00e7ois Raffa\u00eblli fait le premier de ses deux voyages en Am\u00e9rique, o\u00f9 il est invit\u00e9 par l&#039;American Art Association au vernissage d&#039;une grande exposition de ses oeuvres et \u00e0 donner une conf\u00e9rence. Le succ\u00e8s est tel, qu&#039;il restera cinq mois outre-atlantique et donnera quatorze conf\u00e9rences, en anglais, appris pour l&#039;occasion ! Lors de son second voyage en 1899, Raffa\u00eblli participe, \u00e0 l&#039;invitation du Carnegie Institute \u00e0 un jury international. L&#039;artiste en profite pour pr\u00e9senter quelques tableaux, dessins et gravures aux Galeries Durand-Ruel \u00e0 New York en d\u00e9cembre, exposition qui tournera ensuite \u00e0 Boston, Chicago et Philadelphie. Alfred Reginald Allen (1876-1918) c\u00e9l\u00e8bre neurochirurgien de Pennsylvanie a vraisemblablement acquis cette oeuvre lors de l&#039;une de ces expositions.\t\t\t\t\t\t\t<\/p>\n\t\t\t\t\t\t<\/div>\n\t\t\t\t\t\t\t\t\t\t\t\t<\/div>\n\t\t\t\t\t\t\t\t<\/div>\n\t\t\t\t\t\t\t\t<div id=\"grid_wrapper_item_3905_405\" class=\"masonry_grid_wrapper_item gm_animate\" data-animate=\"fadeIn\"  data-duration=\"1.0s\" data-delay=\"0.1s\" data-offset=\"100\">\n\t\t\t\t\t<div id=\"grid_item_image_3905_405\" class=\"masonry_grid_item_image_3905 \">\n\t\t\t\t\t\t\t\t\t\t\t\t\t\t\t\t\t<a href=\"https:\/\/www.cabinetmarechaux.com\/wp-content\/gallery-master\/original-images\/DSC3288.jpeg\" class=\"foobox\" target=\"\" rel=\"foobox_gallery_3905\"  data-caption-title=\"&lt;h2&gt;Santiago RUSI\u00d1OL (1861-1931)&lt;\/h2&gt;\" data-caption-desc=\"&lt;h3&gt;Vue de Girona.\r\nHuile sur toile, sign\u00e9e en bas \u00e0 gauche.\r\n78 x 104,5 cm\r\n(Accident en bas \u00e0 gauche et manque de mati\u00e8re sur la bordure droite et au milieu).\r\n\r\n\r\nSantiago Rusi\u00f1ol, est n\u00e9 \u00e0 Barcelone en 1861 dans une riche famille de l&#039;industrie textile. En 1889, il abandonne tout et part \u00e0 Paris pour se consacrer \u00e0 la peinture. Il retrouve ses compatriotes Ramon Casas et Miguel Utrillo \u00e0 Montmartre lors de ce premier s\u00e9jour parisien. Apr\u00e8s des sujets naturalistes, Rusi\u00f1ol se tourne vers le symbolisme, influenc\u00e9 par Whistler, il repr\u00e9sente un temps des femmes solitaires m\u00e9lancoliques dans un int\u00e9rieur avant de devenir le peintre des jardins d\u00e9serts. Rusi\u00f1ol est l&#039;un des repr\u00e9sentants du Modernisme catalan, il fr\u00e9quente et anime le c\u00e9l\u00e8bre cabaret Els Quatre Gats \u00e0 Barcelone. L&#039;artiste ne se limite pas \u00e0 la peinture, il est \u00e9galement \u00e9crivain, dramaturge et collectionneur.\r\n\r\n\r\nEntre 1908 et 1929, Rusi\u00f1ol fait de fr\u00e9quents s\u00e9jours \u00e0 G\u00e9rone. Nous datons notre tableau de 1911 gr\u00e2ce \u00e0 la photographie de l&#039;artiste r\u00e9alisant cette toile m\u00eame sur les rives de l&#039;Onyar, la rivi\u00e8re qui travers le centre ville de G\u00e9rone. Cette photographie nous a \u00e9t\u00e9 confi\u00e9e par Madame Mercedes Palau-Ribes O&#039;Callaghan que nous remercions.&lt;\/h3&gt;\">\n\t\t\t\t\t\t\t\t\t\t\t\t\t\t\t\t<img decoding=\"async\" src=\"https:\/\/www.cabinetmarechaux.com\/wp-content\/gallery-master\/thumbs-non-cropped\/DSC3288.jpeg\" alt=\"Santiago RUSI\u00d1OL (1861-1931)\" image_full_path=\"https:\/\/www.cabinetmarechaux.com\/wp-content\/gallery-master\/original-images\/DSC3288.jpeg\"  id=\"ux_gm_file_3905_405\" name=\"ux_gm_file\" \/>\n\t\t\t\t\t<\/a>\n\t\t\t\t<\/div>\n\t\t\t\t\t\t\t\t\t<div id=\"grid_content_item\" class=\"masonry_grid_content_item\">\n\t\t\t\t\t\t\t\t\t\t\t\t\t<div id=\"grid_single_text_title_3905_405\" class=\"masonry_grid_single_text_title\">\n\t\t\t\t\t\t\t\t<h3>\n\t\t\t\t\t\t\t\tSantiago RUSI\u00d1OL (1861-1931)\t\t\t\t\t\t\t\t<\/h3>\n\t\t\t\t\t\t\t<\/div>\n\t\t\t\t\t\t\t\t\t\t\t\t\t<div id=\"grid_single_text_desc_3905_405\" class=\"masonry_grid_single_text_desc\">\n\t\t\t\t\t\t\t<p>\n\t\t\t\t\t\t\tVue de Girona.\r\nHuile sur toile, sign\u00e9e en bas \u00e0 gauche.\r\n78 x 104,5 cm\r\n(Accident en bas \u00e0 gauche et manque de mati\u00e8re sur la bordure droite et au milieu).\r\n\r\n\r\nSantiago Rusi\u00f1ol, est n\u00e9 \u00e0 Barcelone en 1861 dans une riche famille de l&#039;industrie textile. En 1889, il abandonne tout et part \u00e0 Paris pour se consacrer \u00e0 la peinture. Il retrouve ses compatriotes Ramon Casas et Miguel Utrillo \u00e0 Montmartre lors de ce premier s\u00e9jour parisien. Apr\u00e8s des sujets naturalistes, Rusi\u00f1ol se tourne vers le symbolisme, influenc\u00e9 par Whistler, il repr\u00e9sente un temps des femmes solitaires m\u00e9lancoliques dans un int\u00e9rieur avant de devenir le peintre des jardins d\u00e9serts. Rusi\u00f1ol est l&#039;un des repr\u00e9sentants du Modernisme catalan, il fr\u00e9quente et anime le c\u00e9l\u00e8bre cabaret Els Quatre Gats \u00e0 Barcelone. L&#039;artiste ne se limite pas \u00e0 la peinture, il est \u00e9galement \u00e9crivain, dramaturge et collectionneur.\r\n\r\n\r\nEntre 1908 et 1929, Rusi\u00f1ol fait de fr\u00e9quents s\u00e9jours \u00e0 G\u00e9rone. Nous datons notre tableau de 1911 gr\u00e2ce \u00e0 la photographie de l&#039;artiste r\u00e9alisant cette toile m\u00eame sur les rives de l&#039;Onyar, la rivi\u00e8re qui travers le centre ville de G\u00e9rone. Cette photographie nous a \u00e9t\u00e9 confi\u00e9e par Madame Mercedes Palau-Ribes O&#039;Callaghan que nous remercions.\t\t\t\t\t\t\t<\/p>\n\t\t\t\t\t\t<\/div>\n\t\t\t\t\t\t\t\t\t\t\t\t<\/div>\n\t\t\t\t\t\t\t\t<\/div>\n\t\t\t\t\t\t\t\t<div id=\"grid_wrapper_item_3905_406\" class=\"masonry_grid_wrapper_item gm_animate\" data-animate=\"fadeIn\"  data-duration=\"1.0s\" data-delay=\"0.1s\" data-offset=\"100\">\n\t\t\t\t\t<div id=\"grid_item_image_3905_406\" class=\"masonry_grid_item_image_3905 \">\n\t\t\t\t\t\t\t\t\t\t\t\t\t\t\t\t\t<a href=\"https:\/\/www.cabinetmarechaux.com\/wp-content\/gallery-master\/original-images\/lot-2-1.jpeg\" class=\"foobox\" target=\"\" rel=\"foobox_gallery_3905\"  data-caption-title=\"&lt;h2&gt;Robert Antoine PINCHON (1886-1943)&lt;\/h2&gt;\" data-caption-desc=\"&lt;h3&gt;Vue d&#039;Etretat.\r\nHuile sur toile sign\u00e9e en bas \u00e0 droite.\r\n49 x 59,5 cm.&lt;\/h3&gt;\">\n\t\t\t\t\t\t\t\t\t\t\t\t\t\t\t\t<img decoding=\"async\" src=\"https:\/\/www.cabinetmarechaux.com\/wp-content\/gallery-master\/thumbs-non-cropped\/lot-2-1.jpeg\" alt=\"Robert Antoine PINCHON (1886-1943)\" image_full_path=\"https:\/\/www.cabinetmarechaux.com\/wp-content\/gallery-master\/original-images\/lot-2-1.jpeg\"  id=\"ux_gm_file_3905_406\" name=\"ux_gm_file\" \/>\n\t\t\t\t\t<\/a>\n\t\t\t\t<\/div>\n\t\t\t\t\t\t\t\t\t<div id=\"grid_content_item\" class=\"masonry_grid_content_item\">\n\t\t\t\t\t\t\t\t\t\t\t\t\t<div id=\"grid_single_text_title_3905_406\" class=\"masonry_grid_single_text_title\">\n\t\t\t\t\t\t\t\t<h3>\n\t\t\t\t\t\t\t\tRobert Antoine PINCHON (1886-1943)\t\t\t\t\t\t\t\t<\/h3>\n\t\t\t\t\t\t\t<\/div>\n\t\t\t\t\t\t\t\t\t\t\t\t\t<div id=\"grid_single_text_desc_3905_406\" class=\"masonry_grid_single_text_desc\">\n\t\t\t\t\t\t\t<p>\n\t\t\t\t\t\t\tVue d&#039;Etretat.\r\nHuile sur toile sign\u00e9e en bas \u00e0 droite.\r\n49 x 59,5 cm.\t\t\t\t\t\t\t<\/p>\n\t\t\t\t\t\t<\/div>\n\t\t\t\t\t\t\t\t\t\t\t\t<\/div>\n\t\t\t\t\t\t\t\t<\/div>\n\t\t\t\t\t\t\t\t<div id=\"grid_wrapper_item_3905_407\" class=\"masonry_grid_wrapper_item gm_animate\" data-animate=\"fadeIn\"  data-duration=\"1.0s\" data-delay=\"0.1s\" data-offset=\"100\">\n\t\t\t\t\t<div id=\"grid_item_image_3905_407\" class=\"masonry_grid_item_image_3905 \">\n\t\t\t\t\t\t\t\t\t\t\t\t\t\t\t\t\t<a href=\"https:\/\/www.cabinetmarechaux.com\/wp-content\/gallery-master\/original-images\/lot-4.jpeg\" class=\"foobox\" target=\"\" rel=\"foobox_gallery_3905\"  data-caption-title=\"&lt;h2&gt;Jean-Francis AUBURTIN (1866-1930)&lt;\/h2&gt;\" data-caption-desc=\"&lt;h3&gt;La maison \u00e0 Varengeville, fin de journ\u00e9e.\r\nGouache, sign\u00e9e du monogramme en bas \u00e0 gauche.\r\n50 x 66,5 cm (\u00e0 vue).\r\n\r\nProvenance :\r\n- Vente atelier JF Auburtin, Ma\u00eetre Pierre Cornette de Saint-Cyr, nouveau Drouot,\r\nsalle n\u00b016, 10 juin 1985, n\u00b037, d\u00e9crit.\r\n- Galerie Les Or\u00e9ades, Toulouse.&lt;\/h3&gt;\">\n\t\t\t\t\t\t\t\t\t\t\t\t\t\t\t\t<img decoding=\"async\" src=\"https:\/\/www.cabinetmarechaux.com\/wp-content\/gallery-master\/thumbs-non-cropped\/lot-4.jpeg\" alt=\"Jean-Francis AUBURTIN (1866-1930)\" image_full_path=\"https:\/\/www.cabinetmarechaux.com\/wp-content\/gallery-master\/original-images\/lot-4.jpeg\"  id=\"ux_gm_file_3905_407\" name=\"ux_gm_file\" \/>\n\t\t\t\t\t<\/a>\n\t\t\t\t<\/div>\n\t\t\t\t\t\t\t\t\t<div id=\"grid_content_item\" class=\"masonry_grid_content_item\">\n\t\t\t\t\t\t\t\t\t\t\t\t\t<div id=\"grid_single_text_title_3905_407\" class=\"masonry_grid_single_text_title\">\n\t\t\t\t\t\t\t\t<h3>\n\t\t\t\t\t\t\t\tJean-Francis AUBURTIN (1866-1930)\t\t\t\t\t\t\t\t<\/h3>\n\t\t\t\t\t\t\t<\/div>\n\t\t\t\t\t\t\t\t\t\t\t\t\t<div id=\"grid_single_text_desc_3905_407\" class=\"masonry_grid_single_text_desc\">\n\t\t\t\t\t\t\t<p>\n\t\t\t\t\t\t\tLa maison \u00e0 Varengeville, fin de journ\u00e9e.\r\nGouache, sign\u00e9e du monogramme en bas \u00e0 gauche.\r\n50 x 66,5 cm (\u00e0 vue).\r\n\r\nProvenance :\r\n- Vente atelier JF Auburtin, Ma\u00eetre Pierre Cornette de Saint-Cyr, nouveau Drouot,\r\nsalle n\u00b016, 10 juin 1985, n\u00b037, d\u00e9crit.\r\n- Galerie Les Or\u00e9ades, Toulouse.\t\t\t\t\t\t\t<\/p>\n\t\t\t\t\t\t<\/div>\n\t\t\t\t\t\t\t\t\t\t\t\t<\/div>\n\t\t\t\t\t\t\t\t<\/div>\n\t\t\t\t\t\t\t\t<div id=\"grid_wrapper_item_3905_408\" class=\"masonry_grid_wrapper_item gm_animate\" data-animate=\"fadeIn\"  data-duration=\"1.0s\" data-delay=\"0.1s\" data-offset=\"100\">\n\t\t\t\t\t<div id=\"grid_item_image_3905_408\" class=\"masonry_grid_item_image_3905 \">\n\t\t\t\t\t\t\t\t\t\t\t\t\t\t\t\t\t<a href=\"https:\/\/www.cabinetmarechaux.com\/wp-content\/gallery-master\/original-images\/lot-1-1.jpeg\" class=\"foobox\" target=\"\" rel=\"foobox_gallery_3905\"  data-caption-title=\"&lt;h2&gt;Jean-Francis AUBURTIN (1866-1930)&lt;\/h2&gt;\" data-caption-desc=\"&lt;h3&gt;Vue de l&#039;aiguille d&#039;Etretat entre les falaises.\r\nGouache, sign\u00e9e du monogramme en bas \u00e0 gauche.\r\n50 x 66,5 cm (\u00e0 vue).\r\n\r\nProvenance :\r\n- Vente atelier JF Auburtin, Ma\u00eetre Pierre Cornette de Saint-Cyr, nouveau Drouot, salle n\u00b016, 10 juin 1985, n\u00b0111, d\u00e9crit et reproduit\r\n- Galerie Les Or\u00e9ades, Toulouse&lt;\/h3&gt;\">\n\t\t\t\t\t\t\t\t\t\t\t\t\t\t\t\t<img decoding=\"async\" src=\"https:\/\/www.cabinetmarechaux.com\/wp-content\/gallery-master\/thumbs-non-cropped\/lot-1-1.jpeg\" alt=\"Jean-Francis AUBURTIN (1866-1930)\" image_full_path=\"https:\/\/www.cabinetmarechaux.com\/wp-content\/gallery-master\/original-images\/lot-1-1.jpeg\"  id=\"ux_gm_file_3905_408\" name=\"ux_gm_file\" \/>\n\t\t\t\t\t<\/a>\n\t\t\t\t<\/div>\n\t\t\t\t\t\t\t\t\t<div id=\"grid_content_item\" class=\"masonry_grid_content_item\">\n\t\t\t\t\t\t\t\t\t\t\t\t\t<div id=\"grid_single_text_title_3905_408\" class=\"masonry_grid_single_text_title\">\n\t\t\t\t\t\t\t\t<h3>\n\t\t\t\t\t\t\t\tJean-Francis AUBURTIN (1866-1930)\t\t\t\t\t\t\t\t<\/h3>\n\t\t\t\t\t\t\t<\/div>\n\t\t\t\t\t\t\t\t\t\t\t\t\t<div id=\"grid_single_text_desc_3905_408\" class=\"masonry_grid_single_text_desc\">\n\t\t\t\t\t\t\t<p>\n\t\t\t\t\t\t\tVue de l&#039;aiguille d&#039;Etretat entre les falaises.\r\nGouache, sign\u00e9e du monogramme en bas \u00e0 gauche.\r\n50 x 66,5 cm (\u00e0 vue).\r\n\r\nProvenance :\r\n- Vente atelier JF Auburtin, Ma\u00eetre Pierre Cornette de Saint-Cyr, nouveau Drouot, salle n\u00b016, 10 juin 1985, n\u00b0111, d\u00e9crit et reproduit\r\n- Galerie Les Or\u00e9ades, Toulouse\t\t\t\t\t\t\t<\/p>\n\t\t\t\t\t\t<\/div>\n\t\t\t\t\t\t\t\t\t\t\t\t<\/div>\n\t\t\t\t\t\t\t\t<\/div>\n\t\t\t\t\t\t\t\t<div id=\"grid_wrapper_item_3905_409\" class=\"masonry_grid_wrapper_item gm_animate\" data-animate=\"fadeIn\"  data-duration=\"1.0s\" data-delay=\"0.1s\" data-offset=\"100\">\n\t\t\t\t\t<div id=\"grid_item_image_3905_409\" class=\"masonry_grid_item_image_3905 \">\n\t\t\t\t\t\t\t\t\t\t\t\t\t\t\t\t\t<a href=\"https:\/\/www.cabinetmarechaux.com\/wp-content\/gallery-master\/original-images\/IMG_3300.jpeg\" class=\"foobox\" target=\"\" rel=\"foobox_gallery_3905\"  data-caption-title=\"&lt;h2&gt;GEORGES SABBAGH (1887-1951)&lt;\/h2&gt;\" data-caption-desc=\"&lt;h3&gt;Chantier naval au Caire, Ile de Rodah.\r\nHuile sur toile, sign\u00e9e en bas \u00e0 droite.\r\n21,5 x 27 cm.\r\n\r\nBibliographie : Georges Sabbagh, Mus\u00e9e Municipal de Boulogne-Billancourt, Edition de l&#039;Albatros, 1990, reproduit n\u00b0109, p. 122.&lt;\/h3&gt;\">\n\t\t\t\t\t\t\t\t\t\t\t\t\t\t\t\t<img decoding=\"async\" src=\"https:\/\/www.cabinetmarechaux.com\/wp-content\/gallery-master\/thumbs-non-cropped\/IMG_3300.jpeg\" alt=\"GEORGES SABBAGH (1887-1951)\" image_full_path=\"https:\/\/www.cabinetmarechaux.com\/wp-content\/gallery-master\/original-images\/IMG_3300.jpeg\"  id=\"ux_gm_file_3905_409\" name=\"ux_gm_file\" \/>\n\t\t\t\t\t<\/a>\n\t\t\t\t<\/div>\n\t\t\t\t\t\t\t\t\t<div id=\"grid_content_item\" class=\"masonry_grid_content_item\">\n\t\t\t\t\t\t\t\t\t\t\t\t\t<div id=\"grid_single_text_title_3905_409\" class=\"masonry_grid_single_text_title\">\n\t\t\t\t\t\t\t\t<h3>\n\t\t\t\t\t\t\t\tGEORGES SABBAGH (1887-1951)\t\t\t\t\t\t\t\t<\/h3>\n\t\t\t\t\t\t\t<\/div>\n\t\t\t\t\t\t\t\t\t\t\t\t\t<div id=\"grid_single_text_desc_3905_409\" class=\"masonry_grid_single_text_desc\">\n\t\t\t\t\t\t\t<p>\n\t\t\t\t\t\t\tChantier naval au Caire, Ile de Rodah.\r\nHuile sur toile, sign\u00e9e en bas \u00e0 droite.\r\n21,5 x 27 cm.\r\n\r\nBibliographie : Georges Sabbagh, Mus\u00e9e Municipal de Boulogne-Billancourt, Edition de l&#039;Albatros, 1990, reproduit n\u00b0109, p. 122.\t\t\t\t\t\t\t<\/p>\n\t\t\t\t\t\t<\/div>\n\t\t\t\t\t\t\t\t\t\t\t\t<\/div>\n\t\t\t\t\t\t\t\t<\/div>\n\t\t\t\t\t<\/div>\n\t\t<\/div>\n\t<\/div>\n<\/div>\n\n","protected":false},"excerpt":{"rendered":"","protected":false},"author":1,"featured_media":2281,"template":"","meta":{"_monsterinsights_skip_tracking":false,"_monsterinsights_sitenote_active":false,"_monsterinsights_sitenote_note":"","_monsterinsights_sitenote_category":0,"ngg_post_thumbnail":0,"_tribe_events_status":"","_tribe_events_status_reason":"","footnotes":""},"tags":[],"tribe_events_cat":[],"class_list":["post-2280","tribe_events","type-tribe_events","status-publish","has-post-thumbnail","hentry"],"yoast_head":"<!-- This site is optimized with the Yoast SEO plugin v20.10 - https:\/\/yoast.com\/wordpress\/plugins\/seo\/ -->\n<title>BRISCADIEU BORDEAUX - Cabinet Mar\u00e9chaux<\/title>\n<meta name=\"robots\" content=\"index, follow, max-snippet:-1, max-image-preview:large, max-video-preview:-1\" \/>\n<link rel=\"canonical\" href=\"https:\/\/www.cabinetmarechaux.com\/index.php\/event\/briscadieu-bordeaux-3\/\" \/>\n<meta property=\"og:locale\" content=\"fr_FR\" \/>\n<meta property=\"og:type\" content=\"article\" \/>\n<meta property=\"og:title\" content=\"BRISCADIEU BORDEAUX - Cabinet Mar\u00e9chaux\" \/>\n<meta property=\"og:url\" content=\"https:\/\/www.cabinetmarechaux.com\/index.php\/event\/briscadieu-bordeaux-3\/\" \/>\n<meta property=\"og:site_name\" content=\"Cabinet Mar\u00e9chaux\" \/>\n<meta property=\"article:publisher\" content=\"https:\/\/www.facebook.com\/elisabethmarechaux\/?locale=fr_FR\" \/>\n<meta property=\"og:image\" content=\"https:\/\/www.cabinetmarechaux.com\/wp-content\/uploads\/2021\/06\/IMG_3295.jpeg\" \/>\n\t<meta property=\"og:image:width\" content=\"2493\" \/>\n\t<meta property=\"og:image:height\" content=\"2004\" \/>\n\t<meta property=\"og:image:type\" content=\"image\/jpeg\" \/>\n<meta name=\"twitter:card\" content=\"summary_large_image\" \/>\n<script type=\"application\/ld+json\" class=\"yoast-schema-graph\">{\"@context\":\"https:\/\/schema.org\",\"@graph\":[{\"@type\":\"WebPage\",\"@id\":\"https:\/\/www.cabinetmarechaux.com\/index.php\/event\/briscadieu-bordeaux-3\/\",\"url\":\"https:\/\/www.cabinetmarechaux.com\/index.php\/event\/briscadieu-bordeaux-3\/\",\"name\":\"BRISCADIEU BORDEAUX - Cabinet Mar\u00e9chaux\",\"isPartOf\":{\"@id\":\"https:\/\/www.cabinetmarechaux.com\/#website\"},\"datePublished\":\"2021-06-01T09:57:33+00:00\",\"dateModified\":\"2021-06-01T09:57:33+00:00\",\"breadcrumb\":{\"@id\":\"https:\/\/www.cabinetmarechaux.com\/index.php\/event\/briscadieu-bordeaux-3\/#breadcrumb\"},\"inLanguage\":\"fr-FR\",\"potentialAction\":[{\"@type\":\"ReadAction\",\"target\":[\"https:\/\/www.cabinetmarechaux.com\/index.php\/event\/briscadieu-bordeaux-3\/\"]}]},{\"@type\":\"BreadcrumbList\",\"@id\":\"https:\/\/www.cabinetmarechaux.com\/index.php\/event\/briscadieu-bordeaux-3\/#breadcrumb\",\"itemListElement\":[{\"@type\":\"ListItem\",\"position\":1,\"name\":\"Accueil\",\"item\":\"https:\/\/www.cabinetmarechaux.com\/\"},{\"@type\":\"ListItem\",\"position\":2,\"name\":\"\u00c9v\u00e8nements\",\"item\":\"https:\/\/www.cabinetmarechaux.com\/index.php\/events\/\"},{\"@type\":\"ListItem\",\"position\":3,\"name\":\"BRISCADIEU BORDEAUX\"}]},{\"@type\":\"WebSite\",\"@id\":\"https:\/\/www.cabinetmarechaux.com\/#website\",\"url\":\"https:\/\/www.cabinetmarechaux.com\/\",\"name\":\"Cabinet Mar\u00e9chaux\",\"description\":\"Expertise : tableaux, dessins, sculptures des XIXe et XXe si\u00e8cles\",\"publisher\":{\"@id\":\"https:\/\/www.cabinetmarechaux.com\/#organization\"},\"potentialAction\":[{\"@type\":\"SearchAction\",\"target\":{\"@type\":\"EntryPoint\",\"urlTemplate\":\"https:\/\/www.cabinetmarechaux.com\/?s={search_term_string}\"},\"query-input\":\"required name=search_term_string\"}],\"inLanguage\":\"fr-FR\"},{\"@type\":\"Organization\",\"@id\":\"https:\/\/www.cabinetmarechaux.com\/#organization\",\"name\":\"Cabinet Mar\u00e9chaux\",\"url\":\"https:\/\/www.cabinetmarechaux.com\/\",\"logo\":{\"@type\":\"ImageObject\",\"inLanguage\":\"fr-FR\",\"@id\":\"https:\/\/www.cabinetmarechaux.com\/#\/schema\/logo\/image\/\",\"url\":\"https:\/\/www.cabinetmarechaux.com\/wp-content\/uploads\/2023\/06\/cabinet-marechaux.jpg\",\"contentUrl\":\"https:\/\/www.cabinetmarechaux.com\/wp-content\/uploads\/2023\/06\/cabinet-marechaux.jpg\",\"width\":180,\"height\":180,\"caption\":\"Cabinet Mar\u00e9chaux\"},\"image\":{\"@id\":\"https:\/\/www.cabinetmarechaux.com\/#\/schema\/logo\/image\/\"},\"sameAs\":[\"https:\/\/www.facebook.com\/elisabethmarechaux\/?locale=fr_FR\",\"https:\/\/www.instagram.com\/cabinetmarechaux\/\"]}]}<\/script>\n<!-- \/ Yoast SEO plugin. -->","yoast_head_json":{"title":"BRISCADIEU BORDEAUX - Cabinet Mar\u00e9chaux","robots":{"index":"index","follow":"follow","max-snippet":"max-snippet:-1","max-image-preview":"max-image-preview:large","max-video-preview":"max-video-preview:-1"},"canonical":"https:\/\/www.cabinetmarechaux.com\/index.php\/event\/briscadieu-bordeaux-3\/","og_locale":"fr_FR","og_type":"article","og_title":"BRISCADIEU BORDEAUX - Cabinet Mar\u00e9chaux","og_url":"https:\/\/www.cabinetmarechaux.com\/index.php\/event\/briscadieu-bordeaux-3\/","og_site_name":"Cabinet Mar\u00e9chaux","article_publisher":"https:\/\/www.facebook.com\/elisabethmarechaux\/?locale=fr_FR","og_image":[{"width":2493,"height":2004,"url":"https:\/\/www.cabinetmarechaux.com\/wp-content\/uploads\/2021\/06\/IMG_3295.jpeg","type":"image\/jpeg"}],"twitter_card":"summary_large_image","schema":{"@context":"https:\/\/schema.org","@graph":[{"@type":"WebPage","@id":"https:\/\/www.cabinetmarechaux.com\/index.php\/event\/briscadieu-bordeaux-3\/","url":"https:\/\/www.cabinetmarechaux.com\/index.php\/event\/briscadieu-bordeaux-3\/","name":"BRISCADIEU BORDEAUX - Cabinet Mar\u00e9chaux","isPartOf":{"@id":"https:\/\/www.cabinetmarechaux.com\/#website"},"datePublished":"2021-06-01T09:57:33+00:00","dateModified":"2021-06-01T09:57:33+00:00","breadcrumb":{"@id":"https:\/\/www.cabinetmarechaux.com\/index.php\/event\/briscadieu-bordeaux-3\/#breadcrumb"},"inLanguage":"fr-FR","potentialAction":[{"@type":"ReadAction","target":["https:\/\/www.cabinetmarechaux.com\/index.php\/event\/briscadieu-bordeaux-3\/"]}]},{"@type":"BreadcrumbList","@id":"https:\/\/www.cabinetmarechaux.com\/index.php\/event\/briscadieu-bordeaux-3\/#breadcrumb","itemListElement":[{"@type":"ListItem","position":1,"name":"Accueil","item":"https:\/\/www.cabinetmarechaux.com\/"},{"@type":"ListItem","position":2,"name":"\u00c9v\u00e8nements","item":"https:\/\/www.cabinetmarechaux.com\/index.php\/events\/"},{"@type":"ListItem","position":3,"name":"BRISCADIEU BORDEAUX"}]},{"@type":"WebSite","@id":"https:\/\/www.cabinetmarechaux.com\/#website","url":"https:\/\/www.cabinetmarechaux.com\/","name":"Cabinet Mar\u00e9chaux","description":"Expertise : tableaux, dessins, sculptures des XIXe et XXe si\u00e8cles","publisher":{"@id":"https:\/\/www.cabinetmarechaux.com\/#organization"},"potentialAction":[{"@type":"SearchAction","target":{"@type":"EntryPoint","urlTemplate":"https:\/\/www.cabinetmarechaux.com\/?s={search_term_string}"},"query-input":"required name=search_term_string"}],"inLanguage":"fr-FR"},{"@type":"Organization","@id":"https:\/\/www.cabinetmarechaux.com\/#organization","name":"Cabinet Mar\u00e9chaux","url":"https:\/\/www.cabinetmarechaux.com\/","logo":{"@type":"ImageObject","inLanguage":"fr-FR","@id":"https:\/\/www.cabinetmarechaux.com\/#\/schema\/logo\/image\/","url":"https:\/\/www.cabinetmarechaux.com\/wp-content\/uploads\/2023\/06\/cabinet-marechaux.jpg","contentUrl":"https:\/\/www.cabinetmarechaux.com\/wp-content\/uploads\/2023\/06\/cabinet-marechaux.jpg","width":180,"height":180,"caption":"Cabinet Mar\u00e9chaux"},"image":{"@id":"https:\/\/www.cabinetmarechaux.com\/#\/schema\/logo\/image\/"},"sameAs":["https:\/\/www.facebook.com\/elisabethmarechaux\/?locale=fr_FR","https:\/\/www.instagram.com\/cabinetmarechaux\/"]}]}},"_links":{"self":[{"href":"https:\/\/www.cabinetmarechaux.com\/index.php\/wp-json\/wp\/v2\/tribe_events\/2280","targetHints":{"allow":["GET"]}}],"collection":[{"href":"https:\/\/www.cabinetmarechaux.com\/index.php\/wp-json\/wp\/v2\/tribe_events"}],"about":[{"href":"https:\/\/www.cabinetmarechaux.com\/index.php\/wp-json\/wp\/v2\/types\/tribe_events"}],"author":[{"embeddable":true,"href":"https:\/\/www.cabinetmarechaux.com\/index.php\/wp-json\/wp\/v2\/users\/1"}],"version-history":[{"count":1,"href":"https:\/\/www.cabinetmarechaux.com\/index.php\/wp-json\/wp\/v2\/tribe_events\/2280\/revisions"}],"predecessor-version":[{"id":2282,"href":"https:\/\/www.cabinetmarechaux.com\/index.php\/wp-json\/wp\/v2\/tribe_events\/2280\/revisions\/2282"}],"wp:featuredmedia":[{"embeddable":true,"href":"https:\/\/www.cabinetmarechaux.com\/index.php\/wp-json\/wp\/v2\/media\/2281"}],"wp:attachment":[{"href":"https:\/\/www.cabinetmarechaux.com\/index.php\/wp-json\/wp\/v2\/media?parent=2280"}],"wp:term":[{"taxonomy":"post_tag","embeddable":true,"href":"https:\/\/www.cabinetmarechaux.com\/index.php\/wp-json\/wp\/v2\/tags?post=2280"},{"taxonomy":"tribe_events_cat","embeddable":true,"href":"https:\/\/www.cabinetmarechaux.com\/index.php\/wp-json\/wp\/v2\/tribe_events_cat?post=2280"}],"curies":[{"name":"wp","href":"https:\/\/api.w.org\/{rel}","templated":true}]}}