{"id":2298,"date":"2021-06-14T12:29:34","date_gmt":"2021-06-14T10:29:34","guid":{"rendered":"http:\/\/www.cabinetmarechaux.com\/?post_type=tribe_events&#038;p=2298"},"modified":"2021-06-14T12:30:57","modified_gmt":"2021-06-14T10:30:57","slug":"chateau-de-vayres-a-saint-georges-les-baillargeaux-86222","status":"publish","type":"tribe_events","link":"https:\/\/www.cabinetmarechaux.com\/index.php\/event\/chateau-de-vayres-a-saint-georges-les-baillargeaux-86222\/","title":{"rendered":"Ch\u00e2teau de Vayres \u00e0 Saint-Georges-les-Baillargeaux (86222) SARL Sabourin"},"content":{"rendered":"<div class=\"\">\n<table cellspacing=\"0\" cellpadding=\"0\">\n<tbody class=\"\">\n<tr class=\"\">\n<td class=\"\" valign=\"top\">\n<div class=\"\"><span class=\"\" style=\"color: #000000; font-family: Times;\">Frank O\u2019MEARA<\/span><\/div>\n<div class=\"\"><span class=\"\" style=\"color: #000000; font-family: Times;\">(1853-1888)<\/span><\/div>\n<\/td>\n<\/tr>\n<\/tbody>\n<\/table>\n<p><span class=\"\" style=\"color: #000000; font-family: Times;\"><i class=\"\">Jeune femme lisant en sous-bois<\/i><\/span><\/p>\n<\/div>\n<div class=\"\"><span class=\"\" style=\"color: #000000; font-family: Times;\">Huile sur toile, d\u00e9dicac\u00e9e et sign\u00e9e \u00ab\u00a0A l\u2019Ami Sal\u2026\u00a0<\/span><\/div>\n<div class=\"\"><span class=\"\" style=\"color: #000000; font-family: Times;\">Souvenir d\u2019O\u2019Meara\u00a0\u00bb en bas \u00e0 gauche.<\/span><\/div>\n<div class=\"\"><span class=\"\" style=\"color: #000000; font-family: Times;\">32,5 x 46 cm<\/span><\/div>\n<div><\/div>\n<div>\n<div class=\"\"><span class=\"\" style=\"font-size: large;\">Frank O\u2019MEARA na\u00eet \u00e0 Carlow (Irlande) en 1853. A 19 ans, il part \u00e9tudier \u00a0\u00e0 Paris et entre dans l\u2019atelier de Carolus-Duran. Apr\u00e8s avoir visit\u00e9 Barbizon, il d\u00e9couvre, avec d\u2019autres apprentis de l\u2019atelier,\u00a0Grez-sur-Loing pr\u00e8s de Fontainebleau \u00a0et s\u2019y \u00e9tablit en 1875.\u00a0Frank O&rsquo;Meara est avec son ami John Lavery une des figures centrales de\u00a0la colonie d\u2019artistes am\u00e9ricains, anglais et irlandais de Grez. \u00a0Il y restera jusqu\u2019\u00e0 la fin pr\u00e9matur\u00e9e de sa vie en 1888, \u00e0 l\u2019exception de quelques voyages dans sa ville natale, \u00e0 Paris ou \u00e0 Glascow. Il peint en plein air, souvent une figure solitaire,\u00a0ses oeuvres sont assez po\u00e9tiques et m\u00e9lancoliques.\u00a0<\/span><\/div>\n<div class=\"\"><span class=\"\" style=\"font-size: large;\">\u00a0<\/span><\/div>\n<div class=\"\"><span class=\"\" style=\"font-size: large;\">Notre tableau est\u00a0probablement d\u00e9dicac\u00e9 \u00e0 Rodolphe Salis; \u00a0avant d\u2019\u00eatre le fondateur du c\u00e9l\u00e8bre cabaret du Chat Noir, \u00a0l\u2019enfant de\u00a0Ch\u00e2tellerault \u00e9tait parti \u00e0 Paris suivre les cours de l\u2019Ecole des \u00a0Beaux-Arts,\u00a0peintre de paysages, nous le retrouvons en 1875-76 \u00e0\u00a0Grez-sur-Loing avec Frank O\u2019Meara.<\/span><\/div>\n<\/div>\n","protected":false},"excerpt":{"rendered":"<p>Frank O\u2019MEARA (1853-1888) Jeune femme lisant en sous-bois Huile sur toile, d\u00e9dicac\u00e9e et sign\u00e9e \u00ab\u00a0A l\u2019Ami Sal\u2026\u00a0 Souvenir d\u2019O\u2019Meara\u00a0\u00bb en bas \u00e0 gauche. 32,5 x 46 cm Frank O\u2019MEARA na\u00eet &hellip; <\/p>\n<p class=\"link-more\"><a href=\"https:\/\/www.cabinetmarechaux.com\/index.php\/event\/chateau-de-vayres-a-saint-georges-les-baillargeaux-86222\/\" class=\"more-link\">Lire la suite de<span class=\"screen-reader-text\">\u00ab\u00a0Ch\u00e2teau de Vayres \u00e0 Saint-Georges-les-Baillargeaux (86222) SARL Sabourin\u00a0\u00bb<\/span><\/a><\/p>\n","protected":false},"author":1,"featured_media":2300,"template":"","meta":{"_monsterinsights_skip_tracking":false,"_monsterinsights_sitenote_active":false,"_monsterinsights_sitenote_note":"","_monsterinsights_sitenote_category":0,"ngg_post_thumbnail":0,"_tribe_events_status":"","_tribe_events_status_reason":"","footnotes":""},"tags":[],"tribe_events_cat":[],"class_list":["post-2298","tribe_events","type-tribe_events","status-publish","has-post-thumbnail","hentry"],"yoast_head":"<!-- This site is optimized with the Yoast SEO plugin v20.10 - https:\/\/yoast.com\/wordpress\/plugins\/seo\/ -->\n<title>Ch\u00e2teau de Vayres \u00e0 Saint-Georges-les-Baillargeaux (86222) SARL Sabourin - Cabinet Mar\u00e9chaux<\/title>\n<meta name=\"robots\" content=\"index, follow, max-snippet:-1, max-image-preview:large, max-video-preview:-1\" \/>\n<link rel=\"canonical\" href=\"https:\/\/www.cabinetmarechaux.com\/index.php\/event\/chateau-de-vayres-a-saint-georges-les-baillargeaux-86222\/\" \/>\n<meta property=\"og:locale\" content=\"fr_FR\" \/>\n<meta property=\"og:type\" content=\"article\" \/>\n<meta property=\"og:title\" content=\"Ch\u00e2teau de Vayres \u00e0 Saint-Georges-les-Baillargeaux (86222) SARL Sabourin - Cabinet Mar\u00e9chaux\" \/>\n<meta property=\"og:description\" content=\"Frank O\u2019MEARA (1853-1888) Jeune femme lisant en sous-bois Huile sur toile, d\u00e9dicac\u00e9e et sign\u00e9e \u00ab\u00a0A l\u2019Ami Sal\u2026\u00a0 Souvenir d\u2019O\u2019Meara\u00a0\u00bb en bas \u00e0 gauche. 32,5 x 46 cm Frank O\u2019MEARA na\u00eet &hellip; Lire la suite de\u00ab\u00a0Ch\u00e2teau de Vayres \u00e0 Saint-Georges-les-Baillargeaux (86222) SARL Sabourin\u00a0\u00bb\" \/>\n<meta property=\"og:url\" content=\"https:\/\/www.cabinetmarechaux.com\/index.php\/event\/chateau-de-vayres-a-saint-georges-les-baillargeaux-86222\/\" \/>\n<meta property=\"og:site_name\" content=\"Cabinet Mar\u00e9chaux\" \/>\n<meta property=\"article:publisher\" content=\"https:\/\/www.facebook.com\/elisabethmarechaux\/?locale=fr_FR\" \/>\n<meta property=\"article:modified_time\" content=\"2021-06-14T10:30:57+00:00\" \/>\n<meta property=\"og:image\" content=\"https:\/\/www.cabinetmarechaux.com\/wp-content\/uploads\/2021\/06\/DSC0318-scaled.jpg\" \/>\n\t<meta property=\"og:image:width\" content=\"2560\" \/>\n\t<meta property=\"og:image:height\" content=\"1782\" \/>\n\t<meta property=\"og:image:type\" content=\"image\/jpeg\" \/>\n<meta name=\"twitter:card\" content=\"summary_large_image\" \/>\n<meta name=\"twitter:label1\" content=\"Dur\u00e9e de lecture estim\u00e9e\" \/>\n\t<meta name=\"twitter:data1\" content=\"1 minute\" \/>\n<script type=\"application\/ld+json\" class=\"yoast-schema-graph\">{\"@context\":\"https:\/\/schema.org\",\"@graph\":[{\"@type\":\"WebPage\",\"@id\":\"https:\/\/www.cabinetmarechaux.com\/index.php\/event\/chateau-de-vayres-a-saint-georges-les-baillargeaux-86222\/\",\"url\":\"https:\/\/www.cabinetmarechaux.com\/index.php\/event\/chateau-de-vayres-a-saint-georges-les-baillargeaux-86222\/\",\"name\":\"Ch\u00e2teau de Vayres \u00e0 Saint-Georges-les-Baillargeaux (86222) SARL Sabourin - Cabinet Mar\u00e9chaux\",\"isPartOf\":{\"@id\":\"https:\/\/www.cabinetmarechaux.com\/#website\"},\"datePublished\":\"2021-06-14T10:29:34+00:00\",\"dateModified\":\"2021-06-14T10:30:57+00:00\",\"breadcrumb\":{\"@id\":\"https:\/\/www.cabinetmarechaux.com\/index.php\/event\/chateau-de-vayres-a-saint-georges-les-baillargeaux-86222\/#breadcrumb\"},\"inLanguage\":\"fr-FR\",\"potentialAction\":[{\"@type\":\"ReadAction\",\"target\":[\"https:\/\/www.cabinetmarechaux.com\/index.php\/event\/chateau-de-vayres-a-saint-georges-les-baillargeaux-86222\/\"]}]},{\"@type\":\"BreadcrumbList\",\"@id\":\"https:\/\/www.cabinetmarechaux.com\/index.php\/event\/chateau-de-vayres-a-saint-georges-les-baillargeaux-86222\/#breadcrumb\",\"itemListElement\":[{\"@type\":\"ListItem\",\"position\":1,\"name\":\"Accueil\",\"item\":\"https:\/\/www.cabinetmarechaux.com\/\"},{\"@type\":\"ListItem\",\"position\":2,\"name\":\"\u00c9v\u00e8nements\",\"item\":\"https:\/\/www.cabinetmarechaux.com\/index.php\/events\/\"},{\"@type\":\"ListItem\",\"position\":3,\"name\":\"Ch\u00e2teau de Vayres \u00e0 Saint-Georges-les-Baillargeaux (86222) SARL Sabourin\"}]},{\"@type\":\"WebSite\",\"@id\":\"https:\/\/www.cabinetmarechaux.com\/#website\",\"url\":\"https:\/\/www.cabinetmarechaux.com\/\",\"name\":\"Cabinet Mar\u00e9chaux\",\"description\":\"Expertise : tableaux, dessins, sculptures des XIXe et XXe si\u00e8cles\",\"publisher\":{\"@id\":\"https:\/\/www.cabinetmarechaux.com\/#organization\"},\"potentialAction\":[{\"@type\":\"SearchAction\",\"target\":{\"@type\":\"EntryPoint\",\"urlTemplate\":\"https:\/\/www.cabinetmarechaux.com\/?s={search_term_string}\"},\"query-input\":\"required name=search_term_string\"}],\"inLanguage\":\"fr-FR\"},{\"@type\":\"Organization\",\"@id\":\"https:\/\/www.cabinetmarechaux.com\/#organization\",\"name\":\"Cabinet Mar\u00e9chaux\",\"url\":\"https:\/\/www.cabinetmarechaux.com\/\",\"logo\":{\"@type\":\"ImageObject\",\"inLanguage\":\"fr-FR\",\"@id\":\"https:\/\/www.cabinetmarechaux.com\/#\/schema\/logo\/image\/\",\"url\":\"https:\/\/www.cabinetmarechaux.com\/wp-content\/uploads\/2023\/06\/cabinet-marechaux.jpg\",\"contentUrl\":\"https:\/\/www.cabinetmarechaux.com\/wp-content\/uploads\/2023\/06\/cabinet-marechaux.jpg\",\"width\":180,\"height\":180,\"caption\":\"Cabinet Mar\u00e9chaux\"},\"image\":{\"@id\":\"https:\/\/www.cabinetmarechaux.com\/#\/schema\/logo\/image\/\"},\"sameAs\":[\"https:\/\/www.facebook.com\/elisabethmarechaux\/?locale=fr_FR\",\"https:\/\/www.instagram.com\/cabinetmarechaux\/\"]}]}<\/script>\n<!-- \/ Yoast SEO plugin. -->","yoast_head_json":{"title":"Ch\u00e2teau de Vayres \u00e0 Saint-Georges-les-Baillargeaux (86222) SARL Sabourin - Cabinet Mar\u00e9chaux","robots":{"index":"index","follow":"follow","max-snippet":"max-snippet:-1","max-image-preview":"max-image-preview:large","max-video-preview":"max-video-preview:-1"},"canonical":"https:\/\/www.cabinetmarechaux.com\/index.php\/event\/chateau-de-vayres-a-saint-georges-les-baillargeaux-86222\/","og_locale":"fr_FR","og_type":"article","og_title":"Ch\u00e2teau de Vayres \u00e0 Saint-Georges-les-Baillargeaux (86222) SARL Sabourin - Cabinet Mar\u00e9chaux","og_description":"Frank O\u2019MEARA (1853-1888) Jeune femme lisant en sous-bois Huile sur toile, d\u00e9dicac\u00e9e et sign\u00e9e \u00ab\u00a0A l\u2019Ami Sal\u2026\u00a0 Souvenir d\u2019O\u2019Meara\u00a0\u00bb en bas \u00e0 gauche. 32,5 x 46 cm Frank O\u2019MEARA na\u00eet &hellip; Lire la suite de\u00ab\u00a0Ch\u00e2teau de Vayres \u00e0 Saint-Georges-les-Baillargeaux (86222) SARL Sabourin\u00a0\u00bb","og_url":"https:\/\/www.cabinetmarechaux.com\/index.php\/event\/chateau-de-vayres-a-saint-georges-les-baillargeaux-86222\/","og_site_name":"Cabinet Mar\u00e9chaux","article_publisher":"https:\/\/www.facebook.com\/elisabethmarechaux\/?locale=fr_FR","article_modified_time":"2021-06-14T10:30:57+00:00","og_image":[{"width":2560,"height":1782,"url":"https:\/\/www.cabinetmarechaux.com\/wp-content\/uploads\/2021\/06\/DSC0318-scaled.jpg","type":"image\/jpeg"}],"twitter_card":"summary_large_image","twitter_misc":{"Dur\u00e9e de lecture estim\u00e9e":"1 minute"},"schema":{"@context":"https:\/\/schema.org","@graph":[{"@type":"WebPage","@id":"https:\/\/www.cabinetmarechaux.com\/index.php\/event\/chateau-de-vayres-a-saint-georges-les-baillargeaux-86222\/","url":"https:\/\/www.cabinetmarechaux.com\/index.php\/event\/chateau-de-vayres-a-saint-georges-les-baillargeaux-86222\/","name":"Ch\u00e2teau de Vayres \u00e0 Saint-Georges-les-Baillargeaux (86222) SARL Sabourin - Cabinet Mar\u00e9chaux","isPartOf":{"@id":"https:\/\/www.cabinetmarechaux.com\/#website"},"datePublished":"2021-06-14T10:29:34+00:00","dateModified":"2021-06-14T10:30:57+00:00","breadcrumb":{"@id":"https:\/\/www.cabinetmarechaux.com\/index.php\/event\/chateau-de-vayres-a-saint-georges-les-baillargeaux-86222\/#breadcrumb"},"inLanguage":"fr-FR","potentialAction":[{"@type":"ReadAction","target":["https:\/\/www.cabinetmarechaux.com\/index.php\/event\/chateau-de-vayres-a-saint-georges-les-baillargeaux-86222\/"]}]},{"@type":"BreadcrumbList","@id":"https:\/\/www.cabinetmarechaux.com\/index.php\/event\/chateau-de-vayres-a-saint-georges-les-baillargeaux-86222\/#breadcrumb","itemListElement":[{"@type":"ListItem","position":1,"name":"Accueil","item":"https:\/\/www.cabinetmarechaux.com\/"},{"@type":"ListItem","position":2,"name":"\u00c9v\u00e8nements","item":"https:\/\/www.cabinetmarechaux.com\/index.php\/events\/"},{"@type":"ListItem","position":3,"name":"Ch\u00e2teau de Vayres \u00e0 Saint-Georges-les-Baillargeaux (86222) SARL Sabourin"}]},{"@type":"WebSite","@id":"https:\/\/www.cabinetmarechaux.com\/#website","url":"https:\/\/www.cabinetmarechaux.com\/","name":"Cabinet Mar\u00e9chaux","description":"Expertise : tableaux, dessins, sculptures des XIXe et XXe si\u00e8cles","publisher":{"@id":"https:\/\/www.cabinetmarechaux.com\/#organization"},"potentialAction":[{"@type":"SearchAction","target":{"@type":"EntryPoint","urlTemplate":"https:\/\/www.cabinetmarechaux.com\/?s={search_term_string}"},"query-input":"required name=search_term_string"}],"inLanguage":"fr-FR"},{"@type":"Organization","@id":"https:\/\/www.cabinetmarechaux.com\/#organization","name":"Cabinet Mar\u00e9chaux","url":"https:\/\/www.cabinetmarechaux.com\/","logo":{"@type":"ImageObject","inLanguage":"fr-FR","@id":"https:\/\/www.cabinetmarechaux.com\/#\/schema\/logo\/image\/","url":"https:\/\/www.cabinetmarechaux.com\/wp-content\/uploads\/2023\/06\/cabinet-marechaux.jpg","contentUrl":"https:\/\/www.cabinetmarechaux.com\/wp-content\/uploads\/2023\/06\/cabinet-marechaux.jpg","width":180,"height":180,"caption":"Cabinet Mar\u00e9chaux"},"image":{"@id":"https:\/\/www.cabinetmarechaux.com\/#\/schema\/logo\/image\/"},"sameAs":["https:\/\/www.facebook.com\/elisabethmarechaux\/?locale=fr_FR","https:\/\/www.instagram.com\/cabinetmarechaux\/"]}]}},"_links":{"self":[{"href":"https:\/\/www.cabinetmarechaux.com\/index.php\/wp-json\/wp\/v2\/tribe_events\/2298","targetHints":{"allow":["GET"]}}],"collection":[{"href":"https:\/\/www.cabinetmarechaux.com\/index.php\/wp-json\/wp\/v2\/tribe_events"}],"about":[{"href":"https:\/\/www.cabinetmarechaux.com\/index.php\/wp-json\/wp\/v2\/types\/tribe_events"}],"author":[{"embeddable":true,"href":"https:\/\/www.cabinetmarechaux.com\/index.php\/wp-json\/wp\/v2\/users\/1"}],"version-history":[{"count":3,"href":"https:\/\/www.cabinetmarechaux.com\/index.php\/wp-json\/wp\/v2\/tribe_events\/2298\/revisions"}],"predecessor-version":[{"id":2302,"href":"https:\/\/www.cabinetmarechaux.com\/index.php\/wp-json\/wp\/v2\/tribe_events\/2298\/revisions\/2302"}],"wp:featuredmedia":[{"embeddable":true,"href":"https:\/\/www.cabinetmarechaux.com\/index.php\/wp-json\/wp\/v2\/media\/2300"}],"wp:attachment":[{"href":"https:\/\/www.cabinetmarechaux.com\/index.php\/wp-json\/wp\/v2\/media?parent=2298"}],"wp:term":[{"taxonomy":"post_tag","embeddable":true,"href":"https:\/\/www.cabinetmarechaux.com\/index.php\/wp-json\/wp\/v2\/tags?post=2298"},{"taxonomy":"tribe_events_cat","embeddable":true,"href":"https:\/\/www.cabinetmarechaux.com\/index.php\/wp-json\/wp\/v2\/tribe_events_cat?post=2298"}],"curies":[{"name":"wp","href":"https:\/\/api.w.org\/{rel}","templated":true}]}}