{"id":2316,"date":"2021-06-18T12:16:37","date_gmt":"2021-06-18T10:16:37","guid":{"rendered":"http:\/\/www.cabinetmarechaux.com\/?post_type=tribe_events&#038;p=2316"},"modified":"2021-06-22T12:16:13","modified_gmt":"2021-06-22T10:16:13","slug":"osenat-versailles-3","status":"publish","type":"tribe_events","link":"https:\/\/www.cabinetmarechaux.com\/index.php\/event\/osenat-versailles-3\/","title":{"rendered":"OSENAT &#8211; VERSAILLES"},"content":{"rendered":"<p>FLORALIES 2021<\/p>\n<div class=\"date_vente\">Dimanche 27 Juin 2021 11:00<\/div>\n<div><\/div>\n<div class=\"lieu_vente\">Versailles, H\u00f4tel des ventes du Ch\u00e2teau, 13, avenue de Saint-Cloud 78000 Versailles<\/div>\n<div>\n<p><strong>Art moderne et contemporain<\/strong><\/p>\n<p><strong>Vente \u00e0 11h : lots n\u00b01 \u00e0 74<\/strong><\/p>\n<p><strong>Vente \u00e0 14h : lots n\u00b075 \u00e0 236<\/strong><\/p>\n<p><u>Expositions publiques :<\/u><\/p>\n<p>Vendredi 25 juin de 10h \u00e0 18h<\/p>\n<p>Samedi 26 juin de 10h \u00e0 18h<\/p>\n<\/div>\n<p><a href=\"https:\/\/www.osenat.com\/catalogue\/111632\">https:\/\/www.osenat.com\/catalogue\/111632<\/a><\/p>\n<p>&nbsp;<\/p>\n<p>&nbsp;<\/p>\n<p>&nbsp;<\/p>\n<p>&nbsp;<\/p>\n<p><img loading=\"lazy\" decoding=\"async\" class=\"alignleft size-medium wp-image-2322\" src=\"https:\/\/www.cabinetmarechaux.com\/wp-content\/uploads\/2021\/06\/DSC6151-209x300.jpg\" alt=\"\" width=\"209\" height=\"300\" srcset=\"https:\/\/www.cabinetmarechaux.com\/wp-content\/uploads\/2021\/06\/DSC6151-209x300.jpg 209w, https:\/\/www.cabinetmarechaux.com\/wp-content\/uploads\/2021\/06\/DSC6151-712x1024.jpg 712w, https:\/\/www.cabinetmarechaux.com\/wp-content\/uploads\/2021\/06\/DSC6151-768x1105.jpg 768w, https:\/\/www.cabinetmarechaux.com\/wp-content\/uploads\/2021\/06\/DSC6151-1068x1536.jpg 1068w, https:\/\/www.cabinetmarechaux.com\/wp-content\/uploads\/2021\/06\/DSC6151-1423x2048.jpg 1423w, https:\/\/www.cabinetmarechaux.com\/wp-content\/uploads\/2021\/06\/DSC6151-scaled.jpg 1779w\" sizes=\"auto, (max-width: 209px) 100vw, 209px\" \/><\/p>\n<p>Albert BESNARD 1849-1934<\/p>\n<p>Sur un des<span class=\"Apple-converted-space\">\u00a0 <\/span>escaliers de B\u00e9nar\u00e8s. 1911-1912<\/p>\n<p>Peinture \u00e0 la d\u00e9trempe sur toile,<\/p>\n<p>Sign\u00e9e en bas, \u00e0 gauche<span class=\"Apple-converted-space\">\u00a0<\/span><\/p>\n<p>194,5 x 130 cm<\/p>\n<p>Expositions :<\/p>\n<ul>\n<li>Exposition Albert Besnard : Voyage aux Indes Galeries Georges Petit, Paris, 23 avril &#8211; 13 mai1912, n\u00b0 34<\/li>\n<li>Albert Besnard, Palais Lumi\u00e8re, Evian, Petit Palais Paris, 2016-2017, cat. 88 d\u00e9crit et reproduit p. 240-241<\/li>\n<\/ul>\n<p>Bibliographie : Art et d\u00e9coration Mai 1912<\/p>\n<p>L\u2019objet d\u2019art, Hors S\u00e9rie, n\u00b0 102, juin 2016, d\u00e9crit et reproduit<\/p>\n<p>&nbsp;<\/p>\n<p>&nbsp;<\/p>\n<p>&nbsp;<\/p>\n<p>&nbsp;<\/p>\n<p>&nbsp;<\/p>\n<p>&nbsp;<\/p>\n<p>&nbsp;<\/p>\n<p>&nbsp;<\/p>\n<p>&nbsp;<\/p>\n<p>PAUL GAUGUIN (1848-1903) Deux femmes au bord d\u2019un ruisseau, circa 1893 Crayon sur papier Au verso Etude de personnages Dessin au crayon noir. 20 x 31,20 cm Provenance : -Ancienne collection Daniel de Monfreid, Paris (acquis aupr\u00e8s de l\u2019artiste) -Mme Huc de Montfreid, B\u00e9ziers -A l\u2019actuel propri\u00e9taire par descendance Expositions : -Tokyo, Seibu Museum, -Kyoto, National Museum of Modern Art, -Fukuoka, Prefectoral Museum, \u00abPaul Gauguin\u00bb, juillet d\u00e9cembre 1969, n\u00b0 64 reproduit -Perpignan, Mus\u00e9e Rigaud, \u00abLe Roussillon terre artistique au XX\u00b0 si\u00e8cle\u00bb, 1998 Bibliographie : Cette oeuvre est r\u00e9pertori\u00e9e dans les archives du Wildenstein Institute.<\/p>\n","protected":false},"excerpt":{"rendered":"<p>FLORALIES 2021 Dimanche 27 Juin 2021 11:00 Versailles, H\u00f4tel des ventes du Ch\u00e2teau, 13, avenue de Saint-Cloud 78000 Versailles Art moderne et contemporain Vente \u00e0 11h : lots n\u00b01 \u00e0 &hellip; <\/p>\n<p class=\"link-more\"><a href=\"https:\/\/www.cabinetmarechaux.com\/index.php\/event\/osenat-versailles-3\/\" class=\"more-link\">Lire la suite de<span class=\"screen-reader-text\">\u00ab\u00a0OSENAT &#8211; VERSAILLES\u00a0\u00bb<\/span><\/a><\/p>\n","protected":false},"author":1,"featured_media":2320,"template":"","meta":{"_monsterinsights_skip_tracking":false,"_monsterinsights_sitenote_active":false,"_monsterinsights_sitenote_note":"","_monsterinsights_sitenote_category":0,"ngg_post_thumbnail":0,"_tribe_events_status":"","_tribe_events_status_reason":"","footnotes":""},"tags":[],"tribe_events_cat":[10],"class_list":["post-2316","tribe_events","type-tribe_events","status-publish","has-post-thumbnail","hentry","tribe_events_cat-ventes","cat_ventes"],"yoast_head":"<!-- This site is optimized with the Yoast SEO plugin v20.10 - https:\/\/yoast.com\/wordpress\/plugins\/seo\/ -->\n<title>OSENAT - VERSAILLES - Cabinet Mar\u00e9chaux<\/title>\n<meta name=\"robots\" content=\"index, follow, max-snippet:-1, max-image-preview:large, max-video-preview:-1\" \/>\n<link rel=\"canonical\" href=\"https:\/\/www.cabinetmarechaux.com\/index.php\/event\/osenat-versailles-3\/\" \/>\n<meta property=\"og:locale\" content=\"fr_FR\" \/>\n<meta property=\"og:type\" content=\"article\" \/>\n<meta property=\"og:title\" content=\"OSENAT - VERSAILLES - Cabinet Mar\u00e9chaux\" \/>\n<meta property=\"og:description\" content=\"FLORALIES 2021 Dimanche 27 Juin 2021 11:00 Versailles, H\u00f4tel des ventes du Ch\u00e2teau, 13, avenue de Saint-Cloud 78000 Versailles Art moderne et contemporain Vente \u00e0 11h : lots n\u00b01 \u00e0 &hellip; Lire la suite de\u00ab\u00a0OSENAT &#8211; VERSAILLES\u00a0\u00bb\" \/>\n<meta property=\"og:url\" content=\"https:\/\/www.cabinetmarechaux.com\/index.php\/event\/osenat-versailles-3\/\" \/>\n<meta property=\"og:site_name\" content=\"Cabinet Mar\u00e9chaux\" \/>\n<meta property=\"article:publisher\" content=\"https:\/\/www.facebook.com\/elisabethmarechaux\/?locale=fr_FR\" \/>\n<meta property=\"article:modified_time\" content=\"2021-06-22T10:16:13+00:00\" \/>\n<meta property=\"og:image\" content=\"https:\/\/www.cabinetmarechaux.com\/wp-content\/uploads\/2021\/06\/Capture-decran-2021-06-18-a-12.13.27-1.png\" \/>\n\t<meta property=\"og:image:width\" content=\"584\" \/>\n\t<meta property=\"og:image:height\" content=\"370\" \/>\n\t<meta property=\"og:image:type\" content=\"image\/png\" \/>\n<meta name=\"twitter:card\" content=\"summary_large_image\" \/>\n<meta name=\"twitter:label1\" content=\"Dur\u00e9e de lecture estim\u00e9e\" \/>\n\t<meta name=\"twitter:data1\" content=\"1 minute\" \/>\n<script type=\"application\/ld+json\" class=\"yoast-schema-graph\">{\"@context\":\"https:\/\/schema.org\",\"@graph\":[{\"@type\":\"WebPage\",\"@id\":\"https:\/\/www.cabinetmarechaux.com\/index.php\/event\/osenat-versailles-3\/\",\"url\":\"https:\/\/www.cabinetmarechaux.com\/index.php\/event\/osenat-versailles-3\/\",\"name\":\"OSENAT - VERSAILLES - Cabinet Mar\u00e9chaux\",\"isPartOf\":{\"@id\":\"https:\/\/www.cabinetmarechaux.com\/#website\"},\"datePublished\":\"2021-06-18T10:16:37+00:00\",\"dateModified\":\"2021-06-22T10:16:13+00:00\",\"breadcrumb\":{\"@id\":\"https:\/\/www.cabinetmarechaux.com\/index.php\/event\/osenat-versailles-3\/#breadcrumb\"},\"inLanguage\":\"fr-FR\",\"potentialAction\":[{\"@type\":\"ReadAction\",\"target\":[\"https:\/\/www.cabinetmarechaux.com\/index.php\/event\/osenat-versailles-3\/\"]}]},{\"@type\":\"BreadcrumbList\",\"@id\":\"https:\/\/www.cabinetmarechaux.com\/index.php\/event\/osenat-versailles-3\/#breadcrumb\",\"itemListElement\":[{\"@type\":\"ListItem\",\"position\":1,\"name\":\"Accueil\",\"item\":\"https:\/\/www.cabinetmarechaux.com\/\"},{\"@type\":\"ListItem\",\"position\":2,\"name\":\"\u00c9v\u00e8nements\",\"item\":\"https:\/\/www.cabinetmarechaux.com\/index.php\/events\/\"},{\"@type\":\"ListItem\",\"position\":3,\"name\":\"OSENAT &#8211; VERSAILLES\"}]},{\"@type\":\"WebSite\",\"@id\":\"https:\/\/www.cabinetmarechaux.com\/#website\",\"url\":\"https:\/\/www.cabinetmarechaux.com\/\",\"name\":\"Cabinet Mar\u00e9chaux\",\"description\":\"Expertise : tableaux, dessins, sculptures des XIXe et XXe si\u00e8cles\",\"publisher\":{\"@id\":\"https:\/\/www.cabinetmarechaux.com\/#organization\"},\"potentialAction\":[{\"@type\":\"SearchAction\",\"target\":{\"@type\":\"EntryPoint\",\"urlTemplate\":\"https:\/\/www.cabinetmarechaux.com\/?s={search_term_string}\"},\"query-input\":\"required name=search_term_string\"}],\"inLanguage\":\"fr-FR\"},{\"@type\":\"Organization\",\"@id\":\"https:\/\/www.cabinetmarechaux.com\/#organization\",\"name\":\"Cabinet Mar\u00e9chaux\",\"url\":\"https:\/\/www.cabinetmarechaux.com\/\",\"logo\":{\"@type\":\"ImageObject\",\"inLanguage\":\"fr-FR\",\"@id\":\"https:\/\/www.cabinetmarechaux.com\/#\/schema\/logo\/image\/\",\"url\":\"https:\/\/www.cabinetmarechaux.com\/wp-content\/uploads\/2023\/06\/cabinet-marechaux.jpg\",\"contentUrl\":\"https:\/\/www.cabinetmarechaux.com\/wp-content\/uploads\/2023\/06\/cabinet-marechaux.jpg\",\"width\":180,\"height\":180,\"caption\":\"Cabinet Mar\u00e9chaux\"},\"image\":{\"@id\":\"https:\/\/www.cabinetmarechaux.com\/#\/schema\/logo\/image\/\"},\"sameAs\":[\"https:\/\/www.facebook.com\/elisabethmarechaux\/?locale=fr_FR\",\"https:\/\/www.instagram.com\/cabinetmarechaux\/\"]}]}<\/script>\n<!-- \/ Yoast SEO plugin. -->","yoast_head_json":{"title":"OSENAT - VERSAILLES - Cabinet Mar\u00e9chaux","robots":{"index":"index","follow":"follow","max-snippet":"max-snippet:-1","max-image-preview":"max-image-preview:large","max-video-preview":"max-video-preview:-1"},"canonical":"https:\/\/www.cabinetmarechaux.com\/index.php\/event\/osenat-versailles-3\/","og_locale":"fr_FR","og_type":"article","og_title":"OSENAT - VERSAILLES - Cabinet Mar\u00e9chaux","og_description":"FLORALIES 2021 Dimanche 27 Juin 2021 11:00 Versailles, H\u00f4tel des ventes du Ch\u00e2teau, 13, avenue de Saint-Cloud 78000 Versailles Art moderne et contemporain Vente \u00e0 11h : lots n\u00b01 \u00e0 &hellip; Lire la suite de\u00ab\u00a0OSENAT &#8211; VERSAILLES\u00a0\u00bb","og_url":"https:\/\/www.cabinetmarechaux.com\/index.php\/event\/osenat-versailles-3\/","og_site_name":"Cabinet Mar\u00e9chaux","article_publisher":"https:\/\/www.facebook.com\/elisabethmarechaux\/?locale=fr_FR","article_modified_time":"2021-06-22T10:16:13+00:00","og_image":[{"width":584,"height":370,"url":"https:\/\/www.cabinetmarechaux.com\/wp-content\/uploads\/2021\/06\/Capture-decran-2021-06-18-a-12.13.27-1.png","type":"image\/png"}],"twitter_card":"summary_large_image","twitter_misc":{"Dur\u00e9e de lecture estim\u00e9e":"1 minute"},"schema":{"@context":"https:\/\/schema.org","@graph":[{"@type":"WebPage","@id":"https:\/\/www.cabinetmarechaux.com\/index.php\/event\/osenat-versailles-3\/","url":"https:\/\/www.cabinetmarechaux.com\/index.php\/event\/osenat-versailles-3\/","name":"OSENAT - VERSAILLES - Cabinet Mar\u00e9chaux","isPartOf":{"@id":"https:\/\/www.cabinetmarechaux.com\/#website"},"datePublished":"2021-06-18T10:16:37+00:00","dateModified":"2021-06-22T10:16:13+00:00","breadcrumb":{"@id":"https:\/\/www.cabinetmarechaux.com\/index.php\/event\/osenat-versailles-3\/#breadcrumb"},"inLanguage":"fr-FR","potentialAction":[{"@type":"ReadAction","target":["https:\/\/www.cabinetmarechaux.com\/index.php\/event\/osenat-versailles-3\/"]}]},{"@type":"BreadcrumbList","@id":"https:\/\/www.cabinetmarechaux.com\/index.php\/event\/osenat-versailles-3\/#breadcrumb","itemListElement":[{"@type":"ListItem","position":1,"name":"Accueil","item":"https:\/\/www.cabinetmarechaux.com\/"},{"@type":"ListItem","position":2,"name":"\u00c9v\u00e8nements","item":"https:\/\/www.cabinetmarechaux.com\/index.php\/events\/"},{"@type":"ListItem","position":3,"name":"OSENAT &#8211; VERSAILLES"}]},{"@type":"WebSite","@id":"https:\/\/www.cabinetmarechaux.com\/#website","url":"https:\/\/www.cabinetmarechaux.com\/","name":"Cabinet Mar\u00e9chaux","description":"Expertise : tableaux, dessins, sculptures des XIXe et XXe si\u00e8cles","publisher":{"@id":"https:\/\/www.cabinetmarechaux.com\/#organization"},"potentialAction":[{"@type":"SearchAction","target":{"@type":"EntryPoint","urlTemplate":"https:\/\/www.cabinetmarechaux.com\/?s={search_term_string}"},"query-input":"required name=search_term_string"}],"inLanguage":"fr-FR"},{"@type":"Organization","@id":"https:\/\/www.cabinetmarechaux.com\/#organization","name":"Cabinet Mar\u00e9chaux","url":"https:\/\/www.cabinetmarechaux.com\/","logo":{"@type":"ImageObject","inLanguage":"fr-FR","@id":"https:\/\/www.cabinetmarechaux.com\/#\/schema\/logo\/image\/","url":"https:\/\/www.cabinetmarechaux.com\/wp-content\/uploads\/2023\/06\/cabinet-marechaux.jpg","contentUrl":"https:\/\/www.cabinetmarechaux.com\/wp-content\/uploads\/2023\/06\/cabinet-marechaux.jpg","width":180,"height":180,"caption":"Cabinet Mar\u00e9chaux"},"image":{"@id":"https:\/\/www.cabinetmarechaux.com\/#\/schema\/logo\/image\/"},"sameAs":["https:\/\/www.facebook.com\/elisabethmarechaux\/?locale=fr_FR","https:\/\/www.instagram.com\/cabinetmarechaux\/"]}]}},"_links":{"self":[{"href":"https:\/\/www.cabinetmarechaux.com\/index.php\/wp-json\/wp\/v2\/tribe_events\/2316","targetHints":{"allow":["GET"]}}],"collection":[{"href":"https:\/\/www.cabinetmarechaux.com\/index.php\/wp-json\/wp\/v2\/tribe_events"}],"about":[{"href":"https:\/\/www.cabinetmarechaux.com\/index.php\/wp-json\/wp\/v2\/types\/tribe_events"}],"author":[{"embeddable":true,"href":"https:\/\/www.cabinetmarechaux.com\/index.php\/wp-json\/wp\/v2\/users\/1"}],"version-history":[{"count":4,"href":"https:\/\/www.cabinetmarechaux.com\/index.php\/wp-json\/wp\/v2\/tribe_events\/2316\/revisions"}],"predecessor-version":[{"id":2324,"href":"https:\/\/www.cabinetmarechaux.com\/index.php\/wp-json\/wp\/v2\/tribe_events\/2316\/revisions\/2324"}],"wp:featuredmedia":[{"embeddable":true,"href":"https:\/\/www.cabinetmarechaux.com\/index.php\/wp-json\/wp\/v2\/media\/2320"}],"wp:attachment":[{"href":"https:\/\/www.cabinetmarechaux.com\/index.php\/wp-json\/wp\/v2\/media?parent=2316"}],"wp:term":[{"taxonomy":"post_tag","embeddable":true,"href":"https:\/\/www.cabinetmarechaux.com\/index.php\/wp-json\/wp\/v2\/tags?post=2316"},{"taxonomy":"tribe_events_cat","embeddable":true,"href":"https:\/\/www.cabinetmarechaux.com\/index.php\/wp-json\/wp\/v2\/tribe_events_cat?post=2316"}],"curies":[{"name":"wp","href":"https:\/\/api.w.org\/{rel}","templated":true}]}}