{"id":2460,"date":"2022-01-21T12:42:45","date_gmt":"2022-01-21T11:42:45","guid":{"rendered":"http:\/\/www.cabinetmarechaux.com\/?post_type=tribe_events&#038;p=2460"},"modified":"2022-01-25T11:44:35","modified_gmt":"2022-01-25T10:44:35","slug":"corbeil-essonnes-9","status":"publish","type":"tribe_events","link":"https:\/\/www.cabinetmarechaux.com\/index.php\/event\/corbeil-essonnes-9\/","title":{"rendered":"Corbeil-Essonnes"},"content":{"rendered":"<p><img loading=\"lazy\" decoding=\"async\" class=\"alignleft size-medium wp-image-2463\" src=\"https:\/\/www.cabinetmarechaux.com\/wp-content\/uploads\/2022\/01\/IMG_3014-300x243.jpg\" alt=\"\" width=\"300\" height=\"243\" srcset=\"https:\/\/www.cabinetmarechaux.com\/wp-content\/uploads\/2022\/01\/IMG_3014-300x243.jpg 300w, https:\/\/www.cabinetmarechaux.com\/wp-content\/uploads\/2022\/01\/IMG_3014-1024x830.jpg 1024w, https:\/\/www.cabinetmarechaux.com\/wp-content\/uploads\/2022\/01\/IMG_3014-768x622.jpg 768w, https:\/\/www.cabinetmarechaux.com\/wp-content\/uploads\/2022\/01\/IMG_3014-1536x1245.jpg 1536w, https:\/\/www.cabinetmarechaux.com\/wp-content\/uploads\/2022\/01\/IMG_3014-2048x1660.jpg 2048w\" sizes=\"auto, (max-width: 300px) 100vw, 300px\" \/><\/p>\n<div dir=\"ltr\">\n<div><\/div>\n<div><\/div>\n<div><\/div>\n<div><\/div>\n<div><\/div>\n<div><\/div>\n<div><\/div>\n<div><\/div>\n<div><\/div>\n<div><\/div>\n<div><\/div>\n<div><span style=\"color: #333333;\"><span style=\"font-size: large;\"><b>VENTE\u00a0AUX ENCHERES JEUDI 27<\/b><\/span><b>\u00a0JANVIER\u00a02022\u00a0A 11H ET 14 H<\/b>\u00a0\u00a0<b><span style=\"font-size: large;\"><span style=\"font-family: Roboto, sans-serif;\"><br \/>\n<\/span><\/span><\/b><\/span><\/div>\n<div><\/div>\n<div><span style=\"font-size: large; color: #333333;\"><b>\u00c0 11H:<\/b><\/span><\/div>\n<p><span style=\"font-size: large; color: #333333;\"><b>TIMBRES &#8211; AUTOGRAPHES &#8211; MODE &#8211; EXTREME-ORIENT<\/b><\/span><\/p>\n<p><span style=\"color: #333333;\">\u00c0 14H:<\/span><br \/>\n<span style=\"color: #333333;\">FONDS D&rsquo;ATELIER des artistes:<\/span><\/p>\n<\/div>\n<div dir=\"ltr\"><span style=\"color: #333333;\"><b>&#8211; Bernard DRUET (1935-2012)<\/b><span style=\"font-size: large;\"><b><br \/>\n&#8211; Guy COMBRISSON (1905-1991)<\/b><\/span><\/span><\/div>\n<div dir=\"ltr\"><span style=\"font-size: large; color: #333333;\"><b><br \/>\nTABLEAUX &#8211; OBJETS D&rsquo;ART &#8211; MOBILIER<\/b><\/span><\/p>\n<div><span style=\"font-family: tahoma, sans-serif; font-size: large; color: #333333;\">Retrouvez le catalogue et les photos sur<a style=\"color: #333333;\" href=\"https:\/\/www.interencheres.com\/meubles-objets-art\/belle-vente-fond-datelier-303315\/\" target=\"_blank\" rel=\"noopener noreferrer\">\u00a0<b>interencheres<\/b><\/a><a style=\"color: #333333;\" href=\"https:\/\/www.interencheres.com\/meubles-objets-art\/collection-de-verrerie-de-rene-lalique-tableaux-bijoux-objets-dart-mobilier-302641\/\" target=\"_blank\" rel=\"noopener noreferrer\">\u00a0<\/a><\/span><span style=\"color: #073763; font-size: large;\"><br \/>\n<\/span><\/div>\n<\/div>\n<p>&nbsp;<\/p>\n<p><span class=\"\">Etienne Guy COMBRISSON (1905-1991) Le Carnaval, 1935 Huile sur toile, sign\u00e9e et dat\u00e9e \u00ab\u00a01935\u00a0\u00bb en bas \u00e0 droite. 146 x 114 cm<\/span><\/p>\n<div class=\"\">\n<div class=\"\">\n<div class=\"text-body-2 my-6 description\" data-v-35f48db4=\"\">Etienne Guy COMBRISSON (1905-1991) \u00ab\u00a0La plage du courant, Mimizan\u00a0\u00bb, 1946 Huile sur panneau d&rsquo;isorel, sign\u00e9 en bas \u00e0 gauche. 38 x 46 cm<\/div>\n<div class=\"\">\n<div class=\"text-body-2 my-6 description\" data-v-35f48db4=\"\">Etienne Guy COMBRISSON (1905-1991) Le p\u00eacheur Huile sur panneau double face, sign\u00e9 en bas \u00e0 gauche et en bas \u00e0 droite au verso. 32 x 45 cm<\/div>\n<div data-v-35f48db4=\"\"><\/div>\n<div data-v-35f48db4=\"\"><\/div>\n<\/div>\n<\/div>\n<\/div>\n<p><img loading=\"lazy\" decoding=\"async\" class=\"alignleft size-medium wp-image-2462\" src=\"https:\/\/www.cabinetmarechaux.com\/wp-content\/uploads\/2022\/01\/IMG_2975-300x225.jpg\" alt=\"\" width=\"300\" height=\"225\" srcset=\"https:\/\/www.cabinetmarechaux.com\/wp-content\/uploads\/2022\/01\/IMG_2975-300x225.jpg 300w, https:\/\/www.cabinetmarechaux.com\/wp-content\/uploads\/2022\/01\/IMG_2975-1024x768.jpg 1024w, https:\/\/www.cabinetmarechaux.com\/wp-content\/uploads\/2022\/01\/IMG_2975-768x576.jpg 768w, https:\/\/www.cabinetmarechaux.com\/wp-content\/uploads\/2022\/01\/IMG_2975-1536x1152.jpg 1536w, https:\/\/www.cabinetmarechaux.com\/wp-content\/uploads\/2022\/01\/IMG_2975-2048x1536.jpg 2048w, https:\/\/www.cabinetmarechaux.com\/wp-content\/uploads\/2022\/01\/IMG_2975-640x480.jpg 640w\" sizes=\"auto, (max-width: 300px) 100vw, 300px\" \/><\/p>\n","protected":false},"excerpt":{"rendered":"<p>VENTE\u00a0AUX ENCHERES JEUDI 27\u00a0JANVIER\u00a02022\u00a0A 11H ET 14 H\u00a0\u00a0 \u00c0 11H: TIMBRES &#8211; AUTOGRAPHES &#8211; MODE &#8211; EXTREME-ORIENT \u00c0 14H: FONDS D&rsquo;ATELIER des artistes: &#8211; Bernard DRUET (1935-2012) &#8211; Guy COMBRISSON &hellip; <\/p>\n<p class=\"link-more\"><a href=\"https:\/\/www.cabinetmarechaux.com\/index.php\/event\/corbeil-essonnes-9\/\" class=\"more-link\">Lire la suite de<span class=\"screen-reader-text\">\u00ab\u00a0Corbeil-Essonnes\u00a0\u00bb<\/span><\/a><\/p>\n","protected":false},"author":1,"featured_media":2461,"template":"","meta":{"_monsterinsights_skip_tracking":false,"_monsterinsights_sitenote_active":false,"_monsterinsights_sitenote_note":"","_monsterinsights_sitenote_category":0,"ngg_post_thumbnail":0,"_tribe_events_status":"","_tribe_events_status_reason":"","footnotes":""},"tags":[],"tribe_events_cat":[10],"class_list":["post-2460","tribe_events","type-tribe_events","status-publish","has-post-thumbnail","hentry","tribe_events_cat-ventes","cat_ventes"],"yoast_head":"<!-- This site is optimized with the Yoast SEO plugin v20.10 - https:\/\/yoast.com\/wordpress\/plugins\/seo\/ -->\n<title>Corbeil-Essonnes - Cabinet Mar\u00e9chaux<\/title>\n<meta name=\"robots\" content=\"index, follow, max-snippet:-1, max-image-preview:large, max-video-preview:-1\" \/>\n<link rel=\"canonical\" href=\"https:\/\/www.cabinetmarechaux.com\/index.php\/event\/corbeil-essonnes-9\/\" \/>\n<meta property=\"og:locale\" content=\"fr_FR\" \/>\n<meta property=\"og:type\" content=\"article\" \/>\n<meta property=\"og:title\" content=\"Corbeil-Essonnes - Cabinet Mar\u00e9chaux\" \/>\n<meta property=\"og:description\" content=\"VENTE\u00a0AUX ENCHERES JEUDI 27\u00a0JANVIER\u00a02022\u00a0A 11H ET 14 H\u00a0\u00a0 \u00c0 11H: TIMBRES &#8211; AUTOGRAPHES &#8211; MODE &#8211; EXTREME-ORIENT \u00c0 14H: FONDS D&rsquo;ATELIER des artistes: &#8211; Bernard DRUET (1935-2012) &#8211; Guy COMBRISSON &hellip; Lire la suite de\u00ab\u00a0Corbeil-Essonnes\u00a0\u00bb\" \/>\n<meta property=\"og:url\" content=\"https:\/\/www.cabinetmarechaux.com\/index.php\/event\/corbeil-essonnes-9\/\" \/>\n<meta property=\"og:site_name\" content=\"Cabinet Mar\u00e9chaux\" \/>\n<meta property=\"article:publisher\" content=\"https:\/\/www.facebook.com\/elisabethmarechaux\/?locale=fr_FR\" \/>\n<meta property=\"article:modified_time\" content=\"2022-01-25T10:44:35+00:00\" \/>\n<meta property=\"og:image\" content=\"https:\/\/www.cabinetmarechaux.com\/wp-content\/uploads\/2022\/01\/Combrisson-152-scaled.jpg\" \/>\n\t<meta property=\"og:image:width\" content=\"1975\" \/>\n\t<meta property=\"og:image:height\" content=\"2560\" \/>\n\t<meta property=\"og:image:type\" content=\"image\/jpeg\" \/>\n<meta name=\"twitter:card\" content=\"summary_large_image\" \/>\n<meta name=\"twitter:label1\" content=\"Dur\u00e9e de lecture estim\u00e9e\" \/>\n\t<meta name=\"twitter:data1\" content=\"1 minute\" \/>\n<script type=\"application\/ld+json\" class=\"yoast-schema-graph\">{\"@context\":\"https:\/\/schema.org\",\"@graph\":[{\"@type\":\"WebPage\",\"@id\":\"https:\/\/www.cabinetmarechaux.com\/index.php\/event\/corbeil-essonnes-9\/\",\"url\":\"https:\/\/www.cabinetmarechaux.com\/index.php\/event\/corbeil-essonnes-9\/\",\"name\":\"Corbeil-Essonnes - Cabinet Mar\u00e9chaux\",\"isPartOf\":{\"@id\":\"https:\/\/www.cabinetmarechaux.com\/#website\"},\"datePublished\":\"2022-01-21T11:42:45+00:00\",\"dateModified\":\"2022-01-25T10:44:35+00:00\",\"breadcrumb\":{\"@id\":\"https:\/\/www.cabinetmarechaux.com\/index.php\/event\/corbeil-essonnes-9\/#breadcrumb\"},\"inLanguage\":\"fr-FR\",\"potentialAction\":[{\"@type\":\"ReadAction\",\"target\":[\"https:\/\/www.cabinetmarechaux.com\/index.php\/event\/corbeil-essonnes-9\/\"]}]},{\"@type\":\"BreadcrumbList\",\"@id\":\"https:\/\/www.cabinetmarechaux.com\/index.php\/event\/corbeil-essonnes-9\/#breadcrumb\",\"itemListElement\":[{\"@type\":\"ListItem\",\"position\":1,\"name\":\"Accueil\",\"item\":\"https:\/\/www.cabinetmarechaux.com\/\"},{\"@type\":\"ListItem\",\"position\":2,\"name\":\"\u00c9v\u00e8nements\",\"item\":\"https:\/\/www.cabinetmarechaux.com\/index.php\/events\/\"},{\"@type\":\"ListItem\",\"position\":3,\"name\":\"Corbeil-Essonnes\"}]},{\"@type\":\"WebSite\",\"@id\":\"https:\/\/www.cabinetmarechaux.com\/#website\",\"url\":\"https:\/\/www.cabinetmarechaux.com\/\",\"name\":\"Cabinet Mar\u00e9chaux\",\"description\":\"Expertise : tableaux, dessins, sculptures des XIXe et XXe si\u00e8cles\",\"publisher\":{\"@id\":\"https:\/\/www.cabinetmarechaux.com\/#organization\"},\"potentialAction\":[{\"@type\":\"SearchAction\",\"target\":{\"@type\":\"EntryPoint\",\"urlTemplate\":\"https:\/\/www.cabinetmarechaux.com\/?s={search_term_string}\"},\"query-input\":\"required name=search_term_string\"}],\"inLanguage\":\"fr-FR\"},{\"@type\":\"Organization\",\"@id\":\"https:\/\/www.cabinetmarechaux.com\/#organization\",\"name\":\"Cabinet Mar\u00e9chaux\",\"url\":\"https:\/\/www.cabinetmarechaux.com\/\",\"logo\":{\"@type\":\"ImageObject\",\"inLanguage\":\"fr-FR\",\"@id\":\"https:\/\/www.cabinetmarechaux.com\/#\/schema\/logo\/image\/\",\"url\":\"https:\/\/www.cabinetmarechaux.com\/wp-content\/uploads\/2023\/06\/cabinet-marechaux.jpg\",\"contentUrl\":\"https:\/\/www.cabinetmarechaux.com\/wp-content\/uploads\/2023\/06\/cabinet-marechaux.jpg\",\"width\":180,\"height\":180,\"caption\":\"Cabinet Mar\u00e9chaux\"},\"image\":{\"@id\":\"https:\/\/www.cabinetmarechaux.com\/#\/schema\/logo\/image\/\"},\"sameAs\":[\"https:\/\/www.facebook.com\/elisabethmarechaux\/?locale=fr_FR\",\"https:\/\/www.instagram.com\/cabinetmarechaux\/\"]}]}<\/script>\n<!-- \/ Yoast SEO plugin. -->","yoast_head_json":{"title":"Corbeil-Essonnes - Cabinet Mar\u00e9chaux","robots":{"index":"index","follow":"follow","max-snippet":"max-snippet:-1","max-image-preview":"max-image-preview:large","max-video-preview":"max-video-preview:-1"},"canonical":"https:\/\/www.cabinetmarechaux.com\/index.php\/event\/corbeil-essonnes-9\/","og_locale":"fr_FR","og_type":"article","og_title":"Corbeil-Essonnes - Cabinet Mar\u00e9chaux","og_description":"VENTE\u00a0AUX ENCHERES JEUDI 27\u00a0JANVIER\u00a02022\u00a0A 11H ET 14 H\u00a0\u00a0 \u00c0 11H: TIMBRES &#8211; AUTOGRAPHES &#8211; MODE &#8211; EXTREME-ORIENT \u00c0 14H: FONDS D&rsquo;ATELIER des artistes: &#8211; Bernard DRUET (1935-2012) &#8211; Guy COMBRISSON &hellip; Lire la suite de\u00ab\u00a0Corbeil-Essonnes\u00a0\u00bb","og_url":"https:\/\/www.cabinetmarechaux.com\/index.php\/event\/corbeil-essonnes-9\/","og_site_name":"Cabinet Mar\u00e9chaux","article_publisher":"https:\/\/www.facebook.com\/elisabethmarechaux\/?locale=fr_FR","article_modified_time":"2022-01-25T10:44:35+00:00","og_image":[{"width":1975,"height":2560,"url":"https:\/\/www.cabinetmarechaux.com\/wp-content\/uploads\/2022\/01\/Combrisson-152-scaled.jpg","type":"image\/jpeg"}],"twitter_card":"summary_large_image","twitter_misc":{"Dur\u00e9e de lecture estim\u00e9e":"1 minute"},"schema":{"@context":"https:\/\/schema.org","@graph":[{"@type":"WebPage","@id":"https:\/\/www.cabinetmarechaux.com\/index.php\/event\/corbeil-essonnes-9\/","url":"https:\/\/www.cabinetmarechaux.com\/index.php\/event\/corbeil-essonnes-9\/","name":"Corbeil-Essonnes - Cabinet Mar\u00e9chaux","isPartOf":{"@id":"https:\/\/www.cabinetmarechaux.com\/#website"},"datePublished":"2022-01-21T11:42:45+00:00","dateModified":"2022-01-25T10:44:35+00:00","breadcrumb":{"@id":"https:\/\/www.cabinetmarechaux.com\/index.php\/event\/corbeil-essonnes-9\/#breadcrumb"},"inLanguage":"fr-FR","potentialAction":[{"@type":"ReadAction","target":["https:\/\/www.cabinetmarechaux.com\/index.php\/event\/corbeil-essonnes-9\/"]}]},{"@type":"BreadcrumbList","@id":"https:\/\/www.cabinetmarechaux.com\/index.php\/event\/corbeil-essonnes-9\/#breadcrumb","itemListElement":[{"@type":"ListItem","position":1,"name":"Accueil","item":"https:\/\/www.cabinetmarechaux.com\/"},{"@type":"ListItem","position":2,"name":"\u00c9v\u00e8nements","item":"https:\/\/www.cabinetmarechaux.com\/index.php\/events\/"},{"@type":"ListItem","position":3,"name":"Corbeil-Essonnes"}]},{"@type":"WebSite","@id":"https:\/\/www.cabinetmarechaux.com\/#website","url":"https:\/\/www.cabinetmarechaux.com\/","name":"Cabinet Mar\u00e9chaux","description":"Expertise : tableaux, dessins, sculptures des XIXe et XXe si\u00e8cles","publisher":{"@id":"https:\/\/www.cabinetmarechaux.com\/#organization"},"potentialAction":[{"@type":"SearchAction","target":{"@type":"EntryPoint","urlTemplate":"https:\/\/www.cabinetmarechaux.com\/?s={search_term_string}"},"query-input":"required name=search_term_string"}],"inLanguage":"fr-FR"},{"@type":"Organization","@id":"https:\/\/www.cabinetmarechaux.com\/#organization","name":"Cabinet Mar\u00e9chaux","url":"https:\/\/www.cabinetmarechaux.com\/","logo":{"@type":"ImageObject","inLanguage":"fr-FR","@id":"https:\/\/www.cabinetmarechaux.com\/#\/schema\/logo\/image\/","url":"https:\/\/www.cabinetmarechaux.com\/wp-content\/uploads\/2023\/06\/cabinet-marechaux.jpg","contentUrl":"https:\/\/www.cabinetmarechaux.com\/wp-content\/uploads\/2023\/06\/cabinet-marechaux.jpg","width":180,"height":180,"caption":"Cabinet Mar\u00e9chaux"},"image":{"@id":"https:\/\/www.cabinetmarechaux.com\/#\/schema\/logo\/image\/"},"sameAs":["https:\/\/www.facebook.com\/elisabethmarechaux\/?locale=fr_FR","https:\/\/www.instagram.com\/cabinetmarechaux\/"]}]}},"_links":{"self":[{"href":"https:\/\/www.cabinetmarechaux.com\/index.php\/wp-json\/wp\/v2\/tribe_events\/2460","targetHints":{"allow":["GET"]}}],"collection":[{"href":"https:\/\/www.cabinetmarechaux.com\/index.php\/wp-json\/wp\/v2\/tribe_events"}],"about":[{"href":"https:\/\/www.cabinetmarechaux.com\/index.php\/wp-json\/wp\/v2\/types\/tribe_events"}],"author":[{"embeddable":true,"href":"https:\/\/www.cabinetmarechaux.com\/index.php\/wp-json\/wp\/v2\/users\/1"}],"version-history":[{"count":5,"href":"https:\/\/www.cabinetmarechaux.com\/index.php\/wp-json\/wp\/v2\/tribe_events\/2460\/revisions"}],"predecessor-version":[{"id":2468,"href":"https:\/\/www.cabinetmarechaux.com\/index.php\/wp-json\/wp\/v2\/tribe_events\/2460\/revisions\/2468"}],"wp:featuredmedia":[{"embeddable":true,"href":"https:\/\/www.cabinetmarechaux.com\/index.php\/wp-json\/wp\/v2\/media\/2461"}],"wp:attachment":[{"href":"https:\/\/www.cabinetmarechaux.com\/index.php\/wp-json\/wp\/v2\/media?parent=2460"}],"wp:term":[{"taxonomy":"post_tag","embeddable":true,"href":"https:\/\/www.cabinetmarechaux.com\/index.php\/wp-json\/wp\/v2\/tags?post=2460"},{"taxonomy":"tribe_events_cat","embeddable":true,"href":"https:\/\/www.cabinetmarechaux.com\/index.php\/wp-json\/wp\/v2\/tribe_events_cat?post=2460"}],"curies":[{"name":"wp","href":"https:\/\/api.w.org\/{rel}","templated":true}]}}