{"id":2580,"date":"2022-06-13T16:11:27","date_gmt":"2022-06-13T14:11:27","guid":{"rendered":"http:\/\/www.cabinetmarechaux.com\/?post_type=tribe_events&#038;p=2580"},"modified":"2022-06-13T16:11:27","modified_gmt":"2022-06-13T14:11:27","slug":"audap-et-associes-paris-2","status":"publish","type":"tribe_events","link":"https:\/\/www.cabinetmarechaux.com\/index.php\/event\/audap-et-associes-paris-2\/","title":{"rendered":"AUDAP ET ASSOCIES   PARIS"},"content":{"rendered":"<h1 class=\"nom_vente\">TABLEAUX MODERNES &#8211; ARTS DU XXE SIECLE<\/h1>\n<div class=\"date_vente\">vendredi 17 juin 2022 15:00<\/div>\n<div class=\"lieu_vente\">Salle 16 &#8211; H\u00f4tel Drouot , 9, rue Drouot 75009 Paris<\/div>\n<div>https:\/\/cdn.drouot.com\/d\/catalogue?path=1641\/120678\/BDpart2.pdf<\/div>\n<div><\/div>\n<div>T\u00e9l\u00e9chargez le pdf :<\/div>\n<div><a href=\"https:\/\/cdn.drouot.com\/d\/catalogue?path=1641\/120678\/BDpart2.pdf\">https:\/\/cdn.drouot.com\/d\/catalogue?path=1641\/120678\/BDpart2.pdf<\/a><\/div>\n<div><\/div>\n<div><\/div>\n<div>Auguste CHABAUD (1882-1955)<br \/>\nMontagnette ciel bleu, circa 1925<br \/>\nHuile sur carton, sign\u00e9e en bas \u00e0 droite<br \/>\nHaut. : 38 cm ; Larg. : 54 cm<\/p>\n<p>Provenance :<br \/>\n&#8211; Atelier Auguste Chabaud (cachet et \u00e9tiquette de provenance au dos, n\u00b0 1389)<\/p><\/div>\n<div><\/div>\n<div><\/div>\n<div><img loading=\"lazy\" decoding=\"async\" class=\"alignleft size-medium wp-image-2583\" src=\"https:\/\/www.cabinetmarechaux.com\/wp-content\/uploads\/2022\/06\/Capture-decran-2022-06-13-a-15.58.58-212x300.png\" alt=\"\" width=\"212\" height=\"300\" srcset=\"https:\/\/www.cabinetmarechaux.com\/wp-content\/uploads\/2022\/06\/Capture-decran-2022-06-13-a-15.58.58-212x300.png 212w, https:\/\/www.cabinetmarechaux.com\/wp-content\/uploads\/2022\/06\/Capture-decran-2022-06-13-a-15.58.58.png 492w\" sizes=\"auto, (max-width: 212px) 100vw, 212px\" \/><\/div>\n<div>\n<div><\/div>\n<div><\/div>\n<div><\/div>\n<div><\/div>\n<div><\/div>\n<div><\/div>\n<div><\/div>\n<div><\/div>\n<div><\/div>\n<div><\/div>\n<div><\/div>\n<div><\/div>\n<div><\/div>\n<\/div>\n<div>\n<div class=\"fiche_titre_lot\"><\/div>\n<div id=\"lotDesc-18449871\" class=\"fiche_lot_description\">Jean SEIGNEMARTIN (1848-1875)<br \/>\nNature morte au bouquet de rose<br \/>\nHuile sur toile, sign\u00e9e en bas \u00e0 droite<br \/>\n(Craquelures et r\u00e9tractation de mati\u00e8re.)<br \/>\nHaut. : 53,5 cm ; Larg. : 38 cm<\/div>\n<\/div>\n<div><\/div>\n<div><img loading=\"lazy\" decoding=\"async\" class=\"alignleft size-medium wp-image-2582\" src=\"https:\/\/www.cabinetmarechaux.com\/wp-content\/uploads\/2022\/06\/Capture-decran-2022-06-13-a-15.57.09-260x300.png\" alt=\"\" width=\"260\" height=\"300\" srcset=\"https:\/\/www.cabinetmarechaux.com\/wp-content\/uploads\/2022\/06\/Capture-decran-2022-06-13-a-15.57.09-260x300.png 260w, https:\/\/www.cabinetmarechaux.com\/wp-content\/uploads\/2022\/06\/Capture-decran-2022-06-13-a-15.57.09.png 624w\" sizes=\"auto, (max-width: 260px) 100vw, 260px\" \/><\/div>\n<div>\n<div><\/div>\n<div><\/div>\n<div><\/div>\n<div><\/div>\n<div><\/div>\n<div><\/div>\n<div><\/div>\n<div><\/div>\n<div><\/div>\n<div><\/div>\n<div><\/div>\n<div><\/div>\n<div><\/div>\n<div><\/div>\n<div class=\"fiche_titre_lot\"><\/div>\n<div id=\"lotDesc-18449873\" class=\"fiche_lot_description\">Georges REDON (1869-1943)<br \/>\nLa Marseillaise en 1793<br \/>\nHuile sur toile, sign\u00e9e et dat\u00e9e 06 en bas \u00e0 gauche<br \/>\n(Petits manques.)<br \/>\nHaut. : 240 cm ; Larg . : 206 cm<\/p>\n<p>Exposition : Salon d&rsquo;Automne, Paris, 1906<\/p>\n<p>Notes :<br \/>\nPeintre, illustrateur, d\u00e9corateur, caricaturiste et affichiste renomm\u00e9 du Montmartre de la Belle \u00c9poque, Georges Redon fut aussi l&rsquo;un des fondateurs et le premier secr\u00e9taire g\u00e9n\u00e9ral du Salon d&rsquo;Automne (Grand Palais, Paris), pour lequel il peignit en 1906 cette Marseillaise, que le critique J.-C. Holl qualifia d&rsquo; \u00ab incendiaire \u00bb (Cahiers d&rsquo;Art et de Litt\u00e9rature, 1906, p. 84), et dont un autre critique, L\u00e9on Pl\u00e9e, \u00e9crivit (Les Annales politiques et litt\u00e9raires, n. 1216, 24 oct. 1906, p. V) qu&rsquo;elle lui semblait \u00ab peinte avec du sang \u00bb, ajoutant : \u00ab je n&rsquo;en veux nier ni l&rsquo;\u00e9nergie ni le beau m\u00e9tier \u00bb.<\/p><\/div>\n<\/div>\n<div><\/div>\n<div><img loading=\"lazy\" decoding=\"async\" class=\"alignleft size-medium wp-image-2584\" src=\"https:\/\/www.cabinetmarechaux.com\/wp-content\/uploads\/2022\/06\/Capture-decran-2022-06-13-a-16.07.58-300x231.png\" alt=\"\" width=\"300\" height=\"231\" srcset=\"https:\/\/www.cabinetmarechaux.com\/wp-content\/uploads\/2022\/06\/Capture-decran-2022-06-13-a-16.07.58-300x231.png 300w, https:\/\/www.cabinetmarechaux.com\/wp-content\/uploads\/2022\/06\/Capture-decran-2022-06-13-a-16.07.58-768x592.png 768w, https:\/\/www.cabinetmarechaux.com\/wp-content\/uploads\/2022\/06\/Capture-decran-2022-06-13-a-16.07.58.png 846w\" sizes=\"auto, (max-width: 300px) 100vw, 300px\" \/><\/div>\n<div><\/div>\n<div><\/div>\n<div><\/div>\n<div><\/div>\n<div><\/div>\n<div><\/div>\n<div><\/div>\n<div><\/div>\n<div><\/div>\n<div><\/div>\n<div><\/div>\n<div><img loading=\"lazy\" decoding=\"async\" class=\"alignleft size-medium wp-image-2585\" src=\"https:\/\/www.cabinetmarechaux.com\/wp-content\/uploads\/2022\/06\/Capture-decran-2022-06-13-a-16.10.20-300x224.png\" alt=\"\" width=\"300\" height=\"224\" srcset=\"https:\/\/www.cabinetmarechaux.com\/wp-content\/uploads\/2022\/06\/Capture-decran-2022-06-13-a-16.10.20-300x224.png 300w, https:\/\/www.cabinetmarechaux.com\/wp-content\/uploads\/2022\/06\/Capture-decran-2022-06-13-a-16.10.20-1024x764.png 1024w, https:\/\/www.cabinetmarechaux.com\/wp-content\/uploads\/2022\/06\/Capture-decran-2022-06-13-a-16.10.20-768x573.png 768w, https:\/\/www.cabinetmarechaux.com\/wp-content\/uploads\/2022\/06\/Capture-decran-2022-06-13-a-16.10.20-1536x1147.png 1536w, https:\/\/www.cabinetmarechaux.com\/wp-content\/uploads\/2022\/06\/Capture-decran-2022-06-13-a-16.10.20-2048x1529.png 2048w, https:\/\/www.cabinetmarechaux.com\/wp-content\/uploads\/2022\/06\/Capture-decran-2022-06-13-a-16.10.20-640x480.png 640w\" sizes=\"auto, (max-width: 300px) 100vw, 300px\" \/>Tony MINARTZ (1870-1944)<br \/>\nBateau et ses p\u00eacheurs<br \/>\nAquarelle, porte le cachet de l&rsquo;atelier en bas \u00e0 droite et au verso, annot\u00e9e en bas \u00e0 gauche<br \/>\nHaut. : 32 cm ; Larg. : 42,5 cm<\/div>\n<div><\/div>\n<div><\/div>\n<div><\/div>\n<div><\/div>\n<div><\/div>\n<div><\/div>\n<div><\/div>\n<div><\/div>\n<div><\/div>\n<div><\/div>\n<div>Tony MINARTZ (1870-1944)<br \/>\n\u00c9l\u00e9gantes en manteaux de fourrure en bord de mer<br \/>\nAquarelle, porte le cachet de l&rsquo;atelier en bas \u00e0 droite et au verso<br \/>\nHaut. : 32 cm ; Larg. : 42,5 cm<\/div>\n","protected":false},"excerpt":{"rendered":"<p>TABLEAUX MODERNES &#8211; ARTS DU XXE SIECLE vendredi 17 juin 2022 15:00 Salle 16 &#8211; H\u00f4tel Drouot , 9, rue Drouot 75009 Paris https:\/\/cdn.drouot.com\/d\/catalogue?path=1641\/120678\/BDpart2.pdf T\u00e9l\u00e9chargez le pdf : https:\/\/cdn.drouot.com\/d\/catalogue?path=1641\/120678\/BDpart2.pdf Auguste &hellip; <\/p>\n<p class=\"link-more\"><a href=\"https:\/\/www.cabinetmarechaux.com\/index.php\/event\/audap-et-associes-paris-2\/\" class=\"more-link\">Lire la suite de<span class=\"screen-reader-text\">\u00ab\u00a0AUDAP ET ASSOCIES   PARIS\u00a0\u00bb<\/span><\/a><\/p>\n","protected":false},"author":1,"featured_media":2581,"template":"","meta":{"_monsterinsights_skip_tracking":false,"_monsterinsights_sitenote_active":false,"_monsterinsights_sitenote_note":"","_monsterinsights_sitenote_category":0,"ngg_post_thumbnail":0,"_tribe_events_status":"","_tribe_events_status_reason":"","footnotes":""},"tags":[],"tribe_events_cat":[10],"class_list":["post-2580","tribe_events","type-tribe_events","status-publish","has-post-thumbnail","hentry","tribe_events_cat-ventes","cat_ventes"],"yoast_head":"<!-- This site is optimized with the Yoast SEO plugin v20.10 - https:\/\/yoast.com\/wordpress\/plugins\/seo\/ -->\n<title>AUDAP ET ASSOCIES  PARIS - Cabinet Mar\u00e9chaux<\/title>\n<meta name=\"robots\" content=\"index, follow, max-snippet:-1, max-image-preview:large, max-video-preview:-1\" \/>\n<link rel=\"canonical\" href=\"https:\/\/www.cabinetmarechaux.com\/index.php\/event\/audap-et-associes-paris-2\/\" \/>\n<meta property=\"og:locale\" content=\"fr_FR\" \/>\n<meta property=\"og:type\" content=\"article\" \/>\n<meta property=\"og:title\" content=\"AUDAP ET ASSOCIES  PARIS - Cabinet Mar\u00e9chaux\" \/>\n<meta property=\"og:description\" content=\"TABLEAUX MODERNES &#8211; ARTS DU XXE SIECLE vendredi 17 juin 2022 15:00 Salle 16 &#8211; H\u00f4tel Drouot , 9, rue Drouot 75009 Paris https:\/\/cdn.drouot.com\/d\/catalogue?path=1641\/120678\/BDpart2.pdf T\u00e9l\u00e9chargez le pdf : https:\/\/cdn.drouot.com\/d\/catalogue?path=1641\/120678\/BDpart2.pdf Auguste &hellip; Lire la suite de\u00ab\u00a0AUDAP ET ASSOCIES  PARIS\u00a0\u00bb\" \/>\n<meta property=\"og:url\" content=\"https:\/\/www.cabinetmarechaux.com\/index.php\/event\/audap-et-associes-paris-2\/\" \/>\n<meta property=\"og:site_name\" content=\"Cabinet Mar\u00e9chaux\" \/>\n<meta property=\"article:publisher\" content=\"https:\/\/www.facebook.com\/elisabethmarechaux\/?locale=fr_FR\" \/>\n<meta property=\"og:image\" content=\"https:\/\/www.cabinetmarechaux.com\/wp-content\/uploads\/2022\/06\/Capture-decran-2022-06-13-a-15.56.11.png\" \/>\n\t<meta property=\"og:image:width\" content=\"610\" \/>\n\t<meta property=\"og:image:height\" content=\"436\" \/>\n\t<meta property=\"og:image:type\" content=\"image\/png\" \/>\n<meta name=\"twitter:card\" content=\"summary_large_image\" \/>\n<meta name=\"twitter:label1\" content=\"Dur\u00e9e de lecture estim\u00e9e\" \/>\n\t<meta name=\"twitter:data1\" content=\"1 minute\" \/>\n<script type=\"application\/ld+json\" class=\"yoast-schema-graph\">{\"@context\":\"https:\/\/schema.org\",\"@graph\":[{\"@type\":\"WebPage\",\"@id\":\"https:\/\/www.cabinetmarechaux.com\/index.php\/event\/audap-et-associes-paris-2\/\",\"url\":\"https:\/\/www.cabinetmarechaux.com\/index.php\/event\/audap-et-associes-paris-2\/\",\"name\":\"AUDAP ET ASSOCIES PARIS - Cabinet Mar\u00e9chaux\",\"isPartOf\":{\"@id\":\"https:\/\/www.cabinetmarechaux.com\/#website\"},\"datePublished\":\"2022-06-13T14:11:27+00:00\",\"dateModified\":\"2022-06-13T14:11:27+00:00\",\"breadcrumb\":{\"@id\":\"https:\/\/www.cabinetmarechaux.com\/index.php\/event\/audap-et-associes-paris-2\/#breadcrumb\"},\"inLanguage\":\"fr-FR\",\"potentialAction\":[{\"@type\":\"ReadAction\",\"target\":[\"https:\/\/www.cabinetmarechaux.com\/index.php\/event\/audap-et-associes-paris-2\/\"]}]},{\"@type\":\"BreadcrumbList\",\"@id\":\"https:\/\/www.cabinetmarechaux.com\/index.php\/event\/audap-et-associes-paris-2\/#breadcrumb\",\"itemListElement\":[{\"@type\":\"ListItem\",\"position\":1,\"name\":\"Accueil\",\"item\":\"https:\/\/www.cabinetmarechaux.com\/\"},{\"@type\":\"ListItem\",\"position\":2,\"name\":\"\u00c9v\u00e8nements\",\"item\":\"https:\/\/www.cabinetmarechaux.com\/index.php\/events\/\"},{\"@type\":\"ListItem\",\"position\":3,\"name\":\"AUDAP ET ASSOCIES PARIS\"}]},{\"@type\":\"WebSite\",\"@id\":\"https:\/\/www.cabinetmarechaux.com\/#website\",\"url\":\"https:\/\/www.cabinetmarechaux.com\/\",\"name\":\"Cabinet Mar\u00e9chaux\",\"description\":\"Expertise : tableaux, dessins, sculptures des XIXe et XXe si\u00e8cles\",\"publisher\":{\"@id\":\"https:\/\/www.cabinetmarechaux.com\/#organization\"},\"potentialAction\":[{\"@type\":\"SearchAction\",\"target\":{\"@type\":\"EntryPoint\",\"urlTemplate\":\"https:\/\/www.cabinetmarechaux.com\/?s={search_term_string}\"},\"query-input\":\"required name=search_term_string\"}],\"inLanguage\":\"fr-FR\"},{\"@type\":\"Organization\",\"@id\":\"https:\/\/www.cabinetmarechaux.com\/#organization\",\"name\":\"Cabinet Mar\u00e9chaux\",\"url\":\"https:\/\/www.cabinetmarechaux.com\/\",\"logo\":{\"@type\":\"ImageObject\",\"inLanguage\":\"fr-FR\",\"@id\":\"https:\/\/www.cabinetmarechaux.com\/#\/schema\/logo\/image\/\",\"url\":\"https:\/\/www.cabinetmarechaux.com\/wp-content\/uploads\/2023\/06\/cabinet-marechaux.jpg\",\"contentUrl\":\"https:\/\/www.cabinetmarechaux.com\/wp-content\/uploads\/2023\/06\/cabinet-marechaux.jpg\",\"width\":180,\"height\":180,\"caption\":\"Cabinet Mar\u00e9chaux\"},\"image\":{\"@id\":\"https:\/\/www.cabinetmarechaux.com\/#\/schema\/logo\/image\/\"},\"sameAs\":[\"https:\/\/www.facebook.com\/elisabethmarechaux\/?locale=fr_FR\",\"https:\/\/www.instagram.com\/cabinetmarechaux\/\"]}]}<\/script>\n<!-- \/ Yoast SEO plugin. -->","yoast_head_json":{"title":"AUDAP ET ASSOCIES  PARIS - Cabinet Mar\u00e9chaux","robots":{"index":"index","follow":"follow","max-snippet":"max-snippet:-1","max-image-preview":"max-image-preview:large","max-video-preview":"max-video-preview:-1"},"canonical":"https:\/\/www.cabinetmarechaux.com\/index.php\/event\/audap-et-associes-paris-2\/","og_locale":"fr_FR","og_type":"article","og_title":"AUDAP ET ASSOCIES  PARIS - Cabinet Mar\u00e9chaux","og_description":"TABLEAUX MODERNES &#8211; ARTS DU XXE SIECLE vendredi 17 juin 2022 15:00 Salle 16 &#8211; H\u00f4tel Drouot , 9, rue Drouot 75009 Paris https:\/\/cdn.drouot.com\/d\/catalogue?path=1641\/120678\/BDpart2.pdf T\u00e9l\u00e9chargez le pdf : https:\/\/cdn.drouot.com\/d\/catalogue?path=1641\/120678\/BDpart2.pdf Auguste &hellip; Lire la suite de\u00ab\u00a0AUDAP ET ASSOCIES  PARIS\u00a0\u00bb","og_url":"https:\/\/www.cabinetmarechaux.com\/index.php\/event\/audap-et-associes-paris-2\/","og_site_name":"Cabinet Mar\u00e9chaux","article_publisher":"https:\/\/www.facebook.com\/elisabethmarechaux\/?locale=fr_FR","og_image":[{"width":610,"height":436,"url":"https:\/\/www.cabinetmarechaux.com\/wp-content\/uploads\/2022\/06\/Capture-decran-2022-06-13-a-15.56.11.png","type":"image\/png"}],"twitter_card":"summary_large_image","twitter_misc":{"Dur\u00e9e de lecture estim\u00e9e":"1 minute"},"schema":{"@context":"https:\/\/schema.org","@graph":[{"@type":"WebPage","@id":"https:\/\/www.cabinetmarechaux.com\/index.php\/event\/audap-et-associes-paris-2\/","url":"https:\/\/www.cabinetmarechaux.com\/index.php\/event\/audap-et-associes-paris-2\/","name":"AUDAP ET ASSOCIES PARIS - Cabinet Mar\u00e9chaux","isPartOf":{"@id":"https:\/\/www.cabinetmarechaux.com\/#website"},"datePublished":"2022-06-13T14:11:27+00:00","dateModified":"2022-06-13T14:11:27+00:00","breadcrumb":{"@id":"https:\/\/www.cabinetmarechaux.com\/index.php\/event\/audap-et-associes-paris-2\/#breadcrumb"},"inLanguage":"fr-FR","potentialAction":[{"@type":"ReadAction","target":["https:\/\/www.cabinetmarechaux.com\/index.php\/event\/audap-et-associes-paris-2\/"]}]},{"@type":"BreadcrumbList","@id":"https:\/\/www.cabinetmarechaux.com\/index.php\/event\/audap-et-associes-paris-2\/#breadcrumb","itemListElement":[{"@type":"ListItem","position":1,"name":"Accueil","item":"https:\/\/www.cabinetmarechaux.com\/"},{"@type":"ListItem","position":2,"name":"\u00c9v\u00e8nements","item":"https:\/\/www.cabinetmarechaux.com\/index.php\/events\/"},{"@type":"ListItem","position":3,"name":"AUDAP ET ASSOCIES PARIS"}]},{"@type":"WebSite","@id":"https:\/\/www.cabinetmarechaux.com\/#website","url":"https:\/\/www.cabinetmarechaux.com\/","name":"Cabinet Mar\u00e9chaux","description":"Expertise : tableaux, dessins, sculptures des XIXe et XXe si\u00e8cles","publisher":{"@id":"https:\/\/www.cabinetmarechaux.com\/#organization"},"potentialAction":[{"@type":"SearchAction","target":{"@type":"EntryPoint","urlTemplate":"https:\/\/www.cabinetmarechaux.com\/?s={search_term_string}"},"query-input":"required name=search_term_string"}],"inLanguage":"fr-FR"},{"@type":"Organization","@id":"https:\/\/www.cabinetmarechaux.com\/#organization","name":"Cabinet Mar\u00e9chaux","url":"https:\/\/www.cabinetmarechaux.com\/","logo":{"@type":"ImageObject","inLanguage":"fr-FR","@id":"https:\/\/www.cabinetmarechaux.com\/#\/schema\/logo\/image\/","url":"https:\/\/www.cabinetmarechaux.com\/wp-content\/uploads\/2023\/06\/cabinet-marechaux.jpg","contentUrl":"https:\/\/www.cabinetmarechaux.com\/wp-content\/uploads\/2023\/06\/cabinet-marechaux.jpg","width":180,"height":180,"caption":"Cabinet Mar\u00e9chaux"},"image":{"@id":"https:\/\/www.cabinetmarechaux.com\/#\/schema\/logo\/image\/"},"sameAs":["https:\/\/www.facebook.com\/elisabethmarechaux\/?locale=fr_FR","https:\/\/www.instagram.com\/cabinetmarechaux\/"]}]}},"_links":{"self":[{"href":"https:\/\/www.cabinetmarechaux.com\/index.php\/wp-json\/wp\/v2\/tribe_events\/2580","targetHints":{"allow":["GET"]}}],"collection":[{"href":"https:\/\/www.cabinetmarechaux.com\/index.php\/wp-json\/wp\/v2\/tribe_events"}],"about":[{"href":"https:\/\/www.cabinetmarechaux.com\/index.php\/wp-json\/wp\/v2\/types\/tribe_events"}],"author":[{"embeddable":true,"href":"https:\/\/www.cabinetmarechaux.com\/index.php\/wp-json\/wp\/v2\/users\/1"}],"version-history":[{"count":1,"href":"https:\/\/www.cabinetmarechaux.com\/index.php\/wp-json\/wp\/v2\/tribe_events\/2580\/revisions"}],"predecessor-version":[{"id":2586,"href":"https:\/\/www.cabinetmarechaux.com\/index.php\/wp-json\/wp\/v2\/tribe_events\/2580\/revisions\/2586"}],"wp:featuredmedia":[{"embeddable":true,"href":"https:\/\/www.cabinetmarechaux.com\/index.php\/wp-json\/wp\/v2\/media\/2581"}],"wp:attachment":[{"href":"https:\/\/www.cabinetmarechaux.com\/index.php\/wp-json\/wp\/v2\/media?parent=2580"}],"wp:term":[{"taxonomy":"post_tag","embeddable":true,"href":"https:\/\/www.cabinetmarechaux.com\/index.php\/wp-json\/wp\/v2\/tags?post=2580"},{"taxonomy":"tribe_events_cat","embeddable":true,"href":"https:\/\/www.cabinetmarechaux.com\/index.php\/wp-json\/wp\/v2\/tribe_events_cat?post=2580"}],"curies":[{"name":"wp","href":"https:\/\/api.w.org\/{rel}","templated":true}]}}