{"id":2625,"date":"2022-09-11T17:57:12","date_gmt":"2022-09-11T15:57:12","guid":{"rendered":"http:\/\/www.cabinetmarechaux.com\/?post_type=tribe_events&#038;p=2625"},"modified":"2022-09-12T10:46:42","modified_gmt":"2022-09-12T08:46:42","slug":"2625","status":"publish","type":"tribe_events","link":"https:\/\/www.cabinetmarechaux.com\/index.php\/event\/2625\/","title":{"rendered":"Saint-Jean de Luz et Ciboure vus par les peintres, peinture basque"},"content":{"rendered":"<div class=\"titre_informations_vente\">INFORMATIONS SUR LA VENTE<\/div>\n<p>&#8212;&#8212;&#8212;&#8212;&#8212;&#8212;&#8212;&#8212;&#8212;&#8212;&#8212;&#8212;&#8212;&#8212;&#8212;&#8212;&#8212;&#8212;&#8212;&#8212;&#8212;&#8212;&#8212;&#8212;&#8212;&#8212;&#8212;&#8212;&#8212;&#8212;-<\/p>\n<p>JEUDI 22 SEPTEMBRE 2022 \u00e0 18h<\/p>\n<p>PEINTURES BASQUES<\/p>\n<p>Saint-Jean-de-Luz \/ Ciboure<\/p>\n<p>&#8212;&#8212;&#8212;&#8212;&#8212;&#8212;&#8212;&#8212;&#8212;&#8212;&#8212;&#8212;&#8212;&#8212;&#8212;&#8212;&#8212;&#8212;&#8212;&#8212;&#8212;&#8212;&#8212;&#8212;&#8212;&#8212;&#8212;&#8212;&#8212;&#8212;-<\/p>\n<p>Provenance : Une collection particuli\u00e8re de Saint-Jean-de-Luz.<\/p>\n<p>&#8212;&#8212;&#8212;&#8212;&#8212;&#8212;&#8212;&#8212;&#8212;&#8212;&#8212;&#8212;&#8212;&#8212;&#8212;&#8212;&#8212;&#8212;&#8212;&#8212;&#8212;&#8212;&#8212;&#8212;&#8212;&#8212;&#8212;&#8212;&#8212;&#8212;&#8212;&#8212;&#8212;&#8212;&#8212;&#8212;&#8212;&#8211;<\/p>\n<p>Expositions \u00e0 BORDEAUX &#8211; 12-14, rue Peyronnet, 33800 BORDEAUX<\/p>\n<p>Mercredi 21 septembre de 10h \u00e0 12h et de 14h \u00e0 18h30<\/p>\n<p>Jeudi 22 septembre de 10h \u00e0 12h et de 14h \u00e0 17h30<\/p>\n<p>&#8212;&#8212;&#8212;&#8212;&#8212;&#8212;&#8212;&#8212;&#8212;&#8212;&#8212;&#8212;&#8212;&#8212;&#8212;&#8212;&#8212;&#8212;&#8212;&#8212;&#8212;&#8212;&#8212;&#8212;&#8212;&#8212;&#8212;&#8212;&#8212;&#8212;-<\/p>\n<p>Expositions exceptionnelles de la vente \u00e0 SAINT-JEAN-DE-LUZ &#8211; 39, Boulevard Thiers, 64500 SAINT-JEAN-DE-LUZ<\/p>\n<p>Jeudi 25, Vendredi 26, Samedi 27, Dimanche 28 ao\u00fbt<\/p>\n<p>Jeudi 1, Vendredi 2, Samedi 3 et Dimanche 4 septembre<\/p>\n<p>De 10h \u00e0 13h et de 15h \u00e0 19h<\/p>\n<hr \/>\n<p>&nbsp;<\/p>\n<div id=\"3904\">\n\t<div id=\"gallery_master_main_container_3904\" class=\"gallery_master_main_container\">\n\t\t\t<style type=\"text\/css\">\n\t@import url('https:\/\/fonts.googleapis.com\/css?family=Lato%3A700');\r\n@import url('https:\/\/fonts.googleapis.com\/css?family=Lato%3A300');\r\n@import url('https:\/\/fonts.googleapis.com\/css?family=Lato%3A700');\r\n@import url('https:\/\/fonts.googleapis.com\/css?family=Lato%3A300');\r\n\t\t#gallery_master_main_container_3904\t\t{\n\t\t\tdirection: ltr !important;\n\t\t}\n\t\t.gb-filter-holder_3904\t\t{\n\t\t\ttext-align: left;\n\t\t}\n\t\t.ux_div_empty_search_results_3904\t\t{\n\t\t\tdisplay:none;\n\t\t\ttext-align:center !important;\n\t\t\tclear:both !important;\n\t\t}\n\t\t\t\t\t#gallery_master_main_container_3904\t\t\t\t{\n\t\t\t\t\tmax-width: 1040px !important;\n\t\t\t\ttext-align: left !important;\t\t\t\t}\n\t\t\t\t#gallery_title_container_3904 h2\t\t\t\t{\n\t\t\t\t\tline-height: 1.7 !important;\n\t\t\t\t\ttext-align: left!important;\n\t\t\t\t\tfont-size: 20px !important;\n\t\t\t\t\tcolor: #000000 !important;\n\t\t\t\t\tmargin: 10px 0px 10px 0px !important;\n\t\t\t\t\tpadding: 10px 0px 10px 0px !important;\n\t\t\t\t\tfont-family: 'Lato' !important;\r\n\tfont-weight: 700 !important;\t\t\t\t}\n\t\t\t\t#gallery_desc_container_3904 h3\t\t\t\t{\n\t\t\t\t\tline-height: 1.7 !important;\n\t\t\t\t\ttext-align: left !important;\n\t\t\t\t\tfont-size: 16px !important;\n\t\t\t\t\tcolor: #787D85 !important;\n\t\t\t\t\tmargin: 10px 0px 10px 0px !important;\n\t\t\t\t\tpadding: 0px 0px 10px 0px !important;\n\t\t\t\t\tfont-family: 'Lato' !important;\r\n\tfont-weight: 300 !important;\t\t\t\t}\n\t\t\t\t.masonry_grid_layout_container\n\t\t\t\t{\n\t\t\t\t\tclear:both !important;\n\t\t\t\t}\n\t\t\t\t.masonry_grid_wrapper_item\n\t\t\t\t{\n\t\t\t\t\t\t\t\t\t\tbackground: rgba(235,232,235,0.5) !important;\n\t\t\t\t\t\t\t\t\t\tmargin: 10px 10px 0px 0px !important;\n\t\t\t\t\tpadding: 0px 0px 0px 0px !important;\n\t\t\t\t\toverflow: hidden !important;\n\t\t\t\t\tbox-shadow: 0px 0px 0px 0px #000000!important;\n\t\t\t\t\t-webkit-box-shadow: 0px 0px 0px 0px #000000!important;\n\t\t\t\t\t-moz-box-shadow: 0px 0px 0px 0px #000000!important;\n\t\t\t\t}\n\t\t\t\t.masonry_grid_item_image_3904\t\t\t\t{\n\t\t\t\t\twidth: 250px !important;\n\t\t\t\t\topacity: 1 !important;\n\t\t\t\t}\n\t\t\t\t.masonry_grid_item_image_3904:hover\n\t\t\t\t{\n\t\t\t\t\ttransition: 1s !important;\n\t\t\t\t\ttransform: none !important;\n\t\t\t\t\t-ms-filter: none !important;\n\t\t\t\t\t-o-filter: none !important;\n\t\t\t\t\tfilter: none !important;\n\t\t\t\t\t-moz-filter: none !important;\n\t\t\t\t\t-webkit-filter: none !important;\n\t\t\t\t}\n\t\t\t\t.masonry_grid_item_image_3904 img\n\t\t\t\t{\n\t\t\t\t\tborder: 0px solid #cccccc !important;\n\t\t\t\t\tborder-radius: 0px !important;\n\t\t\t\t\t-webkit-border-radius: 0px !important;\n\t\t\t\t\t-moz-border-radius: 0px !important;\n\t\t\t\t\twidth: 250px !important;\n\t\t\t\t}\n\t\t\t\t.masonry_grid_content_item\n\t\t\t\t{\n\t\t\t\t\twidth: 250px !important;\n\t\t\t\t}\n\t\t\t\t.masonry_grid_single_text_title h3\t\t\t\t{\n\t\t\t\t\tline-height: 1.7 !important;\n\t\t\t\t\ttext-align: left !important;\n\t\t\t\t\tfont-size: 14px !important;\n\t\t\t\t\tcolor: #787D85 !important;\n\t\t\t\t\tmargin: 0px 5px 0px 5px !important;\n\t\t\t\t\tpadding: 10px 10px 10px 10px !important;\n\t\t\t\t\tfont-family: 'Lato' !important;\r\n\tfont-weight: 700 !important;\t\t\t\t}\n\t\t\t\t.masonry_grid_single_text_desc p\t\t\t\t{\n\t\t\t\t\tline-height: 1.7 !important;\n\t\t\t\t\ttext-align: left !important;\n\t\t\t\t\tfont-size: 12px !important;\n\t\t\t\t\tcolor: #787D85 !important;\n\t\t\t\t\tmargin: 0px 5px 0px 5px !important;\n\t\t\t\t\tpadding: 5px 10px 10px 5px !important;\n\t\t\t\t\tfont-family: 'Lato' !important;\r\n\tfont-weight: 300 !important;\t\t\t\t}\n\t\t\t\t\t\t\t\t.fbx-caption\n\t\t\t\t{\n\t\t\t\t\ttext-align: left !important;\n\t\t\t\t\tborder-bottom-left-radius: 5px !important;\n\t\t\t\t\tborder-bottom-right-radius: 5px !important;\n\t\t\t\t}\n\t\t\t\t.fbx-caption-title h2\t\t\t\t{\n\t\t\t\t\tline-height: 1.7em !important;\n\t\t\t\t\tdisplay: block!important;\n\t\t\t\t\ttext-align: left !important;\n\t\t\t\t\tfont-size: 16px !important;\n\t\t\t\t\tcolor : #ffffff !important;\n\t\t\t\t\tmargin: 10px 0px 10px 0px !important;\n\t\t\t\t\tpadding: 10px 10px 10px 10px !important;\n\t\t\t\t\tfont-family: 'Lato' !important;\r\n\tfont-weight: 700 !important;\t\t\t\t}\n\t\t\t\t.fbx-caption-desc h3\t\t\t\t{\n\t\t\t\t\tline-height: 1.7em !important;\n\t\t\t\t\tdisplay: block!important;\n\t\t\t\t\ttext-align: left !important;\n\t\t\t\t\tfont-size: 14px !important;\n\t\t\t\t\tcolor : #ffffff !important;\n\t\t\t\t\tmargin: 5px 0px 5px 0px !important;\n\t\t\t\t\tpadding: 20px 10px 10px 10px !important;\n\t\t\t\t\tfont-family: 'Lato' !important;\r\n\tfont-weight: 300 !important;\t\t\t\t}\n\t\t\t\t.fbx-modal\n\t\t\t\t{\n\t\t\t\t\t\t\t\t\t\tbackground-color: rgba(0,0,0,0.75) !important;\n\t\t\t\t\t\t\t\t\t}\n\t\t\t\t.fbx-inner\n\t\t\t\t{\n\t\t\t\t\tborder: 5px solid #ffffff !important;\n\t\t\t\t\t-webkit-border-radius: 5px !important;\n\t\t\t\t\t-moz-border-radius: 5px !important;\n\t\t\t\t\tborder-radius: 5px !important;\n\t\t\t\t}\n\t\t\t\t.fbx-item-image\n\t\t\t\t{\n\t\t\t\t\t-webkit-border-radius: 5px !important;\n\t\t\t\t\t-moz-border-radius: 5px !important;\n\t\t\t\t\tborder-radius: 5px !important;\n\t\t\t\t}\n\t\t\t\t\t<\/style>\n\t\t\t\t\t\t<div id=\"gallery_title_container_3904\" class=\"gallery_title_container\">\n\t\t\t\t\t\t<h2>\n\t\t\t\t\t\t\t22 septembre 2022\t\t\t\t\t\t<\/h2>\n\t\t\t\t\t<\/div>\n\t\t\t\t\t<script type=\"text\/javascript\">\n\tvar ajaxurl = \"https:\/\/www.cabinetmarechaux.com\/wp-admin\/admin-ajax.php\";\n\tvar global_options_right_click_protection = \"disable\";\n\tvar animation_effect = \"fadeIn\";\n\n\tif (typeof (call_gallery_master_layout_type_3904) !== \"function\")\n\t{\n\t\t\/**\n\t\t* This function is used for Layouts.\n\t\t*\/\n\t\tfunction call_gallery_master_layout_type_3904()\n\t\t{\n\t\t\t\t\t\t\t\t\tif (jQuery(\".masonry_grid_layout_container\").data('isotope'))\n\t\t\t\t\t\t{\n\t\t\t\t\t\t\tjQuery(\".masonry_grid_layout_container\").isotope('destroy');\n\t\t\t\t\t\t}\n\t\t\t\t\t\tjQuery(\".masonry_grid_layout_container\").imagesLoaded(function ()\n\t\t\t\t\t\t{\n\t\t\t\t\t\t\tjQuery(\".masonry_grid_layout_container\").isotope\n\t\t\t\t\t\t\t({\n\t\t\t\t\t\t\t\titemSelector: \".masonry_grid_wrapper_item\",\n\t\t\t\t\t\t\t\tlayoutMode: 'masonry',\n\t\t\t\t\t\t\t\tpercentPosition: true\n\t\t\t\t\t\t\t});\n\t\t\t\t\t\t\tjQuery(\".gm_animate\").scrolla_gb();\n\t\t\t\t\t\t});\n\t\t\t\t\t\t\t\t}\n\t}\n\tif (typeof (call_gallery_master_lightbox_3904) !== \"function\")\n\t{\n\t\t\/**\n\t\t* This function is used for Lightboxes.\n\t\t*\n\t\t* @param string lightbox_type .\n\t\t*\n\t\t*\/\n\t\tfunction call_gallery_master_lightbox_3904(lightbox_type)\n\t\t{\n\t\t\tswitch (lightbox_type)\n\t\t\t{\n\t\t\t\tcase \"foo_box_free_edition\":\n\t\t\t\t\t\t\t\t\t\t\tvar showCount_settings = true;\n\t\t\t\t\t\tvar closeOnOverlayClick = false;\n\t\t\t\t\t\tvar hideScrollbars = false;\n\t\t\t\t\t\tvar onlyShowOnHover = false;\n\t\t\t\t\t\t(function (FOOBOX, $)\n\t\t\t\t\t\t{\n\t\t\t\t\t\t\tFOOBOX.init = function () {\n\t\t\t\t\t\t\t\tFOOBOX.o = {\n\t\t\t\t\t\t\t\t\tshowCount: showCount_settings,\n\t\t\t\t\t\t\t\t\tcloseOnOverlayClick: closeOnOverlayClick,\n\t\t\t\t\t\t\t\t\thideScrollbars: hideScrollbars,\n\t\t\t\t\t\t\t\t\tcaptions:\n\t\t\t\t\t\t\t\t\t{\n\t\t\t\t\t\t\t\t\t\tonlyShowOnHover: onlyShowOnHover,\n\t\t\t\t\t\t\t\t\t\toverrideTitle: true,\n\t\t\t\t\t\t\t\t\t\ttitleSource: 'anchor',\n\t\t\t\t\t\t\t\t\t\toverrideDesc: true,\n\t\t\t\t\t\t\t\t\t\tdescSource: 'anchor'\n\t\t\t\t\t\t\t\t\t}\n\t\t\t\t\t\t\t\t};\n\t\t\t\t\t\t\t\t$(\".foobox\").foobox(FOOBOX.o);\n\t\t\t\t\t\t\t};\n\t\t\t\t\t\t}(window.FOOBOX = window.FOOBOX || {}, jQuery));\n\t\t\t\t\t\tjQuery(function ($)\n\t\t\t\t\t\t{\n\t\t\t\t\t\t\tFOOBOX.init();\n\t\t\t\t\t\t});\n\t\t\t\t\t\t\t\t\t\t\tbreak;\n\t\t\t}\n\t\t}\n\t}\n\tjQuery(document).ready(function ()\n\t{\n\t\tif (animation_effect !== \"none\")\n\t\t{\n\t\t\tjQuery(\".gm_animate\").scrolla_gb();\n\t\t}\n\t\tif (global_options_right_click_protection === \"enable\") {\n\t\t\tjQuery(\"#gallery_master_main_container_3904\").on(\"contextmenu\", function (e)\n\t\t\t{\n\t\t\t\treturn false;\n\t\t\t});\n\t\t}\n\t\tcall_gallery_master_layout_type_3904();\n\t\tcall_gallery_master_lightbox_3904(\"foo_box_free_edition\");\n});\n<\/script>\n\t\t\t\t<div id=\"grid_layout_container_3904\">\n\t\t\t\t<div id=\"control_container_3904\" class=\"masonry_grid_layout_container\">\n\t\t\t\t\t<div id=\"grid_wrapper_item_3904_492\" class=\"masonry_grid_wrapper_item gm_animate\" data-animate=\"fadeIn\"  data-duration=\"1.0s\" data-delay=\"0.1s\" data-offset=\"100\">\n\t\t\t\t\t<div id=\"grid_item_image_3904_492\" class=\"masonry_grid_item_image_3904 \">\n\t\t\t\t\t\t\t\t\t\t\t\t\t\t\t\t\t<a href=\"https:\/\/www.cabinetmarechaux.com\/wp-content\/gallery-master\/original-images\/Capture-de\u0301cran-2022-09-12-a\u0300-10.14.36.png\" class=\"foobox\" target=\"\" rel=\"foobox_gallery_3904\"  data-caption-title=\"&lt;h2&gt;Ren\u00e9-Maxime CHOQUET (1872-1958)&lt;\/h2&gt;\" data-caption-desc=\"&lt;h3&gt;Jour de march\u00e9 \u00e0 Ciboure \r\nHuile sur carton en ovale, sign\u00e9 en bas vers la gauche. \r\nDim. \u00e0 vue : 49 x 60 cm. \r\nDans un cadre en bois et stuc dor\u00e9 \u00e0 d\u00e9cor de rubans crois\u00e9s.&lt;\/h3&gt;\">\n\t\t\t\t\t\t\t\t\t\t\t\t\t\t\t\t<img decoding=\"async\" src=\"https:\/\/www.cabinetmarechaux.com\/wp-content\/gallery-master\/thumbs-non-cropped\/Capture-de\u0301cran-2022-09-12-a\u0300-10.14.36.png\" alt=\"Ren\u00e9-Maxime CHOQUET\" image_full_path=\"https:\/\/www.cabinetmarechaux.com\/wp-content\/gallery-master\/original-images\/Capture-de\u0301cran-2022-09-12-a\u0300-10.14.36.png\"  id=\"ux_gm_file_3904_492\" name=\"ux_gm_file\" \/>\n\t\t\t\t\t<\/a>\n\t\t\t\t<\/div>\n\t\t\t\t\t\t\t\t\t<div id=\"grid_content_item\" class=\"masonry_grid_content_item\">\n\t\t\t\t\t\t\t\t\t\t\t\t\t<div id=\"grid_single_text_title_3904_492\" class=\"masonry_grid_single_text_title\">\n\t\t\t\t\t\t\t\t<h3>\n\t\t\t\t\t\t\t\tRen\u00e9-Maxime CHOQUET (1872-1958)\t\t\t\t\t\t\t\t<\/h3>\n\t\t\t\t\t\t\t<\/div>\n\t\t\t\t\t\t\t\t\t\t\t\t\t<div id=\"grid_single_text_desc_3904_492\" class=\"masonry_grid_single_text_desc\">\n\t\t\t\t\t\t\t<p>\n\t\t\t\t\t\t\tJour de march\u00e9 \u00e0 Ciboure \r\nHuile sur carton en ovale, sign\u00e9 en bas vers la gauche. \r\nDim. \u00e0 vue : 49 x 60 cm. \r\nDans un cadre en bois et stuc dor\u00e9 \u00e0 d\u00e9cor de rubans crois\u00e9s.\t\t\t\t\t\t\t<\/p>\n\t\t\t\t\t\t<\/div>\n\t\t\t\t\t\t\t\t\t\t\t\t<\/div>\n\t\t\t\t\t\t\t\t<\/div>\n\t\t\t\t\t\t\t\t<div id=\"grid_wrapper_item_3904_493\" class=\"masonry_grid_wrapper_item gm_animate\" data-animate=\"fadeIn\"  data-duration=\"1.0s\" data-delay=\"0.1s\" data-offset=\"100\">\n\t\t\t\t\t<div id=\"grid_item_image_3904_493\" class=\"masonry_grid_item_image_3904 \">\n\t\t\t\t\t\t\t\t\t\t\t\t\t\t\t\t\t<a href=\"https:\/\/www.cabinetmarechaux.com\/wp-content\/gallery-master\/original-images\/Capture-de\u0301cran-2022-09-12-a\u0300-10.21.25.png\" class=\"foobox\" target=\"\" rel=\"foobox_gallery_3904\"  data-caption-title=\"&lt;h2&gt;Georges MASSON (1875-1949)&lt;\/h2&gt;\" data-caption-desc=\"&lt;h3&gt;Le quai devant la maison de l&#039;Infante\r\nHuile sur panneau, sign\u00e9 en bas \u00e0 droite.\r\n73,5 x 101 cm.\r\nDans un cadre en bois moulur\u00e9 et dor\u00e9.&lt;\/h3&gt;\">\n\t\t\t\t\t\t\t\t\t\t\t\t\t\t\t\t<img decoding=\"async\" src=\"https:\/\/www.cabinetmarechaux.com\/wp-content\/gallery-master\/thumbs-non-cropped\/Capture-de\u0301cran-2022-09-12-a\u0300-10.21.25.png\" alt=\"Georges MASSON (1875-1949)\" image_full_path=\"https:\/\/www.cabinetmarechaux.com\/wp-content\/gallery-master\/original-images\/Capture-de\u0301cran-2022-09-12-a\u0300-10.21.25.png\"  id=\"ux_gm_file_3904_493\" name=\"ux_gm_file\" \/>\n\t\t\t\t\t<\/a>\n\t\t\t\t<\/div>\n\t\t\t\t\t\t\t\t\t<div id=\"grid_content_item\" class=\"masonry_grid_content_item\">\n\t\t\t\t\t\t\t\t\t\t\t\t\t<div id=\"grid_single_text_title_3904_493\" class=\"masonry_grid_single_text_title\">\n\t\t\t\t\t\t\t\t<h3>\n\t\t\t\t\t\t\t\tGeorges MASSON (1875-1949)\t\t\t\t\t\t\t\t<\/h3>\n\t\t\t\t\t\t\t<\/div>\n\t\t\t\t\t\t\t\t\t\t\t\t\t<div id=\"grid_single_text_desc_3904_493\" class=\"masonry_grid_single_text_desc\">\n\t\t\t\t\t\t\t<p>\n\t\t\t\t\t\t\tLe quai devant la maison de l&#039;Infante\r\nHuile sur panneau, sign\u00e9 en bas \u00e0 droite.\r\n73,5 x 101 cm.\r\nDans un cadre en bois moulur\u00e9 et dor\u00e9.\t\t\t\t\t\t\t<\/p>\n\t\t\t\t\t\t<\/div>\n\t\t\t\t\t\t\t\t\t\t\t\t<\/div>\n\t\t\t\t\t\t\t\t<\/div>\n\t\t\t\t\t\t\t\t<div id=\"grid_wrapper_item_3904_496\" class=\"masonry_grid_wrapper_item gm_animate\" data-animate=\"fadeIn\"  data-duration=\"1.0s\" data-delay=\"0.1s\" data-offset=\"100\">\n\t\t\t\t\t<div id=\"grid_item_image_3904_496\" class=\"masonry_grid_item_image_3904 \">\n\t\t\t\t\t\t\t\t\t\t\t\t\t\t\t\t\t<a href=\"https:\/\/www.cabinetmarechaux.com\/wp-content\/gallery-master\/original-images\/Capture-de\u0301cran-2022-09-12-a\u0300-10.31.30.png\" class=\"foobox\" target=\"\" rel=\"foobox_gallery_3904\"  data-caption-title=\"&lt;h2&gt;Louis FLOUTIER (1882-1936)&lt;\/h2&gt;\" data-caption-desc=\"&lt;h3&gt;Mairie de Saint-Jean-de-Luz avec p\u00eacheurs basques et bretons\r\nHuile sur toile, porte une signature rapport\u00e9e en bas \u00e0 droite.\r\n54 x 73 cm.\r\nDans un cadre de style basque en bois sculpt\u00e9.\r\n\r\nBibliographie : Catalogue Raisonn\u00e9 de Louis Floutier par Madame Mary-Anne Prunet, n\u00b0496.&lt;\/h3&gt;\">\n\t\t\t\t\t\t\t\t\t\t\t\t\t\t\t\t<img decoding=\"async\" src=\"https:\/\/www.cabinetmarechaux.com\/wp-content\/gallery-master\/thumbs-non-cropped\/Capture-de\u0301cran-2022-09-12-a\u0300-10.31.30.png\" alt=\"Louis FLOUTIER (1882-1936)\" image_full_path=\"https:\/\/www.cabinetmarechaux.com\/wp-content\/gallery-master\/original-images\/Capture-de\u0301cran-2022-09-12-a\u0300-10.31.30.png\"  id=\"ux_gm_file_3904_496\" name=\"ux_gm_file\" \/>\n\t\t\t\t\t<\/a>\n\t\t\t\t<\/div>\n\t\t\t\t\t\t\t\t\t<div id=\"grid_content_item\" class=\"masonry_grid_content_item\">\n\t\t\t\t\t\t\t\t\t\t\t\t\t<div id=\"grid_single_text_title_3904_496\" class=\"masonry_grid_single_text_title\">\n\t\t\t\t\t\t\t\t<h3>\n\t\t\t\t\t\t\t\tLouis FLOUTIER (1882-1936)\t\t\t\t\t\t\t\t<\/h3>\n\t\t\t\t\t\t\t<\/div>\n\t\t\t\t\t\t\t\t\t\t\t\t\t<div id=\"grid_single_text_desc_3904_496\" class=\"masonry_grid_single_text_desc\">\n\t\t\t\t\t\t\t<p>\n\t\t\t\t\t\t\tMairie de Saint-Jean-de-Luz avec p\u00eacheurs basques et bretons\r\nHuile sur toile, porte une signature rapport\u00e9e en bas \u00e0 droite.\r\n54 x 73 cm.\r\nDans un cadre de style basque en bois sculpt\u00e9.\r\n\r\nBibliographie : Catalogue Raisonn\u00e9 de Louis Floutier par Madame Mary-Anne Prunet, n\u00b0496.\t\t\t\t\t\t\t<\/p>\n\t\t\t\t\t\t<\/div>\n\t\t\t\t\t\t\t\t\t\t\t\t<\/div>\n\t\t\t\t\t\t\t\t<\/div>\n\t\t\t\t\t\t\t\t<div id=\"grid_wrapper_item_3904_497\" class=\"masonry_grid_wrapper_item gm_animate\" data-animate=\"fadeIn\"  data-duration=\"1.0s\" data-delay=\"0.1s\" data-offset=\"100\">\n\t\t\t\t\t<div id=\"grid_item_image_3904_497\" class=\"masonry_grid_item_image_3904 \">\n\t\t\t\t\t\t\t\t\t\t\t\t\t\t\t\t\t<a href=\"https:\/\/www.cabinetmarechaux.com\/wp-content\/gallery-master\/original-images\/Capture-de\u0301cran-2022-09-12-a\u0300-10.24.03.png\" class=\"foobox\" target=\"\" rel=\"foobox_gallery_3904\"  data-caption-title=\"&lt;h2&gt;Georges MASSON (1875-1949)&lt;\/h2&gt;\" data-caption-desc=\"&lt;h3&gt;Ciboure, la rue de l&#039;Escalier\r\nHuile sur panneau, sign\u00e9 en bas \u00e0 droite.\r\n65 x 81 cm.\r\nDans un cadre en ch\u00eane moulur\u00e9.&lt;\/h3&gt;\">\n\t\t\t\t\t\t\t\t\t\t\t\t\t\t\t\t<img decoding=\"async\" src=\"https:\/\/www.cabinetmarechaux.com\/wp-content\/gallery-master\/thumbs-non-cropped\/Capture-de\u0301cran-2022-09-12-a\u0300-10.24.03.png\" alt=\"Georges MASSON (1875-1949)\" image_full_path=\"https:\/\/www.cabinetmarechaux.com\/wp-content\/gallery-master\/original-images\/Capture-de\u0301cran-2022-09-12-a\u0300-10.24.03.png\"  id=\"ux_gm_file_3904_497\" name=\"ux_gm_file\" \/>\n\t\t\t\t\t<\/a>\n\t\t\t\t<\/div>\n\t\t\t\t\t\t\t\t\t<div id=\"grid_content_item\" class=\"masonry_grid_content_item\">\n\t\t\t\t\t\t\t\t\t\t\t\t\t<div id=\"grid_single_text_title_3904_497\" class=\"masonry_grid_single_text_title\">\n\t\t\t\t\t\t\t\t<h3>\n\t\t\t\t\t\t\t\tGeorges MASSON (1875-1949)\t\t\t\t\t\t\t\t<\/h3>\n\t\t\t\t\t\t\t<\/div>\n\t\t\t\t\t\t\t\t\t\t\t\t\t<div id=\"grid_single_text_desc_3904_497\" class=\"masonry_grid_single_text_desc\">\n\t\t\t\t\t\t\t<p>\n\t\t\t\t\t\t\tCiboure, la rue de l&#039;Escalier\r\nHuile sur panneau, sign\u00e9 en bas \u00e0 droite.\r\n65 x 81 cm.\r\nDans un cadre en ch\u00eane moulur\u00e9.\t\t\t\t\t\t\t<\/p>\n\t\t\t\t\t\t<\/div>\n\t\t\t\t\t\t\t\t\t\t\t\t<\/div>\n\t\t\t\t\t\t\t\t<\/div>\n\t\t\t\t\t\t\t\t<div id=\"grid_wrapper_item_3904_498\" class=\"masonry_grid_wrapper_item gm_animate\" data-animate=\"fadeIn\"  data-duration=\"1.0s\" data-delay=\"0.1s\" data-offset=\"100\">\n\t\t\t\t\t<div id=\"grid_item_image_3904_498\" class=\"masonry_grid_item_image_3904 \">\n\t\t\t\t\t\t\t\t\t\t\t\t\t\t\t\t\t<a href=\"https:\/\/www.cabinetmarechaux.com\/wp-content\/gallery-master\/original-images\/Capture-de\u0301cran-2022-09-12-a\u0300-10.38.30.png\" class=\"foobox\" target=\"\" rel=\"foobox_gallery_3904\"  data-caption-title=\"&lt;h2&gt;Fran\u00e7ois-Maurice ROGANEAU (1883-1973)&lt;\/h2&gt;\" data-caption-desc=\"&lt;h3&gt;Le port de Saint-Jean-de-Luz\r\nHuile sur panneau, sign\u00e9 et situ\u00e9 en bas \u00e0 gauche.\r\n25 x 30 cm.\r\n(Fentes au panneau, restauration, panneau doubl\u00e9 sur contreplaqu\u00e9).\r\nDans un cadre en acajou moulur\u00e9.&lt;\/h3&gt;\">\n\t\t\t\t\t\t\t\t\t\t\t\t\t\t\t\t<img decoding=\"async\" src=\"https:\/\/www.cabinetmarechaux.com\/wp-content\/gallery-master\/thumbs-non-cropped\/Capture-de\u0301cran-2022-09-12-a\u0300-10.38.30.png\" alt=\"Fran\u00e7ois-Maurice ROGANEAU (1883-1973)\" image_full_path=\"https:\/\/www.cabinetmarechaux.com\/wp-content\/gallery-master\/original-images\/Capture-de\u0301cran-2022-09-12-a\u0300-10.38.30.png\"  id=\"ux_gm_file_3904_498\" name=\"ux_gm_file\" \/>\n\t\t\t\t\t<\/a>\n\t\t\t\t<\/div>\n\t\t\t\t\t\t\t\t\t<div id=\"grid_content_item\" class=\"masonry_grid_content_item\">\n\t\t\t\t\t\t\t\t\t\t\t\t\t<div id=\"grid_single_text_title_3904_498\" class=\"masonry_grid_single_text_title\">\n\t\t\t\t\t\t\t\t<h3>\n\t\t\t\t\t\t\t\tFran\u00e7ois-Maurice ROGANEAU (1883-1973)\t\t\t\t\t\t\t\t<\/h3>\n\t\t\t\t\t\t\t<\/div>\n\t\t\t\t\t\t\t\t\t\t\t\t\t<div id=\"grid_single_text_desc_3904_498\" class=\"masonry_grid_single_text_desc\">\n\t\t\t\t\t\t\t<p>\n\t\t\t\t\t\t\tLe port de Saint-Jean-de-Luz\r\nHuile sur panneau, sign\u00e9 et situ\u00e9 en bas \u00e0 gauche.\r\n25 x 30 cm.\r\n(Fentes au panneau, restauration, panneau doubl\u00e9 sur contreplaqu\u00e9).\r\nDans un cadre en acajou moulur\u00e9.\t\t\t\t\t\t\t<\/p>\n\t\t\t\t\t\t<\/div>\n\t\t\t\t\t\t\t\t\t\t\t\t<\/div>\n\t\t\t\t\t\t\t\t<\/div>\n\t\t\t\t\t\t\t\t<div id=\"grid_wrapper_item_3904_500\" class=\"masonry_grid_wrapper_item gm_animate\" data-animate=\"fadeIn\"  data-duration=\"1.0s\" data-delay=\"0.1s\" data-offset=\"100\">\n\t\t\t\t\t<div id=\"grid_item_image_3904_500\" class=\"masonry_grid_item_image_3904 \">\n\t\t\t\t\t\t\t\t\t\t\t\t\t\t\t\t\t<a href=\"https:\/\/www.cabinetmarechaux.com\/wp-content\/gallery-master\/original-images\/Capture-de\u0301cran-2022-09-12-a\u0300-10.41.30.png\" class=\"foobox\" target=\"\" rel=\"foobox_gallery_3904\"  data-caption-title=\"&lt;h2&gt;Ramiro ARRUE (1892-1971)&lt;\/h2&gt;\" data-caption-desc=\"&lt;h3&gt;La gardeuse de vaches\r\nGouache, sign\u00e9e en bas \u00e0 droite.\r\nDim. \u00e0 vue : 42,5 x 58,5 cm.\r\nEncadr\u00e9e sous verre, dans un cadre en ch\u00eane moulur\u00e9.&lt;\/h3&gt;\">\n\t\t\t\t\t\t\t\t\t\t\t\t\t\t\t\t<img decoding=\"async\" src=\"https:\/\/www.cabinetmarechaux.com\/wp-content\/gallery-master\/thumbs-non-cropped\/Capture-de\u0301cran-2022-09-12-a\u0300-10.41.30.png\" alt=\"Ramiro ARRUE (1892-1971)\" image_full_path=\"https:\/\/www.cabinetmarechaux.com\/wp-content\/gallery-master\/original-images\/Capture-de\u0301cran-2022-09-12-a\u0300-10.41.30.png\"  id=\"ux_gm_file_3904_500\" name=\"ux_gm_file\" \/>\n\t\t\t\t\t<\/a>\n\t\t\t\t<\/div>\n\t\t\t\t\t\t\t\t\t<div id=\"grid_content_item\" class=\"masonry_grid_content_item\">\n\t\t\t\t\t\t\t\t\t\t\t\t\t<div id=\"grid_single_text_title_3904_500\" class=\"masonry_grid_single_text_title\">\n\t\t\t\t\t\t\t\t<h3>\n\t\t\t\t\t\t\t\tRamiro ARRUE (1892-1971)\t\t\t\t\t\t\t\t<\/h3>\n\t\t\t\t\t\t\t<\/div>\n\t\t\t\t\t\t\t\t\t\t\t\t\t<div id=\"grid_single_text_desc_3904_500\" class=\"masonry_grid_single_text_desc\">\n\t\t\t\t\t\t\t<p>\n\t\t\t\t\t\t\tLa gardeuse de vaches\r\nGouache, sign\u00e9e en bas \u00e0 droite.\r\nDim. \u00e0 vue : 42,5 x 58,5 cm.\r\nEncadr\u00e9e sous verre, dans un cadre en ch\u00eane moulur\u00e9.\t\t\t\t\t\t\t<\/p>\n\t\t\t\t\t\t<\/div>\n\t\t\t\t\t\t\t\t\t\t\t\t<\/div>\n\t\t\t\t\t\t\t\t<\/div>\n\t\t\t\t\t\t\t\t<div id=\"grid_wrapper_item_3904_501\" class=\"masonry_grid_wrapper_item gm_animate\" data-animate=\"fadeIn\"  data-duration=\"1.0s\" data-delay=\"0.1s\" data-offset=\"100\">\n\t\t\t\t\t<div id=\"grid_item_image_3904_501\" class=\"masonry_grid_item_image_3904 \">\n\t\t\t\t\t\t\t\t\t\t\t\t\t\t\t\t\t<a href=\"https:\/\/www.cabinetmarechaux.com\/wp-content\/gallery-master\/original-images\/Capture-de\u0301cran-2022-09-12-a\u0300-10.44.23.png\" class=\"foobox\" target=\"\" rel=\"foobox_gallery_3904\"  data-caption-title=\"&lt;h2&gt;Bertrand de BONNECHOSE (1897-1972)&lt;\/h2&gt;\" data-caption-desc=\"&lt;h3&gt;Ciboure, l&#039;atelier rue Pocalette\r\nHuile sur toile, sign\u00e9e, situ\u00e9e et dat\u00e9e &quot;1924&quot; en bas \u00e0 droite.\r\n65 x 50 cm.\r\n(Craquelures et r\u00e9tractations de mati\u00e8re).\r\nDans un cadre en pin teint\u00e9.&lt;\/h3&gt;\">\n\t\t\t\t\t\t\t\t\t\t\t\t\t\t\t\t<img decoding=\"async\" src=\"https:\/\/www.cabinetmarechaux.com\/wp-content\/gallery-master\/thumbs-non-cropped\/Capture-de\u0301cran-2022-09-12-a\u0300-10.44.23.png\" alt=\"Bertrand de BONNECHOSE (1897-1972)\" image_full_path=\"https:\/\/www.cabinetmarechaux.com\/wp-content\/gallery-master\/original-images\/Capture-de\u0301cran-2022-09-12-a\u0300-10.44.23.png\"  id=\"ux_gm_file_3904_501\" name=\"ux_gm_file\" \/>\n\t\t\t\t\t<\/a>\n\t\t\t\t<\/div>\n\t\t\t\t\t\t\t\t\t<div id=\"grid_content_item\" class=\"masonry_grid_content_item\">\n\t\t\t\t\t\t\t\t\t\t\t\t\t<div id=\"grid_single_text_title_3904_501\" class=\"masonry_grid_single_text_title\">\n\t\t\t\t\t\t\t\t<h3>\n\t\t\t\t\t\t\t\tBertrand de BONNECHOSE (1897-1972)\t\t\t\t\t\t\t\t<\/h3>\n\t\t\t\t\t\t\t<\/div>\n\t\t\t\t\t\t\t\t\t\t\t\t\t<div id=\"grid_single_text_desc_3904_501\" class=\"masonry_grid_single_text_desc\">\n\t\t\t\t\t\t\t<p>\n\t\t\t\t\t\t\tCiboure, l&#039;atelier rue Pocalette\r\nHuile sur toile, sign\u00e9e, situ\u00e9e et dat\u00e9e \"1924\" en bas \u00e0 droite.\r\n65 x 50 cm.\r\n(Craquelures et r\u00e9tractations de mati\u00e8re).\r\nDans un cadre en pin teint\u00e9.\t\t\t\t\t\t\t<\/p>\n\t\t\t\t\t\t<\/div>\n\t\t\t\t\t\t\t\t\t\t\t\t<\/div>\n\t\t\t\t\t\t\t\t<\/div>\n\t\t\t\t\t<\/div>\n\t\t<\/div>\n\t<\/div>\n<\/div>\n\n","protected":false},"excerpt":{"rendered":"<p>peinture basque. saint-jean de luz, Ciboure,<\/p>\n","protected":false},"author":1,"featured_media":2626,"template":"","meta":{"_monsterinsights_skip_tracking":false,"_monsterinsights_sitenote_active":false,"_monsterinsights_sitenote_note":"","_monsterinsights_sitenote_category":0,"ngg_post_thumbnail":0,"_tribe_events_status":"","_tribe_events_status_reason":"","footnotes":""},"tags":[],"tribe_events_cat":[10],"class_list":["post-2625","tribe_events","type-tribe_events","status-publish","has-post-thumbnail","hentry","tribe_events_cat-ventes","cat_ventes"],"yoast_head":"<!-- This site is optimized with the Yoast SEO plugin v20.10 - https:\/\/yoast.com\/wordpress\/plugins\/seo\/ -->\n<title>Saint-Jean de Luz et Ciboure vus par les peintres, peinture basque - Cabinet Mar\u00e9chaux<\/title>\n<meta name=\"robots\" content=\"index, follow, max-snippet:-1, max-image-preview:large, max-video-preview:-1\" \/>\n<link rel=\"canonical\" href=\"https:\/\/www.cabinetmarechaux.com\/index.php\/event\/2625\/\" \/>\n<meta property=\"og:locale\" content=\"fr_FR\" \/>\n<meta property=\"og:type\" content=\"article\" \/>\n<meta property=\"og:title\" content=\"Saint-Jean de Luz et Ciboure vus par les peintres, peinture basque - Cabinet Mar\u00e9chaux\" \/>\n<meta property=\"og:description\" content=\"peinture basque. saint-jean de luz, Ciboure,\" \/>\n<meta property=\"og:url\" content=\"https:\/\/www.cabinetmarechaux.com\/index.php\/event\/2625\/\" \/>\n<meta property=\"og:site_name\" content=\"Cabinet Mar\u00e9chaux\" \/>\n<meta property=\"article:publisher\" content=\"https:\/\/www.facebook.com\/elisabethmarechaux\/?locale=fr_FR\" \/>\n<meta property=\"article:modified_time\" content=\"2022-09-12T08:46:42+00:00\" \/>\n<meta property=\"og:image\" content=\"https:\/\/www.cabinetmarechaux.com\/wp-content\/uploads\/2022\/09\/IMG_7566-scaled.jpg\" \/>\n\t<meta property=\"og:image:width\" content=\"2560\" \/>\n\t<meta property=\"og:image:height\" content=\"1811\" \/>\n\t<meta property=\"og:image:type\" content=\"image\/jpeg\" \/>\n<meta name=\"twitter:card\" content=\"summary_large_image\" \/>\n<meta name=\"twitter:label1\" content=\"Dur\u00e9e de lecture estim\u00e9e\" \/>\n\t<meta name=\"twitter:data1\" content=\"1 minute\" \/>\n<script type=\"application\/ld+json\" class=\"yoast-schema-graph\">{\"@context\":\"https:\/\/schema.org\",\"@graph\":[{\"@type\":\"WebPage\",\"@id\":\"https:\/\/www.cabinetmarechaux.com\/index.php\/event\/2625\/\",\"url\":\"https:\/\/www.cabinetmarechaux.com\/index.php\/event\/2625\/\",\"name\":\"Saint-Jean de Luz et Ciboure vus par les peintres, peinture basque - Cabinet Mar\u00e9chaux\",\"isPartOf\":{\"@id\":\"https:\/\/www.cabinetmarechaux.com\/#website\"},\"datePublished\":\"2022-09-11T15:57:12+00:00\",\"dateModified\":\"2022-09-12T08:46:42+00:00\",\"breadcrumb\":{\"@id\":\"https:\/\/www.cabinetmarechaux.com\/index.php\/event\/2625\/#breadcrumb\"},\"inLanguage\":\"fr-FR\",\"potentialAction\":[{\"@type\":\"ReadAction\",\"target\":[\"https:\/\/www.cabinetmarechaux.com\/index.php\/event\/2625\/\"]}]},{\"@type\":\"BreadcrumbList\",\"@id\":\"https:\/\/www.cabinetmarechaux.com\/index.php\/event\/2625\/#breadcrumb\",\"itemListElement\":[{\"@type\":\"ListItem\",\"position\":1,\"name\":\"Accueil\",\"item\":\"https:\/\/www.cabinetmarechaux.com\/\"},{\"@type\":\"ListItem\",\"position\":2,\"name\":\"\u00c9v\u00e8nements\",\"item\":\"https:\/\/www.cabinetmarechaux.com\/index.php\/events\/\"},{\"@type\":\"ListItem\",\"position\":3,\"name\":\"Saint-Jean de Luz et Ciboure vus par les peintres, peinture basque\"}]},{\"@type\":\"WebSite\",\"@id\":\"https:\/\/www.cabinetmarechaux.com\/#website\",\"url\":\"https:\/\/www.cabinetmarechaux.com\/\",\"name\":\"Cabinet Mar\u00e9chaux\",\"description\":\"Expertise : tableaux, dessins, sculptures des XIXe et XXe si\u00e8cles\",\"publisher\":{\"@id\":\"https:\/\/www.cabinetmarechaux.com\/#organization\"},\"potentialAction\":[{\"@type\":\"SearchAction\",\"target\":{\"@type\":\"EntryPoint\",\"urlTemplate\":\"https:\/\/www.cabinetmarechaux.com\/?s={search_term_string}\"},\"query-input\":\"required name=search_term_string\"}],\"inLanguage\":\"fr-FR\"},{\"@type\":\"Organization\",\"@id\":\"https:\/\/www.cabinetmarechaux.com\/#organization\",\"name\":\"Cabinet Mar\u00e9chaux\",\"url\":\"https:\/\/www.cabinetmarechaux.com\/\",\"logo\":{\"@type\":\"ImageObject\",\"inLanguage\":\"fr-FR\",\"@id\":\"https:\/\/www.cabinetmarechaux.com\/#\/schema\/logo\/image\/\",\"url\":\"https:\/\/www.cabinetmarechaux.com\/wp-content\/uploads\/2023\/06\/cabinet-marechaux.jpg\",\"contentUrl\":\"https:\/\/www.cabinetmarechaux.com\/wp-content\/uploads\/2023\/06\/cabinet-marechaux.jpg\",\"width\":180,\"height\":180,\"caption\":\"Cabinet Mar\u00e9chaux\"},\"image\":{\"@id\":\"https:\/\/www.cabinetmarechaux.com\/#\/schema\/logo\/image\/\"},\"sameAs\":[\"https:\/\/www.facebook.com\/elisabethmarechaux\/?locale=fr_FR\",\"https:\/\/www.instagram.com\/cabinetmarechaux\/\"]}]}<\/script>\n<!-- \/ Yoast SEO plugin. -->","yoast_head_json":{"title":"Saint-Jean de Luz et Ciboure vus par les peintres, peinture basque - Cabinet Mar\u00e9chaux","robots":{"index":"index","follow":"follow","max-snippet":"max-snippet:-1","max-image-preview":"max-image-preview:large","max-video-preview":"max-video-preview:-1"},"canonical":"https:\/\/www.cabinetmarechaux.com\/index.php\/event\/2625\/","og_locale":"fr_FR","og_type":"article","og_title":"Saint-Jean de Luz et Ciboure vus par les peintres, peinture basque - Cabinet Mar\u00e9chaux","og_description":"peinture basque. saint-jean de luz, Ciboure,","og_url":"https:\/\/www.cabinetmarechaux.com\/index.php\/event\/2625\/","og_site_name":"Cabinet Mar\u00e9chaux","article_publisher":"https:\/\/www.facebook.com\/elisabethmarechaux\/?locale=fr_FR","article_modified_time":"2022-09-12T08:46:42+00:00","og_image":[{"width":2560,"height":1811,"url":"https:\/\/www.cabinetmarechaux.com\/wp-content\/uploads\/2022\/09\/IMG_7566-scaled.jpg","type":"image\/jpeg"}],"twitter_card":"summary_large_image","twitter_misc":{"Dur\u00e9e de lecture estim\u00e9e":"1 minute"},"schema":{"@context":"https:\/\/schema.org","@graph":[{"@type":"WebPage","@id":"https:\/\/www.cabinetmarechaux.com\/index.php\/event\/2625\/","url":"https:\/\/www.cabinetmarechaux.com\/index.php\/event\/2625\/","name":"Saint-Jean de Luz et Ciboure vus par les peintres, peinture basque - Cabinet Mar\u00e9chaux","isPartOf":{"@id":"https:\/\/www.cabinetmarechaux.com\/#website"},"datePublished":"2022-09-11T15:57:12+00:00","dateModified":"2022-09-12T08:46:42+00:00","breadcrumb":{"@id":"https:\/\/www.cabinetmarechaux.com\/index.php\/event\/2625\/#breadcrumb"},"inLanguage":"fr-FR","potentialAction":[{"@type":"ReadAction","target":["https:\/\/www.cabinetmarechaux.com\/index.php\/event\/2625\/"]}]},{"@type":"BreadcrumbList","@id":"https:\/\/www.cabinetmarechaux.com\/index.php\/event\/2625\/#breadcrumb","itemListElement":[{"@type":"ListItem","position":1,"name":"Accueil","item":"https:\/\/www.cabinetmarechaux.com\/"},{"@type":"ListItem","position":2,"name":"\u00c9v\u00e8nements","item":"https:\/\/www.cabinetmarechaux.com\/index.php\/events\/"},{"@type":"ListItem","position":3,"name":"Saint-Jean de Luz et Ciboure vus par les peintres, peinture basque"}]},{"@type":"WebSite","@id":"https:\/\/www.cabinetmarechaux.com\/#website","url":"https:\/\/www.cabinetmarechaux.com\/","name":"Cabinet Mar\u00e9chaux","description":"Expertise : tableaux, dessins, sculptures des XIXe et XXe si\u00e8cles","publisher":{"@id":"https:\/\/www.cabinetmarechaux.com\/#organization"},"potentialAction":[{"@type":"SearchAction","target":{"@type":"EntryPoint","urlTemplate":"https:\/\/www.cabinetmarechaux.com\/?s={search_term_string}"},"query-input":"required name=search_term_string"}],"inLanguage":"fr-FR"},{"@type":"Organization","@id":"https:\/\/www.cabinetmarechaux.com\/#organization","name":"Cabinet Mar\u00e9chaux","url":"https:\/\/www.cabinetmarechaux.com\/","logo":{"@type":"ImageObject","inLanguage":"fr-FR","@id":"https:\/\/www.cabinetmarechaux.com\/#\/schema\/logo\/image\/","url":"https:\/\/www.cabinetmarechaux.com\/wp-content\/uploads\/2023\/06\/cabinet-marechaux.jpg","contentUrl":"https:\/\/www.cabinetmarechaux.com\/wp-content\/uploads\/2023\/06\/cabinet-marechaux.jpg","width":180,"height":180,"caption":"Cabinet Mar\u00e9chaux"},"image":{"@id":"https:\/\/www.cabinetmarechaux.com\/#\/schema\/logo\/image\/"},"sameAs":["https:\/\/www.facebook.com\/elisabethmarechaux\/?locale=fr_FR","https:\/\/www.instagram.com\/cabinetmarechaux\/"]}]}},"_links":{"self":[{"href":"https:\/\/www.cabinetmarechaux.com\/index.php\/wp-json\/wp\/v2\/tribe_events\/2625","targetHints":{"allow":["GET"]}}],"collection":[{"href":"https:\/\/www.cabinetmarechaux.com\/index.php\/wp-json\/wp\/v2\/tribe_events"}],"about":[{"href":"https:\/\/www.cabinetmarechaux.com\/index.php\/wp-json\/wp\/v2\/types\/tribe_events"}],"author":[{"embeddable":true,"href":"https:\/\/www.cabinetmarechaux.com\/index.php\/wp-json\/wp\/v2\/users\/1"}],"version-history":[{"count":5,"href":"https:\/\/www.cabinetmarechaux.com\/index.php\/wp-json\/wp\/v2\/tribe_events\/2625\/revisions"}],"predecessor-version":[{"id":2635,"href":"https:\/\/www.cabinetmarechaux.com\/index.php\/wp-json\/wp\/v2\/tribe_events\/2625\/revisions\/2635"}],"wp:featuredmedia":[{"embeddable":true,"href":"https:\/\/www.cabinetmarechaux.com\/index.php\/wp-json\/wp\/v2\/media\/2626"}],"wp:attachment":[{"href":"https:\/\/www.cabinetmarechaux.com\/index.php\/wp-json\/wp\/v2\/media?parent=2625"}],"wp:term":[{"taxonomy":"post_tag","embeddable":true,"href":"https:\/\/www.cabinetmarechaux.com\/index.php\/wp-json\/wp\/v2\/tags?post=2625"},{"taxonomy":"tribe_events_cat","embeddable":true,"href":"https:\/\/www.cabinetmarechaux.com\/index.php\/wp-json\/wp\/v2\/tribe_events_cat?post=2625"}],"curies":[{"name":"wp","href":"https:\/\/api.w.org\/{rel}","templated":true}]}}