{"id":2645,"date":"2022-09-15T11:23:10","date_gmt":"2022-09-15T09:23:10","guid":{"rendered":"http:\/\/www.cabinetmarechaux.com\/?post_type=tribe_events&#038;p=2645"},"modified":"2022-09-15T11:24:52","modified_gmt":"2022-09-15T09:24:52","slug":"vassy-jalenques","status":"publish","type":"tribe_events","link":"https:\/\/www.cabinetmarechaux.com\/index.php\/event\/vassy-jalenques\/","title":{"rendered":"Clermont-Ferrand    Vassy &#038; Jalenques"},"content":{"rendered":"<p>Important ensemble de tableaux provenant de la collection du docteur Henri Bourges, ami de Louis Anquetin et d&rsquo;Henri de Toulouse-Lautrec<\/p>\n<p>Dossier de presse :<\/p>\n<p><a href=\"https:\/\/www.artcento.com\/wp-content\/uploads\/2022\/09\/DOSSIER-DE-PRESSE-ANQUETIN-FINAL-2.pdf\">https:\/\/www.artcento.com\/wp-content\/uploads\/2022\/09\/DOSSIER-DE-PRESSE-ANQUETIN-FINAL-2.pdf<\/a><\/p>\n<p>&nbsp;<\/p>\n<p>Louis ANQUETIN\u00a01861-1932<\/p>\n<p>\u00ab\u00a0Torse de jeune fille\u00a0\u00bb, 1890<\/p>\n<p>Huile sur toile, sign\u00e9e et dat\u00e9e \u00ab\u00a01890\u00a0\u00bb en bas, \u00e0 droite.<\/p>\n<p>76 x 59 cm(rentoil\u00e9e)<\/p>\n<p>Provenance :<span class=\"Apple-converted-space\">\u00a0<\/span>Docteur Henri Bourges, puis par descendance<\/p>\n<p>Expositions :<\/p>\n<ul>\n<li><i>Salon des Amis des Arts<\/i>,<span class=\"Apple-converted-space\">\u00a0 <\/span>Angers, novembre 1890, n\u00b014<\/li>\n<li>\u00a0<i>Septi\u00e8me Salon de la Soci\u00e9t\u00e9 des Artistes Ind\u00e9pendants<\/i>, Paris, mars-avril 1891, n\u00b022<\/li>\n<li><i>Anquetin chez Cubat<\/i>, Paris, mai 1897, n\u00b05<\/li>\n<li><i>Anquetin La Passion d\u2019\u00eatre Peintre<\/i>,<span class=\"Apple-converted-space\">\u00a0 <\/span>Galerie Brame &amp; Lorenceau, Paris, 26 mars &#8211; 20 avril<span class=\"Apple-converted-space\">\u00a0 \u00a0 <\/span>1991, n\u00b015<\/li>\n<\/ul>\n<p>Bibliographie :<\/p>\n<ul>\n<li>Mathias Morhardt, A l\u2019Exposition, <i>Angers-Artiste, <\/i>novembre 1890, n\u00b05.<\/li>\n<li>Georges Lecomte, Le Salon des Ind\u00e9pendants, <i>L\u2019Art dans les deux mondes<\/i>, mars 1891.<\/li>\n<li>Mathias Morhardt, A l\u2019Exposition, <i>Angers-Artiste, <\/i>11 avril 1891, n\u00b026.<\/li>\n<li>Jules Christophe, Le n\u00e9o-impressionnisme, <i>Le Journal des Artistes,<\/i> 12 avril 1891, p.100.<\/li>\n<li>Chroniques d\u2019Aujourd\u2019hui. Chez les Jeunes. 1- Louis Anquetin, <i>Le Clairon<\/i>, 12 avril 1891, pp.1 et 2.<\/li>\n<li>Jules Antoine, Les Ind\u00e9pendants, <i>La Plume, <\/i>1er mai 1891.<\/li>\n<li>Julien Leclerc, Aux Ind\u00e9pendants, <i>Le Mercure de France<\/i>, mai 1891.<\/li>\n<li>Ars\u00e8ne Alexandre, <i>Anquetin chez Cubat<\/i>, pr\u00e9face du catalogue d\u2019exposition, Paris, 1897<\/li>\n<li><i>Toulouse-Lautrec. <\/i>Catalogue d\u2019exposition, Hayward Gallery, Londres, octobre 1991-janvier 1992 et Galeries Nationales du Grand-Palais, Paris, f\u00e9vrier-juin 1992, RMN, 1992. Reproduit p.144, fig. 173.<\/li>\n<li>Philippe Dagen, L\u2019aimable Monsieur Anquetin, <i>Le Figaro<\/i>, 30 mars 1991, reproduit.<\/li>\n<\/ul>\n","protected":false},"excerpt":{"rendered":"<p>Important ensemble de tableaux provenant de la collection du docteur Henri Bourges, ami de Louis Anquetin et d&rsquo;Henri de Toulouse-Lautrec Dossier de presse : https:\/\/www.artcento.com\/wp-content\/uploads\/2022\/09\/DOSSIER-DE-PRESSE-ANQUETIN-FINAL-2.pdf &nbsp; Louis ANQUETIN\u00a01861-1932 \u00ab\u00a0Torse de &hellip; <\/p>\n<p class=\"link-more\"><a href=\"https:\/\/www.cabinetmarechaux.com\/index.php\/event\/vassy-jalenques\/\" class=\"more-link\">Lire la suite de<span class=\"screen-reader-text\">\u00ab\u00a0Clermont-Ferrand    Vassy &#038; Jalenques\u00a0\u00bb<\/span><\/a><\/p>\n","protected":false},"author":1,"featured_media":2646,"template":"","meta":{"_monsterinsights_skip_tracking":false,"_monsterinsights_sitenote_active":false,"_monsterinsights_sitenote_note":"","_monsterinsights_sitenote_category":0,"ngg_post_thumbnail":0,"_tribe_events_status":"","_tribe_events_status_reason":"","footnotes":""},"tags":[],"tribe_events_cat":[],"class_list":["post-2645","tribe_events","type-tribe_events","status-publish","has-post-thumbnail","hentry"],"yoast_head":"<!-- This site is optimized with the Yoast SEO plugin v20.10 - https:\/\/yoast.com\/wordpress\/plugins\/seo\/ -->\n<title>Clermont-Ferrand  Vassy &amp; Jalenques - Cabinet Mar\u00e9chaux<\/title>\n<meta name=\"robots\" content=\"index, follow, max-snippet:-1, max-image-preview:large, max-video-preview:-1\" \/>\n<link rel=\"canonical\" href=\"https:\/\/www.cabinetmarechaux.com\/index.php\/event\/vassy-jalenques\/\" \/>\n<meta property=\"og:locale\" content=\"fr_FR\" \/>\n<meta property=\"og:type\" content=\"article\" \/>\n<meta property=\"og:title\" content=\"Clermont-Ferrand  Vassy &amp; Jalenques - Cabinet Mar\u00e9chaux\" \/>\n<meta property=\"og:description\" content=\"Important ensemble de tableaux provenant de la collection du docteur Henri Bourges, ami de Louis Anquetin et d&rsquo;Henri de Toulouse-Lautrec Dossier de presse : https:\/\/www.artcento.com\/wp-content\/uploads\/2022\/09\/DOSSIER-DE-PRESSE-ANQUETIN-FINAL-2.pdf &nbsp; Louis ANQUETIN\u00a01861-1932 \u00ab\u00a0Torse de &hellip; Lire la suite de\u00ab\u00a0Clermont-Ferrand  Vassy &#038; Jalenques\u00a0\u00bb\" \/>\n<meta property=\"og:url\" content=\"https:\/\/www.cabinetmarechaux.com\/index.php\/event\/vassy-jalenques\/\" \/>\n<meta property=\"og:site_name\" content=\"Cabinet Mar\u00e9chaux\" \/>\n<meta property=\"article:publisher\" content=\"https:\/\/www.facebook.com\/elisabethmarechaux\/?locale=fr_FR\" \/>\n<meta property=\"article:modified_time\" content=\"2022-09-15T09:24:52+00:00\" \/>\n<meta property=\"og:image\" content=\"https:\/\/www.cabinetmarechaux.com\/wp-content\/uploads\/2022\/09\/IMG_1936.jpeg\" \/>\n\t<meta property=\"og:image:width\" content=\"1579\" \/>\n\t<meta property=\"og:image:height\" content=\"2015\" \/>\n\t<meta property=\"og:image:type\" content=\"image\/jpeg\" \/>\n<meta name=\"twitter:card\" content=\"summary_large_image\" \/>\n<meta name=\"twitter:label1\" content=\"Dur\u00e9e de lecture estim\u00e9e\" \/>\n\t<meta name=\"twitter:data1\" content=\"1 minute\" \/>\n<script type=\"application\/ld+json\" class=\"yoast-schema-graph\">{\"@context\":\"https:\/\/schema.org\",\"@graph\":[{\"@type\":\"WebPage\",\"@id\":\"https:\/\/www.cabinetmarechaux.com\/index.php\/event\/vassy-jalenques\/\",\"url\":\"https:\/\/www.cabinetmarechaux.com\/index.php\/event\/vassy-jalenques\/\",\"name\":\"Clermont-Ferrand Vassy & Jalenques - Cabinet Mar\u00e9chaux\",\"isPartOf\":{\"@id\":\"https:\/\/www.cabinetmarechaux.com\/#website\"},\"datePublished\":\"2022-09-15T09:23:10+00:00\",\"dateModified\":\"2022-09-15T09:24:52+00:00\",\"breadcrumb\":{\"@id\":\"https:\/\/www.cabinetmarechaux.com\/index.php\/event\/vassy-jalenques\/#breadcrumb\"},\"inLanguage\":\"fr-FR\",\"potentialAction\":[{\"@type\":\"ReadAction\",\"target\":[\"https:\/\/www.cabinetmarechaux.com\/index.php\/event\/vassy-jalenques\/\"]}]},{\"@type\":\"BreadcrumbList\",\"@id\":\"https:\/\/www.cabinetmarechaux.com\/index.php\/event\/vassy-jalenques\/#breadcrumb\",\"itemListElement\":[{\"@type\":\"ListItem\",\"position\":1,\"name\":\"Accueil\",\"item\":\"https:\/\/www.cabinetmarechaux.com\/\"},{\"@type\":\"ListItem\",\"position\":2,\"name\":\"\u00c9v\u00e8nements\",\"item\":\"https:\/\/www.cabinetmarechaux.com\/index.php\/events\/\"},{\"@type\":\"ListItem\",\"position\":3,\"name\":\"Clermont-Ferrand Vassy &#038; Jalenques\"}]},{\"@type\":\"WebSite\",\"@id\":\"https:\/\/www.cabinetmarechaux.com\/#website\",\"url\":\"https:\/\/www.cabinetmarechaux.com\/\",\"name\":\"Cabinet Mar\u00e9chaux\",\"description\":\"Expertise : tableaux, dessins, sculptures des XIXe et XXe si\u00e8cles\",\"publisher\":{\"@id\":\"https:\/\/www.cabinetmarechaux.com\/#organization\"},\"potentialAction\":[{\"@type\":\"SearchAction\",\"target\":{\"@type\":\"EntryPoint\",\"urlTemplate\":\"https:\/\/www.cabinetmarechaux.com\/?s={search_term_string}\"},\"query-input\":\"required name=search_term_string\"}],\"inLanguage\":\"fr-FR\"},{\"@type\":\"Organization\",\"@id\":\"https:\/\/www.cabinetmarechaux.com\/#organization\",\"name\":\"Cabinet Mar\u00e9chaux\",\"url\":\"https:\/\/www.cabinetmarechaux.com\/\",\"logo\":{\"@type\":\"ImageObject\",\"inLanguage\":\"fr-FR\",\"@id\":\"https:\/\/www.cabinetmarechaux.com\/#\/schema\/logo\/image\/\",\"url\":\"https:\/\/www.cabinetmarechaux.com\/wp-content\/uploads\/2023\/06\/cabinet-marechaux.jpg\",\"contentUrl\":\"https:\/\/www.cabinetmarechaux.com\/wp-content\/uploads\/2023\/06\/cabinet-marechaux.jpg\",\"width\":180,\"height\":180,\"caption\":\"Cabinet Mar\u00e9chaux\"},\"image\":{\"@id\":\"https:\/\/www.cabinetmarechaux.com\/#\/schema\/logo\/image\/\"},\"sameAs\":[\"https:\/\/www.facebook.com\/elisabethmarechaux\/?locale=fr_FR\",\"https:\/\/www.instagram.com\/cabinetmarechaux\/\"]}]}<\/script>\n<!-- \/ Yoast SEO plugin. -->","yoast_head_json":{"title":"Clermont-Ferrand  Vassy & Jalenques - Cabinet Mar\u00e9chaux","robots":{"index":"index","follow":"follow","max-snippet":"max-snippet:-1","max-image-preview":"max-image-preview:large","max-video-preview":"max-video-preview:-1"},"canonical":"https:\/\/www.cabinetmarechaux.com\/index.php\/event\/vassy-jalenques\/","og_locale":"fr_FR","og_type":"article","og_title":"Clermont-Ferrand  Vassy & Jalenques - Cabinet Mar\u00e9chaux","og_description":"Important ensemble de tableaux provenant de la collection du docteur Henri Bourges, ami de Louis Anquetin et d&rsquo;Henri de Toulouse-Lautrec Dossier de presse : https:\/\/www.artcento.com\/wp-content\/uploads\/2022\/09\/DOSSIER-DE-PRESSE-ANQUETIN-FINAL-2.pdf &nbsp; Louis ANQUETIN\u00a01861-1932 \u00ab\u00a0Torse de &hellip; Lire la suite de\u00ab\u00a0Clermont-Ferrand  Vassy &#038; Jalenques\u00a0\u00bb","og_url":"https:\/\/www.cabinetmarechaux.com\/index.php\/event\/vassy-jalenques\/","og_site_name":"Cabinet Mar\u00e9chaux","article_publisher":"https:\/\/www.facebook.com\/elisabethmarechaux\/?locale=fr_FR","article_modified_time":"2022-09-15T09:24:52+00:00","og_image":[{"width":1579,"height":2015,"url":"https:\/\/www.cabinetmarechaux.com\/wp-content\/uploads\/2022\/09\/IMG_1936.jpeg","type":"image\/jpeg"}],"twitter_card":"summary_large_image","twitter_misc":{"Dur\u00e9e de lecture estim\u00e9e":"1 minute"},"schema":{"@context":"https:\/\/schema.org","@graph":[{"@type":"WebPage","@id":"https:\/\/www.cabinetmarechaux.com\/index.php\/event\/vassy-jalenques\/","url":"https:\/\/www.cabinetmarechaux.com\/index.php\/event\/vassy-jalenques\/","name":"Clermont-Ferrand Vassy & Jalenques - Cabinet Mar\u00e9chaux","isPartOf":{"@id":"https:\/\/www.cabinetmarechaux.com\/#website"},"datePublished":"2022-09-15T09:23:10+00:00","dateModified":"2022-09-15T09:24:52+00:00","breadcrumb":{"@id":"https:\/\/www.cabinetmarechaux.com\/index.php\/event\/vassy-jalenques\/#breadcrumb"},"inLanguage":"fr-FR","potentialAction":[{"@type":"ReadAction","target":["https:\/\/www.cabinetmarechaux.com\/index.php\/event\/vassy-jalenques\/"]}]},{"@type":"BreadcrumbList","@id":"https:\/\/www.cabinetmarechaux.com\/index.php\/event\/vassy-jalenques\/#breadcrumb","itemListElement":[{"@type":"ListItem","position":1,"name":"Accueil","item":"https:\/\/www.cabinetmarechaux.com\/"},{"@type":"ListItem","position":2,"name":"\u00c9v\u00e8nements","item":"https:\/\/www.cabinetmarechaux.com\/index.php\/events\/"},{"@type":"ListItem","position":3,"name":"Clermont-Ferrand Vassy &#038; Jalenques"}]},{"@type":"WebSite","@id":"https:\/\/www.cabinetmarechaux.com\/#website","url":"https:\/\/www.cabinetmarechaux.com\/","name":"Cabinet Mar\u00e9chaux","description":"Expertise : tableaux, dessins, sculptures des XIXe et XXe si\u00e8cles","publisher":{"@id":"https:\/\/www.cabinetmarechaux.com\/#organization"},"potentialAction":[{"@type":"SearchAction","target":{"@type":"EntryPoint","urlTemplate":"https:\/\/www.cabinetmarechaux.com\/?s={search_term_string}"},"query-input":"required name=search_term_string"}],"inLanguage":"fr-FR"},{"@type":"Organization","@id":"https:\/\/www.cabinetmarechaux.com\/#organization","name":"Cabinet Mar\u00e9chaux","url":"https:\/\/www.cabinetmarechaux.com\/","logo":{"@type":"ImageObject","inLanguage":"fr-FR","@id":"https:\/\/www.cabinetmarechaux.com\/#\/schema\/logo\/image\/","url":"https:\/\/www.cabinetmarechaux.com\/wp-content\/uploads\/2023\/06\/cabinet-marechaux.jpg","contentUrl":"https:\/\/www.cabinetmarechaux.com\/wp-content\/uploads\/2023\/06\/cabinet-marechaux.jpg","width":180,"height":180,"caption":"Cabinet Mar\u00e9chaux"},"image":{"@id":"https:\/\/www.cabinetmarechaux.com\/#\/schema\/logo\/image\/"},"sameAs":["https:\/\/www.facebook.com\/elisabethmarechaux\/?locale=fr_FR","https:\/\/www.instagram.com\/cabinetmarechaux\/"]}]}},"_links":{"self":[{"href":"https:\/\/www.cabinetmarechaux.com\/index.php\/wp-json\/wp\/v2\/tribe_events\/2645","targetHints":{"allow":["GET"]}}],"collection":[{"href":"https:\/\/www.cabinetmarechaux.com\/index.php\/wp-json\/wp\/v2\/tribe_events"}],"about":[{"href":"https:\/\/www.cabinetmarechaux.com\/index.php\/wp-json\/wp\/v2\/types\/tribe_events"}],"author":[{"embeddable":true,"href":"https:\/\/www.cabinetmarechaux.com\/index.php\/wp-json\/wp\/v2\/users\/1"}],"version-history":[{"count":2,"href":"https:\/\/www.cabinetmarechaux.com\/index.php\/wp-json\/wp\/v2\/tribe_events\/2645\/revisions"}],"predecessor-version":[{"id":2648,"href":"https:\/\/www.cabinetmarechaux.com\/index.php\/wp-json\/wp\/v2\/tribe_events\/2645\/revisions\/2648"}],"wp:featuredmedia":[{"embeddable":true,"href":"https:\/\/www.cabinetmarechaux.com\/index.php\/wp-json\/wp\/v2\/media\/2646"}],"wp:attachment":[{"href":"https:\/\/www.cabinetmarechaux.com\/index.php\/wp-json\/wp\/v2\/media?parent=2645"}],"wp:term":[{"taxonomy":"post_tag","embeddable":true,"href":"https:\/\/www.cabinetmarechaux.com\/index.php\/wp-json\/wp\/v2\/tags?post=2645"},{"taxonomy":"tribe_events_cat","embeddable":true,"href":"https:\/\/www.cabinetmarechaux.com\/index.php\/wp-json\/wp\/v2\/tribe_events_cat?post=2645"}],"curies":[{"name":"wp","href":"https:\/\/api.w.org\/{rel}","templated":true}]}}