{"id":2665,"date":"2022-09-23T12:33:58","date_gmt":"2022-09-23T10:33:58","guid":{"rendered":"http:\/\/www.cabinetmarechaux.com\/?post_type=tribe_events&#038;p=2665"},"modified":"2022-09-27T11:54:46","modified_gmt":"2022-09-27T09:54:46","slug":"niort-5","status":"publish","type":"tribe_events","link":"https:\/\/www.cabinetmarechaux.com\/index.php\/event\/niort-5\/","title":{"rendered":"NIORT"},"content":{"rendered":"<p>DEUX-S\u00c8VRES ENCHERES &amp; EXPERTISES 112, rue de Souch\u00e9, 79000 NIORT<\/p>\n<div id=\"933\">\n\t<div id=\"gallery_master_main_container_933\" class=\"gallery_master_main_container\">\n\t\t\t<style type=\"text\/css\">\n\t@import url('https:\/\/fonts.googleapis.com\/css?family=Lato%3A700');\r\n@import url('https:\/\/fonts.googleapis.com\/css?family=Lato%3A300');\r\n@import url('https:\/\/fonts.googleapis.com\/css?family=Lato%3A700');\r\n@import url('https:\/\/fonts.googleapis.com\/css?family=Lato%3A300');\r\n\t\t#gallery_master_main_container_933\t\t{\n\t\t\tdirection: ltr !important;\n\t\t}\n\t\t.gb-filter-holder_933\t\t{\n\t\t\ttext-align: left;\n\t\t}\n\t\t.ux_div_empty_search_results_933\t\t{\n\t\t\tdisplay:none;\n\t\t\ttext-align:center !important;\n\t\t\tclear:both !important;\n\t\t}\n\t\t\t\t\t#gallery_master_main_container_933\t\t\t\t{\n\t\t\t\t\tmax-width: 1040px !important;\n\t\t\t\ttext-align: left !important;\t\t\t\t}\n\t\t\t\t#gallery_title_container_933 h2\t\t\t\t{\n\t\t\t\t\tline-height: 1.7 !important;\n\t\t\t\t\ttext-align: left!important;\n\t\t\t\t\tfont-size: 20px !important;\n\t\t\t\t\tcolor: #000000 !important;\n\t\t\t\t\tmargin: 10px 0px 10px 0px !important;\n\t\t\t\t\tpadding: 10px 0px 10px 0px !important;\n\t\t\t\t\tfont-family: 'Lato' !important;\r\n\tfont-weight: 700 !important;\t\t\t\t}\n\t\t\t\t#gallery_desc_container_933 h3\t\t\t\t{\n\t\t\t\t\tline-height: 1.7 !important;\n\t\t\t\t\ttext-align: left !important;\n\t\t\t\t\tfont-size: 16px !important;\n\t\t\t\t\tcolor: #787D85 !important;\n\t\t\t\t\tmargin: 10px 0px 10px 0px !important;\n\t\t\t\t\tpadding: 0px 0px 10px 0px !important;\n\t\t\t\t\tfont-family: 'Lato' !important;\r\n\tfont-weight: 300 !important;\t\t\t\t}\n\t\t\t\t.masonry_grid_layout_container\n\t\t\t\t{\n\t\t\t\t\tclear:both !important;\n\t\t\t\t}\n\t\t\t\t.masonry_grid_wrapper_item\n\t\t\t\t{\n\t\t\t\t\t\t\t\t\t\tbackground: rgba(235,232,235,0.5) !important;\n\t\t\t\t\t\t\t\t\t\tmargin: 10px 10px 0px 0px !important;\n\t\t\t\t\tpadding: 0px 0px 0px 0px !important;\n\t\t\t\t\toverflow: hidden !important;\n\t\t\t\t\tbox-shadow: 0px 0px 0px 0px #000000!important;\n\t\t\t\t\t-webkit-box-shadow: 0px 0px 0px 0px #000000!important;\n\t\t\t\t\t-moz-box-shadow: 0px 0px 0px 0px #000000!important;\n\t\t\t\t}\n\t\t\t\t.masonry_grid_item_image_933\t\t\t\t{\n\t\t\t\t\twidth: 250px !important;\n\t\t\t\t\topacity: 1 !important;\n\t\t\t\t}\n\t\t\t\t.masonry_grid_item_image_933:hover\n\t\t\t\t{\n\t\t\t\t\ttransition: 1s !important;\n\t\t\t\t\ttransform: none !important;\n\t\t\t\t\t-ms-filter: none !important;\n\t\t\t\t\t-o-filter: none !important;\n\t\t\t\t\tfilter: none !important;\n\t\t\t\t\t-moz-filter: none !important;\n\t\t\t\t\t-webkit-filter: none !important;\n\t\t\t\t}\n\t\t\t\t.masonry_grid_item_image_933 img\n\t\t\t\t{\n\t\t\t\t\tborder: 0px solid #cccccc !important;\n\t\t\t\t\tborder-radius: 0px !important;\n\t\t\t\t\t-webkit-border-radius: 0px !important;\n\t\t\t\t\t-moz-border-radius: 0px !important;\n\t\t\t\t\twidth: 250px !important;\n\t\t\t\t}\n\t\t\t\t.masonry_grid_content_item\n\t\t\t\t{\n\t\t\t\t\twidth: 250px !important;\n\t\t\t\t}\n\t\t\t\t.masonry_grid_single_text_title h3\t\t\t\t{\n\t\t\t\t\tline-height: 1.7 !important;\n\t\t\t\t\ttext-align: left !important;\n\t\t\t\t\tfont-size: 14px !important;\n\t\t\t\t\tcolor: #787D85 !important;\n\t\t\t\t\tmargin: 0px 5px 0px 5px !important;\n\t\t\t\t\tpadding: 10px 10px 10px 10px !important;\n\t\t\t\t\tfont-family: 'Lato' !important;\r\n\tfont-weight: 700 !important;\t\t\t\t}\n\t\t\t\t.masonry_grid_single_text_desc p\t\t\t\t{\n\t\t\t\t\tline-height: 1.7 !important;\n\t\t\t\t\ttext-align: left !important;\n\t\t\t\t\tfont-size: 12px !important;\n\t\t\t\t\tcolor: #787D85 !important;\n\t\t\t\t\tmargin: 0px 5px 0px 5px !important;\n\t\t\t\t\tpadding: 5px 10px 10px 5px !important;\n\t\t\t\t\tfont-family: 'Lato' !important;\r\n\tfont-weight: 300 !important;\t\t\t\t}\n\t\t\t\t\t\t\t\t.fbx-caption\n\t\t\t\t{\n\t\t\t\t\ttext-align: left !important;\n\t\t\t\t\tborder-bottom-left-radius: 5px !important;\n\t\t\t\t\tborder-bottom-right-radius: 5px !important;\n\t\t\t\t}\n\t\t\t\t.fbx-caption-title h2\t\t\t\t{\n\t\t\t\t\tline-height: 1.7em !important;\n\t\t\t\t\tdisplay: block!important;\n\t\t\t\t\ttext-align: left !important;\n\t\t\t\t\tfont-size: 16px !important;\n\t\t\t\t\tcolor : #ffffff !important;\n\t\t\t\t\tmargin: 10px 0px 10px 0px !important;\n\t\t\t\t\tpadding: 10px 10px 10px 10px !important;\n\t\t\t\t\tfont-family: 'Lato' !important;\r\n\tfont-weight: 700 !important;\t\t\t\t}\n\t\t\t\t.fbx-caption-desc h3\t\t\t\t{\n\t\t\t\t\tline-height: 1.7em !important;\n\t\t\t\t\tdisplay: block!important;\n\t\t\t\t\ttext-align: left !important;\n\t\t\t\t\tfont-size: 14px !important;\n\t\t\t\t\tcolor : #ffffff !important;\n\t\t\t\t\tmargin: 5px 0px 5px 0px !important;\n\t\t\t\t\tpadding: 20px 10px 10px 10px !important;\n\t\t\t\t\tfont-family: 'Lato' !important;\r\n\tfont-weight: 300 !important;\t\t\t\t}\n\t\t\t\t.fbx-modal\n\t\t\t\t{\n\t\t\t\t\t\t\t\t\t\tbackground-color: rgba(0,0,0,0.75) !important;\n\t\t\t\t\t\t\t\t\t}\n\t\t\t\t.fbx-inner\n\t\t\t\t{\n\t\t\t\t\tborder: 5px solid #ffffff !important;\n\t\t\t\t\t-webkit-border-radius: 5px !important;\n\t\t\t\t\t-moz-border-radius: 5px !important;\n\t\t\t\t\tborder-radius: 5px !important;\n\t\t\t\t}\n\t\t\t\t.fbx-item-image\n\t\t\t\t{\n\t\t\t\t\t-webkit-border-radius: 5px !important;\n\t\t\t\t\t-moz-border-radius: 5px !important;\n\t\t\t\t\tborder-radius: 5px !important;\n\t\t\t\t}\n\t\t\t\t\t<\/style>\n\t\t\t\t\t\t<div id=\"gallery_title_container_933\" class=\"gallery_title_container\">\n\t\t\t\t\t\t<h2>\n\t\t\t\t\t\t\tSeverini\t\t\t\t\t\t<\/h2>\n\t\t\t\t\t<\/div>\n\t\t\t\t\t<script type=\"text\/javascript\">\n\tvar ajaxurl = \"https:\/\/www.cabinetmarechaux.com\/wp-admin\/admin-ajax.php\";\n\tvar global_options_right_click_protection = \"disable\";\n\tvar animation_effect = \"fadeIn\";\n\n\tif (typeof (call_gallery_master_layout_type_933) !== \"function\")\n\t{\n\t\t\/**\n\t\t* This function is used for Layouts.\n\t\t*\/\n\t\tfunction call_gallery_master_layout_type_933()\n\t\t{\n\t\t\t\t\t\t\t\t\tif (jQuery(\".masonry_grid_layout_container\").data('isotope'))\n\t\t\t\t\t\t{\n\t\t\t\t\t\t\tjQuery(\".masonry_grid_layout_container\").isotope('destroy');\n\t\t\t\t\t\t}\n\t\t\t\t\t\tjQuery(\".masonry_grid_layout_container\").imagesLoaded(function ()\n\t\t\t\t\t\t{\n\t\t\t\t\t\t\tjQuery(\".masonry_grid_layout_container\").isotope\n\t\t\t\t\t\t\t({\n\t\t\t\t\t\t\t\titemSelector: \".masonry_grid_wrapper_item\",\n\t\t\t\t\t\t\t\tlayoutMode: 'masonry',\n\t\t\t\t\t\t\t\tpercentPosition: true\n\t\t\t\t\t\t\t});\n\t\t\t\t\t\t\tjQuery(\".gm_animate\").scrolla_gb();\n\t\t\t\t\t\t});\n\t\t\t\t\t\t\t\t}\n\t}\n\tif (typeof (call_gallery_master_lightbox_933) !== \"function\")\n\t{\n\t\t\/**\n\t\t* This function is used for Lightboxes.\n\t\t*\n\t\t* @param string lightbox_type .\n\t\t*\n\t\t*\/\n\t\tfunction call_gallery_master_lightbox_933(lightbox_type)\n\t\t{\n\t\t\tswitch (lightbox_type)\n\t\t\t{\n\t\t\t\tcase \"foo_box_free_edition\":\n\t\t\t\t\t\t\t\t\t\t\tvar showCount_settings = true;\n\t\t\t\t\t\tvar closeOnOverlayClick = false;\n\t\t\t\t\t\tvar hideScrollbars = false;\n\t\t\t\t\t\tvar onlyShowOnHover = false;\n\t\t\t\t\t\t(function (FOOBOX, $)\n\t\t\t\t\t\t{\n\t\t\t\t\t\t\tFOOBOX.init = function () {\n\t\t\t\t\t\t\t\tFOOBOX.o = {\n\t\t\t\t\t\t\t\t\tshowCount: showCount_settings,\n\t\t\t\t\t\t\t\t\tcloseOnOverlayClick: closeOnOverlayClick,\n\t\t\t\t\t\t\t\t\thideScrollbars: hideScrollbars,\n\t\t\t\t\t\t\t\t\tcaptions:\n\t\t\t\t\t\t\t\t\t{\n\t\t\t\t\t\t\t\t\t\tonlyShowOnHover: onlyShowOnHover,\n\t\t\t\t\t\t\t\t\t\toverrideTitle: true,\n\t\t\t\t\t\t\t\t\t\ttitleSource: 'anchor',\n\t\t\t\t\t\t\t\t\t\toverrideDesc: true,\n\t\t\t\t\t\t\t\t\t\tdescSource: 'anchor'\n\t\t\t\t\t\t\t\t\t}\n\t\t\t\t\t\t\t\t};\n\t\t\t\t\t\t\t\t$(\".foobox\").foobox(FOOBOX.o);\n\t\t\t\t\t\t\t};\n\t\t\t\t\t\t}(window.FOOBOX = window.FOOBOX || {}, jQuery));\n\t\t\t\t\t\tjQuery(function ($)\n\t\t\t\t\t\t{\n\t\t\t\t\t\t\tFOOBOX.init();\n\t\t\t\t\t\t});\n\t\t\t\t\t\t\t\t\t\t\tbreak;\n\t\t\t}\n\t\t}\n\t}\n\tjQuery(document).ready(function ()\n\t{\n\t\tif (animation_effect !== \"none\")\n\t\t{\n\t\t\tjQuery(\".gm_animate\").scrolla_gb();\n\t\t}\n\t\tif (global_options_right_click_protection === \"enable\") {\n\t\t\tjQuery(\"#gallery_master_main_container_933\").on(\"contextmenu\", function (e)\n\t\t\t{\n\t\t\t\treturn false;\n\t\t\t});\n\t\t}\n\t\tcall_gallery_master_layout_type_933();\n\t\tcall_gallery_master_lightbox_933(\"foo_box_free_edition\");\n});\n<\/script>\n\t\t\t\t<div id=\"grid_layout_container_933\">\n\t\t\t\t<div id=\"control_container_933\" class=\"masonry_grid_layout_container\">\n\t\t\t\t\t<div id=\"grid_wrapper_item_933_506\" class=\"masonry_grid_wrapper_item gm_animate\" data-animate=\"fadeIn\"  data-duration=\"1.0s\" data-delay=\"0.1s\" data-offset=\"100\">\n\t\t\t\t\t<div id=\"grid_item_image_933_506\" class=\"masonry_grid_item_image_933 \">\n\t\t\t\t\t\t\t\t\t\t\t\t\t\t\t\t\t<a href=\"https:\/\/www.cabinetmarechaux.com\/wp-content\/gallery-master\/original-images\/Pont-de-Civray-Severini.jpeg\" class=\"foobox\" target=\"\" rel=\"foobox_gallery_933\"  data-caption-title=\"&lt;h2&gt;Gino SEVERINI (1883-1966)&lt;\/h2&gt;\" data-caption-desc=\"&lt;h3&gt;Le Pont des Barres \u00e0 Civray, 1909\r\nPastel sur carton, sign\u00e9, situ\u00e9 et dat\u00e9 \u00ab Civray MCMIX \u00bb.\r\n24 x 32 cm (\u00e0 vue)\r\nProvenance : Collection particuli\u00e8re, Genouill\u00e9\r\nExposition : Civray, 1983, n\u00b019\r\nBibliographie :\r\n- G\u00e9rard Dauxerre, Severini, Les Amis du Pays Civraisien, Civray, 1986, p.47.\r\n- Daniela Fonti, Gino Severini Catalogo ragionato, Arnoldo Mondadori Editore, Milan, 1988. D\u00e9crit et reproduit sous le n\u00b075, p.94&lt;\/h3&gt;\">\n\t\t\t\t\t\t\t\t\t\t\t\t\t\t\t\t<img decoding=\"async\" src=\"https:\/\/www.cabinetmarechaux.com\/wp-content\/gallery-master\/thumbs-non-cropped\/Pont-de-Civray-Severini.jpeg\" alt=\"Pont-de-Civray-Severini\" image_full_path=\"https:\/\/www.cabinetmarechaux.com\/wp-content\/gallery-master\/original-images\/Pont-de-Civray-Severini.jpeg\"  id=\"ux_gm_file_933_506\" name=\"ux_gm_file\" \/>\n\t\t\t\t\t<\/a>\n\t\t\t\t<\/div>\n\t\t\t\t\t\t\t\t\t<div id=\"grid_content_item\" class=\"masonry_grid_content_item\">\n\t\t\t\t\t\t\t\t\t\t\t\t\t<div id=\"grid_single_text_title_933_506\" class=\"masonry_grid_single_text_title\">\n\t\t\t\t\t\t\t\t<h3>\n\t\t\t\t\t\t\t\tGino SEVERINI (1883-1966)\t\t\t\t\t\t\t\t<\/h3>\n\t\t\t\t\t\t\t<\/div>\n\t\t\t\t\t\t\t\t\t\t\t\t\t<div id=\"grid_single_text_desc_933_506\" class=\"masonry_grid_single_text_desc\">\n\t\t\t\t\t\t\t<p>\n\t\t\t\t\t\t\tLe Pont des Barres \u00e0 Civray, 1909\r\nPastel sur carton, sign\u00e9, situ\u00e9 et dat\u00e9 \u00ab Civray MCMIX \u00bb.\r\n24 x 32 cm (\u00e0 vue)\r\nProvenance : Collection particuli\u00e8re, Genouill\u00e9\r\nExposition : Civray, 1983, n\u00b019\r\nBibliographie :\r\n- G\u00e9rard Dauxerre, Severini, Les Amis du Pays Civraisien, Civray, 1986, p.47.\r\n- Daniela Fonti, Gino Severini Catalogo ragionato, Arnoldo Mondadori Editore, Milan, 1988. D\u00e9crit et reproduit sous le n\u00b075, p.94\t\t\t\t\t\t\t<\/p>\n\t\t\t\t\t\t<\/div>\n\t\t\t\t\t\t\t\t\t\t\t\t<\/div>\n\t\t\t\t\t\t\t\t<\/div>\n\t\t\t\t\t\t\t\t<div id=\"grid_wrapper_item_933_507\" class=\"masonry_grid_wrapper_item gm_animate\" data-animate=\"fadeIn\"  data-duration=\"1.0s\" data-delay=\"0.1s\" data-offset=\"100\">\n\t\t\t\t\t<div id=\"grid_item_image_933_507\" class=\"masonry_grid_item_image_933 \">\n\t\t\t\t\t\t\t\t\t\t\t\t\t\t\t\t\t<a href=\"https:\/\/www.cabinetmarechaux.com\/wp-content\/gallery-master\/original-images\/Eglise-Severini.jpeg\" class=\"foobox\" target=\"\" rel=\"foobox_gallery_933\"  data-caption-title=\"&lt;h2&gt;Gino SEVERINI (1883-1966)&lt;\/h2&gt;\" data-caption-desc=\"&lt;h3&gt;Eglise Notre-Dame de Genouill\u00e9 (Vienne), 1909\r\nPastel sur carton, d\u00e9dicac\u00e9 \u00ab Souvenir amical \u00e0 Mon Bonnin \u00bb et sign\u00e9 en bas \u00e0 gauche.\r\n31 x 46 cm\r\nProvenance : Collection particuli\u00e8re, Genouill\u00e9\r\nExposition :  Civray, 1983, n\u00b020\r\nBibliographie : \r\n- G\u00e9rard Dauxerre, Severini, Les Amis du Pays Civraisien, Civray, 1986, p.47\r\n- Daniela Fonti, Gino Severini Catalogo ragionato, Arnoldo Mondadori Editore, Milan, 1988. D\u00e9crit et reproduit sous le n\u00b074, p.94 , titr\u00e9 \u00ab Chiesetta \u00e0 Civray \u00bb\r\n&lt;\/h3&gt;\">\n\t\t\t\t\t\t\t\t\t\t\t\t\t\t\t\t<img decoding=\"async\" src=\"https:\/\/www.cabinetmarechaux.com\/wp-content\/gallery-master\/thumbs-non-cropped\/Eglise-Severini.jpeg\" alt=\"Eglise-Severini\" image_full_path=\"https:\/\/www.cabinetmarechaux.com\/wp-content\/gallery-master\/original-images\/Eglise-Severini.jpeg\"  id=\"ux_gm_file_933_507\" name=\"ux_gm_file\" \/>\n\t\t\t\t\t<\/a>\n\t\t\t\t<\/div>\n\t\t\t\t\t\t\t\t\t<div id=\"grid_content_item\" class=\"masonry_grid_content_item\">\n\t\t\t\t\t\t\t\t\t\t\t\t\t<div id=\"grid_single_text_title_933_507\" class=\"masonry_grid_single_text_title\">\n\t\t\t\t\t\t\t\t<h3>\n\t\t\t\t\t\t\t\tGino SEVERINI (1883-1966)\t\t\t\t\t\t\t\t<\/h3>\n\t\t\t\t\t\t\t<\/div>\n\t\t\t\t\t\t\t\t\t\t\t\t\t<div id=\"grid_single_text_desc_933_507\" class=\"masonry_grid_single_text_desc\">\n\t\t\t\t\t\t\t<p>\n\t\t\t\t\t\t\tEglise Notre-Dame de Genouill\u00e9 (Vienne), 1909\r\nPastel sur carton, d\u00e9dicac\u00e9 \u00ab Souvenir amical \u00e0 Mon Bonnin \u00bb et sign\u00e9 en bas \u00e0 gauche.\r\n31 x 46 cm\r\nProvenance : Collection particuli\u00e8re, Genouill\u00e9\r\nExposition :  Civray, 1983, n\u00b020\r\nBibliographie : \r\n- G\u00e9rard Dauxerre, Severini, Les Amis du Pays Civraisien, Civray, 1986, p.47\r\n- Daniela Fonti, Gino Severini Catalogo ragionato, Arnoldo Mondadori Editore, Milan, 1988. D\u00e9crit et reproduit sous le n\u00b074, p.94 , titr\u00e9 \u00ab Chiesetta \u00e0 Civray \u00bb\r\n\t\t\t\t\t\t\t<\/p>\n\t\t\t\t\t\t<\/div>\n\t\t\t\t\t\t\t\t\t\t\t\t<\/div>\n\t\t\t\t\t\t\t\t<\/div>\n\t\t\t\t\t\t\t\t<div id=\"grid_wrapper_item_933_508\" class=\"masonry_grid_wrapper_item gm_animate\" data-animate=\"fadeIn\"  data-duration=\"1.0s\" data-delay=\"0.1s\" data-offset=\"100\">\n\t\t\t\t\t<div id=\"grid_item_image_933_508\" class=\"masonry_grid_item_image_933 \">\n\t\t\t\t\t\t\t\t\t\t\t\t\t\t\t\t\t<a href=\"https:\/\/www.cabinetmarechaux.com\/wp-content\/gallery-master\/original-images\/Charette-Severini-recto.jpeg\" class=\"foobox\" target=\"\" rel=\"foobox_gallery_933\"  data-caption-title=\"&lt;h2&gt;Gino SEVERINI (1883-1966)&lt;\/h2&gt;\" data-caption-desc=\"&lt;h3&gt;La grue (le chantier), Paris, 1908\r\nPastel sur papier, sign\u00e9, dat\u00e9 et situ\u00e9 \u00bbMCMVIII Paris \u00bb.\r\n23 x 19 cm (\u00e0 vue)\r\nProvenance : Collection particuli\u00e8re, Genouill\u00e9\r\nExposition : Civray, 1983, n\u00b03\r\nBibliographie : \r\n-Piero Pacini, Percorso prefuturista di Gino Severini. IV,  in \u00ab Critica d\u2019Arte \u00bb, XIL, mars-avril 1975, p.59, pl.32Piero -Pacini, Gino Severini, Disegni e incisioni, Florence,1977, n\u00b03 reproduit.\r\n-   G\u00e9rard Dauxerre, Severini, Les Amis du Pays Civraisien,    Civray, 1986, p.47\r\n- Daniela Fonti, Gino Severini Catalogo ragionato, Arnoldo Mondadori Editore, Milan, 1988. D\u00e9crit et reproduit sous le n\u00b050, p.88&lt;\/h3&gt;\">\n\t\t\t\t\t\t\t\t\t\t\t\t\t\t\t\t<img decoding=\"async\" src=\"https:\/\/www.cabinetmarechaux.com\/wp-content\/gallery-master\/thumbs-non-cropped\/Charette-Severini-recto.jpeg\" alt=\"Charette-Severini-recto\" image_full_path=\"https:\/\/www.cabinetmarechaux.com\/wp-content\/gallery-master\/original-images\/Charette-Severini-recto.jpeg\"  id=\"ux_gm_file_933_508\" name=\"ux_gm_file\" \/>\n\t\t\t\t\t<\/a>\n\t\t\t\t<\/div>\n\t\t\t\t\t\t\t\t\t<div id=\"grid_content_item\" class=\"masonry_grid_content_item\">\n\t\t\t\t\t\t\t\t\t\t\t\t\t<div id=\"grid_single_text_title_933_508\" class=\"masonry_grid_single_text_title\">\n\t\t\t\t\t\t\t\t<h3>\n\t\t\t\t\t\t\t\tGino SEVERINI (1883-1966)\t\t\t\t\t\t\t\t<\/h3>\n\t\t\t\t\t\t\t<\/div>\n\t\t\t\t\t\t\t\t\t\t\t\t\t<div id=\"grid_single_text_desc_933_508\" class=\"masonry_grid_single_text_desc\">\n\t\t\t\t\t\t\t<p>\n\t\t\t\t\t\t\tLa grue (le chantier), Paris, 1908\r\nPastel sur papier, sign\u00e9, dat\u00e9 et situ\u00e9 \u00bbMCMVIII Paris \u00bb.\r\n23 x 19 cm (\u00e0 vue)\r\nProvenance : Collection particuli\u00e8re, Genouill\u00e9\r\nExposition : Civray, 1983, n\u00b03\r\nBibliographie : \r\n-Piero Pacini, Percorso prefuturista di Gino Severini. IV,  in \u00ab Critica d\u2019Arte \u00bb, XIL, mars-avril 1975, p.59, pl.32Piero -Pacini, Gino Severini, Disegni e incisioni, Florence,1977, n\u00b03 reproduit.\r\n-   G\u00e9rard Dauxerre, Severini, Les Amis du Pays Civraisien,    Civray, 1986, p.47\r\n- Daniela Fonti, Gino Severini Catalogo ragionato, Arnoldo Mondadori Editore, Milan, 1988. D\u00e9crit et reproduit sous le n\u00b050, p.88\t\t\t\t\t\t\t<\/p>\n\t\t\t\t\t\t<\/div>\n\t\t\t\t\t\t\t\t\t\t\t\t<\/div>\n\t\t\t\t\t\t\t\t<\/div>\n\t\t\t\t\t\t\t\t<div id=\"grid_wrapper_item_933_509\" class=\"masonry_grid_wrapper_item gm_animate\" data-animate=\"fadeIn\"  data-duration=\"1.0s\" data-delay=\"0.1s\" data-offset=\"100\">\n\t\t\t\t\t<div id=\"grid_item_image_933_509\" class=\"masonry_grid_item_image_933 \">\n\t\t\t\t\t\t\t\t\t\t\t\t\t\t\t\t\t<a href=\"https:\/\/www.cabinetmarechaux.com\/wp-content\/gallery-master\/original-images\/Portrait-Severini.jpeg\" class=\"foobox\" target=\"\" rel=\"foobox_gallery_933\"  data-caption-title=\"&lt;h2&gt;Gino SEVERINI (1883-1966)&lt;\/h2&gt;\" data-caption-desc=\"&lt;h3&gt;Pierre Declide, 1909\r\nPastel sur carton, d\u00e9dicac\u00e9 \u00ab sebbene lontano ricordati, o pigro amico, del tuo fratello d\u2019adozione \u00bb *, sign\u00e9 et dat\u00e9 \u00ab MCMIX \u00bb  en bas \u00e0 droite.\r\n41,6 x 30,5 cm (\u00e0 vue)\r\n*\u00ab Bien que tu sois loin, souviens toi, \u00f4 paresseux ami, de ton fr\u00e8re d\u2019adoption\u201d\r\n\r\nProvenance : Collection particuli\u00e8re, Genouill\u00e9\r\nExposition : Civray, 1983, n\u00b021\r\nBibliographie : \r\n-  Piero Pacini, Percorso prefuturista di Gino Severini. V,  in \u00ab Critica d\u2019Arte \u00bb, XLIII, janv.-juillet 1978, p.179, pl.5.\r\n- G\u00e9rard Dauxerre, Severini, Les Amis du Pays Civraisien, Civray, 1986. n\u00b09, p.41 reproduit.\r\n-Daniela Fonti, Gino Severini Catalogo ragionato, Arnoldo Mondadori Editore, Milan, 1988. D\u00e9crit (avec des dimensions erron\u00e9es) et reproduit sous le n\u00b083, p.96\r\n\r\nPierre Declide, originaire de Civray, termine ses \u00e9tudes d\u2019odontologie \u00e0 Paris, o\u00f9,  il rencontre Gino SEVERINI par hasard chez un ami en 1908. Les deux jeunes hommes se lient d\u2019une amiti\u00e9 profonde qui durera jusqu\u2019\u00e0 la mort pr\u00e9matur\u00e9e de Pierre.  L\u2019artiste, d\u00e9sargent\u00e9, est invit\u00e9 \u00e0 passer l&#039;\u00e9t\u00e9 \u00e0 Civray dans le Poitou chez la famille Declide qui le re\u00e7oit \u00e0 bras ouverts. Severini fera deux autres s\u00e9jours en Poitou, en 1909, en 1910 et, selon toute vraisemblance, \u00e9galement l&#039;ann\u00e9e suivante. Ce portrait a probablement \u00e9t\u00e9 ex\u00e9cut\u00e9 lors du retour de Severini \u00e0 Paris \u00e0 l&#039;automne 1909.&lt;\/h3&gt;\">\n\t\t\t\t\t\t\t\t\t\t\t\t\t\t\t\t<img decoding=\"async\" src=\"https:\/\/www.cabinetmarechaux.com\/wp-content\/gallery-master\/thumbs-non-cropped\/Portrait-Severini.jpeg\" alt=\"Portrait-Severini\" image_full_path=\"https:\/\/www.cabinetmarechaux.com\/wp-content\/gallery-master\/original-images\/Portrait-Severini.jpeg\"  id=\"ux_gm_file_933_509\" name=\"ux_gm_file\" \/>\n\t\t\t\t\t<\/a>\n\t\t\t\t<\/div>\n\t\t\t\t\t\t\t\t\t<div id=\"grid_content_item\" class=\"masonry_grid_content_item\">\n\t\t\t\t\t\t\t\t\t\t\t\t\t<div id=\"grid_single_text_title_933_509\" class=\"masonry_grid_single_text_title\">\n\t\t\t\t\t\t\t\t<h3>\n\t\t\t\t\t\t\t\tGino SEVERINI (1883-1966)\t\t\t\t\t\t\t\t<\/h3>\n\t\t\t\t\t\t\t<\/div>\n\t\t\t\t\t\t\t\t\t\t\t\t\t<div id=\"grid_single_text_desc_933_509\" class=\"masonry_grid_single_text_desc\">\n\t\t\t\t\t\t\t<p>\n\t\t\t\t\t\t\tPierre Declide, 1909\r\nPastel sur carton, d\u00e9dicac\u00e9 \u00ab sebbene lontano ricordati, o pigro amico, del tuo fratello d\u2019adozione \u00bb *, sign\u00e9 et dat\u00e9 \u00ab MCMIX \u00bb  en bas \u00e0 droite.\r\n41,6 x 30,5 cm (\u00e0 vue)\r\n*\u00ab Bien que tu sois loin, souviens toi, \u00f4 paresseux ami, de ton fr\u00e8re d\u2019adoption\u201d\r\n\r\nProvenance : Collection particuli\u00e8re, Genouill\u00e9\r\nExposition : Civray, 1983, n\u00b021\r\nBibliographie : \r\n-  Piero Pacini, Percorso prefuturista di Gino Severini. V,  in \u00ab Critica d\u2019Arte \u00bb, XLIII, janv.-juillet 1978, p.179, pl.5.\r\n- G\u00e9rard Dauxerre, Severini, Les Amis du Pays Civraisien, Civray, 1986. n\u00b09, p.41 reproduit.\r\n-Daniela Fonti, Gino Severini Catalogo ragionato, Arnoldo Mondadori Editore, Milan, 1988. D\u00e9crit (avec des dimensions erron\u00e9es) et reproduit sous le n\u00b083, p.96\r\n\r\nPierre Declide, originaire de Civray, termine ses \u00e9tudes d\u2019odontologie \u00e0 Paris, o\u00f9,  il rencontre Gino SEVERINI par hasard chez un ami en 1908. Les deux jeunes hommes se lient d\u2019une amiti\u00e9 profonde qui durera jusqu\u2019\u00e0 la mort pr\u00e9matur\u00e9e de Pierre.  L\u2019artiste, d\u00e9sargent\u00e9, est invit\u00e9 \u00e0 passer l&#039;\u00e9t\u00e9 \u00e0 Civray dans le Poitou chez la famille Declide qui le re\u00e7oit \u00e0 bras ouverts. Severini fera deux autres s\u00e9jours en Poitou, en 1909, en 1910 et, selon toute vraisemblance, \u00e9galement l&#039;ann\u00e9e suivante. Ce portrait a probablement \u00e9t\u00e9 ex\u00e9cut\u00e9 lors du retour de Severini \u00e0 Paris \u00e0 l&#039;automne 1909.\t\t\t\t\t\t\t<\/p>\n\t\t\t\t\t\t<\/div>\n\t\t\t\t\t\t\t\t\t\t\t\t<\/div>\n\t\t\t\t\t\t\t\t<\/div>\n\t\t\t\t\t\t\t\t<div id=\"grid_wrapper_item_933_510\" class=\"masonry_grid_wrapper_item gm_animate\" data-animate=\"fadeIn\"  data-duration=\"1.0s\" data-delay=\"0.1s\" data-offset=\"100\">\n\t\t\t\t\t<div id=\"grid_item_image_933_510\" class=\"masonry_grid_item_image_933 \">\n\t\t\t\t\t\t\t\t\t\t\t\t\t\t\t\t\t<a href=\"https:\/\/www.cabinetmarechaux.com\/wp-content\/gallery-master\/original-images\/Severini.jpeg\" class=\"foobox\" target=\"\" rel=\"foobox_gallery_933\"  data-caption-title=\"&lt;h2&gt;Gino SEVERINI (1883-1966)&lt;\/h2&gt;\" data-caption-desc=\"&lt;h3&gt;Les pierres, Paris, 1908\r\nPastel sur papier, sign\u00e9, situ\u00e9 et dat\u00e9 \u00ab Paris MCMVIII \u00bb en bas \u00e0 droite.\r\n25,5 x 32,5 cm\r\nProvenance : Collection particuli\u00e8re, Genouill\u00e9\r\nExposition : Civray, 1983, n\u00b02\r\nBibliographie : \r\n- Piero Pacini, Percorso prefuturista di Gino Severini. IV,  in \u00ab Critica d\u2019Arte \u00bb, XIL, mars-avril 1975, p.58, pl.31\r\n- G\u00e9rard Dauxerre, Severini, Les Amis du Pays Civraisien, Civray, 1986, p.47\r\n- Daniela Fonti, Gino Severini Catalogo ragionato, Arnoldo Mondadori Editore, Milan, 1988. D\u00e9crit et reproduit sous le n\u00b051, p.88&lt;\/h3&gt;\">\n\t\t\t\t\t\t\t\t\t\t\t\t\t\t\t\t<img decoding=\"async\" src=\"https:\/\/www.cabinetmarechaux.com\/wp-content\/gallery-master\/thumbs-non-cropped\/Severini.jpeg\" alt=\"Severini\" image_full_path=\"https:\/\/www.cabinetmarechaux.com\/wp-content\/gallery-master\/original-images\/Severini.jpeg\"  id=\"ux_gm_file_933_510\" name=\"ux_gm_file\" \/>\n\t\t\t\t\t<\/a>\n\t\t\t\t<\/div>\n\t\t\t\t\t\t\t\t\t<div id=\"grid_content_item\" class=\"masonry_grid_content_item\">\n\t\t\t\t\t\t\t\t\t\t\t\t\t<div id=\"grid_single_text_title_933_510\" class=\"masonry_grid_single_text_title\">\n\t\t\t\t\t\t\t\t<h3>\n\t\t\t\t\t\t\t\tGino SEVERINI (1883-1966)\t\t\t\t\t\t\t\t<\/h3>\n\t\t\t\t\t\t\t<\/div>\n\t\t\t\t\t\t\t\t\t\t\t\t\t<div id=\"grid_single_text_desc_933_510\" class=\"masonry_grid_single_text_desc\">\n\t\t\t\t\t\t\t<p>\n\t\t\t\t\t\t\tLes pierres, Paris, 1908\r\nPastel sur papier, sign\u00e9, situ\u00e9 et dat\u00e9 \u00ab Paris MCMVIII \u00bb en bas \u00e0 droite.\r\n25,5 x 32,5 cm\r\nProvenance : Collection particuli\u00e8re, Genouill\u00e9\r\nExposition : Civray, 1983, n\u00b02\r\nBibliographie : \r\n- Piero Pacini, Percorso prefuturista di Gino Severini. IV,  in \u00ab Critica d\u2019Arte \u00bb, XIL, mars-avril 1975, p.58, pl.31\r\n- G\u00e9rard Dauxerre, Severini, Les Amis du Pays Civraisien, Civray, 1986, p.47\r\n- Daniela Fonti, Gino Severini Catalogo ragionato, Arnoldo Mondadori Editore, Milan, 1988. D\u00e9crit et reproduit sous le n\u00b051, p.88\t\t\t\t\t\t\t<\/p>\n\t\t\t\t\t\t<\/div>\n\t\t\t\t\t\t\t\t\t\t\t\t<\/div>\n\t\t\t\t\t\t\t\t<\/div>\n\t\t\t\t\t<\/div>\n\t\t<\/div>\n\t<\/div>\n<\/div>\n\n<div><\/div>\n<div class=\"\"><\/div>\n<div>\n<div class=\"\"><\/div>\n<\/div>\n<div class=\"\"><\/div>\n","protected":false},"excerpt":{"rendered":"<p>DEUX-S\u00c8VRES ENCHERES &amp; EXPERTISES 112, rue de Souch\u00e9, 79000 NIORT<\/p>\n","protected":false},"author":1,"featured_media":2666,"template":"","meta":{"_monsterinsights_skip_tracking":false,"_monsterinsights_sitenote_active":false,"_monsterinsights_sitenote_note":"","_monsterinsights_sitenote_category":0,"ngg_post_thumbnail":0,"_tribe_events_status":"","_tribe_events_status_reason":"","footnotes":""},"tags":[],"tribe_events_cat":[10],"class_list":["post-2665","tribe_events","type-tribe_events","status-publish","has-post-thumbnail","hentry","tribe_events_cat-ventes","cat_ventes"],"yoast_head":"<!-- This site is optimized with the Yoast SEO plugin v20.10 - https:\/\/yoast.com\/wordpress\/plugins\/seo\/ -->\n<title>NIORT - Cabinet Mar\u00e9chaux<\/title>\n<meta name=\"robots\" content=\"index, follow, max-snippet:-1, max-image-preview:large, max-video-preview:-1\" \/>\n<link rel=\"canonical\" href=\"https:\/\/www.cabinetmarechaux.com\/index.php\/event\/niort-5\/\" \/>\n<meta property=\"og:locale\" content=\"fr_FR\" \/>\n<meta property=\"og:type\" content=\"article\" \/>\n<meta property=\"og:title\" content=\"NIORT - Cabinet Mar\u00e9chaux\" \/>\n<meta property=\"og:description\" content=\"DEUX-S\u00c8VRES ENCHERES &amp; EXPERTISES 112, rue de Souch\u00e9, 79000 NIORT\" \/>\n<meta property=\"og:url\" content=\"https:\/\/www.cabinetmarechaux.com\/index.php\/event\/niort-5\/\" \/>\n<meta property=\"og:site_name\" content=\"Cabinet Mar\u00e9chaux\" \/>\n<meta property=\"article:publisher\" content=\"https:\/\/www.facebook.com\/elisabethmarechaux\/?locale=fr_FR\" \/>\n<meta property=\"article:modified_time\" content=\"2022-09-27T09:54:46+00:00\" \/>\n<meta property=\"og:image\" content=\"https:\/\/www.cabinetmarechaux.com\/wp-content\/uploads\/2022\/09\/Portrait-Severini.jpeg\" \/>\n\t<meta property=\"og:image:width\" content=\"810\" \/>\n\t<meta property=\"og:image:height\" content=\"1280\" \/>\n\t<meta property=\"og:image:type\" content=\"image\/jpeg\" \/>\n<meta name=\"twitter:card\" content=\"summary_large_image\" \/>\n<script type=\"application\/ld+json\" class=\"yoast-schema-graph\">{\"@context\":\"https:\/\/schema.org\",\"@graph\":[{\"@type\":\"WebPage\",\"@id\":\"https:\/\/www.cabinetmarechaux.com\/index.php\/event\/niort-5\/\",\"url\":\"https:\/\/www.cabinetmarechaux.com\/index.php\/event\/niort-5\/\",\"name\":\"NIORT - Cabinet Mar\u00e9chaux\",\"isPartOf\":{\"@id\":\"https:\/\/www.cabinetmarechaux.com\/#website\"},\"datePublished\":\"2022-09-23T10:33:58+00:00\",\"dateModified\":\"2022-09-27T09:54:46+00:00\",\"breadcrumb\":{\"@id\":\"https:\/\/www.cabinetmarechaux.com\/index.php\/event\/niort-5\/#breadcrumb\"},\"inLanguage\":\"fr-FR\",\"potentialAction\":[{\"@type\":\"ReadAction\",\"target\":[\"https:\/\/www.cabinetmarechaux.com\/index.php\/event\/niort-5\/\"]}]},{\"@type\":\"BreadcrumbList\",\"@id\":\"https:\/\/www.cabinetmarechaux.com\/index.php\/event\/niort-5\/#breadcrumb\",\"itemListElement\":[{\"@type\":\"ListItem\",\"position\":1,\"name\":\"Accueil\",\"item\":\"https:\/\/www.cabinetmarechaux.com\/\"},{\"@type\":\"ListItem\",\"position\":2,\"name\":\"\u00c9v\u00e8nements\",\"item\":\"https:\/\/www.cabinetmarechaux.com\/index.php\/events\/\"},{\"@type\":\"ListItem\",\"position\":3,\"name\":\"NIORT\"}]},{\"@type\":\"WebSite\",\"@id\":\"https:\/\/www.cabinetmarechaux.com\/#website\",\"url\":\"https:\/\/www.cabinetmarechaux.com\/\",\"name\":\"Cabinet Mar\u00e9chaux\",\"description\":\"Expertise : tableaux, dessins, sculptures des XIXe et XXe si\u00e8cles\",\"publisher\":{\"@id\":\"https:\/\/www.cabinetmarechaux.com\/#organization\"},\"potentialAction\":[{\"@type\":\"SearchAction\",\"target\":{\"@type\":\"EntryPoint\",\"urlTemplate\":\"https:\/\/www.cabinetmarechaux.com\/?s={search_term_string}\"},\"query-input\":\"required name=search_term_string\"}],\"inLanguage\":\"fr-FR\"},{\"@type\":\"Organization\",\"@id\":\"https:\/\/www.cabinetmarechaux.com\/#organization\",\"name\":\"Cabinet Mar\u00e9chaux\",\"url\":\"https:\/\/www.cabinetmarechaux.com\/\",\"logo\":{\"@type\":\"ImageObject\",\"inLanguage\":\"fr-FR\",\"@id\":\"https:\/\/www.cabinetmarechaux.com\/#\/schema\/logo\/image\/\",\"url\":\"https:\/\/www.cabinetmarechaux.com\/wp-content\/uploads\/2023\/06\/cabinet-marechaux.jpg\",\"contentUrl\":\"https:\/\/www.cabinetmarechaux.com\/wp-content\/uploads\/2023\/06\/cabinet-marechaux.jpg\",\"width\":180,\"height\":180,\"caption\":\"Cabinet Mar\u00e9chaux\"},\"image\":{\"@id\":\"https:\/\/www.cabinetmarechaux.com\/#\/schema\/logo\/image\/\"},\"sameAs\":[\"https:\/\/www.facebook.com\/elisabethmarechaux\/?locale=fr_FR\",\"https:\/\/www.instagram.com\/cabinetmarechaux\/\"]}]}<\/script>\n<!-- \/ Yoast SEO plugin. -->","yoast_head_json":{"title":"NIORT - Cabinet Mar\u00e9chaux","robots":{"index":"index","follow":"follow","max-snippet":"max-snippet:-1","max-image-preview":"max-image-preview:large","max-video-preview":"max-video-preview:-1"},"canonical":"https:\/\/www.cabinetmarechaux.com\/index.php\/event\/niort-5\/","og_locale":"fr_FR","og_type":"article","og_title":"NIORT - Cabinet Mar\u00e9chaux","og_description":"DEUX-S\u00c8VRES ENCHERES &amp; EXPERTISES 112, rue de Souch\u00e9, 79000 NIORT","og_url":"https:\/\/www.cabinetmarechaux.com\/index.php\/event\/niort-5\/","og_site_name":"Cabinet Mar\u00e9chaux","article_publisher":"https:\/\/www.facebook.com\/elisabethmarechaux\/?locale=fr_FR","article_modified_time":"2022-09-27T09:54:46+00:00","og_image":[{"width":810,"height":1280,"url":"https:\/\/www.cabinetmarechaux.com\/wp-content\/uploads\/2022\/09\/Portrait-Severini.jpeg","type":"image\/jpeg"}],"twitter_card":"summary_large_image","schema":{"@context":"https:\/\/schema.org","@graph":[{"@type":"WebPage","@id":"https:\/\/www.cabinetmarechaux.com\/index.php\/event\/niort-5\/","url":"https:\/\/www.cabinetmarechaux.com\/index.php\/event\/niort-5\/","name":"NIORT - Cabinet Mar\u00e9chaux","isPartOf":{"@id":"https:\/\/www.cabinetmarechaux.com\/#website"},"datePublished":"2022-09-23T10:33:58+00:00","dateModified":"2022-09-27T09:54:46+00:00","breadcrumb":{"@id":"https:\/\/www.cabinetmarechaux.com\/index.php\/event\/niort-5\/#breadcrumb"},"inLanguage":"fr-FR","potentialAction":[{"@type":"ReadAction","target":["https:\/\/www.cabinetmarechaux.com\/index.php\/event\/niort-5\/"]}]},{"@type":"BreadcrumbList","@id":"https:\/\/www.cabinetmarechaux.com\/index.php\/event\/niort-5\/#breadcrumb","itemListElement":[{"@type":"ListItem","position":1,"name":"Accueil","item":"https:\/\/www.cabinetmarechaux.com\/"},{"@type":"ListItem","position":2,"name":"\u00c9v\u00e8nements","item":"https:\/\/www.cabinetmarechaux.com\/index.php\/events\/"},{"@type":"ListItem","position":3,"name":"NIORT"}]},{"@type":"WebSite","@id":"https:\/\/www.cabinetmarechaux.com\/#website","url":"https:\/\/www.cabinetmarechaux.com\/","name":"Cabinet Mar\u00e9chaux","description":"Expertise : tableaux, dessins, sculptures des XIXe et XXe si\u00e8cles","publisher":{"@id":"https:\/\/www.cabinetmarechaux.com\/#organization"},"potentialAction":[{"@type":"SearchAction","target":{"@type":"EntryPoint","urlTemplate":"https:\/\/www.cabinetmarechaux.com\/?s={search_term_string}"},"query-input":"required name=search_term_string"}],"inLanguage":"fr-FR"},{"@type":"Organization","@id":"https:\/\/www.cabinetmarechaux.com\/#organization","name":"Cabinet Mar\u00e9chaux","url":"https:\/\/www.cabinetmarechaux.com\/","logo":{"@type":"ImageObject","inLanguage":"fr-FR","@id":"https:\/\/www.cabinetmarechaux.com\/#\/schema\/logo\/image\/","url":"https:\/\/www.cabinetmarechaux.com\/wp-content\/uploads\/2023\/06\/cabinet-marechaux.jpg","contentUrl":"https:\/\/www.cabinetmarechaux.com\/wp-content\/uploads\/2023\/06\/cabinet-marechaux.jpg","width":180,"height":180,"caption":"Cabinet Mar\u00e9chaux"},"image":{"@id":"https:\/\/www.cabinetmarechaux.com\/#\/schema\/logo\/image\/"},"sameAs":["https:\/\/www.facebook.com\/elisabethmarechaux\/?locale=fr_FR","https:\/\/www.instagram.com\/cabinetmarechaux\/"]}]}},"_links":{"self":[{"href":"https:\/\/www.cabinetmarechaux.com\/index.php\/wp-json\/wp\/v2\/tribe_events\/2665","targetHints":{"allow":["GET"]}}],"collection":[{"href":"https:\/\/www.cabinetmarechaux.com\/index.php\/wp-json\/wp\/v2\/tribe_events"}],"about":[{"href":"https:\/\/www.cabinetmarechaux.com\/index.php\/wp-json\/wp\/v2\/types\/tribe_events"}],"author":[{"embeddable":true,"href":"https:\/\/www.cabinetmarechaux.com\/index.php\/wp-json\/wp\/v2\/users\/1"}],"version-history":[{"count":2,"href":"https:\/\/www.cabinetmarechaux.com\/index.php\/wp-json\/wp\/v2\/tribe_events\/2665\/revisions"}],"predecessor-version":[{"id":2689,"href":"https:\/\/www.cabinetmarechaux.com\/index.php\/wp-json\/wp\/v2\/tribe_events\/2665\/revisions\/2689"}],"wp:featuredmedia":[{"embeddable":true,"href":"https:\/\/www.cabinetmarechaux.com\/index.php\/wp-json\/wp\/v2\/media\/2666"}],"wp:attachment":[{"href":"https:\/\/www.cabinetmarechaux.com\/index.php\/wp-json\/wp\/v2\/media?parent=2665"}],"wp:term":[{"taxonomy":"post_tag","embeddable":true,"href":"https:\/\/www.cabinetmarechaux.com\/index.php\/wp-json\/wp\/v2\/tags?post=2665"},{"taxonomy":"tribe_events_cat","embeddable":true,"href":"https:\/\/www.cabinetmarechaux.com\/index.php\/wp-json\/wp\/v2\/tribe_events_cat?post=2665"}],"curies":[{"name":"wp","href":"https:\/\/api.w.org\/{rel}","templated":true}]}}