{"id":2724,"date":"2022-11-16T15:54:26","date_gmt":"2022-11-16T14:54:26","guid":{"rendered":"http:\/\/www.cabinetmarechaux.com\/?post_type=tribe_events&#038;p=2724"},"modified":"2022-11-16T15:54:26","modified_gmt":"2022-11-16T14:54:26","slug":"tours-hotel-des-ventes-giraudeau-3","status":"publish","type":"tribe_events","link":"https:\/\/www.cabinetmarechaux.com\/index.php\/event\/tours-hotel-des-ventes-giraudeau-3\/","title":{"rendered":"Tours &#8211; H\u00f4tel des ventes Giraudeau"},"content":{"rendered":"<h1>Belle vente Mobilier &amp; Objets d\u2019Art<\/h1>\n<h2><strong>Samedi 26 Novembre 2022, 14h<\/strong><\/h2>\n<p><strong><u>Expositions publiques<\/u> :<\/strong><br \/>\n\u2013 Vendredi 25 novembre de 10h00 \u00e0 12h00 et de 14h00 \u00e0 19h00<br \/>\n\u2013 Samedi 26 novembre de 09h00 \u00e0 12h00.<\/p>\n<p>Lot 260 : Alexandre CALDER (1898-1976). Sans titre. Gouache sign\u00e9e en bas \u00e0 droite, dat\u00e9e 1970 et d\u00e9dicac\u00e9e \u00ab\u00a0\u00e0 Fran\u00e7oise JACQUET\u00a0\u00bb. 105 x 75 cm. Provenance : Cette gouache a \u00e9t\u00e9 offerte \u00e0 Fran\u00e7oise Jacquet par Alexandre Calder \u00e0 l\u2019occasion du tournage du film r\u00e9alis\u00e9 par Carlos Vilardobo le montrant jouant avec les \u00e9l\u00e9ments de son cirque. Fran\u00e7oise Jacquet \u00e9tait la fille des propri\u00e9taires de l\u2019H\u00f4tel Restaurant Le Grand Monarque \u00e0 Azay-le-Rideau, h\u00f4tel fr\u00e9quent\u00e9 par Jo Davidson et Calder.<\/p>\n","protected":false},"excerpt":{"rendered":"<p>Belle vente Mobilier &amp; Objets d\u2019Art Samedi 26 Novembre 2022, 14h Expositions publiques : \u2013 Vendredi 25 novembre de 10h00 \u00e0 12h00 et de 14h00 \u00e0 19h00 \u2013 Samedi 26 &hellip; <\/p>\n<p class=\"link-more\"><a href=\"https:\/\/www.cabinetmarechaux.com\/index.php\/event\/tours-hotel-des-ventes-giraudeau-3\/\" class=\"more-link\">Lire la suite de<span class=\"screen-reader-text\">\u00ab\u00a0Tours &#8211; H\u00f4tel des ventes Giraudeau\u00a0\u00bb<\/span><\/a><\/p>\n","protected":false},"author":1,"featured_media":2725,"template":"","meta":{"_monsterinsights_skip_tracking":false,"_monsterinsights_sitenote_active":false,"_monsterinsights_sitenote_note":"","_monsterinsights_sitenote_category":0,"ngg_post_thumbnail":0,"_tribe_events_status":"","_tribe_events_status_reason":"","footnotes":""},"tags":[],"tribe_events_cat":[10],"class_list":["post-2724","tribe_events","type-tribe_events","status-publish","has-post-thumbnail","hentry","tribe_events_cat-ventes","cat_ventes"],"yoast_head":"<!-- This site is optimized with the Yoast SEO plugin v20.10 - https:\/\/yoast.com\/wordpress\/plugins\/seo\/ -->\n<title>Tours - H\u00f4tel des ventes Giraudeau - Cabinet Mar\u00e9chaux<\/title>\n<meta name=\"robots\" content=\"index, follow, max-snippet:-1, max-image-preview:large, max-video-preview:-1\" \/>\n<link rel=\"canonical\" href=\"https:\/\/www.cabinetmarechaux.com\/index.php\/event\/tours-hotel-des-ventes-giraudeau-3\/\" \/>\n<meta property=\"og:locale\" content=\"fr_FR\" \/>\n<meta property=\"og:type\" content=\"article\" \/>\n<meta property=\"og:title\" content=\"Tours - H\u00f4tel des ventes Giraudeau - Cabinet Mar\u00e9chaux\" \/>\n<meta property=\"og:description\" content=\"Belle vente Mobilier &amp; Objets d\u2019Art Samedi 26 Novembre 2022, 14h Expositions publiques : \u2013 Vendredi 25 novembre de 10h00 \u00e0 12h00 et de 14h00 \u00e0 19h00 \u2013 Samedi 26 &hellip; Lire la suite de\u00ab\u00a0Tours &#8211; H\u00f4tel des ventes Giraudeau\u00a0\u00bb\" \/>\n<meta property=\"og:url\" content=\"https:\/\/www.cabinetmarechaux.com\/index.php\/event\/tours-hotel-des-ventes-giraudeau-3\/\" \/>\n<meta property=\"og:site_name\" content=\"Cabinet Mar\u00e9chaux\" \/>\n<meta property=\"article:publisher\" content=\"https:\/\/www.facebook.com\/elisabethmarechaux\/?locale=fr_FR\" \/>\n<meta property=\"og:image\" content=\"https:\/\/www.cabinetmarechaux.com\/wp-content\/uploads\/2022\/11\/Capture-decran-2022-11-16-a-15.53.06-1024x714.png\" \/>\n\t<meta property=\"og:image:width\" content=\"1024\" \/>\n\t<meta property=\"og:image:height\" content=\"714\" \/>\n\t<meta property=\"og:image:type\" content=\"image\/png\" \/>\n<meta name=\"twitter:card\" content=\"summary_large_image\" \/>\n<meta name=\"twitter:label1\" content=\"Dur\u00e9e de lecture estim\u00e9e\" \/>\n\t<meta name=\"twitter:data1\" content=\"1 minute\" \/>\n<script type=\"application\/ld+json\" class=\"yoast-schema-graph\">{\"@context\":\"https:\/\/schema.org\",\"@graph\":[{\"@type\":\"WebPage\",\"@id\":\"https:\/\/www.cabinetmarechaux.com\/index.php\/event\/tours-hotel-des-ventes-giraudeau-3\/\",\"url\":\"https:\/\/www.cabinetmarechaux.com\/index.php\/event\/tours-hotel-des-ventes-giraudeau-3\/\",\"name\":\"Tours - H\u00f4tel des ventes Giraudeau - Cabinet Mar\u00e9chaux\",\"isPartOf\":{\"@id\":\"https:\/\/www.cabinetmarechaux.com\/#website\"},\"datePublished\":\"2022-11-16T14:54:26+00:00\",\"dateModified\":\"2022-11-16T14:54:26+00:00\",\"breadcrumb\":{\"@id\":\"https:\/\/www.cabinetmarechaux.com\/index.php\/event\/tours-hotel-des-ventes-giraudeau-3\/#breadcrumb\"},\"inLanguage\":\"fr-FR\",\"potentialAction\":[{\"@type\":\"ReadAction\",\"target\":[\"https:\/\/www.cabinetmarechaux.com\/index.php\/event\/tours-hotel-des-ventes-giraudeau-3\/\"]}]},{\"@type\":\"BreadcrumbList\",\"@id\":\"https:\/\/www.cabinetmarechaux.com\/index.php\/event\/tours-hotel-des-ventes-giraudeau-3\/#breadcrumb\",\"itemListElement\":[{\"@type\":\"ListItem\",\"position\":1,\"name\":\"Accueil\",\"item\":\"https:\/\/www.cabinetmarechaux.com\/\"},{\"@type\":\"ListItem\",\"position\":2,\"name\":\"\u00c9v\u00e8nements\",\"item\":\"https:\/\/www.cabinetmarechaux.com\/index.php\/events\/\"},{\"@type\":\"ListItem\",\"position\":3,\"name\":\"Tours &#8211; H\u00f4tel des ventes Giraudeau\"}]},{\"@type\":\"WebSite\",\"@id\":\"https:\/\/www.cabinetmarechaux.com\/#website\",\"url\":\"https:\/\/www.cabinetmarechaux.com\/\",\"name\":\"Cabinet Mar\u00e9chaux\",\"description\":\"Expertise : tableaux, dessins, sculptures des XIXe et XXe si\u00e8cles\",\"publisher\":{\"@id\":\"https:\/\/www.cabinetmarechaux.com\/#organization\"},\"potentialAction\":[{\"@type\":\"SearchAction\",\"target\":{\"@type\":\"EntryPoint\",\"urlTemplate\":\"https:\/\/www.cabinetmarechaux.com\/?s={search_term_string}\"},\"query-input\":\"required name=search_term_string\"}],\"inLanguage\":\"fr-FR\"},{\"@type\":\"Organization\",\"@id\":\"https:\/\/www.cabinetmarechaux.com\/#organization\",\"name\":\"Cabinet Mar\u00e9chaux\",\"url\":\"https:\/\/www.cabinetmarechaux.com\/\",\"logo\":{\"@type\":\"ImageObject\",\"inLanguage\":\"fr-FR\",\"@id\":\"https:\/\/www.cabinetmarechaux.com\/#\/schema\/logo\/image\/\",\"url\":\"https:\/\/www.cabinetmarechaux.com\/wp-content\/uploads\/2023\/06\/cabinet-marechaux.jpg\",\"contentUrl\":\"https:\/\/www.cabinetmarechaux.com\/wp-content\/uploads\/2023\/06\/cabinet-marechaux.jpg\",\"width\":180,\"height\":180,\"caption\":\"Cabinet Mar\u00e9chaux\"},\"image\":{\"@id\":\"https:\/\/www.cabinetmarechaux.com\/#\/schema\/logo\/image\/\"},\"sameAs\":[\"https:\/\/www.facebook.com\/elisabethmarechaux\/?locale=fr_FR\",\"https:\/\/www.instagram.com\/cabinetmarechaux\/\"]}]}<\/script>\n<!-- \/ Yoast SEO plugin. -->","yoast_head_json":{"title":"Tours - H\u00f4tel des ventes Giraudeau - Cabinet Mar\u00e9chaux","robots":{"index":"index","follow":"follow","max-snippet":"max-snippet:-1","max-image-preview":"max-image-preview:large","max-video-preview":"max-video-preview:-1"},"canonical":"https:\/\/www.cabinetmarechaux.com\/index.php\/event\/tours-hotel-des-ventes-giraudeau-3\/","og_locale":"fr_FR","og_type":"article","og_title":"Tours - H\u00f4tel des ventes Giraudeau - Cabinet Mar\u00e9chaux","og_description":"Belle vente Mobilier &amp; Objets d\u2019Art Samedi 26 Novembre 2022, 14h Expositions publiques : \u2013 Vendredi 25 novembre de 10h00 \u00e0 12h00 et de 14h00 \u00e0 19h00 \u2013 Samedi 26 &hellip; Lire la suite de\u00ab\u00a0Tours &#8211; H\u00f4tel des ventes Giraudeau\u00a0\u00bb","og_url":"https:\/\/www.cabinetmarechaux.com\/index.php\/event\/tours-hotel-des-ventes-giraudeau-3\/","og_site_name":"Cabinet Mar\u00e9chaux","article_publisher":"https:\/\/www.facebook.com\/elisabethmarechaux\/?locale=fr_FR","og_image":[{"width":1024,"height":714,"url":"https:\/\/www.cabinetmarechaux.com\/wp-content\/uploads\/2022\/11\/Capture-decran-2022-11-16-a-15.53.06-1024x714.png","type":"image\/png"}],"twitter_card":"summary_large_image","twitter_misc":{"Dur\u00e9e de lecture estim\u00e9e":"1 minute"},"schema":{"@context":"https:\/\/schema.org","@graph":[{"@type":"WebPage","@id":"https:\/\/www.cabinetmarechaux.com\/index.php\/event\/tours-hotel-des-ventes-giraudeau-3\/","url":"https:\/\/www.cabinetmarechaux.com\/index.php\/event\/tours-hotel-des-ventes-giraudeau-3\/","name":"Tours - H\u00f4tel des ventes Giraudeau - Cabinet Mar\u00e9chaux","isPartOf":{"@id":"https:\/\/www.cabinetmarechaux.com\/#website"},"datePublished":"2022-11-16T14:54:26+00:00","dateModified":"2022-11-16T14:54:26+00:00","breadcrumb":{"@id":"https:\/\/www.cabinetmarechaux.com\/index.php\/event\/tours-hotel-des-ventes-giraudeau-3\/#breadcrumb"},"inLanguage":"fr-FR","potentialAction":[{"@type":"ReadAction","target":["https:\/\/www.cabinetmarechaux.com\/index.php\/event\/tours-hotel-des-ventes-giraudeau-3\/"]}]},{"@type":"BreadcrumbList","@id":"https:\/\/www.cabinetmarechaux.com\/index.php\/event\/tours-hotel-des-ventes-giraudeau-3\/#breadcrumb","itemListElement":[{"@type":"ListItem","position":1,"name":"Accueil","item":"https:\/\/www.cabinetmarechaux.com\/"},{"@type":"ListItem","position":2,"name":"\u00c9v\u00e8nements","item":"https:\/\/www.cabinetmarechaux.com\/index.php\/events\/"},{"@type":"ListItem","position":3,"name":"Tours &#8211; H\u00f4tel des ventes Giraudeau"}]},{"@type":"WebSite","@id":"https:\/\/www.cabinetmarechaux.com\/#website","url":"https:\/\/www.cabinetmarechaux.com\/","name":"Cabinet Mar\u00e9chaux","description":"Expertise : tableaux, dessins, sculptures des XIXe et XXe si\u00e8cles","publisher":{"@id":"https:\/\/www.cabinetmarechaux.com\/#organization"},"potentialAction":[{"@type":"SearchAction","target":{"@type":"EntryPoint","urlTemplate":"https:\/\/www.cabinetmarechaux.com\/?s={search_term_string}"},"query-input":"required name=search_term_string"}],"inLanguage":"fr-FR"},{"@type":"Organization","@id":"https:\/\/www.cabinetmarechaux.com\/#organization","name":"Cabinet Mar\u00e9chaux","url":"https:\/\/www.cabinetmarechaux.com\/","logo":{"@type":"ImageObject","inLanguage":"fr-FR","@id":"https:\/\/www.cabinetmarechaux.com\/#\/schema\/logo\/image\/","url":"https:\/\/www.cabinetmarechaux.com\/wp-content\/uploads\/2023\/06\/cabinet-marechaux.jpg","contentUrl":"https:\/\/www.cabinetmarechaux.com\/wp-content\/uploads\/2023\/06\/cabinet-marechaux.jpg","width":180,"height":180,"caption":"Cabinet Mar\u00e9chaux"},"image":{"@id":"https:\/\/www.cabinetmarechaux.com\/#\/schema\/logo\/image\/"},"sameAs":["https:\/\/www.facebook.com\/elisabethmarechaux\/?locale=fr_FR","https:\/\/www.instagram.com\/cabinetmarechaux\/"]}]}},"_links":{"self":[{"href":"https:\/\/www.cabinetmarechaux.com\/index.php\/wp-json\/wp\/v2\/tribe_events\/2724","targetHints":{"allow":["GET"]}}],"collection":[{"href":"https:\/\/www.cabinetmarechaux.com\/index.php\/wp-json\/wp\/v2\/tribe_events"}],"about":[{"href":"https:\/\/www.cabinetmarechaux.com\/index.php\/wp-json\/wp\/v2\/types\/tribe_events"}],"author":[{"embeddable":true,"href":"https:\/\/www.cabinetmarechaux.com\/index.php\/wp-json\/wp\/v2\/users\/1"}],"version-history":[{"count":1,"href":"https:\/\/www.cabinetmarechaux.com\/index.php\/wp-json\/wp\/v2\/tribe_events\/2724\/revisions"}],"predecessor-version":[{"id":2726,"href":"https:\/\/www.cabinetmarechaux.com\/index.php\/wp-json\/wp\/v2\/tribe_events\/2724\/revisions\/2726"}],"wp:featuredmedia":[{"embeddable":true,"href":"https:\/\/www.cabinetmarechaux.com\/index.php\/wp-json\/wp\/v2\/media\/2725"}],"wp:attachment":[{"href":"https:\/\/www.cabinetmarechaux.com\/index.php\/wp-json\/wp\/v2\/media?parent=2724"}],"wp:term":[{"taxonomy":"post_tag","embeddable":true,"href":"https:\/\/www.cabinetmarechaux.com\/index.php\/wp-json\/wp\/v2\/tags?post=2724"},{"taxonomy":"tribe_events_cat","embeddable":true,"href":"https:\/\/www.cabinetmarechaux.com\/index.php\/wp-json\/wp\/v2\/tribe_events_cat?post=2724"}],"curies":[{"name":"wp","href":"https:\/\/api.w.org\/{rel}","templated":true}]}}