{"id":4272,"date":"2025-11-28T10:54:28","date_gmt":"2025-11-28T09:54:28","guid":{"rendered":"https:\/\/www.cabinetmarechaux.com\/?post_type=tribe_events&#038;p=4272"},"modified":"2025-11-28T10:54:28","modified_gmt":"2025-11-28T09:54:28","slug":"biarritz-9","status":"publish","type":"tribe_events","link":"https:\/\/www.cabinetmarechaux.com\/index.php\/event\/biarritz-9\/","title":{"rendered":"Biarritz"},"content":{"rendered":"<p>ARTS BASQUE &#038; LANDAIS<br \/>\nVendredi 05.12.2025 \u00e0 14h30<br \/>\n6 all\u00e9e de l&rsquo;a\u00e9ropostale 64200 Biarritz<\/p>\n<p>Voir le lien vers le catalogue<\/p>\n<p>Ramiro Arrue (1892-1971)<br \/>\nLe tableau \u00abLe marin \u00e0 la rame\u00bb est une \u0153uvre embl\u00e9matique de l\u2019artiste basque, caract\u00e9ris\u00e9e par une puissante verticalit\u00e9. Cette composition met en sc\u00e8ne une figure de marin, incarnant la force tranquille et la dignit\u00e9 des gens de mer du Pays basque.<br \/>\nLe marin est seul et statique, l\u2019aviron dress\u00e9 verticalement \u00e0 ses c\u00f4t\u00e9s. Cette ligne droite, nette et imposante, conf\u00e8re au sujet une allure monumentale et intemporelle, transformant le travailleur en une sorte de h\u00e9ros r\u00e9gional id\u00e9alis\u00e9, dans le plus pur style figuratif et \u00e9pur\u00e9 d\u2019Arrue.<br \/>\nL\u2019\u0153uvre prend tout son sens dans le contexte du port de Saint-Jean-de-Luz (ou de Ciboure juste en face), un lieu de pr\u00e9dilection et de r\u00e9sidence pour l\u2019artiste. En arri\u00e8re-plan, le spectateur d\u00e9couvre la vie maritime du d\u00e9but du XXe si\u00e8cle : l\u2019artiste y d\u00e9peint les petits bateaux \u00e0 vapeur qui mouillent dans le port.<br \/>\nCes embarcations, reconnaissables \u00e0 leurs fines chemin\u00e9es fumantes ancrent l\u2019\u0153uvre dans une r\u00e9alit\u00e9 de l\u2019\u00e9poque, celle d\u2019un port en transition entre la p\u00eache traditionnelle et la modernit\u00e9.<br \/>\n203 \u00b7<br \/>\nRAMIRO ARRUE (1892-1971)<br \/>\n\u00abLe marin \u00e0 la rame (el marinero)\u00bb<br \/>\nHuile sur toile,<br \/>\nSign\u00e9e en bas \u00e0 droite.<br \/>\n100 x 81 cm<br \/>\n(l\u00e9gers manques de mati\u00e8res) <\/p>\n","protected":false},"excerpt":{"rendered":"<p>ARTS BASQUE &#038; LANDAIS Vendredi 05.12.2025 \u00e0 14h30 6 all\u00e9e de l&rsquo;a\u00e9ropostale 64200 Biarritz Voir le lien vers le catalogue Ramiro Arrue (1892-1971) Le tableau \u00abLe marin \u00e0 la rame\u00bb &hellip; <\/p>\n<p class=\"link-more\"><a href=\"https:\/\/www.cabinetmarechaux.com\/index.php\/event\/biarritz-9\/\" class=\"more-link\">Lire la suite de<span class=\"screen-reader-text\">\u00ab\u00a0Biarritz\u00a0\u00bb<\/span><\/a><\/p>\n","protected":false},"author":1,"featured_media":4273,"template":"","meta":{"_monsterinsights_skip_tracking":false,"_monsterinsights_sitenote_active":false,"_monsterinsights_sitenote_note":"","_monsterinsights_sitenote_category":0,"ngg_post_thumbnail":0,"_tribe_events_status":"","_tribe_events_status_reason":"","footnotes":""},"tags":[],"tribe_events_cat":[10],"class_list":["post-4272","tribe_events","type-tribe_events","status-publish","has-post-thumbnail","hentry","tribe_events_cat-ventes","cat_ventes"],"yoast_head":"<!-- This site is optimized with the Yoast SEO plugin v20.10 - https:\/\/yoast.com\/wordpress\/plugins\/seo\/ -->\n<title>Biarritz - Cabinet Mar\u00e9chaux<\/title>\n<meta name=\"robots\" content=\"index, follow, max-snippet:-1, max-image-preview:large, max-video-preview:-1\" \/>\n<link rel=\"canonical\" href=\"https:\/\/www.cabinetmarechaux.com\/index.php\/event\/biarritz-9\/\" \/>\n<meta property=\"og:locale\" content=\"fr_FR\" \/>\n<meta property=\"og:type\" content=\"article\" \/>\n<meta property=\"og:title\" content=\"Biarritz - Cabinet Mar\u00e9chaux\" \/>\n<meta property=\"og:description\" content=\"ARTS BASQUE &#038; LANDAIS Vendredi 05.12.2025 \u00e0 14h30 6 all\u00e9e de l&rsquo;a\u00e9ropostale 64200 Biarritz Voir le lien vers le catalogue Ramiro Arrue (1892-1971) Le tableau \u00abLe marin \u00e0 la rame\u00bb &hellip; Lire la suite de\u00ab\u00a0Biarritz\u00a0\u00bb\" \/>\n<meta property=\"og:url\" content=\"https:\/\/www.cabinetmarechaux.com\/index.php\/event\/biarritz-9\/\" \/>\n<meta property=\"og:site_name\" content=\"Cabinet Mar\u00e9chaux\" \/>\n<meta property=\"article:publisher\" content=\"https:\/\/www.facebook.com\/elisabethmarechaux\/?locale=fr_FR\" \/>\n<meta property=\"og:image\" content=\"https:\/\/www.cabinetmarechaux.com\/wp-content\/uploads\/2025\/11\/IMG_9529-scaled.jpeg\" \/>\n\t<meta property=\"og:image:width\" content=\"2063\" \/>\n\t<meta property=\"og:image:height\" content=\"2560\" \/>\n\t<meta property=\"og:image:type\" content=\"image\/jpeg\" \/>\n<meta name=\"twitter:card\" content=\"summary_large_image\" \/>\n<script type=\"application\/ld+json\" class=\"yoast-schema-graph\">{\"@context\":\"https:\/\/schema.org\",\"@graph\":[{\"@type\":\"WebPage\",\"@id\":\"https:\/\/www.cabinetmarechaux.com\/index.php\/event\/biarritz-9\/\",\"url\":\"https:\/\/www.cabinetmarechaux.com\/index.php\/event\/biarritz-9\/\",\"name\":\"Biarritz - Cabinet Mar\u00e9chaux\",\"isPartOf\":{\"@id\":\"https:\/\/www.cabinetmarechaux.com\/#website\"},\"datePublished\":\"2025-11-28T09:54:28+00:00\",\"dateModified\":\"2025-11-28T09:54:28+00:00\",\"breadcrumb\":{\"@id\":\"https:\/\/www.cabinetmarechaux.com\/index.php\/event\/biarritz-9\/#breadcrumb\"},\"inLanguage\":\"fr-FR\",\"potentialAction\":[{\"@type\":\"ReadAction\",\"target\":[\"https:\/\/www.cabinetmarechaux.com\/index.php\/event\/biarritz-9\/\"]}]},{\"@type\":\"BreadcrumbList\",\"@id\":\"https:\/\/www.cabinetmarechaux.com\/index.php\/event\/biarritz-9\/#breadcrumb\",\"itemListElement\":[{\"@type\":\"ListItem\",\"position\":1,\"name\":\"Accueil\",\"item\":\"https:\/\/www.cabinetmarechaux.com\/\"},{\"@type\":\"ListItem\",\"position\":2,\"name\":\"\u00c9v\u00e8nements\",\"item\":\"https:\/\/www.cabinetmarechaux.com\/index.php\/events\/\"},{\"@type\":\"ListItem\",\"position\":3,\"name\":\"Biarritz\"}]},{\"@type\":\"WebSite\",\"@id\":\"https:\/\/www.cabinetmarechaux.com\/#website\",\"url\":\"https:\/\/www.cabinetmarechaux.com\/\",\"name\":\"Cabinet Mar\u00e9chaux\",\"description\":\"Expertise : tableaux, dessins, sculptures des XIXe et XXe si\u00e8cles\",\"publisher\":{\"@id\":\"https:\/\/www.cabinetmarechaux.com\/#organization\"},\"potentialAction\":[{\"@type\":\"SearchAction\",\"target\":{\"@type\":\"EntryPoint\",\"urlTemplate\":\"https:\/\/www.cabinetmarechaux.com\/?s={search_term_string}\"},\"query-input\":\"required name=search_term_string\"}],\"inLanguage\":\"fr-FR\"},{\"@type\":\"Organization\",\"@id\":\"https:\/\/www.cabinetmarechaux.com\/#organization\",\"name\":\"Cabinet Mar\u00e9chaux\",\"url\":\"https:\/\/www.cabinetmarechaux.com\/\",\"logo\":{\"@type\":\"ImageObject\",\"inLanguage\":\"fr-FR\",\"@id\":\"https:\/\/www.cabinetmarechaux.com\/#\/schema\/logo\/image\/\",\"url\":\"https:\/\/www.cabinetmarechaux.com\/wp-content\/uploads\/2023\/06\/cabinet-marechaux.jpg\",\"contentUrl\":\"https:\/\/www.cabinetmarechaux.com\/wp-content\/uploads\/2023\/06\/cabinet-marechaux.jpg\",\"width\":180,\"height\":180,\"caption\":\"Cabinet Mar\u00e9chaux\"},\"image\":{\"@id\":\"https:\/\/www.cabinetmarechaux.com\/#\/schema\/logo\/image\/\"},\"sameAs\":[\"https:\/\/www.facebook.com\/elisabethmarechaux\/?locale=fr_FR\",\"https:\/\/www.instagram.com\/cabinetmarechaux\/\"]}]}<\/script>\n<!-- \/ Yoast SEO plugin. -->","yoast_head_json":{"title":"Biarritz - Cabinet Mar\u00e9chaux","robots":{"index":"index","follow":"follow","max-snippet":"max-snippet:-1","max-image-preview":"max-image-preview:large","max-video-preview":"max-video-preview:-1"},"canonical":"https:\/\/www.cabinetmarechaux.com\/index.php\/event\/biarritz-9\/","og_locale":"fr_FR","og_type":"article","og_title":"Biarritz - Cabinet Mar\u00e9chaux","og_description":"ARTS BASQUE &#038; LANDAIS Vendredi 05.12.2025 \u00e0 14h30 6 all\u00e9e de l&rsquo;a\u00e9ropostale 64200 Biarritz Voir le lien vers le catalogue Ramiro Arrue (1892-1971) Le tableau \u00abLe marin \u00e0 la rame\u00bb &hellip; Lire la suite de\u00ab\u00a0Biarritz\u00a0\u00bb","og_url":"https:\/\/www.cabinetmarechaux.com\/index.php\/event\/biarritz-9\/","og_site_name":"Cabinet Mar\u00e9chaux","article_publisher":"https:\/\/www.facebook.com\/elisabethmarechaux\/?locale=fr_FR","og_image":[{"width":2063,"height":2560,"url":"https:\/\/www.cabinetmarechaux.com\/wp-content\/uploads\/2025\/11\/IMG_9529-scaled.jpeg","type":"image\/jpeg"}],"twitter_card":"summary_large_image","schema":{"@context":"https:\/\/schema.org","@graph":[{"@type":"WebPage","@id":"https:\/\/www.cabinetmarechaux.com\/index.php\/event\/biarritz-9\/","url":"https:\/\/www.cabinetmarechaux.com\/index.php\/event\/biarritz-9\/","name":"Biarritz - Cabinet Mar\u00e9chaux","isPartOf":{"@id":"https:\/\/www.cabinetmarechaux.com\/#website"},"datePublished":"2025-11-28T09:54:28+00:00","dateModified":"2025-11-28T09:54:28+00:00","breadcrumb":{"@id":"https:\/\/www.cabinetmarechaux.com\/index.php\/event\/biarritz-9\/#breadcrumb"},"inLanguage":"fr-FR","potentialAction":[{"@type":"ReadAction","target":["https:\/\/www.cabinetmarechaux.com\/index.php\/event\/biarritz-9\/"]}]},{"@type":"BreadcrumbList","@id":"https:\/\/www.cabinetmarechaux.com\/index.php\/event\/biarritz-9\/#breadcrumb","itemListElement":[{"@type":"ListItem","position":1,"name":"Accueil","item":"https:\/\/www.cabinetmarechaux.com\/"},{"@type":"ListItem","position":2,"name":"\u00c9v\u00e8nements","item":"https:\/\/www.cabinetmarechaux.com\/index.php\/events\/"},{"@type":"ListItem","position":3,"name":"Biarritz"}]},{"@type":"WebSite","@id":"https:\/\/www.cabinetmarechaux.com\/#website","url":"https:\/\/www.cabinetmarechaux.com\/","name":"Cabinet Mar\u00e9chaux","description":"Expertise : tableaux, dessins, sculptures des XIXe et XXe si\u00e8cles","publisher":{"@id":"https:\/\/www.cabinetmarechaux.com\/#organization"},"potentialAction":[{"@type":"SearchAction","target":{"@type":"EntryPoint","urlTemplate":"https:\/\/www.cabinetmarechaux.com\/?s={search_term_string}"},"query-input":"required name=search_term_string"}],"inLanguage":"fr-FR"},{"@type":"Organization","@id":"https:\/\/www.cabinetmarechaux.com\/#organization","name":"Cabinet Mar\u00e9chaux","url":"https:\/\/www.cabinetmarechaux.com\/","logo":{"@type":"ImageObject","inLanguage":"fr-FR","@id":"https:\/\/www.cabinetmarechaux.com\/#\/schema\/logo\/image\/","url":"https:\/\/www.cabinetmarechaux.com\/wp-content\/uploads\/2023\/06\/cabinet-marechaux.jpg","contentUrl":"https:\/\/www.cabinetmarechaux.com\/wp-content\/uploads\/2023\/06\/cabinet-marechaux.jpg","width":180,"height":180,"caption":"Cabinet Mar\u00e9chaux"},"image":{"@id":"https:\/\/www.cabinetmarechaux.com\/#\/schema\/logo\/image\/"},"sameAs":["https:\/\/www.facebook.com\/elisabethmarechaux\/?locale=fr_FR","https:\/\/www.instagram.com\/cabinetmarechaux\/"]}]}},"_links":{"self":[{"href":"https:\/\/www.cabinetmarechaux.com\/index.php\/wp-json\/wp\/v2\/tribe_events\/4272","targetHints":{"allow":["GET"]}}],"collection":[{"href":"https:\/\/www.cabinetmarechaux.com\/index.php\/wp-json\/wp\/v2\/tribe_events"}],"about":[{"href":"https:\/\/www.cabinetmarechaux.com\/index.php\/wp-json\/wp\/v2\/types\/tribe_events"}],"author":[{"embeddable":true,"href":"https:\/\/www.cabinetmarechaux.com\/index.php\/wp-json\/wp\/v2\/users\/1"}],"version-history":[{"count":1,"href":"https:\/\/www.cabinetmarechaux.com\/index.php\/wp-json\/wp\/v2\/tribe_events\/4272\/revisions"}],"predecessor-version":[{"id":4274,"href":"https:\/\/www.cabinetmarechaux.com\/index.php\/wp-json\/wp\/v2\/tribe_events\/4272\/revisions\/4274"}],"wp:featuredmedia":[{"embeddable":true,"href":"https:\/\/www.cabinetmarechaux.com\/index.php\/wp-json\/wp\/v2\/media\/4273"}],"wp:attachment":[{"href":"https:\/\/www.cabinetmarechaux.com\/index.php\/wp-json\/wp\/v2\/media?parent=4272"}],"wp:term":[{"taxonomy":"post_tag","embeddable":true,"href":"https:\/\/www.cabinetmarechaux.com\/index.php\/wp-json\/wp\/v2\/tags?post=4272"},{"taxonomy":"tribe_events_cat","embeddable":true,"href":"https:\/\/www.cabinetmarechaux.com\/index.php\/wp-json\/wp\/v2\/tribe_events_cat?post=4272"}],"curies":[{"name":"wp","href":"https:\/\/api.w.org\/{rel}","templated":true}]}}