{"id":4404,"date":"2026-04-27T17:50:17","date_gmt":"2026-04-27T15:50:17","guid":{"rendered":"https:\/\/www.cabinetmarechaux.com\/?post_type=tribe_events&#038;p=4404"},"modified":"2026-04-27T17:51:04","modified_gmt":"2026-04-27T15:51:04","slug":"montpellier-b-de-latour-et-j-c-giuseppi","status":"publish","type":"tribe_events","link":"https:\/\/www.cabinetmarechaux.com\/index.php\/event\/montpellier-b-de-latour-et-j-c-giuseppi\/","title":{"rendered":"Montpellier &#8211; B. De Latour et J.C Giuseppi"},"content":{"rendered":"<p><a href=\"https:\/\/www.interencheres.co\">Voir le catalogue de la vente<\/a><\/p>\n<p>Nicolas de STAEL (1914-1955)<br \/>\nComposition, 1942<br \/>\nPastel et fusain sur papier, sign\u00e9 et dat\u00e9 42 en bas \u00e0 droite.<br \/>\n23,5 x 31,5 cm<br \/>\nCe dessin a \u00e9t\u00e9 ex\u00e9cut\u00e9 sur un fond imprim\u00e9<\/p>\n<p>Bibliographie :<br \/>\nFran\u00e7oise de Stael, \u00ab Nicolas de Stael Catalogue raisonn\u00e9 des oeuvres sur papier \u00bb, Ides et Calendes, 2013.  D\u00e9crit et reproduit sous le n\u00b047, p. 53.<\/p>\n<p>Ce dessin est l\u2019une des toutes premi\u00e8res compositions abstraites de Nicolas de Sta\u00ebl. Elle est r\u00e9alis\u00e9e sur un fond de gravure, les conditions mat\u00e9rielles  \u00e9tant pr\u00e9caires pendant la guerre.<\/p>\n<p>En 1941, d\u00e9mobilis\u00e9 de la L\u00e9gion \u00e9trang\u00e8re, l\u2019artiste rejoint Jeannine Guillou, sa compagne, \u00e0 Nice, en zone libre. De Sta\u00ebl fait des rencontres d\u00e9terminantes sur la C\u00f4te d\u2019Azur, o\u00f9 de nombreux artistes \u00e9taient r\u00e9fugi\u00e9s. En premier F\u00e9lix Aublet, peintre, architecte et d\u00e9corateur qui lui confie de petits travaux pour l\u2019aider \u00e0 vivre et l\u2019introduit dans un milieu d\u2019artistes, qu\u2019il ignorait totalement et lui ouvre les yeux sur l\u2019art de son temps, sur l\u2019art moderne militant. Il y a Sonia Delaunay, Le Corbusier, Henri Goetz, Christine Boumeester, Marie Raymond, Fred Klein, Alberto Magnelli. Encourag\u00e9s et guid\u00e9s par ces derniers, Nicolas de Sta\u00ebl exp\u00e9rimente la non-figuration et r\u00e9alise une suite de pastels abstraits, qui auront tout de suite du succ\u00e8s.<\/p>\n<p><img loading=\"lazy\" decoding=\"async\" src=\"https:\/\/www.cabinetmarechaux.com\/wp-content\/uploads\/2026\/04\/BT260126_001_MTR__RVB-HDef-1-300x226.jpeg\" alt=\"\" width=\"300\" height=\"226\" class=\"alignleft size-medium wp-image-4408\" srcset=\"https:\/\/www.cabinetmarechaux.com\/wp-content\/uploads\/2026\/04\/BT260126_001_MTR__RVB-HDef-1-300x226.jpeg 300w, https:\/\/www.cabinetmarechaux.com\/wp-content\/uploads\/2026\/04\/BT260126_001_MTR__RVB-HDef-1-1024x773.jpeg 1024w, https:\/\/www.cabinetmarechaux.com\/wp-content\/uploads\/2026\/04\/BT260126_001_MTR__RVB-HDef-1-768x580.jpeg 768w, https:\/\/www.cabinetmarechaux.com\/wp-content\/uploads\/2026\/04\/BT260126_001_MTR__RVB-HDef-1.jpeg 1272w\" sizes=\"auto, (max-width: 300px) 100vw, 300px\" \/><\/p>\n<p>Auguste RODIN(1840-1917)<br \/>\nEtudes de mouvements<br \/>\nAquarelle, lavis et mine de plomb sur papier, sign\u00e9 en bas \u00e0 droite.<br \/>\n32 x 25 cm<br \/>\nProvenance : Vente de la Collection de M. Jacques Zoubaloff, 16 &#8211; 17 juin 1927, Galerie Charpentier, Paris, n\u00b081, reproduit au catalogue.<\/p>\n<p><img loading=\"lazy\" decoding=\"async\" src=\"https:\/\/www.cabinetmarechaux.com\/wp-content\/uploads\/2026\/04\/image-242x300.jpeg\" alt=\"\" width=\"242\" height=\"300\" class=\"alignleft size-medium wp-image-4406\" srcset=\"https:\/\/www.cabinetmarechaux.com\/wp-content\/uploads\/2026\/04\/image-242x300.jpeg 242w, https:\/\/www.cabinetmarechaux.com\/wp-content\/uploads\/2026\/04\/image-827x1024.jpeg 827w, https:\/\/www.cabinetmarechaux.com\/wp-content\/uploads\/2026\/04\/image-768x951.jpeg 768w, https:\/\/www.cabinetmarechaux.com\/wp-content\/uploads\/2026\/04\/image.jpeg 961w\" sizes=\"auto, (max-width: 242px) 100vw, 242px\" \/><\/p>\n","protected":false},"excerpt":{"rendered":"<p>Voir le catalogue de la vente Nicolas de STAEL (1914-1955) Composition, 1942 Pastel et fusain sur papier, sign\u00e9 et dat\u00e9 42 en bas \u00e0 droite. 23,5 x 31,5 cm Ce &hellip; <\/p>\n<p class=\"link-more\"><a href=\"https:\/\/www.cabinetmarechaux.com\/index.php\/event\/montpellier-b-de-latour-et-j-c-giuseppi\/\" class=\"more-link\">Lire la suite de<span class=\"screen-reader-text\">\u00ab\u00a0Montpellier &#8211; B. De Latour et J.C Giuseppi\u00a0\u00bb<\/span><\/a><\/p>\n","protected":false},"author":1,"featured_media":4405,"template":"","meta":{"_monsterinsights_skip_tracking":false,"_monsterinsights_sitenote_active":false,"_monsterinsights_sitenote_note":"","_monsterinsights_sitenote_category":0,"ngg_post_thumbnail":0,"_tribe_events_status":"","_tribe_events_status_reason":"","footnotes":""},"tags":[],"tribe_events_cat":[10],"class_list":["post-4404","tribe_events","type-tribe_events","status-publish","has-post-thumbnail","hentry","tribe_events_cat-ventes","cat_ventes"],"yoast_head":"<!-- This site is optimized with the Yoast SEO plugin v20.10 - https:\/\/yoast.com\/wordpress\/plugins\/seo\/ -->\n<title>Montpellier - B. De Latour et J.C Giuseppi - Cabinet Mar\u00e9chaux<\/title>\n<meta name=\"robots\" content=\"index, follow, max-snippet:-1, max-image-preview:large, max-video-preview:-1\" \/>\n<link rel=\"canonical\" href=\"https:\/\/www.cabinetmarechaux.com\/index.php\/event\/montpellier-b-de-latour-et-j-c-giuseppi\/\" \/>\n<meta property=\"og:locale\" content=\"fr_FR\" \/>\n<meta property=\"og:type\" content=\"article\" \/>\n<meta property=\"og:title\" content=\"Montpellier - B. De Latour et J.C Giuseppi - Cabinet Mar\u00e9chaux\" \/>\n<meta property=\"og:description\" content=\"Voir le catalogue de la vente Nicolas de STAEL (1914-1955) Composition, 1942 Pastel et fusain sur papier, sign\u00e9 et dat\u00e9 42 en bas \u00e0 droite. 23,5 x 31,5 cm Ce &hellip; Lire la suite de\u00ab\u00a0Montpellier &#8211; B. De Latour et J.C Giuseppi\u00a0\u00bb\" \/>\n<meta property=\"og:url\" content=\"https:\/\/www.cabinetmarechaux.com\/index.php\/event\/montpellier-b-de-latour-et-j-c-giuseppi\/\" \/>\n<meta property=\"og:site_name\" content=\"Cabinet Mar\u00e9chaux\" \/>\n<meta property=\"article:publisher\" content=\"https:\/\/www.facebook.com\/elisabethmarechaux\/?locale=fr_FR\" \/>\n<meta property=\"article:modified_time\" content=\"2026-04-27T15:51:04+00:00\" \/>\n<meta property=\"og:image\" content=\"https:\/\/www.cabinetmarechaux.com\/wp-content\/uploads\/2026\/04\/BT260126_001_MTR__RVB-HDef.jpeg\" \/>\n\t<meta property=\"og:image:width\" content=\"1272\" \/>\n\t<meta property=\"og:image:height\" content=\"960\" \/>\n\t<meta property=\"og:image:type\" content=\"image\/jpeg\" \/>\n<meta name=\"twitter:card\" content=\"summary_large_image\" \/>\n<meta name=\"twitter:label1\" content=\"Dur\u00e9e de lecture estim\u00e9e\" \/>\n\t<meta name=\"twitter:data1\" content=\"2 minutes\" \/>\n<script type=\"application\/ld+json\" class=\"yoast-schema-graph\">{\"@context\":\"https:\/\/schema.org\",\"@graph\":[{\"@type\":\"WebPage\",\"@id\":\"https:\/\/www.cabinetmarechaux.com\/index.php\/event\/montpellier-b-de-latour-et-j-c-giuseppi\/\",\"url\":\"https:\/\/www.cabinetmarechaux.com\/index.php\/event\/montpellier-b-de-latour-et-j-c-giuseppi\/\",\"name\":\"Montpellier - B. De Latour et J.C Giuseppi - Cabinet Mar\u00e9chaux\",\"isPartOf\":{\"@id\":\"https:\/\/www.cabinetmarechaux.com\/#website\"},\"datePublished\":\"2026-04-27T15:50:17+00:00\",\"dateModified\":\"2026-04-27T15:51:04+00:00\",\"breadcrumb\":{\"@id\":\"https:\/\/www.cabinetmarechaux.com\/index.php\/event\/montpellier-b-de-latour-et-j-c-giuseppi\/#breadcrumb\"},\"inLanguage\":\"fr-FR\",\"potentialAction\":[{\"@type\":\"ReadAction\",\"target\":[\"https:\/\/www.cabinetmarechaux.com\/index.php\/event\/montpellier-b-de-latour-et-j-c-giuseppi\/\"]}]},{\"@type\":\"BreadcrumbList\",\"@id\":\"https:\/\/www.cabinetmarechaux.com\/index.php\/event\/montpellier-b-de-latour-et-j-c-giuseppi\/#breadcrumb\",\"itemListElement\":[{\"@type\":\"ListItem\",\"position\":1,\"name\":\"Accueil\",\"item\":\"https:\/\/www.cabinetmarechaux.com\/\"},{\"@type\":\"ListItem\",\"position\":2,\"name\":\"\u00c9v\u00e8nements\",\"item\":\"https:\/\/www.cabinetmarechaux.com\/index.php\/events\/\"},{\"@type\":\"ListItem\",\"position\":3,\"name\":\"Montpellier &#8211; B. De Latour et J.C Giuseppi\"}]},{\"@type\":\"WebSite\",\"@id\":\"https:\/\/www.cabinetmarechaux.com\/#website\",\"url\":\"https:\/\/www.cabinetmarechaux.com\/\",\"name\":\"Cabinet Mar\u00e9chaux\",\"description\":\"Expertise : tableaux, dessins, sculptures des XIXe et XXe si\u00e8cles\",\"publisher\":{\"@id\":\"https:\/\/www.cabinetmarechaux.com\/#organization\"},\"potentialAction\":[{\"@type\":\"SearchAction\",\"target\":{\"@type\":\"EntryPoint\",\"urlTemplate\":\"https:\/\/www.cabinetmarechaux.com\/?s={search_term_string}\"},\"query-input\":\"required name=search_term_string\"}],\"inLanguage\":\"fr-FR\"},{\"@type\":\"Organization\",\"@id\":\"https:\/\/www.cabinetmarechaux.com\/#organization\",\"name\":\"Cabinet Mar\u00e9chaux\",\"url\":\"https:\/\/www.cabinetmarechaux.com\/\",\"logo\":{\"@type\":\"ImageObject\",\"inLanguage\":\"fr-FR\",\"@id\":\"https:\/\/www.cabinetmarechaux.com\/#\/schema\/logo\/image\/\",\"url\":\"https:\/\/www.cabinetmarechaux.com\/wp-content\/uploads\/2023\/06\/cabinet-marechaux.jpg\",\"contentUrl\":\"https:\/\/www.cabinetmarechaux.com\/wp-content\/uploads\/2023\/06\/cabinet-marechaux.jpg\",\"width\":180,\"height\":180,\"caption\":\"Cabinet Mar\u00e9chaux\"},\"image\":{\"@id\":\"https:\/\/www.cabinetmarechaux.com\/#\/schema\/logo\/image\/\"},\"sameAs\":[\"https:\/\/www.facebook.com\/elisabethmarechaux\/?locale=fr_FR\",\"https:\/\/www.instagram.com\/cabinetmarechaux\/\"]}]}<\/script>\n<!-- \/ Yoast SEO plugin. -->","yoast_head_json":{"title":"Montpellier - B. De Latour et J.C Giuseppi - Cabinet Mar\u00e9chaux","robots":{"index":"index","follow":"follow","max-snippet":"max-snippet:-1","max-image-preview":"max-image-preview:large","max-video-preview":"max-video-preview:-1"},"canonical":"https:\/\/www.cabinetmarechaux.com\/index.php\/event\/montpellier-b-de-latour-et-j-c-giuseppi\/","og_locale":"fr_FR","og_type":"article","og_title":"Montpellier - B. De Latour et J.C Giuseppi - Cabinet Mar\u00e9chaux","og_description":"Voir le catalogue de la vente Nicolas de STAEL (1914-1955) Composition, 1942 Pastel et fusain sur papier, sign\u00e9 et dat\u00e9 42 en bas \u00e0 droite. 23,5 x 31,5 cm Ce &hellip; Lire la suite de\u00ab\u00a0Montpellier &#8211; B. De Latour et J.C Giuseppi\u00a0\u00bb","og_url":"https:\/\/www.cabinetmarechaux.com\/index.php\/event\/montpellier-b-de-latour-et-j-c-giuseppi\/","og_site_name":"Cabinet Mar\u00e9chaux","article_publisher":"https:\/\/www.facebook.com\/elisabethmarechaux\/?locale=fr_FR","article_modified_time":"2026-04-27T15:51:04+00:00","og_image":[{"width":1272,"height":960,"url":"https:\/\/www.cabinetmarechaux.com\/wp-content\/uploads\/2026\/04\/BT260126_001_MTR__RVB-HDef.jpeg","type":"image\/jpeg"}],"twitter_card":"summary_large_image","twitter_misc":{"Dur\u00e9e de lecture estim\u00e9e":"2 minutes"},"schema":{"@context":"https:\/\/schema.org","@graph":[{"@type":"WebPage","@id":"https:\/\/www.cabinetmarechaux.com\/index.php\/event\/montpellier-b-de-latour-et-j-c-giuseppi\/","url":"https:\/\/www.cabinetmarechaux.com\/index.php\/event\/montpellier-b-de-latour-et-j-c-giuseppi\/","name":"Montpellier - B. De Latour et J.C Giuseppi - Cabinet Mar\u00e9chaux","isPartOf":{"@id":"https:\/\/www.cabinetmarechaux.com\/#website"},"datePublished":"2026-04-27T15:50:17+00:00","dateModified":"2026-04-27T15:51:04+00:00","breadcrumb":{"@id":"https:\/\/www.cabinetmarechaux.com\/index.php\/event\/montpellier-b-de-latour-et-j-c-giuseppi\/#breadcrumb"},"inLanguage":"fr-FR","potentialAction":[{"@type":"ReadAction","target":["https:\/\/www.cabinetmarechaux.com\/index.php\/event\/montpellier-b-de-latour-et-j-c-giuseppi\/"]}]},{"@type":"BreadcrumbList","@id":"https:\/\/www.cabinetmarechaux.com\/index.php\/event\/montpellier-b-de-latour-et-j-c-giuseppi\/#breadcrumb","itemListElement":[{"@type":"ListItem","position":1,"name":"Accueil","item":"https:\/\/www.cabinetmarechaux.com\/"},{"@type":"ListItem","position":2,"name":"\u00c9v\u00e8nements","item":"https:\/\/www.cabinetmarechaux.com\/index.php\/events\/"},{"@type":"ListItem","position":3,"name":"Montpellier &#8211; B. De Latour et J.C Giuseppi"}]},{"@type":"WebSite","@id":"https:\/\/www.cabinetmarechaux.com\/#website","url":"https:\/\/www.cabinetmarechaux.com\/","name":"Cabinet Mar\u00e9chaux","description":"Expertise : tableaux, dessins, sculptures des XIXe et XXe si\u00e8cles","publisher":{"@id":"https:\/\/www.cabinetmarechaux.com\/#organization"},"potentialAction":[{"@type":"SearchAction","target":{"@type":"EntryPoint","urlTemplate":"https:\/\/www.cabinetmarechaux.com\/?s={search_term_string}"},"query-input":"required name=search_term_string"}],"inLanguage":"fr-FR"},{"@type":"Organization","@id":"https:\/\/www.cabinetmarechaux.com\/#organization","name":"Cabinet Mar\u00e9chaux","url":"https:\/\/www.cabinetmarechaux.com\/","logo":{"@type":"ImageObject","inLanguage":"fr-FR","@id":"https:\/\/www.cabinetmarechaux.com\/#\/schema\/logo\/image\/","url":"https:\/\/www.cabinetmarechaux.com\/wp-content\/uploads\/2023\/06\/cabinet-marechaux.jpg","contentUrl":"https:\/\/www.cabinetmarechaux.com\/wp-content\/uploads\/2023\/06\/cabinet-marechaux.jpg","width":180,"height":180,"caption":"Cabinet Mar\u00e9chaux"},"image":{"@id":"https:\/\/www.cabinetmarechaux.com\/#\/schema\/logo\/image\/"},"sameAs":["https:\/\/www.facebook.com\/elisabethmarechaux\/?locale=fr_FR","https:\/\/www.instagram.com\/cabinetmarechaux\/"]}]}},"_links":{"self":[{"href":"https:\/\/www.cabinetmarechaux.com\/index.php\/wp-json\/wp\/v2\/tribe_events\/4404","targetHints":{"allow":["GET"]}}],"collection":[{"href":"https:\/\/www.cabinetmarechaux.com\/index.php\/wp-json\/wp\/v2\/tribe_events"}],"about":[{"href":"https:\/\/www.cabinetmarechaux.com\/index.php\/wp-json\/wp\/v2\/types\/tribe_events"}],"author":[{"embeddable":true,"href":"https:\/\/www.cabinetmarechaux.com\/index.php\/wp-json\/wp\/v2\/users\/1"}],"version-history":[{"count":2,"href":"https:\/\/www.cabinetmarechaux.com\/index.php\/wp-json\/wp\/v2\/tribe_events\/4404\/revisions"}],"predecessor-version":[{"id":4409,"href":"https:\/\/www.cabinetmarechaux.com\/index.php\/wp-json\/wp\/v2\/tribe_events\/4404\/revisions\/4409"}],"wp:featuredmedia":[{"embeddable":true,"href":"https:\/\/www.cabinetmarechaux.com\/index.php\/wp-json\/wp\/v2\/media\/4405"}],"wp:attachment":[{"href":"https:\/\/www.cabinetmarechaux.com\/index.php\/wp-json\/wp\/v2\/media?parent=4404"}],"wp:term":[{"taxonomy":"post_tag","embeddable":true,"href":"https:\/\/www.cabinetmarechaux.com\/index.php\/wp-json\/wp\/v2\/tags?post=4404"},{"taxonomy":"tribe_events_cat","embeddable":true,"href":"https:\/\/www.cabinetmarechaux.com\/index.php\/wp-json\/wp\/v2\/tribe_events_cat?post=4404"}],"curies":[{"name":"wp","href":"https:\/\/api.w.org\/{rel}","templated":true}]}}