{"id":696,"date":"2017-06-14T11:29:57","date_gmt":"2017-06-14T09:29:57","guid":{"rendered":"http:\/\/www.cabinetmarechaux.com\/?post_type=tribe_events&#038;p=696"},"modified":"2017-06-21T11:24:50","modified_gmt":"2017-06-21T09:24:50","slug":"poitiers-belle-vente-de-mobilier-et-objets-dart-dont-un-ensemble-doeuvres-de-peintres-cubains-abela-acevedo-garcia-mijares-moreno-orlando-garcia","status":"publish","type":"tribe_events","link":"https:\/\/www.cabinetmarechaux.com\/index.php\/event\/poitiers-belle-vente-de-mobilier-et-objets-dart-dont-un-ensemble-doeuvres-de-peintres-cubains-abela-acevedo-garcia-mijares-moreno-orlando-garcia\/","title":{"rendered":"POITIERS, BELLE VENTE DE MOBILIER ET OBJETS D&rsquo;ART, DONT UN ENSEMBLE D&rsquo;OEUVRES DE PEINTRES CUBAINS : ABELA, ACEVEDO, GARCIA, MIJARES, MORENO, ORLANDO GARCIA"},"content":{"rendered":"<div>\n<div>\n<div><a title=\"Johannes Martin GRIMELUND (1842-1917): Le port de Marseille, Huile\" href=\"http:\/\/www.interencheres.com\/fr\/meubles-objets-art\/belle-vente-mobilier-objets-dart\/johannes-martin-grimelund-1842-1917-le-port-de-marseille-huile-ie_v94844\/9011533\/num\"><strong>Johannes Martin GRIMELUND (1842-1917) : Le port de Marseille, <\/strong><\/a><\/div>\n<div><a title=\"Johannes Martin GRIMELUND (1842-1917): Le port de Marseille, Huile\" href=\"http:\/\/www.interencheres.com\/fr\/meubles-objets-art\/belle-vente-mobilier-objets-dart\/johannes-martin-grimelund-1842-1917-le-port-de-marseille-huile-ie_v94844\/9011533\/num\">Huile&nbsp;sur toile, sign\u00e9e en bas \u00e0 gauche. <\/a><\/div>\n<div><a title=\"Johannes Martin GRIMELUND (1842-1917): Le port de Marseille, Huile\" href=\"http:\/\/www.interencheres.com\/fr\/meubles-objets-art\/belle-vente-mobilier-objets-dart\/johannes-martin-grimelund-1842-1917-le-port-de-marseille-huile-ie_v94844\/9011533\/num\">50 x 80,5 cm (accidents)<\/a><\/div>\n<div>&nbsp;<\/div>\n<p><strong>Eduardo ABELA (1889-1965) : Composition aux personnages, 1953<\/strong><\/p>\n<\/div>\n<div>Aquarelle&nbsp;et lavis sur papier, sign\u00e9, situ\u00e9 et dat\u00e9 \u00abParis 53\u00bb en bas \u00e0 droite.<\/div>\n<div>19 x 15,5 cm<\/div>\n<div>&nbsp;<\/div>\n<p><strong>Eduardo ABELA (1889-1965) : Portrait de jeune fille \u00e0 la fleur, 1964<\/strong><\/p>\n<\/div>\n<div>Huile&nbsp;sur panneau, sign\u00e9 et dat\u00e9 \u00ab64\u00bb en bas \u00e0 gauche.<\/div>\n<div>31 x 36 cm (\u00e0 vue)<\/div>\n<div>&nbsp;<\/div>\n<div><strong>Rafael MORENO (1887-1955) : Paysage, Cuba, 1946. <\/strong><\/div>\n<div>Huile sur toile sign\u00e9e, dat\u00e9e \u00ab11-4-46\u00bb et situ\u00e9e \u00abHabana Cuba\u00bb vers le bas au milieu.<\/div>\n<div>63 x 42,5 cm<\/div>\n<div>&nbsp;&nbsp;<\/div>\n<div>\n<div><strong>ORTIZ DE ZARATE Manuel ( 1886-1946) : Nature morte au compotier,<\/strong><\/div>\n<div>Huile sur toile, sign\u00e9e en haut \u00e0 gauche,<\/div>\n<div>46 x 55 cm. Eclats et r\u00e9tractations de peinture<\/div>\n<div>&nbsp;<\/div>\n<\/div>\n<div>&nbsp;<\/div>\n<p><img loading=\"lazy\" decoding=\"async\" class=\"alignleft size-full wp-image-701\" src=\"https:\/\/www.cabinetmarechaux.com\/wp-content\/uploads\/2017\/06\/110908_acc775152428f5d4ed03f9f1c3e8f4b6_normale.jpg\" alt=\"\" width=\"381\" height=\"480\" srcset=\"https:\/\/www.cabinetmarechaux.com\/wp-content\/uploads\/2017\/06\/110908_acc775152428f5d4ed03f9f1c3e8f4b6_normale.jpg 381w, https:\/\/www.cabinetmarechaux.com\/wp-content\/uploads\/2017\/06\/110908_acc775152428f5d4ed03f9f1c3e8f4b6_normale-238x300.jpg 238w\" sizes=\"auto, (max-width: 381px) 100vw, 381px\" \/><img loading=\"lazy\" decoding=\"async\" class=\"alignleft size-full wp-image-700\" src=\"https:\/\/www.cabinetmarechaux.com\/wp-content\/uploads\/2017\/06\/110919_78303dd1511b124ede9dafa409688475_normale.jpg\" alt=\"\" width=\"550\" height=\"480\" srcset=\"https:\/\/www.cabinetmarechaux.com\/wp-content\/uploads\/2017\/06\/110919_78303dd1511b124ede9dafa409688475_normale.jpg 550w, https:\/\/www.cabinetmarechaux.com\/wp-content\/uploads\/2017\/06\/110919_78303dd1511b124ede9dafa409688475_normale-300x262.jpg 300w\" sizes=\"auto, (max-width: 550px) 100vw, 550px\" \/><img loading=\"lazy\" decoding=\"async\" class=\"alignleft size-full wp-image-699\" src=\"https:\/\/www.cabinetmarechaux.com\/wp-content\/uploads\/2017\/06\/110958_2f800cb6aeaadc8f824a1684c30be979_normale.jpg\" alt=\"\" width=\"317\" height=\"480\" srcset=\"https:\/\/www.cabinetmarechaux.com\/wp-content\/uploads\/2017\/06\/110958_2f800cb6aeaadc8f824a1684c30be979_normale.jpg 317w, https:\/\/www.cabinetmarechaux.com\/wp-content\/uploads\/2017\/06\/110958_2f800cb6aeaadc8f824a1684c30be979_normale-198x300.jpg 198w\" sizes=\"auto, (max-width: 317px) 100vw, 317px\" \/><\/p>\n<p><img loading=\"lazy\" decoding=\"async\" class=\"alignleft size-full wp-image-698\" src=\"https:\/\/www.cabinetmarechaux.com\/wp-content\/uploads\/2017\/06\/110557_7de7fb52bf779e7e4d7eade440c55578_normale.jpg\" alt=\"\" width=\"546\" height=\"480\" srcset=\"https:\/\/www.cabinetmarechaux.com\/wp-content\/uploads\/2017\/06\/110557_7de7fb52bf779e7e4d7eade440c55578_normale.jpg 546w, https:\/\/www.cabinetmarechaux.com\/wp-content\/uploads\/2017\/06\/110557_7de7fb52bf779e7e4d7eade440c55578_normale-300x264.jpg 300w\" sizes=\"auto, (max-width: 546px) 100vw, 546px\" \/><\/p>\n","protected":false},"excerpt":{"rendered":"<p>Johannes Martin GRIMELUND (1842-1917) : Le port de Marseille, Huile&nbsp;sur toile, sign\u00e9e en bas \u00e0 gauche. 50 x 80,5 cm (accidents) &nbsp; Eduardo ABELA (1889-1965) : Composition aux personnages, 1953 &hellip; <\/p>\n<p class=\"link-more\"><a href=\"https:\/\/www.cabinetmarechaux.com\/index.php\/event\/poitiers-belle-vente-de-mobilier-et-objets-dart-dont-un-ensemble-doeuvres-de-peintres-cubains-abela-acevedo-garcia-mijares-moreno-orlando-garcia\/\" class=\"more-link\">Lire la suite de<span class=\"screen-reader-text\">\u00ab\u00a0POITIERS, BELLE VENTE DE MOBILIER ET OBJETS D&rsquo;ART, DONT UN ENSEMBLE D&rsquo;OEUVRES DE PEINTRES CUBAINS : ABELA, ACEVEDO, GARCIA, MIJARES, MORENO, ORLANDO GARCIA\u00a0\u00bb<\/span><\/a><\/p>\n","protected":false},"author":1,"featured_media":697,"template":"","meta":{"_monsterinsights_skip_tracking":false,"_monsterinsights_sitenote_active":false,"_monsterinsights_sitenote_note":"","_monsterinsights_sitenote_category":0,"ngg_post_thumbnail":0,"_tribe_events_status":"","_tribe_events_status_reason":"","footnotes":""},"tags":[],"tribe_events_cat":[10],"class_list":["post-696","tribe_events","type-tribe_events","status-publish","has-post-thumbnail","hentry","tribe_events_cat-ventes","cat_ventes"],"yoast_head":"<!-- This site is optimized with the Yoast SEO plugin v20.10 - https:\/\/yoast.com\/wordpress\/plugins\/seo\/ -->\n<title>POITIERS, BELLE VENTE DE MOBILIER ET OBJETS D&#039;ART, DONT UN ENSEMBLE D&#039;OEUVRES DE PEINTRES CUBAINS : ABELA, ACEVEDO, GARCIA, MIJARES, MORENO, ORLANDO GARCIA - Cabinet Mar\u00e9chaux<\/title>\n<meta name=\"robots\" content=\"index, follow, max-snippet:-1, max-image-preview:large, max-video-preview:-1\" \/>\n<link rel=\"canonical\" href=\"https:\/\/www.cabinetmarechaux.com\/index.php\/event\/poitiers-belle-vente-de-mobilier-et-objets-dart-dont-un-ensemble-doeuvres-de-peintres-cubains-abela-acevedo-garcia-mijares-moreno-orlando-garcia\/\" \/>\n<meta property=\"og:locale\" content=\"fr_FR\" \/>\n<meta property=\"og:type\" content=\"article\" \/>\n<meta property=\"og:title\" content=\"POITIERS, BELLE VENTE DE MOBILIER ET OBJETS D&#039;ART, DONT UN ENSEMBLE D&#039;OEUVRES DE PEINTRES CUBAINS : ABELA, ACEVEDO, GARCIA, MIJARES, MORENO, ORLANDO GARCIA - Cabinet Mar\u00e9chaux\" \/>\n<meta property=\"og:description\" content=\"Johannes Martin GRIMELUND (1842-1917) : Le port de Marseille, Huile&nbsp;sur toile, sign\u00e9e en bas \u00e0 gauche. 50 x 80,5 cm (accidents) &nbsp; Eduardo ABELA (1889-1965) : Composition aux personnages, 1953 &hellip; Lire la suite de\u00ab\u00a0POITIERS, BELLE VENTE DE MOBILIER ET OBJETS D&rsquo;ART, DONT UN ENSEMBLE D&rsquo;OEUVRES DE PEINTRES CUBAINS : ABELA, ACEVEDO, GARCIA, MIJARES, MORENO, ORLANDO GARCIA\u00a0\u00bb\" \/>\n<meta property=\"og:url\" content=\"https:\/\/www.cabinetmarechaux.com\/index.php\/event\/poitiers-belle-vente-de-mobilier-et-objets-dart-dont-un-ensemble-doeuvres-de-peintres-cubains-abela-acevedo-garcia-mijares-moreno-orlando-garcia\/\" \/>\n<meta property=\"og:site_name\" content=\"Cabinet Mar\u00e9chaux\" \/>\n<meta property=\"article:publisher\" content=\"https:\/\/www.facebook.com\/elisabethmarechaux\/?locale=fr_FR\" \/>\n<meta property=\"article:modified_time\" content=\"2017-06-21T09:24:50+00:00\" \/>\n<meta property=\"og:image\" content=\"https:\/\/www.cabinetmarechaux.com\/wp-content\/uploads\/2017\/06\/110740_5015e7d98d707473c86918f27a3c2e13_normale.jpg\" \/>\n\t<meta property=\"og:image:width\" content=\"640\" \/>\n\t<meta property=\"og:image:height\" content=\"395\" \/>\n\t<meta property=\"og:image:type\" content=\"image\/jpeg\" \/>\n<meta name=\"twitter:card\" content=\"summary_large_image\" \/>\n<meta name=\"twitter:label1\" content=\"Dur\u00e9e de lecture estim\u00e9e\" \/>\n\t<meta name=\"twitter:data1\" content=\"1 minute\" \/>\n<script type=\"application\/ld+json\" class=\"yoast-schema-graph\">{\"@context\":\"https:\/\/schema.org\",\"@graph\":[{\"@type\":\"WebPage\",\"@id\":\"https:\/\/www.cabinetmarechaux.com\/index.php\/event\/poitiers-belle-vente-de-mobilier-et-objets-dart-dont-un-ensemble-doeuvres-de-peintres-cubains-abela-acevedo-garcia-mijares-moreno-orlando-garcia\/\",\"url\":\"https:\/\/www.cabinetmarechaux.com\/index.php\/event\/poitiers-belle-vente-de-mobilier-et-objets-dart-dont-un-ensemble-doeuvres-de-peintres-cubains-abela-acevedo-garcia-mijares-moreno-orlando-garcia\/\",\"name\":\"POITIERS, BELLE VENTE DE MOBILIER ET OBJETS D'ART, DONT UN ENSEMBLE D'OEUVRES DE PEINTRES CUBAINS : ABELA, ACEVEDO, GARCIA, MIJARES, MORENO, ORLANDO GARCIA - Cabinet Mar\u00e9chaux\",\"isPartOf\":{\"@id\":\"https:\/\/www.cabinetmarechaux.com\/#website\"},\"datePublished\":\"2017-06-14T09:29:57+00:00\",\"dateModified\":\"2017-06-21T09:24:50+00:00\",\"breadcrumb\":{\"@id\":\"https:\/\/www.cabinetmarechaux.com\/index.php\/event\/poitiers-belle-vente-de-mobilier-et-objets-dart-dont-un-ensemble-doeuvres-de-peintres-cubains-abela-acevedo-garcia-mijares-moreno-orlando-garcia\/#breadcrumb\"},\"inLanguage\":\"fr-FR\",\"potentialAction\":[{\"@type\":\"ReadAction\",\"target\":[\"https:\/\/www.cabinetmarechaux.com\/index.php\/event\/poitiers-belle-vente-de-mobilier-et-objets-dart-dont-un-ensemble-doeuvres-de-peintres-cubains-abela-acevedo-garcia-mijares-moreno-orlando-garcia\/\"]}]},{\"@type\":\"BreadcrumbList\",\"@id\":\"https:\/\/www.cabinetmarechaux.com\/index.php\/event\/poitiers-belle-vente-de-mobilier-et-objets-dart-dont-un-ensemble-doeuvres-de-peintres-cubains-abela-acevedo-garcia-mijares-moreno-orlando-garcia\/#breadcrumb\",\"itemListElement\":[{\"@type\":\"ListItem\",\"position\":1,\"name\":\"Accueil\",\"item\":\"https:\/\/www.cabinetmarechaux.com\/\"},{\"@type\":\"ListItem\",\"position\":2,\"name\":\"\u00c9v\u00e8nements\",\"item\":\"https:\/\/www.cabinetmarechaux.com\/index.php\/events\/\"},{\"@type\":\"ListItem\",\"position\":3,\"name\":\"POITIERS, BELLE VENTE DE MOBILIER ET OBJETS D&rsquo;ART, DONT UN ENSEMBLE D&rsquo;OEUVRES DE PEINTRES CUBAINS : ABELA, ACEVEDO, GARCIA, MIJARES, MORENO, ORLANDO GARCIA\"}]},{\"@type\":\"WebSite\",\"@id\":\"https:\/\/www.cabinetmarechaux.com\/#website\",\"url\":\"https:\/\/www.cabinetmarechaux.com\/\",\"name\":\"Cabinet Mar\u00e9chaux\",\"description\":\"Expertise : tableaux, dessins, sculptures des XIXe et XXe si\u00e8cles\",\"publisher\":{\"@id\":\"https:\/\/www.cabinetmarechaux.com\/#organization\"},\"potentialAction\":[{\"@type\":\"SearchAction\",\"target\":{\"@type\":\"EntryPoint\",\"urlTemplate\":\"https:\/\/www.cabinetmarechaux.com\/?s={search_term_string}\"},\"query-input\":\"required name=search_term_string\"}],\"inLanguage\":\"fr-FR\"},{\"@type\":\"Organization\",\"@id\":\"https:\/\/www.cabinetmarechaux.com\/#organization\",\"name\":\"Cabinet Mar\u00e9chaux\",\"url\":\"https:\/\/www.cabinetmarechaux.com\/\",\"logo\":{\"@type\":\"ImageObject\",\"inLanguage\":\"fr-FR\",\"@id\":\"https:\/\/www.cabinetmarechaux.com\/#\/schema\/logo\/image\/\",\"url\":\"https:\/\/www.cabinetmarechaux.com\/wp-content\/uploads\/2023\/06\/cabinet-marechaux.jpg\",\"contentUrl\":\"https:\/\/www.cabinetmarechaux.com\/wp-content\/uploads\/2023\/06\/cabinet-marechaux.jpg\",\"width\":180,\"height\":180,\"caption\":\"Cabinet Mar\u00e9chaux\"},\"image\":{\"@id\":\"https:\/\/www.cabinetmarechaux.com\/#\/schema\/logo\/image\/\"},\"sameAs\":[\"https:\/\/www.facebook.com\/elisabethmarechaux\/?locale=fr_FR\",\"https:\/\/www.instagram.com\/cabinetmarechaux\/\"]}]}<\/script>\n<!-- \/ Yoast SEO plugin. -->","yoast_head_json":{"title":"POITIERS, BELLE VENTE DE MOBILIER ET OBJETS D'ART, DONT UN ENSEMBLE D'OEUVRES DE PEINTRES CUBAINS : ABELA, ACEVEDO, GARCIA, MIJARES, MORENO, ORLANDO GARCIA - Cabinet Mar\u00e9chaux","robots":{"index":"index","follow":"follow","max-snippet":"max-snippet:-1","max-image-preview":"max-image-preview:large","max-video-preview":"max-video-preview:-1"},"canonical":"https:\/\/www.cabinetmarechaux.com\/index.php\/event\/poitiers-belle-vente-de-mobilier-et-objets-dart-dont-un-ensemble-doeuvres-de-peintres-cubains-abela-acevedo-garcia-mijares-moreno-orlando-garcia\/","og_locale":"fr_FR","og_type":"article","og_title":"POITIERS, BELLE VENTE DE MOBILIER ET OBJETS D'ART, DONT UN ENSEMBLE D'OEUVRES DE PEINTRES CUBAINS : ABELA, ACEVEDO, GARCIA, MIJARES, MORENO, ORLANDO GARCIA - Cabinet Mar\u00e9chaux","og_description":"Johannes Martin GRIMELUND (1842-1917) : Le port de Marseille, Huile&nbsp;sur toile, sign\u00e9e en bas \u00e0 gauche. 50 x 80,5 cm (accidents) &nbsp; Eduardo ABELA (1889-1965) : Composition aux personnages, 1953 &hellip; Lire la suite de\u00ab\u00a0POITIERS, BELLE VENTE DE MOBILIER ET OBJETS D&rsquo;ART, DONT UN ENSEMBLE D&rsquo;OEUVRES DE PEINTRES CUBAINS : ABELA, ACEVEDO, GARCIA, MIJARES, MORENO, ORLANDO GARCIA\u00a0\u00bb","og_url":"https:\/\/www.cabinetmarechaux.com\/index.php\/event\/poitiers-belle-vente-de-mobilier-et-objets-dart-dont-un-ensemble-doeuvres-de-peintres-cubains-abela-acevedo-garcia-mijares-moreno-orlando-garcia\/","og_site_name":"Cabinet Mar\u00e9chaux","article_publisher":"https:\/\/www.facebook.com\/elisabethmarechaux\/?locale=fr_FR","article_modified_time":"2017-06-21T09:24:50+00:00","og_image":[{"width":640,"height":395,"url":"https:\/\/www.cabinetmarechaux.com\/wp-content\/uploads\/2017\/06\/110740_5015e7d98d707473c86918f27a3c2e13_normale.jpg","type":"image\/jpeg"}],"twitter_card":"summary_large_image","twitter_misc":{"Dur\u00e9e de lecture estim\u00e9e":"1 minute"},"schema":{"@context":"https:\/\/schema.org","@graph":[{"@type":"WebPage","@id":"https:\/\/www.cabinetmarechaux.com\/index.php\/event\/poitiers-belle-vente-de-mobilier-et-objets-dart-dont-un-ensemble-doeuvres-de-peintres-cubains-abela-acevedo-garcia-mijares-moreno-orlando-garcia\/","url":"https:\/\/www.cabinetmarechaux.com\/index.php\/event\/poitiers-belle-vente-de-mobilier-et-objets-dart-dont-un-ensemble-doeuvres-de-peintres-cubains-abela-acevedo-garcia-mijares-moreno-orlando-garcia\/","name":"POITIERS, BELLE VENTE DE MOBILIER ET OBJETS D'ART, DONT UN ENSEMBLE D'OEUVRES DE PEINTRES CUBAINS : ABELA, ACEVEDO, GARCIA, MIJARES, MORENO, ORLANDO GARCIA - Cabinet Mar\u00e9chaux","isPartOf":{"@id":"https:\/\/www.cabinetmarechaux.com\/#website"},"datePublished":"2017-06-14T09:29:57+00:00","dateModified":"2017-06-21T09:24:50+00:00","breadcrumb":{"@id":"https:\/\/www.cabinetmarechaux.com\/index.php\/event\/poitiers-belle-vente-de-mobilier-et-objets-dart-dont-un-ensemble-doeuvres-de-peintres-cubains-abela-acevedo-garcia-mijares-moreno-orlando-garcia\/#breadcrumb"},"inLanguage":"fr-FR","potentialAction":[{"@type":"ReadAction","target":["https:\/\/www.cabinetmarechaux.com\/index.php\/event\/poitiers-belle-vente-de-mobilier-et-objets-dart-dont-un-ensemble-doeuvres-de-peintres-cubains-abela-acevedo-garcia-mijares-moreno-orlando-garcia\/"]}]},{"@type":"BreadcrumbList","@id":"https:\/\/www.cabinetmarechaux.com\/index.php\/event\/poitiers-belle-vente-de-mobilier-et-objets-dart-dont-un-ensemble-doeuvres-de-peintres-cubains-abela-acevedo-garcia-mijares-moreno-orlando-garcia\/#breadcrumb","itemListElement":[{"@type":"ListItem","position":1,"name":"Accueil","item":"https:\/\/www.cabinetmarechaux.com\/"},{"@type":"ListItem","position":2,"name":"\u00c9v\u00e8nements","item":"https:\/\/www.cabinetmarechaux.com\/index.php\/events\/"},{"@type":"ListItem","position":3,"name":"POITIERS, BELLE VENTE DE MOBILIER ET OBJETS D&rsquo;ART, DONT UN ENSEMBLE D&rsquo;OEUVRES DE PEINTRES CUBAINS : ABELA, ACEVEDO, GARCIA, MIJARES, MORENO, ORLANDO GARCIA"}]},{"@type":"WebSite","@id":"https:\/\/www.cabinetmarechaux.com\/#website","url":"https:\/\/www.cabinetmarechaux.com\/","name":"Cabinet Mar\u00e9chaux","description":"Expertise : tableaux, dessins, sculptures des XIXe et XXe si\u00e8cles","publisher":{"@id":"https:\/\/www.cabinetmarechaux.com\/#organization"},"potentialAction":[{"@type":"SearchAction","target":{"@type":"EntryPoint","urlTemplate":"https:\/\/www.cabinetmarechaux.com\/?s={search_term_string}"},"query-input":"required name=search_term_string"}],"inLanguage":"fr-FR"},{"@type":"Organization","@id":"https:\/\/www.cabinetmarechaux.com\/#organization","name":"Cabinet Mar\u00e9chaux","url":"https:\/\/www.cabinetmarechaux.com\/","logo":{"@type":"ImageObject","inLanguage":"fr-FR","@id":"https:\/\/www.cabinetmarechaux.com\/#\/schema\/logo\/image\/","url":"https:\/\/www.cabinetmarechaux.com\/wp-content\/uploads\/2023\/06\/cabinet-marechaux.jpg","contentUrl":"https:\/\/www.cabinetmarechaux.com\/wp-content\/uploads\/2023\/06\/cabinet-marechaux.jpg","width":180,"height":180,"caption":"Cabinet Mar\u00e9chaux"},"image":{"@id":"https:\/\/www.cabinetmarechaux.com\/#\/schema\/logo\/image\/"},"sameAs":["https:\/\/www.facebook.com\/elisabethmarechaux\/?locale=fr_FR","https:\/\/www.instagram.com\/cabinetmarechaux\/"]}]}},"_links":{"self":[{"href":"https:\/\/www.cabinetmarechaux.com\/index.php\/wp-json\/wp\/v2\/tribe_events\/696","targetHints":{"allow":["GET"]}}],"collection":[{"href":"https:\/\/www.cabinetmarechaux.com\/index.php\/wp-json\/wp\/v2\/tribe_events"}],"about":[{"href":"https:\/\/www.cabinetmarechaux.com\/index.php\/wp-json\/wp\/v2\/types\/tribe_events"}],"author":[{"embeddable":true,"href":"https:\/\/www.cabinetmarechaux.com\/index.php\/wp-json\/wp\/v2\/users\/1"}],"version-history":[{"count":7,"href":"https:\/\/www.cabinetmarechaux.com\/index.php\/wp-json\/wp\/v2\/tribe_events\/696\/revisions"}],"predecessor-version":[{"id":709,"href":"https:\/\/www.cabinetmarechaux.com\/index.php\/wp-json\/wp\/v2\/tribe_events\/696\/revisions\/709"}],"wp:featuredmedia":[{"embeddable":true,"href":"https:\/\/www.cabinetmarechaux.com\/index.php\/wp-json\/wp\/v2\/media\/697"}],"wp:attachment":[{"href":"https:\/\/www.cabinetmarechaux.com\/index.php\/wp-json\/wp\/v2\/media?parent=696"}],"wp:term":[{"taxonomy":"post_tag","embeddable":true,"href":"https:\/\/www.cabinetmarechaux.com\/index.php\/wp-json\/wp\/v2\/tags?post=696"},{"taxonomy":"tribe_events_cat","embeddable":true,"href":"https:\/\/www.cabinetmarechaux.com\/index.php\/wp-json\/wp\/v2\/tribe_events_cat?post=696"}],"curies":[{"name":"wp","href":"https:\/\/api.w.org\/{rel}","templated":true}]}}